{"id":624,"date":"2022-09-23T14:10:40","date_gmt":"2022-09-23T12:10:40","guid":{"rendered":"https:\/\/kampanj.expressen.se\/unibet\/?page_id=624"},"modified":"2023-04-20T16:14:58","modified_gmt":"2023-04-20T14:14:58","slug":"nu-gar-brage-mot-ny-storhetstid","status":"publish","type":"page","link":"https:\/\/kampanj.expressen.se\/unibet\/nu-gar-brage-mot-ny-storhetstid\/","title":{"rendered":"Nu g\u00e5r Brage mot ny storhetstid"},"content":{"rendered":"<p>[et_pb_section fb_built=&#8221;1&#8243; _builder_version=&#8221;4.17.4&#8243; _module_preset=&#8221;default&#8221; custom_margin=&#8221;0px||||false|false&#8221; custom_padding=&#8221;0px||0px||false|false&#8221; locked=&#8221;off&#8221; global_colors_info=&#8221;{}&#8221;][et_pb_row custom_padding_last_edited=&#8221;on|phone&#8221; _builder_version=&#8221;4.18.0&#8243; _module_preset=&#8221;default&#8221; background_enable_image=&#8221;off&#8221; width=&#8221;100%&#8221; max_width=&#8221;100%&#8221; min_height_tablet=&#8221;&#8221; min_height_phone=&#8221;&#8221; min_height_last_edited=&#8221;on|phone&#8221; height_tablet=&#8221;&#8221; height_phone=&#8221;&#8221; height_last_edited=&#8221;on|phone&#8221; max_height_tablet=&#8221;&#8221; max_height_phone=&#8221;&#8221; max_height_last_edited=&#8221;on|phone&#8221; custom_margin=&#8221;0px||0px||false|false&#8221; custom_padding=&#8221;72px||0px||false|false&#8221; custom_padding_tablet=&#8221;88px||0px||false|false&#8221; custom_padding_phone=&#8221;67px||0px||false|false&#8221; locked=&#8221;off&#8221; global_colors_info=&#8221;{}&#8221;][et_pb_column type=&#8221;4_4&#8243; _builder_version=&#8221;4.17.3&#8243; _module_preset=&#8221;default&#8221; global_colors_info=&#8221;{}&#8221;][et_pb_code _builder_version=&#8221;4.18.0&#8243; _module_preset=&#8221;default&#8221; width=&#8221;100%&#8221; max_width=&#8221;100%&#8221; module_alignment=&#8221;center&#8221; custom_margin=&#8221;0px|0px|0px|0px|false|false&#8221; custom_margin_tablet=&#8221;13px||||false|false&#8221; custom_margin_phone=&#8221;10px||||false|false&#8221; custom_margin_last_edited=&#8221;on|phone&#8221; custom_padding=&#8221;0px|0px|0px|0px|false|false&#8221; locked=&#8221;off&#8221; global_colors_info=&#8221;{}&#8221;]<\/p>\n<div style=\"position:relative;padding-bottom:56.25%;padding-top:0;height:0;overflow:hidden;\"><iframe src=\"https:\/\/www.expressen.se\/videoplayer\/embed\/tv\/brand-studio\/unibet\/annons-unibet-gmg-brage\/?embed=true&#038;external=true&#038;autoplay=1&#038;startVolume=0\" frameborder=\"0\" scrolling=\"no\" allowfullscreen style=\"position:absolute;top:0;left:0;width:10px;min-width:100%;height:100%;\"><\/iframe><\/div>\n<p>[\/et_pb_code][\/et_pb_column][\/et_pb_row][\/et_pb_section][et_pb_section fb_built=&#8221;1&#8243; disabled_on=&#8221;off|off|off&#8221; admin_label=&#8221;Meny&#8221; module_id=&#8221;meny&#8221; _builder_version=&#8221;4.17.6&#8243; _module_preset=&#8221;default&#8221; background_color=&#8221;#212121&#8243; custom_padding=&#8221;0px||0px|||&#8221; global_module=&#8221;522&#8243; saved_tabs=&#8221;all&#8221; locked=&#8221;off&#8221; global_colors_info=&#8221;{}&#8221;][et_pb_row custom_padding_last_edited=&#8221;on|tablet&#8221; _builder_version=&#8221;4.18.0&#8243; _module_preset=&#8221;default&#8221; width=&#8221;100%&#8221; max_width=&#8221;100%&#8221; custom_padding=&#8221;10px||10px||true|false&#8221; custom_padding_tablet=&#8221;10px||10px||true|false&#8221; custom_padding_phone=&#8221;&#8221; global_colors_info=&#8221;{}&#8221;][et_pb_column type=&#8221;4_4&#8243; admin_label=&#8221;Kap 1&#8243; _builder_version=&#8221;4.16&#8243; _module_preset=&#8221;default&#8221; global_colors_info=&#8221;{}&#8221;][et_pb_menu menu_id=&#8221;12&#8243; menu_style=&#8221;centered&#8221; active_link_color=&#8221;#FFFFFF&#8221; dropdown_menu_bg_color=&#8221;#212121&#8243; dropdown_menu_line_color=&#8221;RGBA(255,255,255,0)&#8221; dropdown_menu_text_color=&#8221;#ededed&#8221; dropdown_menu_active_link_color=&#8221;#ffffff&#8221; mobile_menu_bg_color=&#8221;#212121&#8243; mobile_menu_text_color=&#8221;#FFFFFF&#8221; cart_icon_color=&#8221;#FFFFFF&#8221; search_icon_color=&#8221;#FFFFFF&#8221; menu_icon_color=&#8221;#FFFFFF&#8221; module_class=&#8221;kapmany&#8221; _builder_version=&#8221;4.18.0&#8243; _module_preset=&#8221;default&#8221; menu_font=&#8221;Arial|700||on|||||&#8221; menu_text_color=&#8221;#FFFFFF&#8221; menu_font_size=&#8221;15px&#8221; background_enable_color=&#8221;off&#8221; global_colors_info=&#8221;{}&#8221;][\/et_pb_menu][\/et_pb_column][\/et_pb_row][\/et_pb_section][et_pb_section fb_built=&#8221;1&#8243; _builder_version=&#8221;4.17.4&#8243; _module_preset=&#8221;default&#8221; custom_margin=&#8221;0px||||false|false&#8221; custom_padding=&#8221;0px||60px||false|false&#8221; global_colors_info=&#8221;{}&#8221;][et_pb_row custom_padding_last_edited=&#8221;on|phone&#8221; _builder_version=&#8221;4.18.0&#8243; _module_preset=&#8221;default&#8221; width=&#8221;690px&#8221; width_tablet=&#8221;80%&#8221; width_phone=&#8221;90%&#8221; width_last_edited=&#8221;on|phone&#8221; max_width_last_edited=&#8221;off|desktop&#8221; custom_margin=&#8221;0px||0px||false|false&#8221; custom_padding=&#8221;40px||0px||false|false&#8221; custom_padding_tablet=&#8221;40px||||false|false&#8221; custom_padding_phone=&#8221;30px||||false|false&#8221; locked=&#8221;off&#8221; global_colors_info=&#8221;{}&#8221;][et_pb_column type=&#8221;4_4&#8243; _builder_version=&#8221;4.16&#8243; _module_preset=&#8221;default&#8221; global_colors_info=&#8221;{}&#8221;][et_pb_text _builder_version=&#8221;4.18.0&#8243; _module_preset=&#8221;default&#8221; header_font=&#8221;Siri Expressen||||||||&#8221; header_text_color=&#8221;#000000&#8243; header_font_size=&#8221;70px&#8221; header_2_font=&#8221;Arial|||on|||||&#8221; header_2_text_color=&#8221;#000000&#8243; header_2_font_size=&#8221;14px&#8221; header_2_line_height=&#8221;1.2em&#8221; width=&#8221;100%&#8221; max_width_tablet=&#8221;100%&#8221; max_width_phone=&#8221;100%&#8221; max_width_last_edited=&#8221;on|tablet&#8221; custom_margin=&#8221;0px|0px|10px|0px|false|false&#8221; custom_margin_tablet=&#8221;||||false|false&#8221; custom_margin_phone=&#8221;0px|0px|0px|0px|false|false&#8221; custom_margin_last_edited=&#8221;on|tablet&#8221; header_font_size_tablet=&#8221;65px&#8221; header_font_size_phone=&#8221;40px&#8221; header_font_size_last_edited=&#8221;on|phone&#8221; header_2_font_size_tablet=&#8221;14px&#8221; header_2_font_size_phone=&#8221;14px&#8221; header_2_font_size_last_edited=&#8221;on|phone&#8221; locked=&#8221;off&#8221; global_colors_info=&#8221;{}&#8221;]<\/p>\n<h1>St\u00f6rsta fotbollsmatchen i Dalarna &#8211; nu g\u00e5r Brage mot ny storhetstid<\/h1>\n<p>&nbsp;<\/p>\n<h2><strong>Del 2:<\/strong> BRage<\/h2>\n<p>[\/et_pb_text][\/et_pb_column][\/et_pb_row][et_pb_row _builder_version=&#8221;4.18.0&#8243; _module_preset=&#8221;default&#8221; width=&#8221;690px&#8221; width_tablet=&#8221;80%&#8221; width_phone=&#8221;90%&#8221; width_last_edited=&#8221;on|phone&#8221; custom_margin=&#8221;13px|auto|30px|auto|false|false&#8221; custom_padding=&#8221;0px||0px||false|false&#8221; border_width_bottom=&#8221;1px&#8221; locked=&#8221;off&#8221; global_colors_info=&#8221;{}&#8221;][et_pb_column type=&#8221;4_4&#8243; _builder_version=&#8221;4.16&#8243; _module_preset=&#8221;default&#8221; global_colors_info=&#8221;{}&#8221;][et_pb_text _builder_version=&#8221;4.18.0&#8243; _module_preset=&#8221;default&#8221; text_font=&#8221;Arial|700|||||||&#8221; text_text_color=&#8221;#000000&#8243; text_font_size=&#8221;1.5rem&#8221; text_line_height=&#8221;1.3em&#8221; custom_margin=&#8221;||||false|false&#8221; custom_margin_tablet=&#8221;||||false|false&#8221; custom_margin_phone=&#8221;||||false|false&#8221; custom_margin_last_edited=&#8221;on|phone&#8221; text_font_size_tablet=&#8221;1.5rem&#8221; text_font_size_phone=&#8221;1.25rem&#8221; text_font_size_last_edited=&#8221;on|phone&#8221; global_colors_info=&#8221;{}&#8221;]F\u00f6r 34 \u00e5r sedan chockade Brage ett stj\u00e4rnsp\u00e4ckat Inter i Uefacupen. I dag g\u00e5r Dalarnas fotbollsstolthet f\u00f6r en plats i allsvenskan. I botten finns en bruksmentalitet som h\u00e5ller i alla l\u00e4gen.<br \/>\n<span class=\"indenta\">\u2013 Lagmoral, att alltid finnas d\u00e4r f\u00f6r varandra, g\u00f6ra grovjobbet och vara \u00f6dmjuk. Det \u00e4r det absolut viktigaste. Har man inte den inst\u00e4llningen s\u00e5 fungerar det inte, s\u00e4ger Bragelegendaren G\u00f6ran Arnberg.<\/span>[\/et_pb_text][dssb_sharing_buttons icon_placement=&#8221;icon&#8221; columns=&#8221;3&#8243; icon_width=&#8221;fixed&#8221; alignment=&#8221;left&#8221; btn_spacing_bottom=&#8221;0px&#8221; btn_padding=&#8221;||||false|false&#8221; _builder_version=&#8221;4.17.4&#8243; _module_preset=&#8221;default&#8221; custom_margin=&#8221;14px||||false|false&#8221; custom_padding=&#8221;|10px|30px||false|false&#8221; border_radii_main=&#8221;on|3px|3px|3px|3px&#8221; border_radii_icon=&#8221;on||||&#8221; locked=&#8221;off&#8221; global_colors_info=&#8221;{}&#8221;][dssb_sharing_button icon_color=&#8221;#ffffff&#8221; icon_bg=&#8221;#3b5997&#8243; _builder_version=&#8221;4.16&#8243; _module_preset=&#8221;default&#8221; global_colors_info=&#8221;{}&#8221;][\/dssb_sharing_button][dssb_sharing_button social_network=&#8221;twitter&#8221; icon_bg=&#8221;#55aced&#8221; _builder_version=&#8221;4.16&#8243; _module_preset=&#8221;default&#8221; global_colors_info=&#8221;{}&#8221;][\/dssb_sharing_button][dssb_sharing_button social_network=&#8221;email&#8221; icon_bg=&#8221;#212121&#8243; _builder_version=&#8221;4.16&#8243; _module_preset=&#8221;default&#8221; global_colors_info=&#8221;{}&#8221;][\/dssb_sharing_button][\/dssb_sharing_buttons][\/et_pb_column][\/et_pb_row][et_pb_row _builder_version=&#8221;4.18.0&#8243; _module_preset=&#8221;default&#8221; width=&#8221;690px&#8221; width_tablet=&#8221;80%&#8221; width_phone=&#8221;90%&#8221; width_last_edited=&#8221;on|phone&#8221; custom_margin=&#8221;0px||||false|false&#8221; custom_padding=&#8221;0px||30px||false|false&#8221; locked=&#8221;off&#8221; global_colors_info=&#8221;{}&#8221;][et_pb_column type=&#8221;4_4&#8243; _builder_version=&#8221;4.16&#8243; _module_preset=&#8221;default&#8221; global_colors_info=&#8221;{}&#8221;][et_pb_text _builder_version=&#8221;4.18.0&#8243; _module_preset=&#8221;default&#8221; text_font=&#8221;Arial||||||||&#8221; text_text_color=&#8221;#000000&#8243; text_font_size=&#8221;1.25rem&#8221; text_line_height=&#8221;1.5em&#8221; header_font=&#8221;Siri Expressen|700|||||||&#8221; header_3_font=&#8221;Siri Expressen||||||||&#8221; custom_margin=&#8221;0px||0px||false|false&#8221; custom_padding=&#8221;0px||0px||false|false&#8221; text_font_size_last_edited=&#8221;off|phone&#8221; locked=&#8221;off&#8221; global_colors_info=&#8221;{}&#8221;]Torsdagen den 7 september 1988 klev Brages lagkapten fram till straffpunkten p\u00e5 San Siro i Milano. Ett avancemang i Uefacupen stod p\u00e5 spel n\u00e4r Arnberg tittade p\u00e5 superm\u00e5lvakten Walter Zenga och funderade p\u00e5 vilket av de tv\u00e5 vanliga straffalternativen som var b\u00e4st.<br \/>\n<span class=\"indenta\">\u2013 Jag brukade ju alltid l\u00e4gga bollen till h\u00f6ger om m\u00e5lvakten men t\u00e4nkte att, det vete sjutton, de h\u00e4r \u00e4r proffs s\u00e5 de har s\u00e4kert studerat oss och Zenga var en v\u00e4rldsm\u00e5lvakt s\u00e5 jag bytte h\u00e5ll och sk\u00f6t till v\u00e4nster. Det var ett r\u00e4tt h\u00e5rt skot l\u00e4ngs gr\u00e4set som satt vid stolpen. Han var d\u00e4r och snokade men tog den inte, minns G\u00f6ran Arnberg med ett brett leende.<\/span>[\/et_pb_text][et_pb_text _builder_version=&#8221;4.18.0&#8243; _module_preset=&#8221;default&#8221; text_font=&#8221;Arial||||||||&#8221; text_text_color=&#8221;#000000&#8243; text_font_size=&#8221;1.13rem&#8221; text_line_height=&#8221;1.5em&#8221; header_font=&#8221;Siri Expressen|700|||||||&#8221; header_3_font=&#8221;Siri Expressen||||||||&#8221; header_3_font_size=&#8221;28px&#8221; custom_margin=&#8221;15px||-5px||false|false&#8221; custom_margin_tablet=&#8221;15px||-5px||false|false&#8221; custom_margin_phone=&#8221;30px||||false|false&#8221; custom_margin_last_edited=&#8221;on|phone&#8221; custom_padding=&#8221;0px||0px||false|false&#8221; locked=&#8221;off&#8221; global_colors_info=&#8221;{}&#8221;]<\/p>\n<h3>\u201dDet var som ett rus\u201d<\/h3>\n<p>[\/et_pb_text][et_pb_text _builder_version=&#8221;4.18.0&#8243; _module_preset=&#8221;default&#8221; text_font=&#8221;Arial||||||||&#8221; text_text_color=&#8221;#000000&#8243; text_font_size=&#8221;1.25rem&#8221; text_line_height=&#8221;1.5em&#8221; header_font=&#8221;Siri Expressen|700|||||||&#8221; header_3_font=&#8221;Siri Expressen||||||||&#8221; custom_margin=&#8221;0px||0px||false|false&#8221; custom_margin_tablet=&#8221;0px||0px||false|false&#8221; custom_margin_phone=&#8221;0px||||false|false&#8221; custom_margin_last_edited=&#8221;on|phone&#8221; custom_padding=&#8221;0px||0px||false|false&#8221; locked=&#8221;off&#8221; global_colors_info=&#8221;{}&#8221;]<\/p>\n<p>K\u00e4nslan n\u00e4r bollen gick in sitter fortfarande i kroppen.<br \/><span class=\"indenta\">\u2013 Det k\u00e4ndes som ett rus. Det var ju helt underbart att f\u00e5 g\u00f6ra m\u00e5l p\u00e5 San Siro. Det \u00e4r inte m\u00e5nga som har f\u00e5tt g\u00f6ra det s\u00e5 det f\u00e5r man leva p\u00e5. Sedan var det m\u00e5nga Bragefans d\u00e4r, alla var glada, det var underbart.<\/span><\/p>\n<p>[\/et_pb_text][et_pb_text _builder_version=&#8221;4.18.0&#8243; _module_preset=&#8221;default&#8221; text_font=&#8221;Arial||||||||&#8221; text_text_color=&#8221;#000000&#8243; text_font_size=&#8221;1.25rem&#8221; text_line_height=&#8221;1.5em&#8221; header_font=&#8221;Siri Expressen|700|||||||&#8221; header_3_font=&#8221;Siri Expressen||||||||&#8221; custom_margin=&#8221;0px||0px||false|false&#8221; custom_margin_tablet=&#8221;0px||0px||false|false&#8221; custom_margin_phone=&#8221;0px||||false|false&#8221; custom_margin_last_edited=&#8221;on|phone&#8221; custom_padding=&#8221;0px||0px||false|false&#8221; locked=&#8221;off&#8221; global_colors_info=&#8221;{}&#8221;]Nu vann Inter f\u00f6rvisso \u00e4nd\u00e5, men med bara 2\u20131 p\u00e5 San Siro och med samma siffror p\u00e5 Domnarvsvallen. En plats och ett lag som Inters superstj\u00e4rnor nog aldrig hade v\u00e4ntat sig skulle bjuda p\u00e5 s\u00e5 stort motst\u00e5nd.[\/et_pb_text][et_pb_text _builder_version=&#8221;4.18.0&#8243; _module_preset=&#8221;default&#8221; text_font=&#8221;Arial||||||||&#8221; text_text_color=&#8221;#000000&#8243; text_font_size=&#8221;1.25rem&#8221; text_line_height=&#8221;1.5em&#8221; header_font=&#8221;Siri Expressen|700|||||||&#8221; header_3_font=&#8221;Siri Expressen||||||||&#8221; custom_margin=&#8221;0px||0px||false|false&#8221; custom_margin_tablet=&#8221;0px||0px||false|false&#8221; custom_margin_phone=&#8221;0px||||false|false&#8221; custom_margin_last_edited=&#8221;on|phone&#8221; custom_padding=&#8221;0px||0px||false|false&#8221; locked=&#8221;off&#8221; global_colors_info=&#8221;{}&#8221;]<span class=\"indenta\">\u2013 Vi skr\u00e4mde upp dem rej\u00e4lt. De var bra svettiga b\u00e5de p\u00e5 hemma- och bortaplan. Vi spelade bra fotboll, var aggressiva och hade inga skrupler. De tog ju med sig Andreas Brehme, Lothar Matth\u00e4us och alla de andra v\u00e4rldsstj\u00e4rnorna f\u00f6r de visste att det kommer bli tufft. Och de fick jobba f\u00f6r vinsten, minns G\u00f6ran n\u00e4r han visar runt p\u00e5 Brages kansli p\u00e5 Borl\u00e4nge Energi Arena Domnarvsvallen.<\/span>[\/et_pb_text][et_pb_text _builder_version=&#8221;4.18.0&#8243; _module_preset=&#8221;default&#8221; text_font=&#8221;Arial||||||||&#8221; text_text_color=&#8221;#000000&#8243; text_font_size=&#8221;1.25rem&#8221; text_line_height=&#8221;1.5em&#8221; header_font=&#8221;Siri Expressen|700|||||||&#8221; header_3_font=&#8221;Siri Expressen||||||||&#8221; custom_margin=&#8221;0px||0px||false|false&#8221; custom_margin_tablet=&#8221;0px||0px||false|false&#8221; custom_margin_phone=&#8221;0px||||false|false&#8221; custom_margin_last_edited=&#8221;on|phone&#8221; custom_padding=&#8221;0px||0px||false|false&#8221; locked=&#8221;off&#8221; global_colors_info=&#8221;{}&#8221;]<\/p>\n<p>P\u00e5 v\u00e4ggarna inne i kansliet h\u00e4nger stora svartvita bilder fr\u00e5n matchen, bland annat p\u00e5 straffen, samt en tung plakett som ett minne fr\u00e5n matchen som f\u00f6r evigt visat att ett lag byggt p\u00e5 bruksandan ruckar man inte p\u00e5 i f\u00f6rsta taget.<\/p>\n<p>[\/et_pb_text][et_pb_text _builder_version=&#8221;4.20.4&#8243; _module_preset=&#8221;default&#8221; text_font=&#8221;Arial||||||||&#8221; text_text_color=&#8221;#000000&#8243; text_font_size=&#8221;1.25rem&#8221; text_line_height=&#8221;1.5em&#8221; header_font=&#8221;Siri Expressen|700|||||||&#8221; header_3_font=&#8221;Siri Expressen||||||||&#8221; custom_margin=&#8221;0px||0px||false|false&#8221; custom_padding=&#8221;20px||||false|false&#8221; hover_enabled=&#8221;0&#8243; locked=&#8221;off&#8221; global_colors_info=&#8221;{}&#8221; sticky_enabled=&#8221;0&#8243;]<a href=\"https:\/\/www.unibet.se\/publikstodet\" target=\"_blank\" rel=\"noopener\"><strong>EXTERN L\u00c4NK: L\u00e4s mer om Publikst\u00f6det <\/strong><\/a>[\/et_pb_text][\/et_pb_column][\/et_pb_row][et_pb_row disabled_on=&#8221;on|on|off&#8221; admin_label=&#8221;Infografik&#8221; _builder_version=&#8221;4.18.0&#8243; _module_preset=&#8221;default&#8221; background_enable_image=&#8221;off&#8221; background_size=&#8221;initial&#8221; background_repeat=&#8221;repeat&#8221; width=&#8221;1400px&#8221; max_width=&#8221;1400px&#8221; module_alignment=&#8221;center&#8221; custom_margin=&#8221;0px||0px||false|false&#8221; custom_padding=&#8221;0px||0px||false|false&#8221; locked=&#8221;off&#8221; global_colors_info=&#8221;{}&#8221;][et_pb_column type=&#8221;4_4&#8243; _builder_version=&#8221;4.16&#8243; _module_preset=&#8221;default&#8221; global_colors_info=&#8221;{}&#8221;][et_pb_image src=&#8221;https:\/\/kampanj.expressen.se\/unibet\/wp-content\/uploads\/2022\/09\/Unibet_BRAGE-kopiera.png&#8221; title_text=&#8221;Unibet_BRAGE kopiera&#8221; align=&#8221;center&#8221; _builder_version=&#8221;4.18.0&#8243; _module_preset=&#8221;default&#8221; custom_margin=&#8221;||0px||false|false&#8221; custom_padding=&#8221;||0px|0px|false|false&#8221; locked=&#8221;off&#8221; global_colors_info=&#8221;{}&#8221;][\/et_pb_image][et_pb_code admin_label=&#8221;Dal\u00e4vlen&#8221; _builder_version=&#8221;4.18.0&#8243; _module_preset=&#8221;default&#8221; positioning=&#8221;absolute&#8221; vertical_offset=&#8221;557px&#8221; horizontal_offset=&#8221;613px&#8221; position_origin_a_last_edited=&#8221;off|desktop&#8221; position_origin_f_last_edited=&#8221;off|desktop&#8221; position_origin_r_last_edited=&#8221;off|desktop&#8221; width=&#8221;50px&#8221; positioning_last_edited=&#8221;off|desktop&#8221; global_colors_info=&#8221;{}&#8221;]<button type=\"button\" data-tip=\"Visa mer info\" class=\"et-fb-button et-fb-button--round et-fb-button--success et-fb-button--tooltip btn-infographics\" id=\"infographics-1\" currentitem=\"false\"><\/p>\n<div class=\"et-fb-icon et-fb-icon--add\" style=\"fill: rgb(255,255,255); width: 28px; min-width: 28px; height: 28px; margin: -6px;\"><svg viewBox=\"7.5 7 13 15\" preserveAspectRatio=\"xMidYMid meet\" shape-rendering=\"geometricPrecision\"><g><path d=\"M18 13h-3v-3a1 1 0 0 0-2 0v3h-3a1 1 0 0 0 0 2h3v3a1 1 0 0 0 2 0v-3h3a1 1 0 0 0 0-2z\" fill-rule=\"evenodd\"><\/path><\/g><\/svg><\/div>\n<p><canvas height=\"0\" width=\"0\" style=\"border-radius: inherit; height: 200%; left: -50%; position: absolute; top: -50%; width: 200%;\"><\/canvas><\/button>[\/et_pb_code][et_pb_code admin_label=&#8221;Kupolen&#8221; _builder_version=&#8221;4.18.0&#8243; _module_preset=&#8221;default&#8221; positioning=&#8221;absolute&#8221; vertical_offset=&#8221;599px&#8221; horizontal_offset=&#8221;426px&#8221; position_origin_a_last_edited=&#8221;off|desktop&#8221; position_origin_f_last_edited=&#8221;off|desktop&#8221; position_origin_r_last_edited=&#8221;off|desktop&#8221; width=&#8221;50px&#8221; positioning_last_edited=&#8221;off|desktop&#8221; global_colors_info=&#8221;{}&#8221;]<button type=\"button\" data-tip=\"Visa mer info\" class=\"et-fb-button et-fb-button--round et-fb-button--success et-fb-button--tooltip btn-infographics\" id=\"infographics-5\" currentitem=\"false\"><\/p>\n<div class=\"et-fb-icon et-fb-icon--add\" style=\"fill: rgb(255,255,255); width: 28px; min-width: 28px; height: 28px; margin: -6px;\"><svg viewBox=\"7.5 7 13 15\" preserveAspectRatio=\"xMidYMid meet\" shape-rendering=\"geometricPrecision\"><g><path d=\"M18 13h-3v-3a1 1 0 0 0-2 0v3h-3a1 1 0 0 0 0 2h3v3a1 1 0 0 0 2 0v-3h3a1 1 0 0 0 0-2z\" fill-rule=\"evenodd\"><\/path><\/g><\/svg><\/div>\n<p><canvas height=\"0\" width=\"0\" style=\"border-radius: inherit; height: 200%; left: -50%; position: absolute; top: -50%; width: 200%;\"><\/canvas><\/button>[\/et_pb_code][et_pb_code admin_label=&#8221;Industrierna&#8221; _builder_version=&#8221;4.18.0&#8243; _module_preset=&#8221;default&#8221; positioning=&#8221;absolute&#8221; position_origin_a=&#8221;top_right&#8221; vertical_offset=&#8221;509px&#8221; horizontal_offset=&#8221;503px&#8221; position_origin_a_last_edited=&#8221;off|desktop&#8221; position_origin_f_last_edited=&#8221;off|desktop&#8221; position_origin_r_last_edited=&#8221;off|desktop&#8221; width=&#8221;50px&#8221; positioning_last_edited=&#8221;off|desktop&#8221; global_colors_info=&#8221;{}&#8221;]<button type=\"button\" data-tip=\"Visa mer info\" class=\"et-fb-button et-fb-button--round et-fb-button--success et-fb-button--tooltip btn-infographics\" id=\"infographics-2\" currentitem=\"false\"><\/p>\n<div class=\"et-fb-icon et-fb-icon--add\" style=\"fill: rgb(255,255,255); width: 28px; min-width: 28px; height: 28px; margin: -6px;\"><svg viewBox=\"7.5 7 13 15\" preserveAspectRatio=\"xMidYMid meet\" shape-rendering=\"geometricPrecision\"><g><path d=\"M18 13h-3v-3a1 1 0 0 0-2 0v3h-3a1 1 0 0 0 0 2h3v3a1 1 0 0 0 2 0v-3h3a1 1 0 0 0 0-2z\" fill-rule=\"evenodd\"><\/path><\/g><\/svg><\/div>\n<p><canvas height=\"0\" width=\"0\" style=\"border-radius: inherit; height: 200%; left: -50%; position: absolute; top: -50%; width: 200%;\"><\/canvas><\/button>[\/et_pb_code][et_pb_code admin_label=&#8221;Domnarsvallen&#8221; _builder_version=&#8221;4.18.0&#8243; _module_preset=&#8221;default&#8221; positioning=&#8221;absolute&#8221; vertical_offset=&#8221;450px&#8221; horizontal_offset=&#8221;485px&#8221; z_index=&#8221;130&#8243; position_origin_a_last_edited=&#8221;off|desktop&#8221; position_origin_f_last_edited=&#8221;off|desktop&#8221; position_origin_r_last_edited=&#8221;off|desktop&#8221; width=&#8221;50px&#8221; positioning_last_edited=&#8221;off|desktop&#8221; global_colors_info=&#8221;{}&#8221;]<button type=\"button\" data-tip=\"Visa mer info\" class=\"et-fb-button et-fb-button--round et-fb-button--success et-fb-button--tooltip btn-infographics\" id=\"infographics-4\" currentitem=\"false\"><\/p>\n<div class=\"et-fb-icon et-fb-icon--add\" style=\"fill: rgb(255,255,255); width: 28px; min-width: 28px; height: 28px; margin: -6px;\"><svg viewBox=\"7.5 7 13 15\" preserveAspectRatio=\"xMidYMid meet\" shape-rendering=\"geometricPrecision\"><g><path d=\"M18 13h-3v-3a1 1 0 0 0-2 0v3h-3a1 1 0 0 0 0 2h3v3a1 1 0 0 0 2 0v-3h3a1 1 0 0 0 0-2z\" fill-rule=\"evenodd\"><\/path><\/g><\/svg><\/div>\n<p><canvas height=\"0\" width=\"0\" style=\"border-radius: inherit; height: 200%; left: -50%; position: absolute; top: -50%; width: 200%;\"><\/canvas><\/button>[\/et_pb_code][et_pb_text admin_label=&#8221;T Dal\u00e4lven&#8221; module_id=&#8221;modal-infographics-1&#8243; module_class=&#8221;modal-infographics&#8221; _builder_version=&#8221;4.18.0&#8243; _module_preset=&#8221;default&#8221; text_font=&#8221;Arial||||||||&#8221; background_color=&#8221;rgba(0,0,0,0.9)&#8221; positioning=&#8221;absolute&#8221; vertical_offset=&#8221;547px&#8221; horizontal_offset=&#8221;660px&#8221; z_index=&#8221;117&#8243; background_layout=&#8221;dark&#8221; width=&#8221;220px&#8221; custom_padding=&#8221;10px|10px|10px|10px|true|true&#8221; custom_css_main_element=&#8221;position:absolute !important;&#8221; border_radii=&#8221;on|6px|6px|6px|6px&#8221; global_colors_info=&#8221;{}&#8221;]<\/p>\n<p><strong>Dal\u00e4lven<\/strong><br \/>Dal\u00e4ven \u00e4r Sveriges n\u00e4st l\u00e4ngsta \u00e4lv och den ringlar sig fr\u00e5n Dalarna \u00e4nda till Skutsk\u00e4r i<br \/>G\u00e4strikland d\u00e4r den mynnar ut. \u00c4lven rinner igenom Borl\u00e4nge och har historiskt sett varit en<br \/>viktig flottled. Numera utvinns mycket vattenkraft ur den.<\/p>\n<p>[\/et_pb_text][et_pb_text admin_label=&#8221;T Industrierna&#8221; module_id=&#8221;modal-infographics-2&#8243; module_class=&#8221;modal-infographics&#8221; _builder_version=&#8221;4.18.0&#8243; _module_preset=&#8221;default&#8221; text_font=&#8221;Arial||||||||&#8221; background_color=&#8221;rgba(0,0,0,0.9)&#8221; positioning=&#8221;absolute&#8221; position_origin_a=&#8221;top_right&#8221; vertical_offset=&#8221;510px&#8221; horizontal_offset=&#8221;285px&#8221; z_index=&#8221;117&#8243; background_layout=&#8221;dark&#8221; width=&#8221;220px&#8221; custom_padding=&#8221;10px|10px|10px|10px|true|true&#8221; custom_css_main_element=&#8221;position:absolute !important;&#8221; border_radii=&#8221;on|6px|6px|6px|6px&#8221; global_colors_info=&#8221;{}&#8221;]<\/p>\n<p><strong>Industrierna<\/strong><br \/>Borl\u00e4nge \u2013 som \u00e4r Dalarnas st\u00f6rsta stad &#8211; har en stark historia som industristad, fr\u00e4mst inom st\u00e5l- och pappersindustrin. De senaste \u00e5rtiondena har antalet jobb inom industrin minskat och omr\u00e5den inom bland annat IT och handel har v\u00e4xt.<\/p>\n<p>[\/et_pb_text][et_pb_text admin_label=&#8221;T Kupolen&#8221; module_id=&#8221;modal-infographics-4&#8243; module_class=&#8221;modal-infographics&#8221; _builder_version=&#8221;4.18.0&#8243; _module_preset=&#8221;default&#8221; text_font=&#8221;Arial||||||||&#8221; background_color=&#8221;rgba(0,0,0,0.9)&#8221; positioning=&#8221;absolute&#8221; vertical_offset=&#8221;285px&#8221; horizontal_offset=&#8221;217px&#8221; z_index=&#8221;117&#8243; background_layout=&#8221;dark&#8221; width=&#8221;270px&#8221; custom_padding=&#8221;10px|10px|10px|10px|true|true&#8221; custom_css_main_element=&#8221;position:absolute !important;&#8221; border_radii=&#8221;on|6px|6px|6px|6px&#8221; global_colors_info=&#8221;{}&#8221;]<\/p>\n<p><strong>Kupolen<\/strong><br \/>Dalarnas st\u00f6rsta k\u00f6pcentrum som f\u00e5tt sitt namn av att det ser ut som just en kupol. Var fr\u00e5n b\u00f6rjan ett kombinerat k\u00f6pcentrum och evenemangsarena i tv\u00e5 v\u00e5ningar d\u00e4r det bland annat h\u00f6ll idrottsevenemang som Davis Cup-tennis, innebandylandskamper och Finnkampen. 1995 byggdes Kupolen till och om och har nu endast butiksytor.<\/p>\n<p>[\/et_pb_text][et_pb_text admin_label=&#8221;T Domnarsvallen&#8221; module_id=&#8221;modal-infographics-5&#8243; module_class=&#8221;modal-infographics&#8221; _builder_version=&#8221;4.18.0&#8243; _module_preset=&#8221;default&#8221; text_font=&#8221;Arial||||||||&#8221; background_color=&#8221;rgba(0,0,0,0.9)&#8221; positioning=&#8221;absolute&#8221; position_origin_a=&#8221;bottom_left&#8221; vertical_offset=&#8221;156px&#8221; horizontal_offset=&#8221;295px&#8221; z_index=&#8221;117&#8243; background_layout=&#8221;dark&#8221; width=&#8221;320px&#8221; custom_padding=&#8221;10px|10px|10px|10px|true|true&#8221; custom_css_main_element=&#8221;position:absolute !important;&#8221; border_radii=&#8221;on|6px|6px|6px|6px&#8221; global_colors_info=&#8221;{}&#8221;]<strong>Domnarsvallen<\/strong><br \/>\nDomnarsvallen heter numera Borl\u00e4nge Energi Arena. Den byggdes f\u00e4rdigt 1925, samma \u00e5r som IK Brage bildades och \u00e4ga av Borl\u00e4nge kommun. Publikrekordet lyder p\u00e5 14 206 \u00e5sk\u00e5dare som s\u00e5g den allsvenska kvalmatchen mellan Brage och Gais 1965.[\/et_pb_text][\/et_pb_column][\/et_pb_row][et_pb_row disabled_on=&#8221;off|off|on&#8221; _builder_version=&#8221;4.18.0&#8243; _module_preset=&#8221;default&#8221; width=&#8221;100%&#8221; max_width=&#8221;100%&#8221; custom_margin=&#8221;0px||0px||false|false&#8221; custom_padding=&#8221;0px||0px||false|false&#8221; global_colors_info=&#8221;{}&#8221;][et_pb_column type=&#8221;4_4&#8243; _builder_version=&#8221;4.18.0&#8243; _module_preset=&#8221;default&#8221; global_colors_info=&#8221;{}&#8221;][et_pb_image src=&#8221;https:\/\/kampanj.expressen.se\/unibet\/wp-content\/uploads\/2022\/09\/Unibet_BRAGE-kopiera.png&#8221; title_text=&#8221;Unibet_BRAGE kopiera&#8221; align=&#8221;center&#8221; force_fullwidth=&#8221;on&#8221; _builder_version=&#8221;4.18.0&#8243; _module_preset=&#8221;default&#8221; global_colors_info=&#8221;{}&#8221;][\/et_pb_image][\/et_pb_column][\/et_pb_row][et_pb_row disabled_on=&#8221;off|off|on&#8221; _builder_version=&#8221;4.18.0&#8243; _module_preset=&#8221;default&#8221; custom_padding=&#8221;0px||0px||false|false&#8221; locked=&#8221;off&#8221; global_colors_info=&#8221;{}&#8221;][et_pb_column type=&#8221;4_4&#8243; _builder_version=&#8221;4.18.0&#8243; _module_preset=&#8221;default&#8221; global_colors_info=&#8221;{}&#8221;][dica_divi_carousel show_items_tablet=&#8221;1&#8243; multislide=&#8221;on&#8221; centermode=&#8221;on&#8221; loop=&#8221;on&#8221; arrow_nav=&#8221;on&#8221; dot_nav=&#8221;on&#8221; advanced_effect=&#8221;1&#8243; arrow_nav_color=&#8221;#3aaa38&#8243; dots_active_color=&#8221;#3aaa38&#8243; arrow_position=&#8221;middle-outside&#8221; arrow_position_tablet=&#8221;middle-outside&#8221; arrow_position_phone=&#8221;middle-outside&#8221; arrow_position_last_edited=&#8221;on|phone&#8221; arrow_font_size_tablet=&#8221;&#8221; arrow_font_size_phone=&#8221;40px&#8221; arrow_font_size_last_edited=&#8221;on|phone&#8221; _builder_version=&#8221;4.18.0&#8243; _module_preset=&#8221;default&#8221; custom_margin=&#8221;||||false|false&#8221; custom_padding=&#8221;||||false|false&#8221; global_colors_info=&#8221;{}&#8221;][dica_divi_carouselitem title=&#8221;Domnarsvallen&#8221; button_url_new_window=&#8221;1&#8243; _builder_version=&#8221;4.18.0&#8243; _module_preset=&#8221;default&#8221; header_level=&#8221;h2&#8243; header_font=&#8221;Siri Expressen||||||||&#8221; header_text_color=&#8221;#000000&#8243; header_font_size=&#8221;23px&#8221; body_font=&#8221;Arial||||||||&#8221; body_text_align=&#8221;left&#8221; body_text_color=&#8221;#000000&#8243; body_font_size=&#8221;16px&#8221; global_colors_info=&#8221;{}&#8221;]<\/p>\n<p>Domnarsvallen heter numera Borl\u00e4nge Energi Arena. Den byggdes f\u00e4rdigt 1925, samma \u00e5r som IK Brage bildades och \u00e4ga av Borl\u00e4nge kommun. Publikrekordet lyder p\u00e5 14 206 \u00e5sk\u00e5dare som s\u00e5g den allsvenska kvalmatchen mellan Brage och Gais 1965.<\/p>\n<p>[\/dica_divi_carouselitem][dica_divi_carouselitem title=&#8221;Kupolen&#8221; button_url_new_window=&#8221;1&#8243; _builder_version=&#8221;4.18.0&#8243; _module_preset=&#8221;default&#8221; header_level=&#8221;h2&#8243; header_font=&#8221;Siri Expressen||||||||&#8221; header_text_color=&#8221;#000000&#8243; header_font_size=&#8221;23px&#8221; body_font=&#8221;Arial||||||||&#8221; body_text_align=&#8221;left&#8221; body_text_color=&#8221;#000000&#8243; body_font_size=&#8221;16px&#8221; global_colors_info=&#8221;{}&#8221;]<\/p>\n<p>Dalarnas st\u00f6rsta k\u00f6pcentrum som f\u00e5tt sitt namn av att det ser ut som just en kupol. Var fr\u00e5n b\u00f6rjan ett kombinerat k\u00f6pcentrum och evenemangsarena i tv\u00e5 v\u00e5ningar d\u00e4r det bland annat h\u00f6ll idrottsevenemang som Davis Cup-tennis, innebandylandskamper och Finnkampen. 1995 byggdes Kupolen till och om och har nu endast butiksytor.<\/p>\n<p>[\/dica_divi_carouselitem][dica_divi_carouselitem title=&#8221;Dal\u00e4lven&#8221; button_url_new_window=&#8221;1&#8243; _builder_version=&#8221;4.18.0&#8243; _module_preset=&#8221;default&#8221; header_level=&#8221;h2&#8243; header_font=&#8221;Siri Expressen||||||||&#8221; header_text_color=&#8221;#000000&#8243; header_font_size=&#8221;23px&#8221; body_font=&#8221;Arial||||||||&#8221; body_text_align=&#8221;left&#8221; body_text_color=&#8221;#000000&#8243; body_font_size=&#8221;16px&#8221; global_colors_info=&#8221;{}&#8221;]<\/p>\n<p>Dal\u00e4ven \u00e4r Sveriges n\u00e4st l\u00e4ngsta \u00e4lv och den ringlar sig fr\u00e5n Dalarna \u00e4nda till Skutsk\u00e4r i<br \/>G\u00e4strikland d\u00e4r den mynnar ut. \u00c4lven rinner igenom Borl\u00e4nge och har historiskt sett varit en viktig flottled. Numera utvinns mycket vattenkraft ur den.<\/p>\n<p>[\/dica_divi_carouselitem][dica_divi_carouselitem title=&#8221;Industrierna&#8221; button_url_new_window=&#8221;1&#8243; _builder_version=&#8221;4.18.0&#8243; _module_preset=&#8221;default&#8221; header_level=&#8221;h2&#8243; header_font=&#8221;Siri Expressen||||||||&#8221; header_text_color=&#8221;#000000&#8243; header_font_size=&#8221;23px&#8221; body_font=&#8221;Arial||||||||&#8221; body_text_align=&#8221;left&#8221; body_text_color=&#8221;#000000&#8243; body_font_size=&#8221;16px&#8221; global_colors_info=&#8221;{}&#8221;]<\/p>\n<p>Borl\u00e4nge \u2013 som \u00e4r Dalarnas st\u00f6rsta stad \u2013 har en stark historia som industristad, fr\u00e4mst inom st\u00e5l- och pappersindustrin. De senaste \u00e5rtiondena har antalet jobb inom industrin minskat och omr\u00e5den inom bland annat IT och handel har v\u00e4xt.<\/p>\n<p>[\/dica_divi_carouselitem][\/dica_divi_carousel][\/et_pb_column][\/et_pb_row][et_pb_row _builder_version=&#8221;4.18.0&#8243; _module_preset=&#8221;default&#8221; background_color=&#8221;rgba(0,0,0,0.4)&#8221; background_image=&#8221;https:\/\/kampanj.expressen.se\/unibet\/wp-content\/uploads\/2022\/09\/DE1_0093-scaled.jpg&#8221; parallax=&#8221;on&#8221; background_blend=&#8221;darken&#8221; width=&#8221;100%&#8221; width_tablet=&#8221;100%&#8221; width_phone=&#8221;100%&#8221; width_last_edited=&#8221;on|phone&#8221; max_width=&#8221;100%&#8221; min_height_tablet=&#8221;630px&#8221; min_height_phone=&#8221;330px&#8221; min_height_last_edited=&#8221;off|desktop&#8221; height=&#8221;650px&#8221; height_tablet=&#8221;500px&#8221; height_phone=&#8221;330px&#8221; height_last_edited=&#8221;on|phone&#8221; custom_margin=&#8221;40px||40px||false|false&#8221; custom_margin_tablet=&#8221;40px||40px||false|false&#8221; custom_margin_phone=&#8221;30px||30px||false|false&#8221; custom_margin_last_edited=&#8221;on|phone&#8221; custom_padding=&#8221;||||false|false&#8221; custom_css_before=&#8221; position:absolute;||content:%22%22;||top:0;||left:0;||background-color: rgba(0,0,0,.3);||z-index: 5;||width:100%;||height: 100%;&#8221; custom_css_main_element=&#8221;background-position: 0 0;||position:relative;&#8221; locked=&#8221;off&#8221; global_colors_info=&#8221;{}&#8221;][et_pb_column type=&#8221;4_4&#8243; _builder_version=&#8221;4.16&#8243; _module_preset=&#8221;default&#8221; global_colors_info=&#8221;{}&#8221;][et_pb_text disabled_on=&#8221;on|on|off&#8221; _builder_version=&#8221;4.18.0&#8243; _module_preset=&#8221;default&#8221; text_font=&#8221;Siri Expressen||||||||&#8221; text_text_color=&#8221;#FFFFFF&#8221; text_font_size=&#8221;55px&#8221; text_line_height=&#8221;1em&#8221; header_4_font=&#8221;Arial|700|||||||&#8221; header_4_text_color=&#8221;#FFFFFF&#8221; header_4_line_height=&#8221;1.2em&#8221; background_enable_color=&#8221;off&#8221; positioning=&#8221;absolute&#8221; position_origin_a=&#8221;top_center&#8221; vertical_offset=&#8221;252px&#8221; vertical_offset_tablet=&#8221;149px&#8221; vertical_offset_phone=&#8221;84px&#8221; vertical_offset_last_edited=&#8221;on|phone&#8221; text_orientation=&#8221;center&#8221; width=&#8221;920px&#8221; width_tablet=&#8221;80%&#8221; width_phone=&#8221;90%&#8221; width_last_edited=&#8221;on|phone&#8221; custom_margin=&#8221;0px||||false|false&#8221; custom_margin_tablet=&#8221;0px|0px||0px|false|false&#8221; custom_margin_phone=&#8221;0px|0px||0px|false|false&#8221; custom_margin_last_edited=&#8221;on|desktop&#8221; custom_padding=&#8221;0px||0px||false|false&#8221; custom_padding_tablet=&#8221;|30px||30px|false|false&#8221; custom_padding_phone=&#8221;|0px||0px|false|false&#8221; custom_padding_last_edited=&#8221;off|desktop&#8221; animation_style=&#8221;fade&#8221; scroll_fade=&#8221;0|30|30|100|0|100|100&#8243; text_font_size_tablet=&#8221;50px&#8221; text_font_size_phone=&#8221;29px&#8221; text_font_size_last_edited=&#8221;on|phone&#8221; header_4_font_size_tablet=&#8221;&#8221; header_4_font_size_phone=&#8221;16px&#8221; header_4_font_size_last_edited=&#8221;on|desktop&#8221; global_colors_info=&#8221;{}&#8221;]<\/p>\n<p>\u201dSer du skjulet? D\u00e4r bytte vi om. Det \u00e4r kultur! Det var faktiskt ett litet gym och en bastu i omkl\u00e4dningsrummet ocks\u00e5\u201d<\/p>\n<h4><span class=\"indenta\">G\u00f6ran Arnberg<\/span>, fd fotbollsspelare<\/h4>\n<p>[\/et_pb_text][\/et_pb_column][\/et_pb_row][et_pb_row _builder_version=&#8221;4.18.0&#8243; _module_preset=&#8221;default&#8221; width=&#8221;690px&#8221; width_tablet=&#8221;80%&#8221; width_phone=&#8221;90%&#8221; width_last_edited=&#8221;on|phone&#8221; custom_margin=&#8221;0px||||false|false&#8221; custom_padding=&#8221;0px||30px||false|false&#8221; global_colors_info=&#8221;{}&#8221;][et_pb_column type=&#8221;4_4&#8243; _builder_version=&#8221;4.18.0&#8243; _module_preset=&#8221;default&#8221; global_colors_info=&#8221;{}&#8221;][et_pb_text _builder_version=&#8221;4.18.0&#8243; _module_preset=&#8221;default&#8221; text_font=&#8221;Arial||||||||&#8221; text_text_color=&#8221;#000000&#8243; text_font_size=&#8221;1.13rem&#8221; text_line_height=&#8221;1.5em&#8221; header_font=&#8221;Siri Expressen|700|||||||&#8221; header_3_font=&#8221;Siri Expressen||||||||&#8221; header_3_font_size=&#8221;28px&#8221; custom_margin=&#8221;15px||-5px||false|false&#8221; custom_margin_tablet=&#8221;15px||-5px||false|false&#8221; custom_margin_phone=&#8221;30px||||false|false&#8221; custom_margin_last_edited=&#8221;on|phone&#8221; custom_padding=&#8221;0px||0px||false|false&#8221; global_colors_info=&#8221;{}&#8221;]<\/p>\n<h3>Skjulet som \u00e4r kultur<\/h3>\n<p>[\/et_pb_text][et_pb_text _builder_version=&#8221;4.18.0&#8243; _module_preset=&#8221;default&#8221; text_font=&#8221;Arial||||||||&#8221; text_text_color=&#8221;#000000&#8243; text_font_size=&#8221;1.25rem&#8221; text_line_height=&#8221;1.5em&#8221; header_font=&#8221;Siri Expressen|700|||||||&#8221; header_3_font=&#8221;Siri Expressen||||||||&#8221; custom_margin=&#8221;0px||0px||false|false&#8221; custom_margin_tablet=&#8221;0px||0px||false|false&#8221; custom_margin_phone=&#8221;0px||||false|false&#8221; custom_margin_last_edited=&#8221;on|phone&#8221; custom_padding=&#8221;0px||0px||false|false&#8221; global_colors_info=&#8221;{}&#8221;]<span class=\"indenta\">\u2013 N\u00e4r vi kom till San Siro bar vi sj\u00e4lva in v\u00e5ra trunkar, de kom glidande i Porschar och tunga Audis. Men h\u00e4r i Borl\u00e4nge var det lite andra bilar p\u00e5 parkeringen. Vi hade v\u00e4l n\u00e5gon gammal bubbla eller rostig Volvo, s\u00e4ger han med ett skratt, och forts\u00e4tter:<\/span><br \/>\n<span class=\"indenta\">\u2013 Och gr\u00e4smattan! Deras naturgr\u00e4s var som en golfgreen. Man beh\u00f6vde inte titta p\u00e5 bollen hela tiden utan kunde lyfta blicken f\u00f6r att hitta en bra passning medan \u201dVallen\u201d\u2026 ja den var ju aldrig i sitt b\u00e4sta skick p\u00e5 h\u00f6sten. Det var gropar och uppsparkade tuvor. Vi visste var varenda tuva fanns men det var v\u00e4rre f\u00f6r Inter som var vana vid sin perfekta ryamatta.<\/span>[\/et_pb_text][et_pb_image src=&#8221;https:\/\/kampanj.expressen.se\/unibet\/wp-content\/uploads\/2022\/09\/DE1_0216-scaled.jpg&#8221; title_text=&#8221;Fotboll, Unibet, Reportage, Brage&#8221; _builder_version=&#8221;4.18.0&#8243; _module_preset=&#8221;default&#8221; custom_margin=&#8221;||10px||false|false&#8221; custom_padding=&#8221;30px||||false|false&#8221; locked=&#8221;off&#8221; global_colors_info=&#8221;{}&#8221;][\/et_pb_image][et_pb_text _builder_version=&#8221;4.18.0&#8243; _module_preset=&#8221;default&#8221; text_font=&#8221;Arial||||||||&#8221; text_text_color=&#8221;#000000&#8243; text_font_size=&#8221;16px&#8221; text_line_height=&#8221;1.5em&#8221; header_font=&#8221;Siri Expressen|700|||||||&#8221; header_3_font=&#8221;Siri Expressen||||||||&#8221; header_3_font_size=&#8221;23px&#8221; background_enable_color=&#8221;off&#8221; custom_margin=&#8221;-5px||||false|false&#8221; custom_margin_tablet=&#8221;5px||-10px||false|false&#8221; custom_margin_phone=&#8221;-5px||0px||false|false&#8221; custom_margin_last_edited=&#8221;on|phone&#8221; custom_padding=&#8221;||||false|false&#8221; locked=&#8221;off&#8221; global_colors_info=&#8221;{}&#8221;]G\u00f6ran Arnberg, fd fotbollsspelare ser tillbaka p\u00e5 gamla minnen.[\/et_pb_text][et_pb_text _builder_version=&#8221;4.18.0&#8243; _module_preset=&#8221;default&#8221; text_font=&#8221;Arial||||||||&#8221; text_text_color=&#8221;#000000&#8243; text_font_size=&#8221;1.13rem&#8221; text_line_height=&#8221;1.5em&#8221; header_font=&#8221;Siri Expressen|700|||||||&#8221; header_3_font=&#8221;Siri Expressen||||||||&#8221; header_3_font_size=&#8221;28px&#8221; custom_margin=&#8221;15px||-5px||false|false&#8221; custom_margin_tablet=&#8221;15px||-5px||false|false&#8221; custom_margin_phone=&#8221;30px||||false|false&#8221; custom_margin_last_edited=&#8221;on|phone&#8221; custom_padding=&#8221;0px||0px||false|false&#8221; global_colors_info=&#8221;{}&#8221;]<\/p>\n<p><strong>Hur stort var det h\u00e4r?<\/strong><\/p>\n<p>[\/et_pb_text][et_pb_text _builder_version=&#8221;4.18.0&#8243; _module_preset=&#8221;default&#8221; text_font=&#8221;Arial||||||||&#8221; text_text_color=&#8221;#000000&#8243; text_font_size=&#8221;1.25rem&#8221; text_line_height=&#8221;1.5em&#8221; header_font=&#8221;Siri Expressen|700|||||||&#8221; header_3_font=&#8221;Siri Expressen||||||||&#8221; custom_margin=&#8221;0px||0px||false|false&#8221; custom_margin_tablet=&#8221;0px||0px||false|false&#8221; custom_margin_phone=&#8221;0px||||false|false&#8221; custom_margin_last_edited=&#8221;on|phone&#8221; custom_padding=&#8221;0px||0px||false|false&#8221; global_colors_info=&#8221;{}&#8221;]<\/p>\n<p>P\u00e5 v\u00e4g till kansliet pekar G\u00f6ran p\u00e5 det gamla omkl\u00e4dningsrummet, en l\u00e5g falur\u00f6d tr\u00e4byggnad med gr\u00f6na d\u00f6rrar och vitt foder runt f\u00f6nstren som ramas in av gardiner med faluh\u00e4star p\u00e5.<br \/><span class=\"indenta\">\u2013 Ser du skjulet? D\u00e4r bytte vi om. Det \u00e4r kultur! Det var faktiskt ett litet gym och en bastu i omkl\u00e4dningsrummet ocks\u00e5, ber\u00e4ttar G\u00f6ran Arnberg p\u00e5 klingande Borl\u00e4ngem\u00e5l.<\/span><br \/>Hans familj var grannar med arenans vaktm\u00e4stare s\u00e5 G\u00f6ran v\u00e4xte upp p\u00e5 Domnarvsvallen d\u00e4r han fick vara \u201dKalle bakom\u201d det vill s\u00e4ga bollkalle under matcherna. Han k\u00e4nner \u00e4n i dag igen varenda centimeter av planen som numera ramas in av fyra l\u00e4ktare byggda vid olika tider. Och den gamla huvudl\u00e4ktaren st\u00e5r kvar. Det knirrar och knarrar n\u00e4r vi testar trappstegen. De gr\u00f6na plaststolarna \u00e4r \u00e4n idag fastskruvade p\u00e5 tr\u00e4reglar och vissa delar av l\u00e4ktargolvet lutar bet\u00e4nkligt.<\/p>\n<p>[\/et_pb_text][et_pb_text _builder_version=&#8221;4.18.0&#8243; _module_preset=&#8221;default&#8221; text_font=&#8221;Arial||||||||&#8221; text_text_color=&#8221;#000000&#8243; text_font_size=&#8221;1.25rem&#8221; text_line_height=&#8221;1.5em&#8221; header_font=&#8221;Siri Expressen|700|||||||&#8221; header_3_font=&#8221;Siri Expressen||||||||&#8221; custom_margin=&#8221;0px||0px||false|false&#8221; custom_margin_tablet=&#8221;0px||0px||false|false&#8221; custom_margin_phone=&#8221;0px||||false|false&#8221; custom_margin_last_edited=&#8221;on|phone&#8221; custom_padding=&#8221;0px||0px||false|false&#8221; global_colors_info=&#8221;{}&#8221;]<span class=\"indenta\">\u2013 Enormt. Inter var ett av v\u00e4rldens b\u00e4sta lag och st\u00f6rst i Europa. Det var kanonfullt p\u00e5 \u201dVallen\u201d n\u00e4r vi m\u00f6ttes. Det var till och med s\u00e5 att folk f\u00f6rs\u00f6kte se matchen genom staketet. Det sprang massor av folk och TV h\u00e4r och det var inte vi vana vid. <\/span><br \/>\nMen Brages storhetstid tog s\u00e5 sm\u00e5ningom slut och har inte spelat i allsvenskan sedan 1993.<br \/>\n<span class=\"indenta\">&#8211; Ska Dalaklubben \u00e5ter n\u00e5 dit s\u00e5 kr\u00e4vs kontinuitet tr\u00e4narposten, konstaterar G\u00f6ran Arnberg <\/span><br \/>\n<span class=\"indenta\">\u2013 S\u00e5 var det n\u00e4r Roffe Zetterlund var h\u00e4r (1977\u20131980). Vi tappar m\u00e5nga spelare varje \u00e5r s\u00e5 n\u00e5gon m\u00e5ste h\u00e5lla ihop det. Det var j\u00e4tteviktigt med Roffe d\u00e5 och har varit j\u00e4tteviktigt med Kleb\u00e9r nu.<\/span>[\/et_pb_text][\/et_pb_column][\/et_pb_row][et_pb_row _builder_version=&#8221;4.18.0&#8243; _module_preset=&#8221;default&#8221; background_color=&#8221;rgba(0,0,0,0.4)&#8221; background_image=&#8221;https:\/\/kampanj.expressen.se\/unibet\/wp-content\/uploads\/2022\/09\/DE1_0470-scaled.jpg&#8221; parallax=&#8221;on&#8221; background_blend=&#8221;darken&#8221; width=&#8221;100%&#8221; width_tablet=&#8221;100%&#8221; width_phone=&#8221;100%&#8221; width_last_edited=&#8221;on|phone&#8221; max_width=&#8221;100%&#8221; min_height_tablet=&#8221;630px&#8221; min_height_phone=&#8221;330px&#8221; min_height_last_edited=&#8221;off|desktop&#8221; height=&#8221;650px&#8221; height_tablet=&#8221;500px&#8221; height_phone=&#8221;330px&#8221; height_last_edited=&#8221;on|phone&#8221; custom_margin=&#8221;40px||40px||false|false&#8221; custom_margin_tablet=&#8221;40px||40px||false|false&#8221; custom_margin_phone=&#8221;30px||30px||false|false&#8221; custom_margin_last_edited=&#8221;on|phone&#8221; custom_padding=&#8221;||||false|false&#8221; custom_css_before=&#8221; position:absolute;||content:%22%22;||top:0;||left:0;||background-color: rgba(0,0,0,.3);||z-index: 5;||width:100%;||height: 100%;&#8221; custom_css_main_element=&#8221;position: relative;||&#8221; locked=&#8221;off&#8221; global_colors_info=&#8221;{}&#8221;][et_pb_column type=&#8221;4_4&#8243; _builder_version=&#8221;4.16&#8243; _module_preset=&#8221;default&#8221; global_colors_info=&#8221;{}&#8221;][et_pb_text disabled_on=&#8221;off|off|off&#8221; _builder_version=&#8221;4.18.0&#8243; _module_preset=&#8221;default&#8221; text_font=&#8221;Siri Expressen||||||||&#8221; text_text_color=&#8221;#FFFFFF&#8221; text_font_size=&#8221;55px&#8221; text_line_height=&#8221;1em&#8221; header_4_font=&#8221;Arial|700|||||||&#8221; header_4_text_color=&#8221;#FFFFFF&#8221; header_4_line_height=&#8221;1.2em&#8221; background_enable_color=&#8221;off&#8221; positioning=&#8221;absolute&#8221; position_origin_a=&#8221;top_center&#8221; vertical_offset=&#8221;252px&#8221; vertical_offset_tablet=&#8221;149px&#8221; vertical_offset_phone=&#8221;84px&#8221; vertical_offset_last_edited=&#8221;on|phone&#8221; text_orientation=&#8221;center&#8221; width=&#8221;920px&#8221; width_tablet=&#8221;80%&#8221; width_phone=&#8221;90%&#8221; width_last_edited=&#8221;on|phone&#8221; custom_margin=&#8221;0px||||false|false&#8221; custom_margin_tablet=&#8221;0px|0px||0px|false|false&#8221; custom_margin_phone=&#8221;0px|0px||0px|false|false&#8221; custom_margin_last_edited=&#8221;on|desktop&#8221; custom_padding=&#8221;0px||0px||false|false&#8221; custom_padding_tablet=&#8221;|30px||30px|false|false&#8221; custom_padding_phone=&#8221;|0px||0px|false|false&#8221; custom_padding_last_edited=&#8221;off|desktop&#8221; scroll_fade_enable=&#8221;on&#8221; scroll_fade=&#8221;0|30|30|100|0|100|100&#8243; text_font_size_tablet=&#8221;40px&#8221; text_font_size_phone=&#8221;28px&#8221; text_font_size_last_edited=&#8221;on|phone&#8221; header_4_font_size_tablet=&#8221;&#8221; header_4_font_size_phone=&#8221;16px&#8221; header_4_font_size_last_edited=&#8221;on|desktop&#8221; global_colors_info=&#8221;{}&#8221;]<\/p>\n<p>\u201dDet \u00e4r en v\u00e4ldigt lugn milj\u00f6 d\u00e4r det verkligen bara handlar om fotbollen. Det \u00e4r inte m\u00e5nga st\u00f6rningsmoment som det kan vara i en st\u00f6rre stad.\u201d<\/p>\n<h4>G\u00f6ran Arnberg, fd fotbollsspelare<\/h4>\n<p>[\/et_pb_text][\/et_pb_column][\/et_pb_row][et_pb_row _builder_version=&#8221;4.18.0&#8243; _module_preset=&#8221;default&#8221; width=&#8221;690px&#8221; width_tablet=&#8221;80%&#8221; width_phone=&#8221;90%&#8221; width_last_edited=&#8221;on|phone&#8221; custom_margin=&#8221;0px||||false|false&#8221; custom_padding=&#8221;0px||30px||false|false&#8221; global_colors_info=&#8221;{}&#8221;][et_pb_column type=&#8221;4_4&#8243; _builder_version=&#8221;4.18.0&#8243; _module_preset=&#8221;default&#8221; global_colors_info=&#8221;{}&#8221;][et_pb_text _builder_version=&#8221;4.18.0&#8243; _module_preset=&#8221;default&#8221; text_font=&#8221;Arial||||||||&#8221; text_text_color=&#8221;#000000&#8243; text_font_size=&#8221;1.13rem&#8221; text_line_height=&#8221;1.5em&#8221; header_font=&#8221;Siri Expressen|700|||||||&#8221; header_3_font=&#8221;Siri Expressen||||||||&#8221; header_3_font_size=&#8221;28px&#8221; custom_margin=&#8221;15px||-5px||false|false&#8221; custom_margin_tablet=&#8221;15px||-5px||false|false&#8221; custom_margin_phone=&#8221;30px||||false|false&#8221; custom_margin_last_edited=&#8221;on|phone&#8221; custom_padding=&#8221;0px||0px||false|false&#8221; global_colors_info=&#8221;{}&#8221;]<\/p>\n<h3>Plastgr\u00e4set beh\u00f6ver bytas ut<\/h3>\n<p>[\/et_pb_text][et_pb_text _builder_version=&#8221;4.18.0&#8243; _module_preset=&#8221;default&#8221; text_font=&#8221;Arial||||||||&#8221; text_text_color=&#8221;#000000&#8243; text_font_size=&#8221;1.25rem&#8221; text_line_height=&#8221;1.5em&#8221; header_font=&#8221;Siri Expressen|700|||||||&#8221; header_3_font=&#8221;Siri Expressen||||||||&#8221; custom_margin=&#8221;0px||0px||false|false&#8221; custom_margin_tablet=&#8221;0px||0px||false|false&#8221; custom_margin_phone=&#8221;0px||||false|false&#8221; custom_margin_last_edited=&#8221;on|phone&#8221; custom_padding=&#8221;0px||0px||false|false&#8221; global_colors_info=&#8221;{}&#8221;]<\/p>\n<p>Brages nuvarande tr\u00e4nare Kleb\u00e9r Saarenp\u00e4\u00e4 kom till Borl\u00e4ngelaget i november 2017 och \u00e4r nu inne p\u00e5 sin femte s\u00e4song i klubben. Naturgr\u00e4sets tuvor \u00e4r borta men plastgr\u00e4set som Saarenp\u00e4\u00e4 leder tr\u00e4ningen p\u00e5 \u00e4r gammalt och skulle beh\u00f6va bytas ut.<\/p>\n<p>[\/et_pb_text][et_pb_text _builder_version=&#8221;4.18.0&#8243; _module_preset=&#8221;default&#8221; text_font=&#8221;Arial||||||||&#8221; text_text_color=&#8221;#000000&#8243; text_font_size=&#8221;1.25rem&#8221; text_line_height=&#8221;1.5em&#8221; header_font=&#8221;Siri Expressen|700|||||||&#8221; header_3_font=&#8221;Siri Expressen||||||||&#8221; custom_margin=&#8221;0px||0px||false|false&#8221; custom_margin_tablet=&#8221;0px||0px||false|false&#8221; custom_margin_phone=&#8221;0px||||false|false&#8221; custom_margin_last_edited=&#8221;on|phone&#8221; custom_padding=&#8221;0px||0px||false|false&#8221; global_colors_info=&#8221;{}&#8221;]<span class=\"indenta\">\u2013 I min v\u00e4rld ska det g\u00f6ras nu men s\u00e5 funkar det inte i praktiken. D\u00e5 \u00e4r det bara att gilla l\u00e4get och forts\u00e4tta jobba fram\u00e5t med kraft. Med r\u00e4tt m\u00e5ls\u00e4ttning kommer man dit man ska \u00e4nd\u00e5 i st\u00e4llet f\u00f6r att tappa ett par, tre m\u00e5nader f\u00f6r att man gn\u00e4ller eller har fokus p\u00e5 fel saker, s\u00e4ger Bragetr\u00e4naren luttrat.<\/span><br \/>\nM\u00e5let \u00e4r allsvenskan. Ett datum finns utsatt.[\/et_pb_text][et_pb_text _builder_version=&#8221;4.18.0&#8243; _module_preset=&#8221;default&#8221; text_font=&#8221;Arial||||||||&#8221; text_text_color=&#8221;#000000&#8243; text_font_size=&#8221;1.25rem&#8221; text_line_height=&#8221;1.5em&#8221; header_font=&#8221;Siri Expressen|700|||||||&#8221; header_3_font=&#8221;Siri Expressen||||||||&#8221; custom_margin=&#8221;0px||0px||false|false&#8221; custom_margin_tablet=&#8221;0px||0px||false|false&#8221; custom_margin_phone=&#8221;0px||||false|false&#8221; custom_margin_last_edited=&#8221;on|phone&#8221; custom_padding=&#8221;0px||0px||false|false&#8221; global_colors_info=&#8221;{}&#8221;]<span class=\"indenta\">\u2013 Vi firar hundra \u00e5r 2025. D\u00e5 har man sagt fr\u00e5n styrelsens sida att vi g\u00e4rna vill vara i finrummet s\u00e5 att vi kan fira d\u00e4r. Och d\u00e5 m\u00e5ste vi g\u00e5 upp 2024. Dit \u00e4r det tv\u00e5 \u00e5r, vi f\u00e5r se hur stj\u00e4rnorna st\u00e5r och hur vi f\u00e5r ihop det.<\/span><br \/>\nI Brage finns inga stora pengar. Det kompenserar man med smartness, inst\u00e4llning, korta beslutsv\u00e4gar och dedikation.[\/et_pb_text][et_pb_image src=&#8221;https:\/\/kampanj.expressen.se\/unibet\/wp-content\/uploads\/2022\/09\/DE2_3977-scaled.jpg&#8221; title_text=&#8221;Fotboll, Unibet, Reportage, Brage&#8221; _builder_version=&#8221;4.18.0&#8243; _module_preset=&#8221;default&#8221; custom_margin=&#8221;||10px||false|false&#8221; custom_padding=&#8221;30px||||false|false&#8221; global_colors_info=&#8221;{}&#8221;][\/et_pb_image][et_pb_text _builder_version=&#8221;4.18.0&#8243; _module_preset=&#8221;default&#8221; text_font=&#8221;Arial||||||||&#8221; text_text_color=&#8221;#000000&#8243; text_font_size=&#8221;16px&#8221; text_line_height=&#8221;1.5em&#8221; header_font=&#8221;Siri Expressen|700|||||||&#8221; header_3_font=&#8221;Siri Expressen||||||||&#8221; header_3_font_size=&#8221;23px&#8221; background_enable_color=&#8221;off&#8221; custom_margin=&#8221;-5px||||false|false&#8221; custom_margin_tablet=&#8221;5px||-10px||false|false&#8221; custom_margin_phone=&#8221;-5px||0px||false|false&#8221; custom_margin_last_edited=&#8221;on|phone&#8221; custom_padding=&#8221;||||false|false&#8221; locked=&#8221;off&#8221; global_colors_info=&#8221;{}&#8221;]Strategisnack med fotbollstr\u00e4naren Kleb\u00e9r Saarenp\u00e4\u00e4.[\/et_pb_text][et_pb_text _builder_version=&#8221;4.18.0&#8243; _module_preset=&#8221;default&#8221; text_font=&#8221;Arial||||||||&#8221; text_text_color=&#8221;#000000&#8243; text_font_size=&#8221;1.13rem&#8221; text_line_height=&#8221;1.5em&#8221; header_font=&#8221;Siri Expressen|700|||||||&#8221; header_3_font=&#8221;Siri Expressen||||||||&#8221; header_3_font_size=&#8221;28px&#8221; custom_margin=&#8221;15px||-5px||false|false&#8221; custom_margin_tablet=&#8221;15px||-5px||false|false&#8221; custom_margin_phone=&#8221;30px||||false|false&#8221; custom_margin_last_edited=&#8221;on|phone&#8221; custom_padding=&#8221;0px||0px||false|false&#8221; global_colors_info=&#8221;{}&#8221;]<\/p>\n<h3>H\u00e5rt arbete och bruksmentalitet<\/h3>\n<p>[\/et_pb_text][et_pb_text _builder_version=&#8221;4.18.0&#8243; _module_preset=&#8221;default&#8221; text_font=&#8221;Arial||||||||&#8221; text_text_color=&#8221;#000000&#8243; text_font_size=&#8221;1.25rem&#8221; text_line_height=&#8221;1.5em&#8221; header_font=&#8221;Siri Expressen|700|||||||&#8221; header_3_font=&#8221;Siri Expressen||||||||&#8221; custom_margin=&#8221;0px||0px||false|false&#8221; custom_margin_tablet=&#8221;0px||0px||false|false&#8221; custom_margin_phone=&#8221;0px||||false|false&#8221; custom_margin_last_edited=&#8221;on|phone&#8221; custom_padding=&#8221;0px||0px||false|false&#8221; global_colors_info=&#8221;{}&#8221;]Professionalism, s\u00e4ger Kleb\u00e9r Saarenp\u00e4\u00e4 flera g\u00e5nger om. Bruksmentalitet skulle man ocks\u00e5 kunna s\u00e4ga f\u00f6r den \u00e4r st\u00e4ndigt n\u00e4rvarande:<br \/>\n<span class=\"indenta\">\u2013 Borl\u00e4nge \u00e4r en arbetarstad med allt vad det inneb\u00e4r av h\u00e5rt arbete inbyggt i sitt DNA f\u00f6r s\u00e5v\u00e4l spelare som ledare och klubben. Du m\u00e5ste maximera dig sj\u00e4lv, det finns inga genv\u00e4gar. Det \u00e4r n\u00e5got vi har h\u00e5llit i och nog inte ska \u00e4ndra f\u00f6r mycket p\u00e5, s\u00e4ger Sarenp\u00e4\u00e4.<\/span><br \/>\nUnder hans tid i klubben har Brage flyttat tr\u00e4ningarna till f\u00f6rmiddagarna, f\u00e5 a-lagsspelare jobbar numera halvtid med annat och kravst\u00e4llningen har h\u00f6jts rej\u00e4lt. Inf\u00f6r \u00e5rets s\u00e4song gjordes ett generationsskifte i spelartruppen som har \u201dlandat bra\u201d. Scoutingen \u00e4r viktig.<br \/>\nBrage vill f\u00e5 in spelare fr\u00e5n \u201dden \u00f6vre hyllan\u201d men d\u00e5 pengar saknas erbjuder klubben andra saker.[\/et_pb_text][et_pb_text _builder_version=&#8221;4.18.0&#8243; _module_preset=&#8221;default&#8221; text_font=&#8221;Arial||||||||&#8221; text_text_color=&#8221;#000000&#8243; text_font_size=&#8221;1.25rem&#8221; text_line_height=&#8221;1.5em&#8221; header_font=&#8221;Siri Expressen|700|||||||&#8221; header_3_font=&#8221;Siri Expressen||||||||&#8221; custom_margin=&#8221;0px||0px||false|false&#8221; custom_margin_tablet=&#8221;0px||0px||false|false&#8221; custom_margin_phone=&#8221;0px||||false|false&#8221; custom_margin_last_edited=&#8221;on|phone&#8221; custom_padding=&#8221;0px||0px||false|false&#8221; global_colors_info=&#8221;{}&#8221;]<\/p>\n<p><span class=\"indenta\">\u2013 Det \u00e4r en v\u00e4ldigt lugn milj\u00f6 d\u00e4r det verkligen bara handlar om fotbollen. Det \u00e4r inte m\u00e5nga st\u00f6rningsmoment som det kan vara i en st\u00f6rre stad.<\/span><br \/>Ett avancemang till allsvenskan skulle f\u00e5 hela Borl\u00e4nge att v\u00e4xa tror b\u00e5de Kleb\u00e9r Saarenp\u00e4\u00e4 och G\u00f6ran Arnberg.<\/p>\n<p>[\/et_pb_text][\/et_pb_column][\/et_pb_row][et_pb_row admin_label=&#8221;Rad&#8221; _builder_version=&#8221;4.18.0&#8243; _module_preset=&#8221;default&#8221; background_color=&#8221;rgba(0,0,0,0.4)&#8221; background_image=&#8221;https:\/\/kampanj.expressen.se\/unibet\/wp-content\/uploads\/2022\/09\/DE2_3868-scaled.jpg&#8221; parallax=&#8221;on&#8221; background_blend=&#8221;darken&#8221; width=&#8221;100%&#8221; width_tablet=&#8221;100%&#8221; width_phone=&#8221;100%&#8221; width_last_edited=&#8221;on|phone&#8221; max_width=&#8221;100%&#8221; min_height_tablet=&#8221;630px&#8221; min_height_phone=&#8221;330px&#8221; min_height_last_edited=&#8221;off|desktop&#8221; height=&#8221;650px&#8221; height_tablet=&#8221;500px&#8221; height_phone=&#8221;330px&#8221; height_last_edited=&#8221;on|phone&#8221; custom_margin=&#8221;40px||40px||false|false&#8221; custom_margin_tablet=&#8221;40px||40px||false|false&#8221; custom_margin_phone=&#8221;30px||30px||false|false&#8221; custom_margin_last_edited=&#8221;on|phone&#8221; custom_padding=&#8221;||||false|false&#8221; custom_css_before=&#8221; position:absolute;||content:%22%22;||top:0;||left:0;||background-color: rgba(0,0,0,.3);||z-index: 5;||width:100%;||height: 100%;&#8221; custom_css_main_element=&#8221;position:relative;&#8221; locked=&#8221;off&#8221; global_colors_info=&#8221;{}&#8221;][et_pb_column type=&#8221;4_4&#8243; _builder_version=&#8221;4.16&#8243; _module_preset=&#8221;default&#8221; global_colors_info=&#8221;{}&#8221;][et_pb_text disabled_on=&#8221;off|off|off&#8221; _builder_version=&#8221;4.18.0&#8243; _module_preset=&#8221;default&#8221; text_font=&#8221;Siri Expressen||||||||&#8221; text_text_color=&#8221;#FFFFFF&#8221; text_font_size=&#8221;55px&#8221; text_line_height=&#8221;1em&#8221; header_4_font=&#8221;Arial|700|||||||&#8221; header_4_text_color=&#8221;#FFFFFF&#8221; header_4_line_height=&#8221;1.2em&#8221; background_enable_color=&#8221;off&#8221; positioning=&#8221;absolute&#8221; position_origin_a=&#8221;top_center&#8221; vertical_offset=&#8221;252px&#8221; vertical_offset_tablet=&#8221;149px&#8221; vertical_offset_phone=&#8221;84px&#8221; vertical_offset_last_edited=&#8221;on|phone&#8221; text_orientation=&#8221;center&#8221; width=&#8221;920px&#8221; width_tablet=&#8221;80%&#8221; width_phone=&#8221;90%&#8221; width_last_edited=&#8221;on|phone&#8221; custom_margin=&#8221;0px||||false|false&#8221; custom_margin_tablet=&#8221;0px|0px||0px|false|false&#8221; custom_margin_phone=&#8221;0px|0px||0px|false|false&#8221; custom_margin_last_edited=&#8221;on|desktop&#8221; custom_padding=&#8221;0px||0px||false|false&#8221; custom_padding_tablet=&#8221;|30px||30px|false|false&#8221; custom_padding_phone=&#8221;|0px||0px|false|false&#8221; custom_padding_last_edited=&#8221;off|desktop&#8221; scroll_fade_enable=&#8221;on&#8221; scroll_fade=&#8221;0|30|30|100|0|100|100&#8243; text_font_size_tablet=&#8221;40px&#8221; text_font_size_phone=&#8221;28px&#8221; text_font_size_last_edited=&#8221;on|phone&#8221; header_4_font_size_tablet=&#8221;&#8221; header_4_font_size_phone=&#8221;16px&#8221; header_4_font_size_last_edited=&#8221;on|desktop&#8221; global_colors_info=&#8221;{}&#8221;]<\/p>\n<p>\u201dD\u00e5 tar vi tre raka SM-guld med Brage. <br \/>Det vore inte fel.\u201d<\/p>\n<h4>Kleb\u00e9r Saarenp\u00e4\u00e4, fotbollstr\u00e4nare<\/h4>\n<p>[\/et_pb_text][\/et_pb_column][\/et_pb_row][et_pb_row _builder_version=&#8221;4.18.0&#8243; _module_preset=&#8221;default&#8221; width=&#8221;690px&#8221; width_tablet=&#8221;80%&#8221; width_phone=&#8221;90%&#8221; width_last_edited=&#8221;on|phone&#8221; custom_margin=&#8221;0px||||false|false&#8221; custom_padding=&#8221;0px||30px||false|false&#8221; global_colors_info=&#8221;{}&#8221;][et_pb_column type=&#8221;4_4&#8243; _builder_version=&#8221;4.18.0&#8243; _module_preset=&#8221;default&#8221; global_colors_info=&#8221;{}&#8221;][et_pb_text _builder_version=&#8221;4.18.0&#8243; _module_preset=&#8221;default&#8221; text_font=&#8221;Arial||||||||&#8221; text_text_color=&#8221;#000000&#8243; text_font_size=&#8221;1.13rem&#8221; text_line_height=&#8221;1.5em&#8221; header_font=&#8221;Siri Expressen|700|||||||&#8221; header_3_font=&#8221;Siri Expressen||||||||&#8221; header_3_font_size=&#8221;28px&#8221; custom_margin=&#8221;15px||-5px||false|false&#8221; custom_margin_tablet=&#8221;15px||-5px||false|false&#8221; custom_margin_phone=&#8221;30px||||false|false&#8221; custom_margin_last_edited=&#8221;on|phone&#8221; custom_padding=&#8221;0px||0px||false|false&#8221; global_colors_info=&#8221;{}&#8221;]<\/p>\n<h3>Det \u00e4r Arnberg som \u00c4R Brage<\/h3>\n<p>[\/et_pb_text][et_pb_text _builder_version=&#8221;4.18.0&#8243; _module_preset=&#8221;default&#8221; text_font=&#8221;Arial||||||||&#8221; text_text_color=&#8221;#000000&#8243; text_font_size=&#8221;1.25rem&#8221; text_line_height=&#8221;1.5em&#8221; header_font=&#8221;Siri Expressen|700|||||||&#8221; header_3_font=&#8221;Siri Expressen||||||||&#8221; custom_margin=&#8221;0px||0px||false|false&#8221; custom_margin_tablet=&#8221;0px||0px||false|false&#8221; custom_margin_phone=&#8221;0px||||false|false&#8221; custom_margin_last_edited=&#8221;on|phone&#8221; custom_padding=&#8221;0px||0px||false|false&#8221; global_colors_info=&#8221;{}&#8221;]Den senare \u00e4r fortfarande ett aktat namn i staden, \u00e4ven bland kidsen p\u00e5 Skr\u00e4ddarbacksskolan d\u00e4r han numera \u00e4r vaktm\u00e4stare.[\/et_pb_text][et_pb_text _builder_version=&#8221;4.18.0&#8243; _module_preset=&#8221;default&#8221; text_font=&#8221;Arial||||||||&#8221; text_text_color=&#8221;#000000&#8243; text_font_size=&#8221;1.25rem&#8221; text_line_height=&#8221;1.5em&#8221; header_font=&#8221;Siri Expressen|700|||||||&#8221; header_3_font=&#8221;Siri Expressen||||||||&#8221; custom_margin=&#8221;0px||0px||false|false&#8221; custom_margin_tablet=&#8221;0px||0px||false|false&#8221; custom_margin_phone=&#8221;0px||||false|false&#8221; custom_margin_last_edited=&#8221;on|phone&#8221; custom_padding=&#8221;0px||0px||false|false&#8221; global_colors_info=&#8221;{}&#8221;]<span class=\"indenta\">\u2013 N\u00e4r eleverna ska plocka fram idrottsstj\u00e4rnor s\u00e5 brukar jag hamna p\u00e5 listan. N\u00e4r de har sett att jag spelat mot och gjort m\u00e5l p\u00e5 Inter d\u00e5 \u00e4r det n\u00e4stan k\u00f6 utanf\u00f6r vaktm\u00e4steriet.<\/span>[\/et_pb_text][et_pb_text _builder_version=&#8221;4.18.0&#8243; _module_preset=&#8221;default&#8221; text_font=&#8221;Arial||||||||&#8221; text_text_color=&#8221;#000000&#8243; text_font_size=&#8221;1.25rem&#8221; text_line_height=&#8221;1.5em&#8221; header_font=&#8221;Siri Expressen|700|||||||&#8221; header_3_font=&#8221;Siri Expressen||||||||&#8221; custom_margin=&#8221;0px||0px||false|false&#8221; custom_margin_tablet=&#8221;0px||0px||false|false&#8221; custom_margin_phone=&#8221;0px||||false|false&#8221; custom_margin_last_edited=&#8221;on|phone&#8221; custom_padding=&#8221;0px||0px||false|false&#8221; global_colors_info=&#8221;{}&#8221;]Inte s\u00e5 konstigt d\u00e5 att Janne L\u00f6vgren, som var materialf\u00f6rvaltare b\u00e5de n\u00e4r det begav sig och \u00e4r det \u00e4n idag, sl\u00e5r fast att:[\/et_pb_text][et_pb_text _builder_version=&#8221;4.18.0&#8243; _module_preset=&#8221;default&#8221; text_font=&#8221;Arial||||||||&#8221; text_text_color=&#8221;#000000&#8243; text_font_size=&#8221;1.25rem&#8221; text_line_height=&#8221;1.5em&#8221; header_font=&#8221;Siri Expressen|700|||||||&#8221; header_3_font=&#8221;Siri Expressen||||||||&#8221; custom_margin=&#8221;0px||0px||false|false&#8221; custom_margin_tablet=&#8221;0px||0px||false|false&#8221; custom_margin_phone=&#8221;0px||||false|false&#8221; custom_margin_last_edited=&#8221;on|phone&#8221; custom_padding=&#8221;0px||0px||false|false&#8221; global_colors_info=&#8221;{}&#8221;]<span class=\"indenta\">\u2013 Det \u00e4r G\u00f6ran som \u00c4R Brage! Han var med n\u00e4r vi gick fr\u00e5n tv\u00e5an till ettan och till allsvenskan. Han var ledare b\u00e5de p\u00e5 och vid sidan av planen. Och tog hand om alla.<br \/>\n<\/span>[\/et_pb_text][et_pb_text _builder_version=&#8221;4.18.0&#8243; _module_preset=&#8221;default&#8221; text_font=&#8221;Arial||||||||&#8221; text_text_color=&#8221;#000000&#8243; text_font_size=&#8221;1.25rem&#8221; text_line_height=&#8221;1.5em&#8221; header_font=&#8221;Siri Expressen|700|||||||&#8221; header_3_font=&#8221;Siri Expressen||||||||&#8221; custom_margin=&#8221;0px||0px||false|false&#8221; custom_margin_tablet=&#8221;0px||0px||false|false&#8221; custom_margin_phone=&#8221;0px||||false|false&#8221; custom_margin_last_edited=&#8221;on|phone&#8221; custom_padding=&#8221;0px||0px||false|false&#8221; global_colors_info=&#8221;{}&#8221;]<span class=\"indenta\">\u2013 Stora ord men roligt att h\u00f6ra, kontrar Arnberg forts\u00e4tter:<\/span><br \/>\n<span class=\"indenta\">\u2013 Det h\u00e4r med \u00f6dmjukhet, kan man ta med sig det och bjuda p\u00e5 det s\u00e5 blir det bra. Jobbar du bara f\u00f6r dig sj\u00e4lv s\u00e5 det h\u00e5ller inte.<br \/>\n<\/span>[\/et_pb_text][et_pb_text _builder_version=&#8221;4.18.0&#8243; _module_preset=&#8221;default&#8221; text_font=&#8221;Arial||||||||&#8221; text_text_color=&#8221;#000000&#8243; text_font_size=&#8221;1.25rem&#8221; text_line_height=&#8221;1.5em&#8221; header_font=&#8221;Siri Expressen|700|||||||&#8221; header_3_font=&#8221;Siri Expressen||||||||&#8221; custom_margin=&#8221;0px||0px||false|false&#8221; custom_margin_tablet=&#8221;0px||0px||false|false&#8221; custom_margin_phone=&#8221;0px||||false|false&#8221; custom_margin_last_edited=&#8221;on|phone&#8221; custom_padding=&#8221;0px||0px||false|false&#8221; global_colors_info=&#8221;{}&#8221;]Kleb\u00e9r Saarenp\u00e4\u00e4 st\u00e5r en bit bort och avslutar dagens tr\u00e4ning. Att v\u00e5rda minnet av Brages historia \u00e4r viktigt s\u00e4ger \u00e4ven han:[\/et_pb_text][et_pb_text _builder_version=&#8221;4.18.0&#8243; _module_preset=&#8221;default&#8221; text_font=&#8221;Arial||||||||&#8221; text_text_color=&#8221;#000000&#8243; text_font_size=&#8221;1.25rem&#8221; text_line_height=&#8221;1.5em&#8221; header_font=&#8221;Siri Expressen|700|||||||&#8221; header_3_font=&#8221;Siri Expressen||||||||&#8221; custom_margin=&#8221;0px||0px||false|false&#8221; custom_margin_tablet=&#8221;0px||0px||false|false&#8221; custom_margin_phone=&#8221;0px||||false|false&#8221; custom_margin_last_edited=&#8221;on|phone&#8221; custom_padding=&#8221;0px||0px||false|false&#8221; global_colors_info=&#8221;{}&#8221;]Kleb\u00e9r Saarenp\u00e4\u00e4 st\u00e5r en bit bort och avslutar dagens tr\u00e4ning. Att v\u00e5rda minnet av Brages historia \u00e4r viktigt s\u00e4ger \u00e4ven han:[\/et_pb_text][et_pb_text _builder_version=&#8221;4.18.0&#8243; _module_preset=&#8221;default&#8221; text_font=&#8221;Arial||||||||&#8221; text_text_color=&#8221;#000000&#8243; text_font_size=&#8221;1.25rem&#8221; text_line_height=&#8221;1.5em&#8221; header_font=&#8221;Siri Expressen|700|||||||&#8221; header_3_font=&#8221;Siri Expressen||||||||&#8221; custom_margin=&#8221;0px||0px||false|false&#8221; custom_margin_tablet=&#8221;0px||0px||false|false&#8221; custom_margin_phone=&#8221;0px||||false|false&#8221; custom_margin_last_edited=&#8221;on|phone&#8221; custom_padding=&#8221;0px||0px||false|false&#8221; global_colors_info=&#8221;{}&#8221;]<span class=\"indenta\">\u2013 Det var en identitet som byggdes och st\u00e4rktes d\u00e5. Det \u00e4r viktigt att inte gl\u00f6mma de \u00e5ren samtidigt som man m\u00e5ste f\u00f6rs\u00f6ka skapa n\u00e5got nytt.<\/span><br \/>\nMen vad h\u00e4nder om Brage inte n\u00e5r allsvenskan n\u00e4rmsta \u00e5ren utan forts\u00e4tter att vara n\u00e4st b\u00e4st i n\u00e4st b\u00e4sta ligan? \u00c4r det d\u00e5 make it or brake it som g\u00e4ller?<br \/>\n<span class=\"indenta\">\u2013 Nej, att s\u00e4tta det s\u00e5 h\u00e5rt \u00e4r en f\u00f6r stor risk f\u00f6r oss. Det \u00e4r okej om du har f\u00f6ruts\u00e4ttningarna, om du har lagt s\u00e5 mycket pengar p\u00e5 spelartruppen som Malm\u00f6 har gjort. D\u00e5 har du de kraven och det \u00e4r fine. Men om du inte har de resurserna, d\u00e5 kan baksm\u00e4llan bli tuff och g\u00f6ra att du faller igenom seriesystemet \u00e5t andra h\u00e5llet. H\u00e5llbarhet \u00f6ver tid \u00e4r viktigt. Man m\u00e5ste ha en l\u00e5ngsiktig plan och bra m\u00e4nniskor som \u00e4r \u00f6dmjuka i det hela s\u00e5 man inte blir f\u00f6r girig helt enkelt.<br \/>\n<\/span>[\/et_pb_text][et_pb_text _builder_version=&#8221;4.18.0&#8243; _module_preset=&#8221;default&#8221; text_font=&#8221;Arial||||||||&#8221; text_text_color=&#8221;#000000&#8243; text_font_size=&#8221;1.25rem&#8221; text_line_height=&#8221;1.5em&#8221; header_font=&#8221;Siri Expressen|700|||||||&#8221; header_3_font=&#8221;Siri Expressen||||||||&#8221; custom_margin=&#8221;0px||0px||false|false&#8221; custom_margin_tablet=&#8221;0px||0px||false|false&#8221; custom_margin_phone=&#8221;0px||||false|false&#8221; custom_margin_last_edited=&#8221;on|phone&#8221; custom_padding=&#8221;0px||0px||false|false&#8221; global_colors_info=&#8221;{}&#8221;]<\/p>\n<p>Men dr\u00f6mma g\u00e5r ju alltid och n\u00e4r Kleb\u00e9r Saarenp\u00e4\u00e4 l\u00e5ter dr\u00f6mmarna flyga:<br \/><span class=\"indenta\">\u2013 D\u00e5 tar vi tre raka SM-guld med Brage. Det vore inte fel. Sedan kanske det inte \u00e4r troligt att det h\u00e4nder i n\u00e4rtid men du m\u00e5ste ha det mindsetet, som \u00e4r lite galet, s\u00e5 kommer du l\u00e5ngt p\u00e5 v\u00e4gen dit, s\u00e4ger han.<br \/>G\u00f6ran Arnberg, som uppfyllde sin pojkdr\u00f6m d\u00e5 straffen satt d\u00e4r den skulle mot Walter Zenga p\u00e5 San Siro, \u00e4r lite mer jordn\u00e4ra. Bruksmentaliteten sitter h\u00e5rt men visst dr\u00f6mmer \u00e4ven han om avancemang. Till att b\u00f6rja med.<\/span><br \/><span class=\"indenta\">\u2013De h\u00e4r pojkarna klarar av det, vi f\u00e5r se om det blir i \u00e5r och eller n\u00e4sta \u00e5r, men vi kommer ta steget. Det tror jag. <\/span><\/p>\n<p>[\/et_pb_text][\/et_pb_column][\/et_pb_row][et_pb_row _builder_version=&#8221;4.18.0&#8243; _module_preset=&#8221;default&#8221; max_width=&#8221;690px&#8221; custom_margin=&#8221;0px||||false|false&#8221; custom_padding=&#8221;0px||0px||false|false&#8221; locked=&#8221;off&#8221; global_colors_info=&#8221;{}&#8221; global_module=&#8221;1457&#8243; theme_builder_area=&#8221;post_content&#8221;][et_pb_column type=&#8221;4_4&#8243; _builder_version=&#8221;4.16&#8243; _module_preset=&#8221;default&#8221; global_colors_info=&#8221;{}&#8221; theme_builder_area=&#8221;post_content&#8221;][et_pb_image src=&#8221;https:\/\/kampanj.expressen.se\/unibet\/wp-content\/uploads\/2023\/04\/Publikst_det-1200&#215;500-Swedish.jpg&#8221; title_text=&#8221;Publikst_det-320&#215;320-Swedish&#8221; url=&#8221;https:\/\/www.unibet.se\/publikstodet&#8221; url_new_window=&#8221;on&#8221; src_tablet=&#8221;https:\/\/kampanj.expressen.se\/unibet\/wp-content\/uploads\/2023\/04\/Publikst_det-690&#215;360-Swedish.jpg&#8221; src_phone=&#8221;https:\/\/kampanj.expressen.se\/unibet\/wp-content\/uploads\/2023\/04\/Publikst_det-320&#215;320-Swedish.jpg&#8221; src_last_edited=&#8221;on|phone&#8221; _builder_version=&#8221;4.20.4&#8243; _module_preset=&#8221;default&#8221; global_colors_info=&#8221;{}&#8221; theme_builder_area=&#8221;post_content&#8221;][\/et_pb_image][et_pb_text _builder_version=&#8221;4.20.4&#8243; _module_preset=&#8221;default&#8221; text_font=&#8221;Arial||||||||&#8221; text_text_color=&#8221;#000000&#8243; text_font_size=&#8221;1.25rem&#8221; text_line_height=&#8221;1.5em&#8221; header_font=&#8221;Siri Expressen|700|||||||&#8221; header_3_font=&#8221;Siri Expressen||||||||&#8221; custom_margin=&#8221;0px||0px||false|false&#8221; custom_padding=&#8221;0px||0px||false|false&#8221; text_font_size_last_edited=&#8221;off|phone&#8221; locked=&#8221;off&#8221; global_colors_info=&#8221;{}&#8221; theme_builder_area=&#8221;post_content&#8221;]<\/p>\n<p><strong>Publikst\u00f6det<\/strong><br \/>Svensk fotbollspublik levererar st\u00e4mning i europeisk toppklass. Publikst\u00f6det \u00e4r Unibets s\u00e4tt att hylla det. Totalt f\u00f6rdelas 20 miljoner kr mellan klubbarna i Allsvenskan och Superettan \u2013 ju mer publik, desto mer pengar till din klubb.<\/p>\n<p>[\/et_pb_text][et_pb_text _builder_version=&#8221;4.20.4&#8243; _module_preset=&#8221;default&#8221; text_font=&#8221;Arial||||||||&#8221; text_text_color=&#8221;#000000&#8243; text_font_size=&#8221;1.25rem&#8221; text_line_height=&#8221;1.5em&#8221; header_font=&#8221;Siri Expressen|700|||||||&#8221; header_3_font=&#8221;Siri Expressen||||||||&#8221; custom_margin=&#8221;0px||0px||false|false&#8221; custom_padding=&#8221;20px||||false|false&#8221; locked=&#8221;off&#8221; global_colors_info=&#8221;{}&#8221; theme_builder_area=&#8221;post_content&#8221;]<\/p>\n<p><a href=\"https:\/\/www.unibet.se\/publikstodet\" target=\"_blank\" rel=\"noopener\"><strong>EXTERN L\u00c4NK: L\u00e4s mer om Publikst\u00f6det<\/strong><\/a><\/p>\n<p>[\/et_pb_text][\/et_pb_column][\/et_pb_row][\/et_pb_section][et_pb_section fb_built=&#8221;1&#8243; _builder_version=&#8221;4.18.0&#8243; _module_preset=&#8221;default&#8221; background_color=&#8221;#000000&#8243; background_enable_image=&#8221;off&#8221; background_blend=&#8221;darken&#8221; height_last_edited=&#8221;off|desktop&#8221; locked=&#8221;off&#8221; global_colors_info=&#8221;{}&#8221;][et_pb_row custom_padding_last_edited=&#8221;on|phone&#8221; _builder_version=&#8221;4.18.0&#8243; _module_preset=&#8221;default&#8221; width=&#8221;1200px&#8221; width_tablet=&#8221;80%&#8221; width_phone=&#8221;90%&#8221; width_last_edited=&#8221;on|phone&#8221; max_width=&#8221;1200px&#8221; max_width_tablet=&#8221;1200px&#8221; max_width_phone=&#8221;1200px&#8221; max_width_last_edited=&#8221;on|desktop&#8221; custom_padding=&#8221;||0px|||&#8221; custom_padding_tablet=&#8221;||0px|||&#8221; custom_padding_phone=&#8221;0px||0px||false|false&#8221; global_colors_info=&#8221;{}&#8221;][et_pb_column type=&#8221;4_4&#8243; _builder_version=&#8221;4.18.0&#8243; _module_preset=&#8221;default&#8221; global_colors_info=&#8221;{}&#8221;][et_pb_text _builder_version=&#8221;4.18.0&#8243; _module_preset=&#8221;default&#8221; header_2_font=&#8221;Siri Expressen||||||||&#8221; header_2_text_color=&#8221;#FFFFFF&#8221; header_2_font_size=&#8221;37px&#8221; header_2_font_size_tablet=&#8221;37px&#8221; header_2_font_size_phone=&#8221;32px&#8221; header_2_font_size_last_edited=&#8221;on|phone&#8221; global_colors_info=&#8221;{}&#8221;]<\/p>\n<h2>Fakta &#8211; <b>IK BRAGES STORHETSTIDER<\/b><\/h2>\n<p>[\/et_pb_text][\/et_pb_column][\/et_pb_row][et_pb_row column_structure=&#8221;1_3,1_3,1_3&#8243; use_custom_gutter=&#8221;on&#8221; gutter_width=&#8221;2&#8243; custom_padding_last_edited=&#8221;on|phone&#8221; module_class=&#8221;faktaboxcontainer&#8221; _builder_version=&#8221;4.18.0&#8243; _module_preset=&#8221;default&#8221; width=&#8221;1200px&#8221; width_tablet=&#8221;80%&#8221; width_phone=&#8221;90%&#8221; width_last_edited=&#8221;on|phone&#8221; max_width=&#8221;1200px&#8221; max_width_tablet=&#8221;1200px&#8221; max_width_phone=&#8221;1200px&#8221; max_width_last_edited=&#8221;on|desktop&#8221; custom_margin=&#8221;||30px||false|false&#8221; custom_padding=&#8221;17px||0px|||&#8221; custom_padding_tablet=&#8221;5px||0px||false|false&#8221; custom_padding_phone=&#8221;5px||0px||false|false&#8221; global_colors_info=&#8221;{}&#8221;][et_pb_column type=&#8221;1_3&#8243; _builder_version=&#8221;4.18.0&#8243; _module_preset=&#8221;default&#8221; global_colors_info=&#8221;{}&#8221;][et_pb_text module_class=&#8221;faktabox&#8221; _builder_version=&#8221;4.18.0&#8243; _module_preset=&#8221;default&#8221; text_font=&#8221;Arial||||||||&#8221; text_text_color=&#8221;#FFFFFF&#8221; text_font_size=&#8221;18px&#8221; global_colors_info=&#8221;{}&#8221;]<\/p>\n<p><span style=\"font-weight: 400;\">1977 kom Rolf Zetterlund till Brage d\u00e4r han stannade i fyra \u00e5r. Under den tiden avancerade klubben fr\u00e5n division tre och s\u00e5 sm\u00e5ningom upp till allsvenskan. Zetterlund som var spelande tr\u00e4nare tilldelades efter sin sista s\u00e4song (1980) Guldbollen.<\/span><\/p>\n<p>[\/et_pb_text][\/et_pb_column][et_pb_column type=&#8221;1_3&#8243; _builder_version=&#8221;4.18.0&#8243; _module_preset=&#8221;default&#8221; global_colors_info=&#8221;{}&#8221;][et_pb_text module_class=&#8221;faktabox&#8221; _builder_version=&#8221;4.18.0&#8243; _module_preset=&#8221;default&#8221; text_font=&#8221;Arial||||||||&#8221; text_text_color=&#8221;#FFFFFF&#8221; text_font_size=&#8221;18px&#8221; global_colors_info=&#8221;{}&#8221;]<\/p>\n<p><span style=\"font-weight: 400;\">Spelade 1930\/1931 sin f\u00f6rsta s\u00e4song i den n\u00e4st h\u00f6gsta serien efter kvalseger mot Djurg\u00e5rdens IF.<\/span><\/p>\n<p>[\/et_pb_text][\/et_pb_column][et_pb_column type=&#8221;1_3&#8243; _builder_version=&#8221;4.18.0&#8243; _module_preset=&#8221;default&#8221; global_colors_info=&#8221;{}&#8221;][et_pb_text module_class=&#8221;faktabox&#8221; _builder_version=&#8221;4.18.0&#8243; _module_preset=&#8221;default&#8221; text_font=&#8221;Arial||||||||&#8221; text_text_color=&#8221;#FFFFFF&#8221; text_font_size=&#8221;18px&#8221; global_colors_info=&#8221;{}&#8221;]<\/p>\n<p><strong><\/strong><span style=\"font-weight: 400;\">Tog 1937 steget upp i allsvenskan f\u00f6r f\u00f6rsta g\u00e5ngen.<\/span><\/p>\n<p>[\/et_pb_text][\/et_pb_column][\/et_pb_row][et_pb_row column_structure=&#8221;1_3,1_3,1_3&#8243; use_custom_gutter=&#8221;on&#8221; gutter_width=&#8221;2&#8243; custom_padding_last_edited=&#8221;on|phone&#8221; _builder_version=&#8221;4.18.0&#8243; _module_preset=&#8221;default&#8221; width=&#8221;1200px&#8221; width_tablet=&#8221;80%&#8221; width_phone=&#8221;90%&#8221; width_last_edited=&#8221;on|phone&#8221; max_width=&#8221;1200px&#8221; max_width_tablet=&#8221;1200px&#8221; max_width_phone=&#8221;1200px&#8221; max_width_last_edited=&#8221;on|desktop&#8221; custom_padding=&#8221;17px||0px|||&#8221; custom_padding_tablet=&#8221;5px||0px||false|false&#8221; custom_padding_phone=&#8221;5px||0px||false|false&#8221; global_colors_info=&#8221;{}&#8221;][et_pb_column type=&#8221;1_3&#8243; _builder_version=&#8221;4.18.0&#8243; _module_preset=&#8221;default&#8221; global_colors_info=&#8221;{}&#8221;][et_pb_text module_class=&#8221;faktabox&#8221; _builder_version=&#8221;4.18.0&#8243; _module_preset=&#8221;default&#8221; text_font=&#8221;Arial||||||||&#8221; text_text_color=&#8221;#FFFFFF&#8221; text_font_size=&#8221;18px&#8221; global_colors_info=&#8221;{}&#8221;]<\/p>\n<p><span style=\"font-weight: 400;\">H\u00f6sten 1988 blev det spel i Uefacupen mot storlaget Inter fyllt av landslagsstj\u00e4rnor. Inter vann visserligen med 2\u20131 s\u00e5v\u00e4l hemma som borta men de fick verkligen slita f\u00f6r det och G\u00f6ran Arnberg blev \u00e4n mer ikonf\u00f6rklarad efter sitt fina straffm\u00e5l p\u00e5 v\u00e4rdsstj\u00e4rnan Walter Zenga.<\/span><\/p>\n<p><span style=\"font-weight: 400;\">\u00a0<\/span><\/p>\n<p>[\/et_pb_text][\/et_pb_column][et_pb_column type=&#8221;1_3&#8243; _builder_version=&#8221;4.18.0&#8243; _module_preset=&#8221;default&#8221; global_colors_info=&#8221;{}&#8221;][et_pb_text module_class=&#8221;faktabox&#8221; _builder_version=&#8221;4.18.0&#8243; _module_preset=&#8221;default&#8221; text_font=&#8221;Arial||||||||&#8221; text_text_color=&#8221;#FFFFFF&#8221; text_font_size=&#8221;18px&#8221; global_colors_info=&#8221;{}&#8221;]<\/p>\n<p><span style=\"font-weight: 400;\">Brage tagit tre brons i Allsvenskan: s\u00e4songerna 1939\/1940 samt 1980 och 1981.<\/span><\/p>\n<p><span style=\"font-weight: 400;\">\u00a0<\/span><\/p>\n<p>[\/et_pb_text][\/et_pb_column][et_pb_column type=&#8221;1_3&#8243; _builder_version=&#8221;4.18.0&#8243; _module_preset=&#8221;default&#8221; global_colors_info=&#8221;{}&#8221;][et_pb_text module_class=&#8221;faktabox&#8221; _builder_version=&#8221;4.18.0&#8243; _module_preset=&#8221;default&#8221; text_font=&#8221;Arial||||||||&#8221; text_text_color=&#8221;#FFFFFF&#8221; text_font_size=&#8221;18px&#8221; global_colors_info=&#8221;{}&#8221;]<\/p>\n<p><strong><\/strong><span style=\"font-weight: 400;\">Spelade 1982 f\u00f6r f\u00f6rsta g\u00e5ngen i Uefacupen d\u00e4r man m\u00f6tte Lyngby BK och Werder Bremen.<\/span><\/p>\n<p>[\/et_pb_text][\/et_pb_column][\/et_pb_row][\/et_pb_section][et_pb_section fb_built=&#8221;1&#8243; _builder_version=&#8221;4.18.0&#8243; _module_preset=&#8221;default&#8221; custom_margin=&#8221;||||false|false&#8221; custom_margin_tablet=&#8221;||||false|false&#8221; custom_margin_phone=&#8221;||||false|false&#8221; custom_margin_last_edited=&#8221;on|phone&#8221; global_colors_info=&#8221;{}&#8221;][et_pb_row _builder_version=&#8221;4.18.0&#8243; _module_preset=&#8221;default&#8221; width=&#8221;100%&#8221; max_width=&#8221;690px&#8221; global_colors_info=&#8221;{}&#8221;][et_pb_column type=&#8221;4_4&#8243; _builder_version=&#8221;4.18.0&#8243; _module_preset=&#8221;default&#8221; global_colors_info=&#8221;{}&#8221;][et_pb_text _builder_version=&#8221;4.18.0&#8243; _module_preset=&#8221;default&#8221; header_3_font=&#8221;Siri Expressen||||||||&#8221; header_3_text_align=&#8221;right&#8221; header_3_font_size=&#8221;41px&#8221; custom_margin=&#8221;||0px||false|false&#8221; global_colors_info=&#8221;{}&#8221;]<\/p>\n<h3 style=\"text-align: center;\">Brage \u00e4r n\u00e4st b\u00e4st p\u00e5 att vara n\u00e4st b\u00e4st<\/h3>\n<p>[\/et_pb_text][et_pb_text _builder_version=&#8221;4.18.0&#8243; _module_preset=&#8221;default&#8221; text_font=&#8221;Arial||||||||&#8221; text_font_size=&#8221;1.25em&#8221; text_line_height=&#8221;1.5em&#8221; global_colors_info=&#8221;{}&#8221;]<\/p>\n<p style=\"text-align: center;\">Brage har totalt 18 s\u00e4songer i allsvenskan, vilket ger en 21:a plats i maratontabellen. Men det finns ingen annan svensk f\u00f6rening som spelat fler s\u00e4songer i n\u00e4st h\u00f6gsta serien \u2013 trots det n\u00e5r Brage bara en andraplats i den maratontabellen.<\/p>\n<p>[\/et_pb_text][et_pb_code _builder_version=&#8221;4.18.0&#8243; _module_preset=&#8221;default&#8221; width_tablet=&#8221;&#8221; width_phone=&#8221;100vw&#8221; width_last_edited=&#8221;on|phone&#8221; global_colors_info=&#8221;{}&#8221;]<\/p>\n<div class=\"divTable\"><!-- [et_pb_line_break_holder] --><\/p>\n<div class=\"divTableBody\"><!-- [et_pb_line_break_holder] --><\/p>\n<div class=\"divTableRow\"><!-- [et_pb_line_break_holder] --><\/p>\n<div class=\"divTableCell\"><b><\/b><\/div>\n<p><!-- [et_pb_line_break_holder] -->  <\/p>\n<div class=\"divTableCell\"><b>S\u00e4songer<\/b><\/div>\n<p><!-- [et_pb_line_break_holder] --><\/p>\n<div class=\"divTableCell\"><b>Po\u00e4ng<\/b><\/div>\n<p><!-- [et_pb_line_break_holder] --><\/div>\n<p><!-- [et_pb_line_break_holder] --><\/p>\n<div class=\"divTableRow\"><!-- [et_pb_line_break_holder] --><\/p>\n<div class=\"divTableCell\">\u00a01 <span style=\"font-weight: 400;\">Landskrona Bois<\/span><\/div>\n<p><!-- [et_pb_line_break_holder] --><\/p>\n<div class=\"divTableCell\">\u00a0<span style=\"font-weight: 400;\">54<\/span><\/div>\n<p><!-- [et_pb_line_break_holder] --><\/p>\n<div class=\"divTableCell\"><span style=\"font-weight: 400;\">2\u00a0090<\/span><\/div>\n<p><!-- [et_pb_line_break_holder] --><\/div>\n<p><!-- [et_pb_line_break_holder] --><\/p>\n<div class=\"divTableRow\"><!-- [et_pb_line_break_holder] --><\/p>\n<div class=\"divTableCell\">\u00a0<span style=\"font-weight: 400;\">2 Brage<\/span><\/div>\n<p><!-- [et_pb_line_break_holder] --><\/p>\n<div class=\"divTableCell\">\u00a055<\/div>\n<p><!-- [et_pb_line_break_holder] --><\/p>\n<div class=\"divTableCell\"><span style=\"font-weight: 400;\">2\u00a0014<\/span><\/div>\n<p><!-- [et_pb_line_break_holder] --><\/div>\n<p><!-- [et_pb_line_break_holder] --><\/p>\n<div class=\"divTableRow\"><!-- [et_pb_line_break_holder] --><\/p>\n<div class=\"divTableCell\">\u00a0<span style=\"font-weight: 400;\">3 \u00c5tvidaberg<\/span><span style=\"font-weight: 400;\">\u00a0\u00a0\u00a0 <\/span><\/div>\n<p><!-- [et_pb_line_break_holder] --><\/p>\n<div class=\"divTableCell\">\u00a052<\/div>\n<p><!-- [et_pb_line_break_holder] --><\/p>\n<div class=\"divTableCell\"><span style=\"font-weight: 400;\">1\u00a0871<\/span><\/div>\n<p><!-- [et_pb_line_break_holder] --><\/div>\n<p><!-- [et_pb_line_break_holder] --><\/p>\n<div class=\"divTableRow\"><!-- [et_pb_line_break_holder] --><\/p>\n<div class=\"divTableCell\">\u00a0<span style=\"font-weight: 400;\">4 IFK Eskilstuna<\/span><\/div>\n<p><!-- [et_pb_line_break_holder] --><\/p>\n<div class=\"divTableCell\">\u00a048<\/div>\n<p><!-- [et_pb_line_break_holder] --><\/p>\n<div class=\"divTableCell\"><span style=\"font-weight: 400;\">1\u00a0747<\/span><\/div>\n<p><!-- [et_pb_line_break_holder] --><\/div>\n<p><!-- [et_pb_line_break_holder] --><\/p>\n<div class=\"divTableRow\"><!-- [et_pb_line_break_holder] --><\/p>\n<div class=\"divTableCell\">\u00a0<span style=\"font-weight: 400;\">5 Gif Sundsvall<\/span><\/div>\n<p><!-- [et_pb_line_break_holder] --><\/p>\n<div class=\"divTableCell\">\u00a043<\/div>\n<p><!-- [et_pb_line_break_holder] --><\/p>\n<div class=\"divTableCell\"><span style=\"font-weight: 400;\">1\u00a0709<\/span><\/div>\n<p><!-- [et_pb_line_break_holder] --><\/div>\n<p><!-- [et_pb_line_break_holder] --><\/p>\n<div class=\"divTableRow\"><!-- [et_pb_line_break_holder] --><\/p>\n<div class=\"divTableCell\">\u00a0<span style=\"font-weight: 400;\">6 Kalmar FF<\/span><span style=\"font-weight: 400;\">\u00a0\u00a0\u00a0 <\/span><\/div>\n<p><!-- [et_pb_line_break_holder] --><\/p>\n<div class=\"divTableCell\">\u00a048<\/div>\n<p><!-- [et_pb_line_break_holder] --><\/p>\n<div class=\"divTableCell\"><span style=\"font-weight: 400;\">1\u00a0673<\/span><\/div>\n<p><!-- [et_pb_line_break_holder] --><\/div>\n<p><!-- [et_pb_line_break_holder] --><\/p>\n<div class=\"divTableRow\"><!-- [et_pb_line_break_holder] --><\/p>\n<div class=\"divTableCell\">\u00a0<span style=\"font-weight: 400;\">7 J\u00f6nk\u00f6pings S\u00f6dra<\/span><\/div>\n<p><!-- [et_pb_line_break_holder] --><\/p>\n<div class=\"divTableCell\">\u00a041<\/div>\n<p><!-- [et_pb_line_break_holder] --><\/p>\n<div class=\"divTableCell\"><span style=\"font-weight: 400;\">1\u00a0600<\/span><\/div>\n<p><!-- [et_pb_line_break_holder] --><\/div>\n<p><!-- [et_pb_line_break_holder] --><\/p>\n<div class=\"divTableRow\"><!-- [et_pb_line_break_holder] --><\/p>\n<div class=\"divTableCell\">\u00a0<span style=\"font-weight: 400;\">8 Gefle<\/span><\/div>\n<p><!-- [et_pb_line_break_holder] --><\/p>\n<div class=\"divTableCell\">48<\/div>\n<p><!-- [et_pb_line_break_holder] --><\/p>\n<div class=\"divTableCell\"><span style=\"font-weight: 400;\">1\u00a0596<\/span><\/div>\n<p><!-- [et_pb_line_break_holder] --><\/div>\n<p><!-- [et_pb_line_break_holder] --><\/p>\n<div class=\"divTableRow\"><!-- [et_pb_line_break_holder] --><\/p>\n<div class=\"divTableCell\">\u00a0<span style=\"font-weight: 400;\">9 Degerfors<\/span><\/div>\n<p><!-- [et_pb_line_break_holder] --><\/p>\n<div class=\"divTableCell\">42<\/div>\n<p><!-- [et_pb_line_break_holder] --><\/p>\n<div class=\"divTableCell\"><span style=\"font-weight: 400;\">1\u00a0590<\/span><\/div>\n<p><!-- [et_pb_line_break_holder] --><\/div>\n<p><!-- [et_pb_line_break_holder] --><\/p>\n<div class=\"divTableRow\"><!-- [et_pb_line_break_holder] --><\/p>\n<div class=\"divTableCell\">\u00a0<span style=\"font-weight: 400;\">10 IFK Malm\u00f6<\/span><\/div>\n<p><!-- [et_pb_line_break_holder] --><\/p>\n<div class=\"divTableCell\">48<\/div>\n<p><!-- [et_pb_line_break_holder] --><\/p>\n<div class=\"divTableCell\"><span style=\"font-weight: 400;\">1\u00a0566<\/span><\/div>\n<p><!-- [et_pb_line_break_holder] --><\/div>\n<p><!-- [et_pb_line_break_holder] --><\/div>\n<p><!-- [et_pb_line_break_holder] --><\/div>\n<p>[\/et_pb_code][\/et_pb_column][\/et_pb_row][\/et_pb_section][et_pb_section fb_built=&#8221;1&#8243; disabled_on=&#8221;off|off|off&#8221; _builder_version=&#8221;4.17.6&#8243; _module_preset=&#8221;default&#8221; background_color=&#8221;#212121&#8243; custom_padding=&#8221;60px||60px|||&#8221; global_module=&#8221;482&#8243; saved_tabs=&#8221;all&#8221; locked=&#8221;off&#8221; global_colors_info=&#8221;{}&#8221;][et_pb_row _builder_version=&#8221;4.16&#8243; _module_preset=&#8221;default&#8221; custom_margin=&#8221;0px||0px||true|false&#8221; custom_padding=&#8221;0px||5px||false|false&#8221; global_colors_info=&#8221;{}&#8221;][et_pb_column type=&#8221;4_4&#8243; _builder_version=&#8221;4.16&#8243; _module_preset=&#8221;default&#8221; global_colors_info=&#8221;{}&#8221;][et_pb_text _builder_version=&#8221;4.18.0&#8243; _module_preset=&#8221;default&#8221; text_font=&#8221;Siri-Expressen||||||||&#8221; header_font=&#8221;Siri Expressen|||on|||||&#8221; header_text_align=&#8221;center&#8221; header_text_color=&#8221;#FFFFFF&#8221; header_2_font=&#8221;Siri Expressen||||||||&#8221; header_2_text_align=&#8221;center&#8221; header_2_text_color=&#8221;#FFFFFF&#8221; header_2_font_size=&#8221;32px&#8221; header_font_size_tablet=&#8221;38px&#8221; header_font_size_phone=&#8221;30px&#8221; header_font_size_last_edited=&#8221;on|phone&#8221; global_colors_info=&#8221;{}&#8221;]<\/p>\n<h1>Mer l\u00e4sning fr\u00e5n Unibet<\/h1>\n<p>[\/et_pb_text][\/et_pb_column][\/et_pb_row][et_pb_row column_structure=&#8221;1_3,1_3,1_3&#8243; use_custom_gutter=&#8221;on&#8221; gutter_width=&#8221;2&#8243; _builder_version=&#8221;4.18.0&#8243; _module_preset=&#8221;default&#8221; custom_padding=&#8221;16px||0px|||&#8221; global_colors_info=&#8221;{}&#8221;][et_pb_column type=&#8221;1_3&#8243; _builder_version=&#8221;4.16&#8243; _module_preset=&#8221;default&#8221; global_colors_info=&#8221;{}&#8221;][et_pb_image src=&#8221;https:\/\/kampanj.expressen.se\/unibet\/wp-content\/uploads\/2022\/10\/ifk-goteborg-thumb.jpg&#8221; title_text=&#8221;ifk-goteborg-thumb&#8221; url=&#8221;@ET-DC@eyJkeW5hbWljIjp0cnVlLCJjb250ZW50IjoicG9zdF9saW5rX3VybF9wYWdlIiwic2V0dGluZ3MiOnsicG9zdF9pZCI6Ijc4MSJ9fQ==@&#8221; disabled_on=&#8221;off|off|off&#8221; _builder_version=&#8221;4.18.0&#8243; _dynamic_attributes=&#8221;url&#8221; _module_preset=&#8221;default&#8221; global_colors_info=&#8221;{}&#8221;][\/et_pb_image][et_pb_text disabled_on=&#8221;off|off|off&#8221; _builder_version=&#8221;4.18.0&#8243; _dynamic_attributes=&#8221;link_option_url&#8221; _module_preset=&#8221;default&#8221; text_font=&#8221;Arial||||||||&#8221; text_text_color=&#8221;#FFFFFF&#8221; text_font_size=&#8221;20px&#8221; text_line_height=&#8221;1em&#8221; text_orientation=&#8221;center&#8221; link_option_url=&#8221;@ET-DC@eyJkeW5hbWljIjp0cnVlLCJjb250ZW50IjoicG9zdF9saW5rX3VybF9wYWdlIiwic2V0dGluZ3MiOnsicG9zdF9pZCI6Ijc4MSJ9fQ==@&#8221; global_colors_info=&#8221;{}&#8221;]<\/p>\n<p><strong>H\u00e5kan Mild bygger nytt igen \u2013 s\u00e5 ska Bl\u00e5vitt till toppen<\/strong><br \/>Glenn Hys\u00e9ns Gameday har tagit honom till favoritklubben IFK G\u00f6teborg.<\/p>\n<p>[\/et_pb_text][et_pb_button button_url=&#8221;@ET-DC@eyJkeW5hbWljIjp0cnVlLCJjb250ZW50IjoicG9zdF9saW5rX3VybF9wYWdlIiwic2V0dGluZ3MiOnsicG9zdF9pZCI6IjEyMDgifX0=@&#8221; button_text=&#8221;L\u00e4s mer&#8221; button_alignment=&#8221;center&#8221; disabled_on=&#8221;off|off|off&#8221; _builder_version=&#8221;4.18.0&#8243; _dynamic_attributes=&#8221;button_url&#8221; _module_preset=&#8221;default&#8221; custom_button=&#8221;on&#8221; button_text_size=&#8221;17px&#8221; button_text_color=&#8221;#000000&#8243; button_bg_color=&#8221;#ffe71f&#8221; button_border_width=&#8221;0px&#8221; button_border_radius=&#8221;0px&#8221; button_font=&#8221;Arial|800||on|||||&#8221; button_use_icon=&#8221;off&#8221; custom_padding=&#8221;2px|30px|2px|30px|true|true&#8221; global_colors_info=&#8221;{}&#8221;][\/et_pb_button][\/et_pb_column][et_pb_column type=&#8221;1_3&#8243; _builder_version=&#8221;4.16&#8243; _module_preset=&#8221;default&#8221; global_colors_info=&#8221;{}&#8221;][et_pb_image src=&#8221;https:\/\/kampanj.expressen.se\/unibet\/wp-content\/uploads\/2022\/09\/laktare-top-3.jpg&#8221; title_text=&#8221;laktare-top-3&#8243; url=&#8221;@ET-DC@eyJkeW5hbWljIjp0cnVlLCJjb250ZW50IjoicG9zdF9saW5rX3VybF9wYWdlIiwic2V0dGluZ3MiOnsicG9zdF9pZCI6IjM5OSJ9fQ==@&#8221; _builder_version=&#8221;4.18.0&#8243; _dynamic_attributes=&#8221;url&#8221; _module_preset=&#8221;default&#8221; global_colors_info=&#8221;{}&#8221;][\/et_pb_image][et_pb_text _builder_version=&#8221;4.18.0&#8243; _dynamic_attributes=&#8221;link_option_url&#8221; _module_preset=&#8221;default&#8221; text_font=&#8221;Arial||||||||&#8221; text_text_color=&#8221;#FFFFFF&#8221; text_font_size=&#8221;20px&#8221; text_line_height=&#8221;1em&#8221; text_orientation=&#8221;center&#8221; link_option_url=&#8221;@ET-DC@eyJkeW5hbWljIjp0cnVlLCJjb250ZW50IjoicG9zdF9saW5rX3VybF9wYWdlIiwic2V0dGluZ3MiOnsicG9zdF9pZCI6IjM5OSJ9fQ==@&#8221; global_colors_info=&#8221;{}&#8221;]<\/p>\n<p><strong>L\u00e4ktarna fylls av s\u00e5ng och tifo \u2013 unik publik i svensk fotboll<br \/><\/strong>L\u00e4ktarkulturen p\u00e5 de allsvenska arenorna h\u00e5ller f\u00f6r det mesta h\u00f6gsta europeiska klass.<\/p>\n<p>[\/et_pb_text][et_pb_button button_url=&#8221;@ET-DC@eyJkeW5hbWljIjp0cnVlLCJjb250ZW50IjoicG9zdF9saW5rX3VybF9wYWdlIiwic2V0dGluZ3MiOnsicG9zdF9pZCI6IjM5OSJ9fQ==@&#8221; button_text=&#8221;L\u00e4s mer&#8221; button_alignment=&#8221;center&#8221; _builder_version=&#8221;4.18.0&#8243; _dynamic_attributes=&#8221;button_url&#8221; _module_preset=&#8221;default&#8221; custom_button=&#8221;on&#8221; button_text_size=&#8221;17px&#8221; button_text_color=&#8221;#000000&#8243; button_bg_color=&#8221;#ffe71f&#8221; button_border_width=&#8221;0px&#8221; button_border_radius=&#8221;0px&#8221; button_font=&#8221;Arial|800||on|||||&#8221; button_use_icon=&#8221;off&#8221; custom_padding=&#8221;2px|30px|2px|30px|true|true&#8221; global_colors_info=&#8221;{}&#8221;][\/et_pb_button][\/et_pb_column][et_pb_column type=&#8221;1_3&#8243; _builder_version=&#8221;4.16&#8243; _module_preset=&#8221;default&#8221; global_colors_info=&#8221;{}&#8221;][et_pb_image src=&#8221;https:\/\/kampanj.expressen.se\/unibet\/wp-content\/uploads\/2022\/09\/djurgarden-thumb-1.jpg&#8221; title_text=&#8221;djurgarden-thumb-1&#8243; url=&#8221;@ET-DC@eyJkeW5hbWljIjp0cnVlLCJjb250ZW50IjoicG9zdF9saW5rX3VybF9wYWdlIiwic2V0dGluZ3MiOnsicG9zdF9pZCI6IjIwMyJ9fQ==@&#8221; _builder_version=&#8221;4.18.0&#8243; _dynamic_attributes=&#8221;url&#8221; _module_preset=&#8221;default&#8221; global_colors_info=&#8221;{}&#8221;][\/et_pb_image][et_pb_text _builder_version=&#8221;4.18.0&#8243; _dynamic_attributes=&#8221;link_option_url&#8221; _module_preset=&#8221;default&#8221; text_font=&#8221;Arial||||||||&#8221; text_text_color=&#8221;#FFFFFF&#8221; text_font_size=&#8221;20px&#8221; text_line_height=&#8221;1em&#8221; text_orientation=&#8221;center&#8221; link_option_url=&#8221;@ET-DC@eyJkeW5hbWljIjp0cnVlLCJjb250ZW50IjoicG9zdF9saW5rX3VybF9wYWdlIiwic2V0dGluZ3MiOnsicG9zdF9pZCI6IjIwMyJ9fQ==@&#8221; global_colors_info=&#8221;{}&#8221;]<\/p>\n<p><strong>Rivalm\u00f6tet som ger Bosse guldvibbar<br \/><\/strong>Den allsvenska segern 2005 var det sista av tre SM-guld inom loppet av fyra \u00e5r i b\u00f6rjan av millenniet.<\/p>\n<p>[\/et_pb_text][et_pb_button button_url=&#8221;@ET-DC@eyJkeW5hbWljIjp0cnVlLCJjb250ZW50IjoicG9zdF9saW5rX3VybF9wYWdlIiwic2V0dGluZ3MiOnsicG9zdF9pZCI6IjIwMyJ9fQ==@&#8221; button_text=&#8221;L\u00e4s mer&#8221; button_alignment=&#8221;center&#8221; _builder_version=&#8221;4.18.0&#8243; _dynamic_attributes=&#8221;button_url&#8221; _module_preset=&#8221;default&#8221; custom_button=&#8221;on&#8221; button_text_size=&#8221;17px&#8221; button_text_color=&#8221;#000000&#8243; button_bg_color=&#8221;#ffe71f&#8221; button_border_width=&#8221;0px&#8221; button_border_radius=&#8221;0px&#8221; button_font=&#8221;Arial|800||on|||||&#8221; button_use_icon=&#8221;off&#8221; custom_padding=&#8221;2px|30px|2px|30px|true|true&#8221; global_colors_info=&#8221;{}&#8221;][\/et_pb_button][\/et_pb_column][\/et_pb_row][et_pb_row column_structure=&#8221;1_3,1_3,1_3&#8243; use_custom_gutter=&#8221;on&#8221; gutter_width=&#8221;2&#8243; _builder_version=&#8221;4.18.0&#8243; _module_preset=&#8221;default&#8221; custom_padding=&#8221;30px||0px|||&#8221; global_colors_info=&#8221;{}&#8221;][et_pb_column type=&#8221;1_3&#8243; _builder_version=&#8221;4.16&#8243; _module_preset=&#8221;default&#8221; global_colors_info=&#8221;{}&#8221;][et_pb_image src=&#8221;https:\/\/kampanj.expressen.se\/unibet\/wp-content\/uploads\/2022\/09\/unibet-brage-thumb.jpg&#8221; title_text=&#8221;unibet-brage-thumb&#8221; url=&#8221;@ET-DC@eyJkeW5hbWljIjp0cnVlLCJjb250ZW50IjoicG9zdF9saW5rX3VybF9wYWdlIiwic2V0dGluZ3MiOnsicG9zdF9pZCI6IjYyNCJ9fQ==@&#8221; disabled_on=&#8221;off|off|off&#8221; _builder_version=&#8221;4.18.0&#8243; _dynamic_attributes=&#8221;url&#8221; _module_preset=&#8221;default&#8221; global_colors_info=&#8221;{}&#8221;][\/et_pb_image][et_pb_text disabled_on=&#8221;off|off|off&#8221; _builder_version=&#8221;4.18.0&#8243; _dynamic_attributes=&#8221;link_option_url&#8221; _module_preset=&#8221;default&#8221; text_font=&#8221;Arial||||||||&#8221; text_text_color=&#8221;#FFFFFF&#8221; text_font_size=&#8221;20px&#8221; text_line_height=&#8221;1em&#8221; text_orientation=&#8221;center&#8221; link_option_url=&#8221;@ET-DC@eyJkeW5hbWljIjp0cnVlLCJjb250ZW50IjoicG9zdF9saW5rX3VybF9wYWdlIiwic2V0dGluZ3MiOnsicG9zdF9pZCI6IjYyNCJ9fQ==@&#8221; global_colors_info=&#8221;{}&#8221;]<\/p>\n<p><strong>St\u00f6rsta fotbollsmatchen i Dalarna \u2013 nu g\u00e5r Brage mot ny storhetstid<\/strong><br \/>\u201dLagmoral, att alltid finnas d\u00e4r f\u00f6r varandra, g\u00f6ra grovjobbet och vara \u00f6dmjuk. Det \u00e4r det absolut viktigaste.\u201d<\/p>\n<p>[\/et_pb_text][et_pb_button button_url=&#8221;@ET-DC@eyJkeW5hbWljIjp0cnVlLCJjb250ZW50IjoicG9zdF9saW5rX3VybF9wYWdlIiwic2V0dGluZ3MiOnsicG9zdF9pZCI6IjYyNCJ9fQ==@&#8221; button_text=&#8221;L\u00e4s mer&#8221; button_alignment=&#8221;center&#8221; disabled_on=&#8221;off|off|off&#8221; _builder_version=&#8221;4.18.0&#8243; _dynamic_attributes=&#8221;button_url&#8221; _module_preset=&#8221;default&#8221; custom_button=&#8221;on&#8221; button_text_size=&#8221;17px&#8221; button_text_color=&#8221;#000000&#8243; button_bg_color=&#8221;#ffe71f&#8221; button_border_width=&#8221;0px&#8221; button_border_radius=&#8221;0px&#8221; button_font=&#8221;Arial|800||on|||||&#8221; button_use_icon=&#8221;off&#8221; custom_padding=&#8221;2px|30px|2px|30px|true|true&#8221; global_colors_info=&#8221;{}&#8221;][\/et_pb_button][\/et_pb_column][et_pb_column type=&#8221;1_3&#8243; _builder_version=&#8221;4.16&#8243; _module_preset=&#8221;default&#8221; global_colors_info=&#8221;{}&#8221;][et_pb_image src=&#8221;https:\/\/kampanj.expressen.se\/unibet\/wp-content\/uploads\/2022\/10\/26-fragor-thumb.jpg&#8221; title_text=&#8221;26-fragor-thumb&#8221; url=&#8221;@ET-DC@eyJkeW5hbWljIjp0cnVlLCJjb250ZW50IjoicG9zdF9saW5rX3VybF9wYWdlIiwic2V0dGluZ3MiOnsicG9zdF9pZCI6Ijc4MSJ9fQ==@&#8221; disabled_on=&#8221;off|off|off&#8221; _builder_version=&#8221;4.18.0&#8243; _dynamic_attributes=&#8221;url&#8221; _module_preset=&#8221;default&#8221; global_colors_info=&#8221;{}&#8221;][\/et_pb_image][et_pb_text disabled_on=&#8221;off|off|off&#8221; _builder_version=&#8221;4.18.0&#8243; _dynamic_attributes=&#8221;link_option_url&#8221; _module_preset=&#8221;default&#8221; text_font=&#8221;Arial||||||||&#8221; text_text_color=&#8221;#FFFFFF&#8221; text_font_size=&#8221;20px&#8221; text_line_height=&#8221;1em&#8221; text_orientation=&#8221;center&#8221; link_option_url=&#8221;@ET-DC@eyJkeW5hbWljIjp0cnVlLCJjb250ZW50IjoicG9zdF9saW5rX3VybF9wYWdlIiwic2V0dGluZ3MiOnsicG9zdF9pZCI6Ijc4MSJ9fQ==@&#8221; global_colors_info=&#8221;{}&#8221;]<\/p>\n<p><strong>26 fakta om elitfotbollen \u2013 l\u00e4gg p\u00e5 minnet och briljera<\/strong><br \/>Det finns massor av viktig (och oviktig) kunskap om v\u00e5ra tv\u00e5 h\u00f6gsta serier.<\/p>\n<p>[\/et_pb_text][et_pb_button button_url=&#8221;@ET-DC@eyJkeW5hbWljIjp0cnVlLCJjb250ZW50IjoicG9zdF9saW5rX3VybF9wYWdlIiwic2V0dGluZ3MiOnsicG9zdF9pZCI6Ijc4MSJ9fQ==@&#8221; button_text=&#8221;L\u00e4s mer&#8221; button_alignment=&#8221;center&#8221; disabled_on=&#8221;off|off|off&#8221; _builder_version=&#8221;4.18.0&#8243; _dynamic_attributes=&#8221;button_url&#8221; _module_preset=&#8221;default&#8221; custom_button=&#8221;on&#8221; button_text_size=&#8221;17px&#8221; button_text_color=&#8221;#000000&#8243; button_bg_color=&#8221;#ffe71f&#8221; button_border_width=&#8221;0px&#8221; button_border_radius=&#8221;0px&#8221; button_font=&#8221;Arial|800||on|||||&#8221; button_use_icon=&#8221;off&#8221; custom_padding=&#8221;2px|30px|2px|30px|true|true&#8221; global_colors_info=&#8221;{}&#8221;][\/et_pb_button][\/et_pb_column][et_pb_column type=&#8221;1_3&#8243; _builder_version=&#8221;4.16&#8243; _module_preset=&#8221;default&#8221; global_colors_info=&#8221;{}&#8221;][et_pb_image src=&#8221;https:\/\/kampanj.expressen.se\/unibet\/wp-content\/uploads\/2022\/10\/varberg-thumb.jpg&#8221; title_text=&#8221;varberg-thumb&#8221; url=&#8221;@ET-DC@eyJkeW5hbWljIjp0cnVlLCJjb250ZW50IjoicG9zdF9saW5rX3VybF9wYWdlIiwic2V0dGluZ3MiOnsicG9zdF9pZCI6IjkzOSJ9fQ==@&#8221; disabled_on=&#8221;off|off|off&#8221; _builder_version=&#8221;4.18.0&#8243; _dynamic_attributes=&#8221;url&#8221; _module_preset=&#8221;default&#8221; global_colors_info=&#8221;{}&#8221;][\/et_pb_image][et_pb_text disabled_on=&#8221;off|off|off&#8221; _builder_version=&#8221;4.18.0&#8243; _dynamic_attributes=&#8221;link_option_url&#8221; _module_preset=&#8221;default&#8221; text_font=&#8221;Arial||||||||&#8221; text_text_color=&#8221;#FFFFFF&#8221; text_font_size=&#8221;20px&#8221; text_line_height=&#8221;1em&#8221; text_orientation=&#8221;center&#8221; link_option_url=&#8221;@ET-DC@eyJkeW5hbWljIjp0cnVlLCJjb250ZW50IjoicG9zdF9saW5rX3VybF9wYWdlIiwic2V0dGluZ3MiOnsicG9zdF9pZCI6IjkzOSJ9fQ==@&#8221; global_colors_info=&#8221;{}&#8221;]<\/p>\n<p><strong>Varbergs alla hemska kval \u2013 f\u00f6r fyra \u00e5r sen v\u00e4nde det<\/strong><br \/>Gameday med Glenn tar oss vidare till sommarstaden Varberg \u2013 d\u00e4r han bland annat tr\u00e4ffar supportern Lukas.<\/p>\n<p>[\/et_pb_text][et_pb_button button_url=&#8221;@ET-DC@eyJkeW5hbWljIjp0cnVlLCJjb250ZW50IjoicG9zdF9saW5rX3VybF9wYWdlIiwic2V0dGluZ3MiOnsicG9zdF9pZCI6IjkzOSJ9fQ==@&#8221; button_text=&#8221;L\u00e4s mer&#8221; button_alignment=&#8221;center&#8221; disabled_on=&#8221;off|off|off&#8221; _builder_version=&#8221;4.18.0&#8243; _dynamic_attributes=&#8221;button_url&#8221; _module_preset=&#8221;default&#8221; custom_button=&#8221;on&#8221; button_text_size=&#8221;17px&#8221; button_text_color=&#8221;#000000&#8243; button_bg_color=&#8221;#ffe71f&#8221; button_border_width=&#8221;0px&#8221; button_border_radius=&#8221;0px&#8221; button_font=&#8221;Arial|800||on|||||&#8221; button_use_icon=&#8221;off&#8221; custom_padding=&#8221;2px|30px|2px|30px|true|true&#8221; global_colors_info=&#8221;{}&#8221;][\/et_pb_button][\/et_pb_column][\/et_pb_row][et_pb_row column_structure=&#8221;1_3,1_3,1_3&#8243; use_custom_gutter=&#8221;on&#8221; gutter_width=&#8221;2&#8243; _builder_version=&#8221;4.18.0&#8243; _module_preset=&#8221;default&#8221; custom_padding=&#8221;30px||0px|||&#8221; global_colors_info=&#8221;{}&#8221;][et_pb_column type=&#8221;1_3&#8243; _builder_version=&#8221;4.16&#8243; _module_preset=&#8221;default&#8221; global_colors_info=&#8221;{}&#8221;][et_pb_image src=&#8221;https:\/\/kampanj.expressen.se\/unibet\/wp-content\/uploads\/2022\/07\/AV2I3710-scaled.jpg&#8221; title_text=&#8221;Fotboll, Landskrona BoIS, reportage&#8221; url=&#8221;@ET-DC@eyJkeW5hbWljIjp0cnVlLCJjb250ZW50IjoicG9zdF9saW5rX3VybF9wYWdlIiwic2V0dGluZ3MiOnsicG9zdF9pZCI6IjMyOSJ9fQ==@&#8221; disabled_on=&#8221;off|off|off&#8221; _builder_version=&#8221;4.18.0&#8243; _dynamic_attributes=&#8221;url&#8221; _module_preset=&#8221;default&#8221; global_colors_info=&#8221;{}&#8221;][\/et_pb_image][et_pb_text disabled_on=&#8221;off|off|off&#8221; _builder_version=&#8221;4.18.0&#8243; _dynamic_attributes=&#8221;link_option_url&#8221; _module_preset=&#8221;default&#8221; text_font=&#8221;Arial||||||||&#8221; text_text_color=&#8221;#FFFFFF&#8221; text_font_size=&#8221;20px&#8221; text_line_height=&#8221;1em&#8221; text_orientation=&#8221;center&#8221; link_option_url=&#8221;@ET-DC@eyJkeW5hbWljIjp0cnVlLCJjb250ZW50IjoicG9zdF9saW5rX3VybF9wYWdlIiwic2V0dGluZ3MiOnsicG9zdF9pZCI6IjMyOSJ9fQ==@&#8221; global_colors_info=&#8221;{}&#8221;]<\/p>\n<p><strong>\u201dVi ska till Allsvenskan \u2013 p\u00e5 v\u00e5rt eget s\u00e4tt\u201d<\/strong><br \/>2022 bes\u00f6ker vi ett f\u00f6rvandlat Landskrona BoIS. \u201dF\u00f6reningen har en ny identitet som vi ska f\u00f6rst\u00e4rka.\u201d<\/p>\n<p>[\/et_pb_text][et_pb_button button_url=&#8221;@ET-DC@eyJkeW5hbWljIjp0cnVlLCJjb250ZW50IjoicG9zdF9saW5rX3VybF9wYWdlIiwic2V0dGluZ3MiOnsicG9zdF9pZCI6IjMyOSJ9fQ==@&#8221; button_text=&#8221;L\u00e4s mer&#8221; button_alignment=&#8221;center&#8221; disabled_on=&#8221;off|off|off&#8221; _builder_version=&#8221;4.18.0&#8243; _dynamic_attributes=&#8221;button_url&#8221; _module_preset=&#8221;default&#8221; custom_button=&#8221;on&#8221; button_text_size=&#8221;17px&#8221; button_text_color=&#8221;#000000&#8243; button_bg_color=&#8221;#ffe71f&#8221; button_border_width=&#8221;0px&#8221; button_border_radius=&#8221;0px&#8221; button_font=&#8221;Arial|800||on|||||&#8221; button_use_icon=&#8221;off&#8221; custom_padding=&#8221;2px|30px|2px|30px|true|true&#8221; global_colors_info=&#8221;{}&#8221;][\/et_pb_button][\/et_pb_column][et_pb_column type=&#8221;1_3&#8243; _builder_version=&#8221;4.16&#8243; _module_preset=&#8221;default&#8221; global_colors_info=&#8221;{}&#8221;][\/et_pb_column][et_pb_column type=&#8221;1_3&#8243; _builder_version=&#8221;4.16&#8243; _module_preset=&#8221;default&#8221; global_colors_info=&#8221;{}&#8221;][\/et_pb_column][\/et_pb_row][\/et_pb_section][et_pb_section fb_built=&#8221;1&#8243; _builder_version=&#8221;4.16&#8243; _module_preset=&#8221;default&#8221; positioning=&#8221;fixed&#8221; position_origin_f=&#8221;top_center&#8221; custom_padding=&#8221;0px||0px|||&#8221; locked=&#8221;off&#8221; global_colors_info=&#8221;{}&#8221;][et_pb_row _builder_version=&#8221;4.16&#8243; _module_preset=&#8221;default&#8221; background_color=&#8221;#FFFFFF&#8221; width=&#8221;100%&#8221; max_width=&#8221;100%&#8221; custom_padding=&#8221;7px||2px||false|false&#8221; global_colors_info=&#8221;{}&#8221;][et_pb_column type=&#8221;4_4&#8243; _builder_version=&#8221;4.16&#8243; _module_preset=&#8221;default&#8221; global_colors_info=&#8221;{}&#8221;][et_pb_image src=&#8221;https:\/\/kampanj.expressen.se\/xlhjalpen\/wp-content\/uploads\/2021\/11\/expressen-logo.png&#8221; title_text=&#8221;expressen-logo&#8221; url=&#8221;https:\/\/www.expressen.se\/&#8221; url_new_window=&#8221;on&#8221; align=&#8221;center&#8221; _builder_version=&#8221;4.16&#8243; _module_preset=&#8221;default&#8221; width=&#8221;150px&#8221; module_alignment=&#8221;center&#8221; max_height=&#8221;35px&#8221; max_height_tablet=&#8221;35px&#8221; max_height_phone=&#8221;30px&#8221; max_height_last_edited=&#8221;on|phone&#8221; global_colors_info=&#8221;{}&#8221;][\/et_pb_image][\/et_pb_column][\/et_pb_row][\/et_pb_section][et_pb_section fb_built=&#8221;1&#8243; _builder_version=&#8221;4.16&#8243; _module_preset=&#8221;default&#8221; positioning=&#8221;fixed&#8221; position_origin_f=&#8221;top_center&#8221; custom_padding=&#8221;0px||0px|||&#8221; locked=&#8221;off&#8221; global_colors_info=&#8221;{}&#8221;][et_pb_row _builder_version=&#8221;4.16&#8243; _module_preset=&#8221;default&#8221; background_color=&#8221;#FFFFFF&#8221; width=&#8221;100%&#8221; max_width=&#8221;100%&#8221; custom_padding=&#8221;7px||2px||false|false&#8221; global_colors_info=&#8221;{}&#8221;][et_pb_column type=&#8221;4_4&#8243; _builder_version=&#8221;4.16&#8243; _module_preset=&#8221;default&#8221; global_colors_info=&#8221;{}&#8221;][et_pb_image src=&#8221;https:\/\/kampanj.expressen.se\/xlhjalpen\/wp-content\/uploads\/2021\/11\/expressen-logo.png&#8221; title_text=&#8221;expressen-logo&#8221; url=&#8221;https:\/\/www.expressen.se\/&#8221; url_new_window=&#8221;on&#8221; align=&#8221;center&#8221; _builder_version=&#8221;4.16&#8243; _module_preset=&#8221;default&#8221; width=&#8221;150px&#8221; module_alignment=&#8221;center&#8221; max_height=&#8221;35px&#8221; max_height_tablet=&#8221;35px&#8221; max_height_phone=&#8221;30px&#8221; max_height_last_edited=&#8221;on|phone&#8221; global_colors_info=&#8221;{}&#8221;][\/et_pb_image][\/et_pb_column][\/et_pb_row][\/et_pb_section][et_pb_section fb_built=&#8221;1&#8243; _builder_version=&#8221;4.16&#8243; _module_preset=&#8221;default&#8221; positioning=&#8221;fixed&#8221; position_origin_f=&#8221;top_center&#8221; custom_padding=&#8221;0px||0px|||&#8221; locked=&#8221;off&#8221; global_colors_info=&#8221;{}&#8221;][et_pb_row _builder_version=&#8221;4.16&#8243; _module_preset=&#8221;default&#8221; background_color=&#8221;#FFFFFF&#8221; width=&#8221;100%&#8221; max_width=&#8221;100%&#8221; custom_padding=&#8221;7px||2px||false|false&#8221; global_colors_info=&#8221;{}&#8221;][et_pb_column type=&#8221;4_4&#8243; _builder_version=&#8221;4.16&#8243; _module_preset=&#8221;default&#8221; global_colors_info=&#8221;{}&#8221;][et_pb_image src=&#8221;https:\/\/kampanj.expressen.se\/xlhjalpen\/wp-content\/uploads\/2021\/11\/expressen-logo.png&#8221; title_text=&#8221;expressen-logo&#8221; url=&#8221;https:\/\/www.expressen.se\/&#8221; url_new_window=&#8221;on&#8221; align=&#8221;center&#8221; _builder_version=&#8221;4.16&#8243; _module_preset=&#8221;default&#8221; width=&#8221;150px&#8221; module_alignment=&#8221;center&#8221; max_height=&#8221;35px&#8221; max_height_tablet=&#8221;35px&#8221; max_height_phone=&#8221;30px&#8221; max_height_last_edited=&#8221;on|phone&#8221; global_colors_info=&#8221;{}&#8221;][\/et_pb_image][\/et_pb_column][\/et_pb_row][\/et_pb_section]<\/p>\n","protected":false},"excerpt":{"rendered":"<p>St\u00f6rsta fotbollsmatchen i Dalarna &#8211; nu g\u00e5r Brage mot ny storhetstid &nbsp; Del 2: BRageF\u00f6r 34 \u00e5r sedan chockade Brage ett stj\u00e4rnsp\u00e4ckat Inter i Uefacupen. I dag g\u00e5r Dalarnas fotbollsstolthet f\u00f6r en plats i allsvenskan. I botten finns en bruksmentalitet som h\u00e5ller i alla l\u00e4gen. \u2013 Lagmoral, att alltid finnas d\u00e4r f\u00f6r varandra, g\u00f6ra grovjobbet [&hellip;]<\/p>\n","protected":false},"author":1,"featured_media":657,"parent":0,"menu_order":0,"comment_status":"closed","ping_status":"closed","template":"","meta":{"_et_pb_use_builder":"on","_et_pb_old_content":"","_et_gb_content_width":"","footnotes":""},"class_list":["post-624","page","type-page","status-publish","has-post-thumbnail","hentry"],"_links":{"self":[{"href":"https:\/\/kampanj.expressen.se\/unibet\/wp-json\/wp\/v2\/pages\/624","targetHints":{"allow":["GET"]}}],"collection":[{"href":"https:\/\/kampanj.expressen.se\/unibet\/wp-json\/wp\/v2\/pages"}],"about":[{"href":"https:\/\/kampanj.expressen.se\/unibet\/wp-json\/wp\/v2\/types\/page"}],"author":[{"embeddable":true,"href":"https:\/\/kampanj.expressen.se\/unibet\/wp-json\/wp\/v2\/users\/1"}],"replies":[{"embeddable":true,"href":"https:\/\/kampanj.expressen.se\/unibet\/wp-json\/wp\/v2\/comments?post=624"}],"version-history":[{"count":73,"href":"https:\/\/kampanj.expressen.se\/unibet\/wp-json\/wp\/v2\/pages\/624\/revisions"}],"predecessor-version":[{"id":1464,"href":"https:\/\/kampanj.expressen.se\/unibet\/wp-json\/wp\/v2\/pages\/624\/revisions\/1464"}],"wp:featuredmedia":[{"embeddable":true,"href":"https:\/\/kampanj.expressen.se\/unibet\/wp-json\/wp\/v2\/media\/657"}],"wp:attachment":[{"href":"https:\/\/kampanj.expressen.se\/unibet\/wp-json\/wp\/v2\/media?parent=624"}],"curies":[{"name":"wp","href":"https:\/\/api.w.org\/{rel}","templated":true}]}}