{"id":329,"date":"2022-10-07T16:11:43","date_gmt":"2022-10-07T14:11:43","guid":{"rendered":"https:\/\/kampanj.expressen.se\/unibet\/?page_id=329"},"modified":"2023-04-20T16:10:18","modified_gmt":"2023-04-20T14:10:18","slug":"landskrona-bois","status":"publish","type":"page","link":"https:\/\/kampanj.expressen.se\/unibet\/landskrona-bois\/","title":{"rendered":"\u201dVi ska till allsvenskan &#8211; p\u00e5 v\u00e5rt eget s\u00e4tt\u201d"},"content":{"rendered":"<p>[et_pb_section fb_built=&#8221;1&#8243; _builder_version=&#8221;4.17.4&#8243; _module_preset=&#8221;default&#8221; custom_margin=&#8221;0px||||false|false&#8221; custom_padding=&#8221;0px||0px||false|false&#8221; locked=&#8221;off&#8221; global_colors_info=&#8221;{}&#8221;][et_pb_row custom_padding_last_edited=&#8221;on|phone&#8221; _builder_version=&#8221;4.18.0&#8243; _module_preset=&#8221;default&#8221; background_enable_image=&#8221;off&#8221; width=&#8221;2000px&#8221; max_width=&#8221;100%&#8221; min_height_tablet=&#8221;&#8221; min_height_phone=&#8221;&#8221; min_height_last_edited=&#8221;on|phone&#8221; height_tablet=&#8221;&#8221; height_phone=&#8221;&#8221; height_last_edited=&#8221;on|phone&#8221; max_height_tablet=&#8221;&#8221; max_height_phone=&#8221;&#8221; max_height_last_edited=&#8221;on|phone&#8221; custom_margin=&#8221;0px||0px||false|false&#8221; custom_padding=&#8221;72px||0px||false|false&#8221; custom_padding_tablet=&#8221;72px||0px||false|false&#8221; custom_padding_phone=&#8221;67px||0px||false|false&#8221; locked=&#8221;off&#8221; global_colors_info=&#8221;{}&#8221;][et_pb_column type=&#8221;4_4&#8243; _builder_version=&#8221;4.17.3&#8243; _module_preset=&#8221;default&#8221; global_colors_info=&#8221;{}&#8221;][et_pb_code _builder_version=&#8221;4.18.0&#8243; _module_preset=&#8221;default&#8221; width=&#8221;100%&#8221; max_width=&#8221;100%&#8221; module_alignment=&#8221;center&#8221; custom_margin=&#8221;0px|0px|0px|0px|false|false&#8221; custom_margin_tablet=&#8221;13px||||false|false&#8221; custom_margin_phone=&#8221;10px||||false|false&#8221; custom_margin_last_edited=&#8221;on|phone&#8221; custom_padding=&#8221;0px|0px|0px|0px|false|false&#8221; locked=&#8221;off&#8221; global_colors_info=&#8221;{}&#8221;]<\/p>\n<div style=\"position:relative;padding-bottom:56.25%;padding-top:0;height:0;overflow:hidden;\"><iframe src=\"https:\/\/www.expressen.se\/videoplayer\/embed\/tv\/brand-studio\/unibet\/annons-unibet-gmg-landskrona?embed=true&#038;external=true&#038;autoplay=1&#038;startVolume=0\" frameborder=\"0\" scrolling=\"no\" allowfullscreen style=\"position:absolute;top:0;left:0;width:10px;min-width:100%;height:100%;\"><\/iframe><\/div>\n<p>[\/et_pb_code][\/et_pb_column][\/et_pb_row][\/et_pb_section][et_pb_section fb_built=&#8221;1&#8243; disabled_on=&#8221;off|off|off&#8221; admin_label=&#8221;Meny&#8221; module_id=&#8221;meny&#8221; _builder_version=&#8221;4.17.6&#8243; _module_preset=&#8221;default&#8221; background_color=&#8221;#212121&#8243; custom_padding=&#8221;0px||0px|||&#8221; global_module=&#8221;522&#8243; saved_tabs=&#8221;all&#8221; locked=&#8221;off&#8221; global_colors_info=&#8221;{}&#8221;][et_pb_row custom_padding_last_edited=&#8221;on|tablet&#8221; _builder_version=&#8221;4.18.0&#8243; _module_preset=&#8221;default&#8221; width=&#8221;100%&#8221; max_width=&#8221;100%&#8221; custom_padding=&#8221;10px||10px||true|false&#8221; custom_padding_tablet=&#8221;10px||10px||true|false&#8221; custom_padding_phone=&#8221;&#8221; global_colors_info=&#8221;{}&#8221;][et_pb_column type=&#8221;4_4&#8243; admin_label=&#8221;Kap 1&#8243; _builder_version=&#8221;4.16&#8243; _module_preset=&#8221;default&#8221; global_colors_info=&#8221;{}&#8221;][et_pb_menu menu_id=&#8221;12&#8243; menu_style=&#8221;centered&#8221; active_link_color=&#8221;#FFFFFF&#8221; dropdown_menu_bg_color=&#8221;#212121&#8243; dropdown_menu_line_color=&#8221;RGBA(255,255,255,0)&#8221; dropdown_menu_text_color=&#8221;#ededed&#8221; dropdown_menu_active_link_color=&#8221;#ffffff&#8221; mobile_menu_bg_color=&#8221;#212121&#8243; mobile_menu_text_color=&#8221;#FFFFFF&#8221; cart_icon_color=&#8221;#FFFFFF&#8221; search_icon_color=&#8221;#FFFFFF&#8221; menu_icon_color=&#8221;#FFFFFF&#8221; module_class=&#8221;kapmany&#8221; _builder_version=&#8221;4.18.0&#8243; _module_preset=&#8221;default&#8221; menu_font=&#8221;Arial|700||on|||||&#8221; menu_text_color=&#8221;#FFFFFF&#8221; menu_font_size=&#8221;15px&#8221; background_enable_color=&#8221;off&#8221; global_colors_info=&#8221;{}&#8221;][\/et_pb_menu][\/et_pb_column][\/et_pb_row][\/et_pb_section][et_pb_section fb_built=&#8221;1&#8243; _builder_version=&#8221;4.17.4&#8243; _module_preset=&#8221;default&#8221; custom_margin=&#8221;0px||||false|false&#8221; custom_padding=&#8221;0px||60px||false|false&#8221; global_colors_info=&#8221;{}&#8221;][et_pb_row _builder_version=&#8221;4.17.4&#8243; _module_preset=&#8221;default&#8221; max_width=&#8221;690px&#8221; custom_margin=&#8221;0px||0px||false|false&#8221; custom_padding=&#8221;50px||0px||false|false&#8221; locked=&#8221;off&#8221; global_colors_info=&#8221;{}&#8221;][et_pb_column type=&#8221;4_4&#8243; _builder_version=&#8221;4.16&#8243; _module_preset=&#8221;default&#8221; global_colors_info=&#8221;{}&#8221;][et_pb_text _builder_version=&#8221;4.18.0&#8243; _module_preset=&#8221;default&#8221; header_font=&#8221;Siri Expressen||||||||&#8221; header_text_color=&#8221;#000000&#8243; header_font_size=&#8221;73px&#8221; header_2_font=&#8221;Arial|||on|||||&#8221; header_2_text_color=&#8221;#000000&#8243; header_2_font_size=&#8221;14px&#8221; header_2_line_height=&#8221;1.2em&#8221; width=&#8221;100%&#8221; max_width_tablet=&#8221;100%&#8221; max_width_phone=&#8221;100%&#8221; max_width_last_edited=&#8221;on|tablet&#8221; custom_margin=&#8221;0px|0px|10px|0px|false|false&#8221; custom_margin_tablet=&#8221;||||false|false&#8221; custom_margin_phone=&#8221;0px|0px|0px|0px|false|false&#8221; custom_margin_last_edited=&#8221;on|tablet&#8221; header_font_size_tablet=&#8221;65px&#8221; header_font_size_phone=&#8221;35px&#8221; header_font_size_last_edited=&#8221;on|phone&#8221; header_2_font_size_tablet=&#8221;14px&#8221; header_2_font_size_phone=&#8221;14px&#8221; header_2_font_size_last_edited=&#8221;on|phone&#8221; locked=&#8221;off&#8221; global_colors_info=&#8221;{}&#8221;]<\/p>\n<h1 style=\"text-align: left;\">\u201dVi ska till Allsvenskan<br \/>&#8211; p\u00e5 v\u00e5rt eget s\u00e4tt\u201d<\/h1>\n<h2 style=\"text-align: left;\"><strong>Del 4:<\/strong> Landskrona Bois<\/h2>\n<p>[\/et_pb_text][\/et_pb_column][\/et_pb_row][et_pb_row _builder_version=&#8221;4.17.4&#8243; _module_preset=&#8221;default&#8221; max_width=&#8221;690px&#8221; custom_margin=&#8221;13px|auto|30px|auto|false|false&#8221; custom_padding=&#8221;0px||0px||false|false&#8221; border_width_bottom=&#8221;1px&#8221; locked=&#8221;off&#8221; global_colors_info=&#8221;{}&#8221;][et_pb_column type=&#8221;4_4&#8243; _builder_version=&#8221;4.16&#8243; _module_preset=&#8221;default&#8221; global_colors_info=&#8221;{}&#8221;][et_pb_text _builder_version=&#8221;4.18.0&#8243; _module_preset=&#8221;default&#8221; text_font=&#8221;Arial|700|||||||&#8221; text_text_color=&#8221;#000000&#8243; text_font_size=&#8221;1.5rem&#8221; text_line_height=&#8221;1.3em&#8221; custom_margin=&#8221;||||false|false&#8221; custom_margin_tablet=&#8221;||||false|false&#8221; custom_margin_phone=&#8221;||||false|false&#8221; custom_margin_last_edited=&#8221;on|phone&#8221; text_font_size_tablet=&#8221;1.5rem&#8221; text_font_size_phone=&#8221;1.25rem&#8221; text_font_size_last_edited=&#8221;on|phone&#8221; global_colors_info=&#8221;{}&#8221;]<\/p>\n<p>Glenn Hys\u00e9n och Gameday rullar vidare \u2013 nu ska han tr\u00e4ffa Allsvenskans mest utvisade spelare fr\u00e5n en klubb som har levt med kortsiktighet och konflikter. Styrelseavhopp. Tv\u00e5 och en halv miljon i underskott. Och en sistaplats i Superettan.<br \/><span class=\"indenta\">Det \u00e4r bara fyra \u00e5r sedan.<\/span><br \/><span class=\"indenta\">2022 bes\u00f6ker vi ett f\u00f6rvandlat Landskrona BoIS.<\/span><br \/><span class=\"indenta\">\u2013 F\u00f6reningen har en ny identitet som vi ska f\u00f6rst\u00e4rka. Ambitionen \u00e4r att g\u00e5 upp i Allsvenskan p\u00e5 v\u00e5rt s\u00e4tt, s\u00e4ger nya sportchefen Erik Edman.<\/span><\/p>\n<p>[\/et_pb_text][dssb_sharing_buttons icon_placement=&#8221;icon&#8221; columns=&#8221;3&#8243; icon_width=&#8221;fixed&#8221; alignment=&#8221;left&#8221; btn_spacing_bottom=&#8221;0px&#8221; btn_padding=&#8221;||||false|false&#8221; _builder_version=&#8221;4.17.4&#8243; _module_preset=&#8221;default&#8221; custom_margin=&#8221;14px||||false|false&#8221; custom_padding=&#8221;|10px|30px||false|false&#8221; border_radii_main=&#8221;on|3px|3px|3px|3px&#8221; border_radii_icon=&#8221;on||||&#8221; locked=&#8221;off&#8221; global_colors_info=&#8221;{}&#8221;][dssb_sharing_button icon_color=&#8221;#ffffff&#8221; icon_bg=&#8221;#3b5997&#8243; _builder_version=&#8221;4.16&#8243; _module_preset=&#8221;default&#8221; global_colors_info=&#8221;{}&#8221;][\/dssb_sharing_button][dssb_sharing_button social_network=&#8221;twitter&#8221; icon_bg=&#8221;#55aced&#8221; _builder_version=&#8221;4.16&#8243; _module_preset=&#8221;default&#8221; global_colors_info=&#8221;{}&#8221;][\/dssb_sharing_button][dssb_sharing_button social_network=&#8221;email&#8221; icon_bg=&#8221;#212121&#8243; _builder_version=&#8221;4.16&#8243; _module_preset=&#8221;default&#8221; global_colors_info=&#8221;{}&#8221;][\/dssb_sharing_button][\/dssb_sharing_buttons][\/et_pb_column][\/et_pb_row][et_pb_row _builder_version=&#8221;4.18.0&#8243; _module_preset=&#8221;default&#8221; max_width=&#8221;690px&#8221; custom_margin=&#8221;0px||||false|false&#8221; custom_padding=&#8221;0px||0px||false|false&#8221; locked=&#8221;off&#8221; global_colors_info=&#8221;{}&#8221;][et_pb_column type=&#8221;4_4&#8243; _builder_version=&#8221;4.16&#8243; _module_preset=&#8221;default&#8221; global_colors_info=&#8221;{}&#8221;][et_pb_text _builder_version=&#8221;4.17.4&#8243; _module_preset=&#8221;default&#8221; text_font=&#8221;Arial||||||||&#8221; text_text_color=&#8221;#000000&#8243; text_font_size=&#8221;1.25rem&#8221; text_line_height=&#8221;1.5em&#8221; header_font=&#8221;Siri Expressen|700|||||||&#8221; header_3_font=&#8221;Siri Expressen||||||||&#8221; custom_margin=&#8221;0px||0px||false|false&#8221; custom_padding=&#8221;0px||0px||false|false&#8221; text_font_size_last_edited=&#8221;off|phone&#8221; locked=&#8221;off&#8221; global_colors_info=&#8221;{}&#8221;]<\/p>\n<p class=\"p1\">Karlslund, n\u00e5gon kilometer norr om centrala Landskrona. H\u00e4r finns simhall, idrottsplats och klubbens kanslibyggnad. Det mesta ser n\u00f6tt och tr\u00f6tt ut.<\/p>\n<p>[\/et_pb_text][et_pb_text _builder_version=&#8221;4.17.4&#8243; _module_preset=&#8221;default&#8221; text_font=&#8221;Arial||||||||&#8221; text_text_color=&#8221;#000000&#8243; text_font_size=&#8221;1.25rem&#8221; text_line_height=&#8221;1.5em&#8221; header_font=&#8221;Siri Expressen|700|||||||&#8221; header_3_font=&#8221;Siri Expressen||||||||&#8221; custom_margin=&#8221;0px||0px||false|false&#8221; custom_margin_tablet=&#8221;0px||0px||false|false&#8221; custom_margin_phone=&#8221;0px||||false|false&#8221; custom_margin_last_edited=&#8221;on|phone&#8221; custom_padding=&#8221;0px||0px||false|false&#8221; custom_css_main_element=&#8221;text-indent: 20px;||  margin: 0px;||&#8221; locked=&#8221;off&#8221; global_colors_info=&#8221;{}&#8221;]<\/p>\n<p class=\"p1\">\u2013 Hela omr\u00e5det \u00e4r v\u00e4ldigt eftersatt sedan m\u00e5nga \u00e5r tillbaka. Men nu har kommunen klubbat en satsning f\u00f6r att \u00e4ntligen lyfta hela Karlslunds idrottsomr\u00e5de. Under de n\u00e4rmaste fyra-fem \u00e5ren kommer det att byggas ett nytt badhus, ny ishall och en modern fotbollsarena h\u00e4r p\u00e5 samma plats som dagens gamla IP ligger.<\/p>\n<p>[\/et_pb_text][et_pb_text _builder_version=&#8221;4.17.4&#8243; _module_preset=&#8221;default&#8221; text_font=&#8221;Arial||||||||&#8221; text_text_color=&#8221;#000000&#8243; text_font_size=&#8221;1.25rem&#8221; text_line_height=&#8221;1.5em&#8221; header_font=&#8221;Siri Expressen|700|||||||&#8221; header_3_font=&#8221;Siri Expressen||||||||&#8221; custom_margin=&#8221;0px||0px||false|false&#8221; custom_margin_tablet=&#8221;0px||0px||false|false&#8221; custom_margin_phone=&#8221;0px||||false|false&#8221; custom_margin_last_edited=&#8221;on|phone&#8221; custom_padding=&#8221;0px||0px||false|false&#8221; custom_css_main_element=&#8221;text-indent: 20px;||  margin: 0px;||&#8221; locked=&#8221;off&#8221; global_colors_info=&#8221;{}&#8221;]<\/p>\n<p class=\"p1\">Mannen som s\u00e4ger detta heter Daniel St\u00e5lhammar och \u00e4r mest k\u00e4nd f\u00f6r att ha varit fotbollsdomare p\u00e5 h\u00f6gsta niv\u00e5. Han d\u00f6mde 186 allsvenska matcher och 73 internationella.<\/p>\n<p>[\/et_pb_text][et_pb_text _builder_version=&#8221;4.17.4&#8243; _module_preset=&#8221;default&#8221; text_font=&#8221;Arial||||||||&#8221; text_text_color=&#8221;#000000&#8243; text_font_size=&#8221;1.25rem&#8221; text_line_height=&#8221;1.5em&#8221; header_font=&#8221;Siri Expressen|700|||||||&#8221; header_3_font=&#8221;Siri Expressen||||||||&#8221; custom_margin=&#8221;0px||0px||false|false&#8221; custom_margin_tablet=&#8221;0px||0px||false|false&#8221; custom_margin_phone=&#8221;0px||||false|false&#8221; custom_margin_last_edited=&#8221;on|phone&#8221; custom_padding=&#8221;0px||0px||false|false&#8221; custom_css_main_element=&#8221;text-indent: 20px;||  margin: 0px;||&#8221; locked=&#8221;off&#8221; global_colors_info=&#8221;{}&#8221;]<\/p>\n<p class=\"p1\">Nu \u00e4r Daniel St\u00e5lhammar vice ordf\u00f6rande i det Boll- och Idrottss\u00e4llskap som han har f\u00f6ljt intresserat men utifr\u00e5n under n\u00e4stan hela sitt liv.<\/p>\n<p>[\/et_pb_text][et_pb_text _builder_version=&#8221;4.17.4&#8243; _module_preset=&#8221;default&#8221; text_font=&#8221;Arial||||||||&#8221; text_text_color=&#8221;#000000&#8243; text_font_size=&#8221;1.25rem&#8221; text_line_height=&#8221;1.5em&#8221; header_font=&#8221;Siri Expressen|700|||||||&#8221; header_3_font=&#8221;Siri Expressen||||||||&#8221; custom_margin=&#8221;0px||0px||false|false&#8221; custom_margin_tablet=&#8221;0px||0px||false|false&#8221; custom_margin_phone=&#8221;0px||||false|false&#8221; custom_margin_last_edited=&#8221;on|phone&#8221; custom_padding=&#8221;0px||0px||false|false&#8221; custom_css_main_element=&#8221;text-indent: 20px;||  margin: 0px;||&#8221; locked=&#8221;off&#8221; global_colors_info=&#8221;{}&#8221;]<\/p>\n<p class=\"p1\">\u2013 Fr\u00e5n att jag var sex-sju \u00e5r tittade jag, farsan och lillebrorsan p\u00e5 hemmamatcherna och \u00e5kte p\u00e5 de n\u00e4rmaste bortamatcherna. Om det var fint v\u00e4der brukade vi cykla de sju-\u00e5tta kilometerna hemifr\u00e5n H\u00e4ljarp in hit till Landskrona IP, ber\u00e4ttar St\u00e5lhammar.<\/p>\n<p>[\/et_pb_text][et_pb_text _builder_version=&#8221;4.20.4&#8243; _module_preset=&#8221;default&#8221; text_font=&#8221;Arial||||||||&#8221; text_text_color=&#8221;#000000&#8243; text_font_size=&#8221;1.25rem&#8221; text_line_height=&#8221;1.5em&#8221; header_font=&#8221;Siri Expressen|700|||||||&#8221; header_3_font=&#8221;Siri Expressen||||||||&#8221; custom_margin=&#8221;0px||0px||false|false&#8221; custom_padding=&#8221;20px||||false|false&#8221; hover_enabled=&#8221;0&#8243; locked=&#8221;off&#8221; global_colors_info=&#8221;{}&#8221; sticky_enabled=&#8221;0&#8243;]<\/p>\n<p><a href=\"https:\/\/www.unibet.se\/publikstodet\" target=\"_blank\" rel=\"noopener\"><strong>EXTERN L\u00c4NK: L\u00e4s mer om Publikst\u00f6det <\/strong><\/a><\/p>\n<p>[\/et_pb_text][\/et_pb_column][\/et_pb_row][et_pb_row disabled_on=&#8221;on|on|off&#8221; admin_label=&#8221;Infografik&#8221; _builder_version=&#8221;4.18.0&#8243; _module_preset=&#8221;default&#8221; background_enable_image=&#8221;off&#8221; background_size=&#8221;initial&#8221; background_repeat=&#8221;repeat&#8221; width=&#8221;1400px&#8221; max_width=&#8221;1400px&#8221; module_alignment=&#8221;center&#8221; custom_margin=&#8221;0px||0px||false|false&#8221; custom_padding=&#8221;0px||0px||false|false&#8221; locked=&#8221;off&#8221; global_colors_info=&#8221;{}&#8221;][et_pb_column type=&#8221;4_4&#8243; _builder_version=&#8221;4.16&#8243; _module_preset=&#8221;default&#8221; global_colors_info=&#8221;{}&#8221;][et_pb_image src=&#8221;https:\/\/kampanj.expressen.se\/unibet\/wp-content\/uploads\/2022\/10\/Unibet_Landskrona_3.jpg&#8221; title_text=&#8221;Unibet_Landskrona_3&#8243; align=&#8221;center&#8221; admin_label=&#8221;Bild&#8221; _builder_version=&#8221;4.18.0&#8243; _module_preset=&#8221;default&#8221; custom_margin=&#8221;||0px||false|false&#8221; custom_padding=&#8221;||0px|0px|false|false&#8221; locked=&#8221;off&#8221; global_colors_info=&#8221;{}&#8221;][\/et_pb_image][et_pb_code admin_label=&#8221;Vattentorn&#8221; _builder_version=&#8221;4.18.0&#8243; _module_preset=&#8221;default&#8221; positioning=&#8221;absolute&#8221; position_origin_a=&#8221;top_right&#8221; vertical_offset=&#8221;161px&#8221; horizontal_offset=&#8221;361px&#8221; position_origin_a_last_edited=&#8221;off|desktop&#8221; position_origin_f_last_edited=&#8221;off|desktop&#8221; position_origin_r_last_edited=&#8221;off|desktop&#8221; width=&#8221;50px&#8221; positioning_last_edited=&#8221;off|desktop&#8221; global_colors_info=&#8221;{}&#8221;]<button type=\"button\" data-tip=\"Visa mer info\" class=\"et-fb-button et-fb-button--round et-fb-button--success et-fb-button--tooltip btn-infographics\" id=\"infographics-1\" currentitem=\"false\"><\/p>\n<div class=\"et-fb-icon et-fb-icon--add\" style=\"fill: rgb(255,255,255); width: 28px; min-width: 28px; height: 28px; margin: -6px;\"><svg viewBox=\"7.5 7 13 15\" preserveAspectRatio=\"xMidYMid meet\" shape-rendering=\"geometricPrecision\"><g><path d=\"M18 13h-3v-3a1 1 0 0 0-2 0v3h-3a1 1 0 0 0 0 2h3v3a1 1 0 0 0 2 0v-3h3a1 1 0 0 0 0-2z\" fill-rule=\"evenodd\"><\/path><\/g><\/svg><\/div>\n<p><canvas height=\"0\" width=\"0\" style=\"border-radius: inherit; height: 200%; left: -50%; position: absolute; top: -50%; width: 200%;\"><\/canvas><\/button>[\/et_pb_code][et_pb_code admin_label=&#8221;Landskrona IP&#8221; _builder_version=&#8221;4.18.0&#8243; _module_preset=&#8221;default&#8221; positioning=&#8221;absolute&#8221; position_origin_a=&#8221;bottom_left&#8221; vertical_offset=&#8221;264px&#8221; horizontal_offset=&#8221;420px&#8221; position_origin_a_last_edited=&#8221;off|desktop&#8221; position_origin_f_last_edited=&#8221;off|desktop&#8221; position_origin_r_last_edited=&#8221;off|desktop&#8221; width=&#8221;50px&#8221; positioning_last_edited=&#8221;off|desktop&#8221; global_colors_info=&#8221;{}&#8221;]<button type=\"button\" data-tip=\"Visa mer info\" class=\"et-fb-button et-fb-button--round et-fb-button--success et-fb-button--tooltip btn-infographics\" id=\"infographics-2\" currentitem=\"false\"><\/p>\n<div class=\"et-fb-icon et-fb-icon--add\" style=\"fill: rgb(255,255,255); width: 28px; min-width: 28px; height: 28px; margin: -6px;\"><svg viewBox=\"7.5 7 13 15\" preserveAspectRatio=\"xMidYMid meet\" shape-rendering=\"geometricPrecision\"><g><path d=\"M18 13h-3v-3a1 1 0 0 0-2 0v3h-3a1 1 0 0 0 0 2h3v3a1 1 0 0 0 2 0v-3h3a1 1 0 0 0 0-2z\" fill-rule=\"evenodd\"><\/path><\/g><\/svg><\/div>\n<p><canvas height=\"0\" width=\"0\" style=\"border-radius: inherit; height: 200%; left: -50%; position: absolute; top: -50%; width: 200%;\"><\/canvas><\/button>[\/et_pb_code][et_pb_code admin_label=&#8221;Citadellet&#8221; _builder_version=&#8221;4.18.0&#8243; _module_preset=&#8221;default&#8221; positioning=&#8221;absolute&#8221; vertical_offset=&#8221;362px&#8221; horizontal_offset=&#8221;343px&#8221; z_index=&#8221;130&#8243; position_origin_a_last_edited=&#8221;off|desktop&#8221; position_origin_f_last_edited=&#8221;off|desktop&#8221; position_origin_r_last_edited=&#8221;off|desktop&#8221; width=&#8221;50px&#8221; positioning_last_edited=&#8221;off|desktop&#8221; global_colors_info=&#8221;{}&#8221;]<button type=\"button\" data-tip=\"Visa mer info\" class=\"et-fb-button et-fb-button--round et-fb-button--success et-fb-button--tooltip btn-infographics\" id=\"infographics-4\" currentitem=\"false\"><\/p>\n<div class=\"et-fb-icon et-fb-icon--add\" style=\"fill: rgb(255,255,255); width: 28px; min-width: 28px; height: 28px; margin: -6px;\"><svg viewBox=\"7.5 7 13 15\" preserveAspectRatio=\"xMidYMid meet\" shape-rendering=\"geometricPrecision\"><g><path d=\"M18 13h-3v-3a1 1 0 0 0-2 0v3h-3a1 1 0 0 0 0 2h3v3a1 1 0 0 0 2 0v-3h3a1 1 0 0 0 0-2z\" fill-rule=\"evenodd\"><\/path><\/g><\/svg><\/div>\n<p><canvas height=\"0\" width=\"0\" style=\"border-radius: inherit; height: 200%; left: -50%; position: absolute; top: -50%; width: 200%;\"><\/canvas><\/button>[\/et_pb_code][et_pb_code admin_label=&#8221;Svanarnas stad&#8221; _builder_version=&#8221;4.18.0&#8243; _module_preset=&#8221;default&#8221; positioning=&#8221;absolute&#8221; position_origin_a=&#8221;bottom_right&#8221; vertical_offset=&#8221;281px&#8221; horizontal_offset=&#8221;325px&#8221; z_index=&#8221;130&#8243; position_origin_a_last_edited=&#8221;off|desktop&#8221; position_origin_f_last_edited=&#8221;off|desktop&#8221; position_origin_r_last_edited=&#8221;off|desktop&#8221; width=&#8221;50px&#8221; positioning_last_edited=&#8221;off|desktop&#8221; global_colors_info=&#8221;{}&#8221;]<button type=\"button\" data-tip=\"Visa mer info\" class=\"et-fb-button et-fb-button--round et-fb-button--success et-fb-button--tooltip btn-infographics\" id=\"infographics-5\" currentitem=\"false\"><\/p>\n<div class=\"et-fb-icon et-fb-icon--add\" style=\"fill: rgb(255,255,255); width: 28px; min-width: 28px; height: 28px; margin: -6px;\"><svg viewBox=\"7.5 7 13 15\" preserveAspectRatio=\"xMidYMid meet\" shape-rendering=\"geometricPrecision\"><g><path d=\"M18 13h-3v-3a1 1 0 0 0-2 0v3h-3a1 1 0 0 0 0 2h3v3a1 1 0 0 0 2 0v-3h3a1 1 0 0 0 0-2z\" fill-rule=\"evenodd\"><\/path><\/g><\/svg><\/div>\n<p><canvas height=\"0\" width=\"0\" style=\"border-radius: inherit; height: 200%; left: -50%; position: absolute; top: -50%; width: 200%;\"><\/canvas><\/button>[\/et_pb_code][et_pb_text admin_label=&#8221;T Vattentorn&#8221; module_id=&#8221;modal-infographics-1&#8243; module_class=&#8221;modal-infographics&#8221; _builder_version=&#8221;4.18.0&#8243; _module_preset=&#8221;default&#8221; text_font=&#8221;Arial||||||||&#8221; background_color=&#8221;rgba(0,0,0,0.9)&#8221; positioning=&#8221;absolute&#8221; position_origin_a=&#8221;top_right&#8221; vertical_offset=&#8221;118px&#8221; horizontal_offset=&#8221;409px&#8221; z_index=&#8221;117&#8243; background_layout=&#8221;dark&#8221; width=&#8221;350px&#8221; custom_padding=&#8221;10px|10px|10px|10px|true|true&#8221; custom_css_main_element=&#8221;position:absolute !important;&#8221; border_radii=&#8221;on|6px|6px|6px|6px&#8221; global_colors_info=&#8221;{}&#8221;]<\/p>\n<p><strong>Gamla vattentornet<\/strong><br \/>Landskrona gamla vattentorn\u00a0\u00e4r ett f\u00f6re detta vattentorn. Tornet uppf\u00f6rdes 1904 efter ritningar av den d\u00e5varande stadsarkitekten\u00a0Fredrik Sundb\u00e4rg\u00a0och har en h\u00f6jd p\u00e5 65,9 meter. Vattentornet togs ur bruk 1975 och f\u00f6r 30 \u00e5r sedan omvandlades delar av det till bost\u00e4der.<\/p>\n<p>[\/et_pb_text][et_pb_text admin_label=&#8221;T Landskrona IP&#8221; module_id=&#8221;modal-infographics-2&#8243; module_class=&#8221;modal-infographics&#8221; _builder_version=&#8221;4.18.0&#8243; _module_preset=&#8221;default&#8221; text_font=&#8221;Arial||||||||&#8221; background_color=&#8221;rgba(0,0,0,0.9)&#8221; positioning=&#8221;absolute&#8221; position_origin_a=&#8221;bottom_left&#8221; vertical_offset=&#8221;110px&#8221; horizontal_offset=&#8221;455px&#8221; z_index=&#8221;117&#8243; background_layout=&#8221;dark&#8221; width=&#8221;280px&#8221; custom_padding=&#8221;10px|10px|10px|10px|true|true&#8221; custom_css_main_element=&#8221;position:absolute !important;&#8221; border_radii=&#8221;on|6px|6px|6px|6px&#8221; global_colors_info=&#8221;{}&#8221;]<\/p>\n<p><strong>Landskrona IP<\/strong><br \/>Idrottsplatsen invigdes den 20 juli 1924 av Sveriges d\u00e5varande kronprins och blivande kung\u00a0Gustaf IV Adolf. I folkmun kallas den lokalt vanligtvis f\u00f6r IP. Publikrekordet sattes 1959 d\u00e5 18\u00a0533 personer kom f\u00f6r att bevitta hur hemmalaget f\u00f6ll med 2\u20133 i en allsvensk kvalmatch mot Degerfors.<\/p>\n<p>[\/et_pb_text][et_pb_text admin_label=&#8221;T Citadellet&#8221; module_id=&#8221;modal-infographics-4&#8243; module_class=&#8221;modal-infographics&#8221; _builder_version=&#8221;4.18.0&#8243; _module_preset=&#8221;default&#8221; text_font=&#8221;Arial||||||||&#8221; background_color=&#8221;rgba(0,0,0,0.9)&#8221; positioning=&#8221;absolute&#8221; vertical_offset=&#8221;322px&#8221; horizontal_offset=&#8221;378px&#8221; z_index=&#8221;117&#8243; background_layout=&#8221;dark&#8221; width=&#8221;300px&#8221; custom_padding=&#8221;10px|10px|10px|10px|true|true&#8221; custom_css_main_element=&#8221;position:absolute !important;&#8221; border_radii=&#8221;on|6px|6px|6px|6px&#8221; global_colors_info=&#8221;{}&#8221;]<\/p>\n<p><strong>Citadellet<\/strong><br \/>Citadellet \u2013 eller Landskrona slott som det ibland ocks\u00e5 kallas \u2013 \u00e4r en riksk\u00e4nd f\u00e4stning och en av Nordens b\u00e4st bevarade med ett imponerande vallgravssystem. H\u00e4r l\u00e5g det ocks\u00e5 en g\u00e5ng i tiden ett f\u00e4ngelse och s\u00e5v\u00e4l f\u00e4ngelseh\u00e5la som f\u00e4ngelsetorn finns kvar. I dag anv\u00e4nds det f\u00f6r festarrangemang och guidade visningar.<\/p>\n<p>[\/et_pb_text][et_pb_text admin_label=&#8221;T Bockstensmannen&#8221; module_id=&#8221;modal-infographics-5&#8243; module_class=&#8221;modal-infographics&#8221; _builder_version=&#8221;4.18.0&#8243; _module_preset=&#8221;default&#8221; text_font=&#8221;Arial||||||||&#8221; background_color=&#8221;rgba(0,0,0,0.9)&#8221; positioning=&#8221;absolute&#8221; position_origin_a=&#8221;bottom_right&#8221; vertical_offset=&#8221;100px&#8221; horizontal_offset=&#8221;373px&#8221; z_index=&#8221;117&#8243; background_layout=&#8221;dark&#8221; width=&#8221;320px&#8221; custom_padding=&#8221;10px|10px|10px|10px|true|true&#8221; custom_css_main_element=&#8221;position:absolute !important;&#8221; border_radii=&#8221;on|6px|6px|6px|6px&#8221; global_colors_info=&#8221;{}&#8221;]<\/p>\n<p><strong>Svanarnas stad<\/strong><br \/>M\u00e5nga svenska st\u00e4der kallas f\u00f6r n\u00e5ntings-stad. Exempelvis Smedernas stad (Eskilstuna) eller Knallarnas stad (Bor\u00e5s). Landskrona \u00e4r uppkallat \u00f6ver den stolta f\u00e5geln svanen. En kall vinter p\u00e5 1920-talet tyckte en grosshandlare synd om de sv\u00e4ltande kn\u00f6lsvanarna i hamnen. Han b\u00f6rjade mata dem, och strax blev de s\u00e5 m\u00e5nga att grosshandlaren fick g\u00f6ra en allm\u00e4n insamling. Fortfarande finns det under hela \u00e5ret gott om kn\u00f6lsvan i staden.<\/p>\n<p>[\/et_pb_text][\/et_pb_column][\/et_pb_row][et_pb_row disabled_on=&#8221;off|off|on&#8221; _builder_version=&#8221;4.18.0&#8243; _module_preset=&#8221;default&#8221; width=&#8221;100%&#8221; max_width=&#8221;100%&#8221; custom_margin=&#8221;0px||0px||false|false&#8221; custom_padding=&#8221;0px||0px||false|false&#8221; locked=&#8221;off&#8221; global_colors_info=&#8221;{}&#8221;][et_pb_column type=&#8221;4_4&#8243; _builder_version=&#8221;4.18.0&#8243; _module_preset=&#8221;default&#8221; global_colors_info=&#8221;{}&#8221;][et_pb_image src=&#8221;https:\/\/kampanj.expressen.se\/unibet\/wp-content\/uploads\/2022\/10\/Unibet_Landskrona_3.jpg&#8221; title_text=&#8221;Unibet_Landskrona_3&#8243; align=&#8221;center&#8221; force_fullwidth=&#8221;on&#8221; _builder_version=&#8221;4.18.0&#8243; _module_preset=&#8221;default&#8221; global_colors_info=&#8221;{}&#8221;][\/et_pb_image][\/et_pb_column][\/et_pb_row][et_pb_row disabled_on=&#8221;off|off|on&#8221; _builder_version=&#8221;4.18.0&#8243; _module_preset=&#8221;default&#8221; custom_padding=&#8221;0px||0px||false|false&#8221; locked=&#8221;off&#8221; global_colors_info=&#8221;{}&#8221;][et_pb_column type=&#8221;4_4&#8243; _builder_version=&#8221;4.18.0&#8243; _module_preset=&#8221;default&#8221; global_colors_info=&#8221;{}&#8221;][dica_divi_carousel show_items_tablet=&#8221;1&#8243; multislide=&#8221;on&#8221; centermode=&#8221;on&#8221; loop=&#8221;on&#8221; arrow_nav=&#8221;on&#8221; dot_nav=&#8221;on&#8221; advanced_effect=&#8221;1&#8243; arrow_nav_color=&#8221;#3aaa38&#8243; dots_active_color=&#8221;#3aaa38&#8243; arrow_position=&#8221;middle-outside&#8221; arrow_position_tablet=&#8221;middle-outside&#8221; arrow_position_phone=&#8221;middle-outside&#8221; arrow_position_last_edited=&#8221;on|phone&#8221; arrow_font_size_tablet=&#8221;&#8221; arrow_font_size_phone=&#8221;40px&#8221; arrow_font_size_last_edited=&#8221;on|phone&#8221; _builder_version=&#8221;4.18.0&#8243; _module_preset=&#8221;default&#8221; custom_margin=&#8221;||||false|false&#8221; custom_padding=&#8221;||||false|false&#8221; global_colors_info=&#8221;{}&#8221;][dica_divi_carouselitem title=&#8221;Citadellet&#8221; button_url_new_window=&#8221;1&#8243; _builder_version=&#8221;4.18.0&#8243; _module_preset=&#8221;default&#8221; header_level=&#8221;h2&#8243; header_font=&#8221;Siri Expressen||||||||&#8221; header_text_color=&#8221;#000000&#8243; header_font_size=&#8221;23px&#8221; body_font=&#8221;Arial||||||||&#8221; body_text_align=&#8221;left&#8221; body_text_color=&#8221;#000000&#8243; body_font_size=&#8221;16px&#8221; global_colors_info=&#8221;{}&#8221;]Citadellet \u2013 eller Landskrona slott som det ibland ocks\u00e5 kallas \u2013 \u00e4r en riksk\u00e4nd f\u00e4stning och en av Nordens b\u00e4st bevarade med ett imponerande vallgravssystem. H\u00e4r l\u00e5g det ocks\u00e5 en g\u00e5ng i tiden ett f\u00e4ngelse och s\u00e5v\u00e4l f\u00e4ngelseh\u00e5la som f\u00e4ngelsetorn finns kvar. I dag anv\u00e4nds det f\u00f6r festarrangemang och guidade visningar.[\/dica_divi_carouselitem][dica_divi_carouselitem title=&#8221;Landskrona IP&#8221; button_url_new_window=&#8221;1&#8243; _builder_version=&#8221;4.18.0&#8243; _module_preset=&#8221;default&#8221; header_level=&#8221;h2&#8243; header_font=&#8221;Siri Expressen||||||||&#8221; header_text_color=&#8221;#000000&#8243; header_font_size=&#8221;23px&#8221; body_font=&#8221;Arial||||||||&#8221; body_text_align=&#8221;left&#8221; body_text_color=&#8221;#000000&#8243; body_font_size=&#8221;16px&#8221; global_colors_info=&#8221;{}&#8221;]Idrottsplatsen invigdes den 20 juli 1924 av Sveriges d\u00e5varande kronprins och blivande kung\u00a0Gustaf IV Adolf. I folkmun kallas den lokalt vanligtvis f\u00f6r IP. Publikrekordet sattes 1959 d\u00e5 18\u00a0533 personer kom f\u00f6r att bevitta hur hemmalaget f\u00f6ll med 2\u20133 i en allsvensk kvalmatch mot Degerfors.[\/dica_divi_carouselitem][dica_divi_carouselitem title=&#8221;Gamla vattentornet&#8221; button_url_new_window=&#8221;1&#8243; _builder_version=&#8221;4.18.0&#8243; _module_preset=&#8221;default&#8221; header_level=&#8221;h2&#8243; header_font=&#8221;Siri Expressen||||||||&#8221; header_text_color=&#8221;#000000&#8243; header_font_size=&#8221;23px&#8221; body_font=&#8221;Arial||||||||&#8221; body_text_align=&#8221;left&#8221; body_text_color=&#8221;#000000&#8243; body_font_size=&#8221;16px&#8221; global_colors_info=&#8221;{}&#8221;]Landskrona gamla vattentorn\u00a0\u00e4r ett f\u00f6re detta vattentorn. Tornet uppf\u00f6rdes 1904 efter ritningar av den d\u00e5varande stadsarkitekten\u00a0Fredrik Sundb\u00e4rg\u00a0och har en h\u00f6jd p\u00e5 65,9 meter. Vattentornet togs ur bruk 1975 och f\u00f6r 30 \u00e5r sedan omvandlades delar av det till bost\u00e4der.[\/dica_divi_carouselitem][dica_divi_carouselitem title=&#8221;Svanarnas stad&#8221; button_url_new_window=&#8221;1&#8243; _builder_version=&#8221;4.18.0&#8243; _module_preset=&#8221;default&#8221; header_level=&#8221;h2&#8243; header_font=&#8221;Siri Expressen||||||||&#8221; header_text_color=&#8221;#000000&#8243; header_font_size=&#8221;23px&#8221; body_font=&#8221;Arial||||||||&#8221; body_text_align=&#8221;left&#8221; body_text_color=&#8221;#000000&#8243; body_font_size=&#8221;16px&#8221; global_colors_info=&#8221;{}&#8221;]M\u00e5nga svenska st\u00e4der kallas f\u00f6r n\u00e5ntings-stad. Exempelvis Smedernas stad (Eskilstuna) eller Knallarnas stad (Bor\u00e5s). Landskrona \u00e4r uppkallat \u00f6ver den stolta f\u00e5geln svanen. En kall vinter p\u00e5 1920-talet tyckte en grosshandlare synd om de sv\u00e4ltande kn\u00f6lsvanarna i hamnen. Han b\u00f6rjade mata dem, och strax blev de s\u00e5 m\u00e5nga att grosshandlaren fick g\u00f6ra en allm\u00e4n insamling. Fortfarande finns det under hela \u00e5ret gott om kn\u00f6lsvan i staden.[\/dica_divi_carouselitem][\/dica_divi_carousel][\/et_pb_column][\/et_pb_row][et_pb_row column_structure=&#8221;2_3,1_3&#8243; custom_padding_last_edited=&#8221;on|phone&#8221; _builder_version=&#8221;4.18.0&#8243; _module_preset=&#8221;default&#8221; max_width=&#8221;690px&#8221; custom_margin=&#8221;0px||0px||false|false&#8221; custom_padding=&#8221;0px||0px||false|false&#8221; custom_padding_tablet=&#8221;0px||0px||false|false&#8221; custom_padding_phone=&#8221;0px||30px||false|false&#8221; locked=&#8221;off&#8221; global_colors_info=&#8221;{}&#8221;][et_pb_column type=&#8221;2_3&#8243; _builder_version=&#8221;4.16&#8243; _module_preset=&#8221;default&#8221; global_colors_info=&#8221;{}&#8221;][et_pb_text _builder_version=&#8221;4.17.4&#8243; _module_preset=&#8221;default&#8221; text_font=&#8221;Arial||||||||&#8221; text_text_color=&#8221;#000000&#8243; text_font_size=&#8221;1.13rem&#8221; text_line_height=&#8221;1.5em&#8221; header_font=&#8221;Siri Expressen|700|||||||&#8221; header_3_font=&#8221;Siri Expressen||||||||&#8221; header_3_font_size=&#8221;28px&#8221; custom_margin=&#8221;15px||-5px||false|false&#8221; custom_margin_tablet=&#8221;15px||-5px||false|false&#8221; custom_margin_phone=&#8221;30px||||false|false&#8221; custom_margin_last_edited=&#8221;on|phone&#8221; custom_padding=&#8221;0px||0px||false|false&#8221; locked=&#8221;off&#8221; global_colors_info=&#8221;{}&#8221;]<\/p>\n<h3 class=\"p1\">Nybygge f\u00f6r 900 miljoner<\/h3>\n<p>[\/et_pb_text][et_pb_text _builder_version=&#8221;4.16&#8243; _module_preset=&#8221;default&#8221; text_font=&#8221;Arial||||||||&#8221; text_text_color=&#8221;#000000&#8243; text_font_size=&#8221;1.25rem&#8221; text_line_height=&#8221;1.5em&#8221; header_font=&#8221;Siri Expressen|700|||||||&#8221; header_3_font=&#8221;Siri Expressen||||||||&#8221; custom_margin=&#8221;0px||0px||false|false&#8221; custom_padding=&#8221;0px||||false|false&#8221; locked=&#8221;off&#8221; global_colors_info=&#8221;{}&#8221;]<\/p>\n<p class=\"p1\">Snart ska det gamla rivas f\u00f6r att ge plats \u00e5t nya anl\u00e4ggningar d\u00e4r Landskronaborna b\u00e5de kan r\u00f6ra p\u00e5 sig och titta p\u00e5 andra som idrottar. 900 miljoner kronor ska allt kosta.<\/p>\n<p>[\/et_pb_text][et_pb_text _builder_version=&#8221;4.16&#8243; _module_preset=&#8221;default&#8221; text_font=&#8221;Arial||||||||&#8221; text_text_color=&#8221;#000000&#8243; text_font_size=&#8221;1.25rem&#8221; text_line_height=&#8221;1.5em&#8221; header_font=&#8221;Siri Expressen|700|||||||&#8221; header_3_font=&#8221;Siri Expressen||||||||&#8221; custom_margin=&#8221;0px||0px||false|false&#8221; custom_padding=&#8221;0px||||false|false&#8221; custom_css_main_element=&#8221;text-indent: 20px;||  margin: 0px;||&#8221; locked=&#8221;off&#8221; global_colors_info=&#8221;{}&#8221;]<\/p>\n<p class=\"p1\">Stadens fotbollsklubb ligger n\u00e5gra \u00e5r f\u00f6re kommunen. Landskrona BoIS startade sin renovering \u2013 eller ska vi kalla det rekonstruktion \u2013 redan f\u00f6r drygt fyra \u00e5r sedan.<\/p>\n<p>[\/et_pb_text][dica_divi_carousel advanced_effect=&#8221;1&#8243; _builder_version=&#8221;4.16&#8243; _module_preset=&#8221;default&#8221; global_colors_info=&#8221;{}&#8221;][\/dica_divi_carousel][\/et_pb_column][et_pb_column type=&#8221;1_3&#8243; _builder_version=&#8221;4.16&#8243; _module_preset=&#8221;default&#8221; global_colors_info=&#8221;{}&#8221;][et_pb_image src=&#8221;https:\/\/kampanj.expressen.se\/unibet\/wp-content\/uploads\/2022\/07\/MA_03774_1.jpg&#8221; title_text=&#8221;Fotboll, Landskrona BoIS, reportage&#8221; _builder_version=&#8221;4.17.4&#8243; _module_preset=&#8221;default&#8221; custom_margin=&#8221;||0px||false|false&#8221; custom_margin_tablet=&#8221;||0px||false|false&#8221; custom_margin_phone=&#8221;||15px||false|false&#8221; custom_margin_last_edited=&#8221;on|phone&#8221; custom_padding=&#8221;22px||||false|false&#8221; global_colors_info=&#8221;{}&#8221;][\/et_pb_image][et_pb_text _builder_version=&#8221;4.18.0&#8243; _module_preset=&#8221;default&#8221; text_font=&#8221;Arial||||||||&#8221; text_text_color=&#8221;#000000&#8243; text_font_size=&#8221;16px&#8221; text_line_height=&#8221;1.5em&#8221; header_font=&#8221;Siri Expressen|700|||||||&#8221; header_3_font=&#8221;Siri Expressen||||||||&#8221; header_3_font_size=&#8221;23px&#8221; background_enable_color=&#8221;off&#8221; custom_margin=&#8221;5px||-10px||false|false&#8221; custom_margin_tablet=&#8221;5px||-10px||false|false&#8221; custom_margin_phone=&#8221;-10px||0px||false|false&#8221; custom_margin_last_edited=&#8221;on|phone&#8221; custom_padding=&#8221;|2px||0px|false|false&#8221; locked=&#8221;off&#8221; global_colors_info=&#8221;{}&#8221;]<\/p>\n<p>Domarprofilen Daniel St\u00e5lhammar.<\/p>\n<p>[\/et_pb_text][\/et_pb_column][\/et_pb_row][et_pb_row _builder_version=&#8221;4.16&#8243; _module_preset=&#8221;default&#8221; max_width=&#8221;690px&#8221; custom_margin=&#8221;0px||||false|false&#8221; custom_padding=&#8221;0px||0px||false|false&#8221; locked=&#8221;off&#8221; global_colors_info=&#8221;{}&#8221;][et_pb_column type=&#8221;4_4&#8243; _builder_version=&#8221;4.16&#8243; _module_preset=&#8221;default&#8221; global_colors_info=&#8221;{}&#8221;][et_pb_text _builder_version=&#8221;4.18.0&#8243; _module_preset=&#8221;default&#8221; text_font=&#8221;Arial||||||||&#8221; text_text_color=&#8221;#000000&#8243; text_font_size=&#8221;1.25rem&#8221; text_line_height=&#8221;1.5em&#8221; header_font=&#8221;Siri Expressen|700|||||||&#8221; header_3_font=&#8221;Siri Expressen||||||||&#8221; custom_margin=&#8221;0px||0px||false|false&#8221; custom_padding=&#8221;0px||||false|false&#8221; custom_css_main_element=&#8221;text-indent: 20px;||  margin: 0px;||&#8221; locked=&#8221;off&#8221; global_colors_info=&#8221;{}&#8221;]<\/p>\n<p class=\"p1\">S\u00e5 h\u00e4r var det inf\u00f6r starten av Superettan 2018:<\/p>\n<p>[\/et_pb_text][et_pb_text _builder_version=&#8221;4.17.4&#8243; _module_preset=&#8221;default&#8221; text_font=&#8221;Arial||||||||&#8221; text_text_color=&#8221;#000000&#8243; text_font_size=&#8221;1.25rem&#8221; text_line_height=&#8221;1.5em&#8221; header_font=&#8221;Siri Expressen|700|||||||&#8221; header_3_font=&#8221;Siri Expressen||||||||&#8221; custom_margin=&#8221;0px||0px||false|false&#8221; custom_padding=&#8221;0px||||false|false&#8221; custom_css_main_element=&#8221;text-indent: 20px;||  margin: 0px;||&#8221; locked=&#8221;off&#8221; global_colors_info=&#8221;{}&#8221;]<\/p>\n<p class=\"p1\">Klubben hade minus 2,5 miljoner i eget kapital och stora likviditetsproblem.<\/p>\n<p>[\/et_pb_text][et_pb_text _builder_version=&#8221;4.17.4&#8243; _module_preset=&#8221;default&#8221; text_font=&#8221;Arial||||||||&#8221; text_text_color=&#8221;#000000&#8243; text_font_size=&#8221;1.25rem&#8221; text_line_height=&#8221;1.5em&#8221; header_font=&#8221;Siri Expressen|700|||||||&#8221; header_3_font=&#8221;Siri Expressen||||||||&#8221; custom_margin=&#8221;0px||0px||false|false&#8221; custom_padding=&#8221;0px||||false|false&#8221; custom_css_main_element=&#8221;text-indent: 20px;||  margin: 0px;||&#8221; locked=&#8221;off&#8221; global_colors_info=&#8221;{}&#8221;]<\/p>\n<p class=\"p1\">Det blev turbulenta veckor f\u00f6re \u00e5rsm\u00f6tet. Konflikterna resulterade i att sex av \u00e5tta personer i styrelsen f\u00f6rsvann. Detta sedan ett n\u00e4tverk av supportrar, medlemmar och sponsorer hade lanserat en helt annan styrelsekonstellation \u00e4n valberedningens f\u00f6rslag.<\/p>\n<p>[\/et_pb_text][et_pb_text _builder_version=&#8221;4.17.4&#8243; _module_preset=&#8221;default&#8221; text_font=&#8221;Arial||||||||&#8221; text_text_color=&#8221;#000000&#8243; text_font_size=&#8221;1.25rem&#8221; text_line_height=&#8221;1.5em&#8221; header_font=&#8221;Siri Expressen|700|||||||&#8221; header_3_font=&#8221;Siri Expressen||||||||&#8221; custom_margin=&#8221;0px||0px||false|false&#8221; custom_padding=&#8221;0px||||false|false&#8221; custom_css_main_element=&#8221;text-indent: 20px;||  margin: 0px;||&#8221; locked=&#8221;off&#8221; global_colors_info=&#8221;{}&#8221;]<\/p>\n<p class=\"p1\">Bland de nya som valdes in fanns Daniel St\u00e5lhammar.<\/p>\n<p>[\/et_pb_text][et_pb_text _builder_version=&#8221;4.17.4&#8243; _module_preset=&#8221;default&#8221; text_font=&#8221;Arial||||||||&#8221; text_text_color=&#8221;#000000&#8243; text_font_size=&#8221;1.25rem&#8221; text_line_height=&#8221;1.5em&#8221; header_font=&#8221;Siri Expressen|700|||||||&#8221; header_3_font=&#8221;Siri Expressen||||||||&#8221; custom_margin=&#8221;0px||0px||false|false&#8221; custom_padding=&#8221;0px||||false|false&#8221; custom_css_main_element=&#8221;text-indent: 20px;||  margin: 0px;||&#8221; locked=&#8221;off&#8221; global_colors_info=&#8221;{}&#8221;]<\/p>\n<p class=\"p1\">\u2013 Om jag hade varit full insatt i klubbens ekonomiska situation och vilket ansvar som vilar p\u00e5 en styrelse kanske jag inte hade tackat ja.<\/p>\n<p>[\/et_pb_text][et_pb_image src=&#8221;https:\/\/kampanj.expressen.se\/unibet\/wp-content\/uploads\/2022\/10\/BB221001AB026-new.jpg&#8221; title_text=&#8221;BB221001AB026-new&#8221; _builder_version=&#8221;4.18.0&#8243; _module_preset=&#8221;default&#8221; custom_margin=&#8221;||10px||false|false&#8221; custom_padding=&#8221;30px||||false|false&#8221; global_colors_info=&#8221;{}&#8221;][\/et_pb_image][et_pb_text _builder_version=&#8221;4.18.0&#8243; _module_preset=&#8221;default&#8221; text_font=&#8221;Arial||||||||&#8221; text_text_color=&#8221;#000000&#8243; text_font_size=&#8221;16px&#8221; text_line_height=&#8221;1.5em&#8221; header_font=&#8221;Siri Expressen|700|||||||&#8221; header_3_font=&#8221;Siri Expressen||||||||&#8221; header_3_font_size=&#8221;23px&#8221; background_enable_color=&#8221;off&#8221; custom_margin=&#8221;5px||-10px||false|false&#8221; custom_margin_tablet=&#8221;5px||-10px||false|false&#8221; custom_margin_phone=&#8221;5px||0px||false|false&#8221; custom_margin_last_edited=&#8221;on|phone&#8221; custom_padding=&#8221;|2px|30px|0px|false|false&#8221; custom_padding_tablet=&#8221;|2px|30px|0px|false|false&#8221; custom_padding_phone=&#8221;|2px|10px|0px|false|false&#8221; custom_padding_last_edited=&#8221;on|phone&#8221; locked=&#8221;off&#8221; global_colors_info=&#8221;{}&#8221;]Erik P\u00e4rsson och Melker Heier jublar f\u00f6r Landskrona.[\/et_pb_text][et_pb_text _builder_version=&#8221;4.17.4&#8243; _module_preset=&#8221;default&#8221; text_font=&#8221;Arial||||||||&#8221; text_text_color=&#8221;#000000&#8243; text_font_size=&#8221;1.13rem&#8221; text_line_height=&#8221;1.5em&#8221; header_font=&#8221;Siri Expressen|700|||||||&#8221; header_3_font=&#8221;Siri Expressen||||||||&#8221; header_3_font_size=&#8221;28px&#8221; custom_margin=&#8221;15px||-5px||false|false&#8221; custom_margin_tablet=&#8221;15px||-5px||false|false&#8221; custom_margin_phone=&#8221;30px||||false|false&#8221; custom_margin_last_edited=&#8221;on|phone&#8221; custom_padding=&#8221;0px||0px||false|false&#8221; locked=&#8221;off&#8221; global_colors_info=&#8221;{}&#8221;]<\/p>\n<h3 class=\"p1\">\u201dExtremt jobbig situation\u201d<\/h3>\n<p>[\/et_pb_text][et_pb_text _builder_version=&#8221;4.17.4&#8243; _module_preset=&#8221;default&#8221; text_font=&#8221;Arial||||||||&#8221; text_text_color=&#8221;#000000&#8243; text_font_size=&#8221;1.25rem&#8221; text_line_height=&#8221;1.5em&#8221; header_font=&#8221;Siri Expressen|700|||||||&#8221; header_3_font=&#8221;Siri Expressen||||||||&#8221; custom_margin=&#8221;0px||0px||false|false&#8221; custom_margin_tablet=&#8221;0px||0px||false|false&#8221; custom_margin_phone=&#8221;0px||||false|false&#8221; custom_margin_last_edited=&#8221;on|phone&#8221; custom_padding=&#8221;0px||0px||false|false&#8221; locked=&#8221;off&#8221; global_colors_info=&#8221;{}&#8221;]<\/p>\n<p>2018 blev ett h\u00e5rt f\u00f6rsta \u00e5r f\u00f6r St\u00e5lhammar och hans nya styrelsekamrater.<\/p>\n<p>[\/et_pb_text][et_pb_text _builder_version=&#8221;4.17.4&#8243; _module_preset=&#8221;default&#8221; text_font=&#8221;Arial||||||||&#8221; text_text_color=&#8221;#000000&#8243; text_font_size=&#8221;1.25rem&#8221; text_line_height=&#8221;1.5em&#8221; header_font=&#8221;Siri Expressen|700|||||||&#8221; header_3_font=&#8221;Siri Expressen||||||||&#8221; custom_margin=&#8221;0px||0px||false|false&#8221; custom_padding=&#8221;0px||||false|false&#8221; custom_css_main_element=&#8221;text-indent: 20px;||  margin: 0px;||&#8221; locked=&#8221;off&#8221; global_colors_info=&#8221;{}&#8221;]<\/p>\n<p class=\"p1\">\u2013 Det var en extremt jobbig situation b\u00e5de ekonomiskt och sportsligt. Det var ett st\u00e4djobb d\u00e4r vi tidigt gjorde v\u00e4ldigt mycket f\u00f6r att skapa kostnadskontroll.<\/p>\n<p>[\/et_pb_text][et_pb_text _builder_version=&#8221;4.17.4&#8243; _module_preset=&#8221;default&#8221; text_font=&#8221;Arial||||||||&#8221; text_text_color=&#8221;#000000&#8243; text_font_size=&#8221;1.25rem&#8221; text_line_height=&#8221;1.5em&#8221; header_font=&#8221;Siri Expressen|700|||||||&#8221; header_3_font=&#8221;Siri Expressen||||||||&#8221; custom_margin=&#8221;0px||0px||false|false&#8221; custom_padding=&#8221;0px||||false|false&#8221; custom_css_main_element=&#8221;text-indent: 20px;||  margin: 0px;||&#8221; locked=&#8221;off&#8221; global_colors_info=&#8221;{}&#8221;]<\/p>\n<p class=\"p1\">Det innebar bland annat personalnedsk\u00e4rningar. P\u00e5 fotbollsplanen gjorde nykomlingen ingen succ\u00e9 i Superettan. \u00c5ret slutade med att BoIS tog en po\u00e4ng av 24 p\u00e5 de \u00e5tta sista matcherna och slutade sist i serien.<\/p>\n<p>[\/et_pb_text][et_pb_text _builder_version=&#8221;4.17.4&#8243; _module_preset=&#8221;default&#8221; text_font=&#8221;Arial||||||||&#8221; text_text_color=&#8221;#000000&#8243; text_font_size=&#8221;1.25rem&#8221; text_line_height=&#8221;1.5em&#8221; header_font=&#8221;Siri Expressen|700|||||||&#8221; header_3_font=&#8221;Siri Expressen||||||||&#8221; custom_margin=&#8221;0px||0px||false|false&#8221; custom_padding=&#8221;0px||||false|false&#8221; custom_css_main_element=&#8221;text-indent: 20px;||  margin: 0px;||&#8221; locked=&#8221;off&#8221; global_colors_info=&#8221;{}&#8221;]<\/p>\n<p class=\"p1\">Efter nedflyttningen rekryterades Billy Magnusson och Max M\u00f6lder som tr\u00e4nare. B\u00e5da hade tidigare spelat i Landskrona BoIS.<\/p>\n<p>[\/et_pb_text][et_pb_text _builder_version=&#8221;4.17.4&#8243; _module_preset=&#8221;default&#8221; text_font=&#8221;Arial||||||||&#8221; text_text_color=&#8221;#000000&#8243; text_font_size=&#8221;1.25rem&#8221; text_line_height=&#8221;1.5em&#8221; header_font=&#8221;Siri Expressen|700|||||||&#8221; header_3_font=&#8221;Siri Expressen||||||||&#8221; custom_margin=&#8221;0px||0px||false|false&#8221; custom_padding=&#8221;0px||||false|false&#8221; custom_css_main_element=&#8221;text-indent: 20px;||  margin: 0px;||&#8221; locked=&#8221;off&#8221; global_colors_info=&#8221;{}&#8221;]<\/p>\n<p class=\"p1\">Detta blev b\u00f6rjan p\u00e5 en sportslig v\u00e4ndning och ny inriktning p\u00e5 verksamheten. Den innebar fokus p\u00e5 utveckling, l\u00e5ngsiktighet och lokala spelare.<\/p>\n<p>[\/et_pb_text][et_pb_text _builder_version=&#8221;4.17.4&#8243; _module_preset=&#8221;default&#8221; text_font=&#8221;Arial||||||||&#8221; text_text_color=&#8221;#000000&#8243; text_font_size=&#8221;1.25rem&#8221; text_line_height=&#8221;1.5em&#8221; header_font=&#8221;Siri Expressen|700|||||||&#8221; header_3_font=&#8221;Siri Expressen||||||||&#8221; custom_margin=&#8221;0px||0px||false|false&#8221; custom_padding=&#8221;0px||||false|false&#8221; custom_css_main_element=&#8221;text-indent: 20px;||  margin: 0px;||&#8221; locked=&#8221;off&#8221; global_colors_info=&#8221;{}&#8221;]<\/p>\n<p class=\"p1\">Samtidigt som laget stadigt tog kliv och efter tv\u00e5 \u00e5r i division 1 gjorde comeback i Superettan 2021, s\u00e5 v\u00e4nde klubben rej\u00e4lt p\u00e5 ekonomin.<\/p>\n<p>[\/et_pb_text][et_pb_text _builder_version=&#8221;4.17.4&#8243; _module_preset=&#8221;default&#8221; text_font=&#8221;Arial||||||||&#8221; text_text_color=&#8221;#000000&#8243; text_font_size=&#8221;1.25rem&#8221; text_line_height=&#8221;1.5em&#8221; header_font=&#8221;Siri Expressen|700|||||||&#8221; header_3_font=&#8221;Siri Expressen||||||||&#8221; custom_margin=&#8221;0px||0px||false|false&#8221; custom_padding=&#8221;0px||||false|false&#8221; custom_css_main_element=&#8221;text-indent: 20px;||  margin: 0px;||&#8221; locked=&#8221;off&#8221; global_colors_info=&#8221;{}&#8221;]<\/p>\n<p class=\"p1\">Nu har BoIS ett positivt eget kapital p\u00e5 n\u00e4stan fyra miljoner kronor.<\/p>\n<p>[\/et_pb_text][et_pb_code _builder_version=&#8221;4.18.0&#8243; _module_preset=&#8221;default&#8221; global_colors_info=&#8221;{}&#8221;]<\/p>\n<div id='qualifio_insert_place_1102149' class='qualifio_iframe_wrapper'><\/div>\n<p><!-- [et_pb_line_break_holder] --><script type='text\/javascript'><!-- [et_pb_line_break_holder] -->(function(b,o,n,u,s){var a,t;a=b.createElement(u);a.async=1;a.src=s;t=b.getElementsByTagName(u)[0];t.parentNode.insertBefore(a,t);o[n]=o[n]||[]}) (document,window,'_qual_async','script','https:\/\/files.qualifio.com\/kit\/qualp.2.min.js');<!-- [et_pb_line_break_holder] -->_qual_async.push(['createIframe','qualifio_insert_place_1102149','lifestyle.expressen.se','20','90336092-84B3-4A9D-9A85-363D7CB89A36','100%','1200','','','','max-width:810px;margin:0 auto;']);<!-- [et_pb_line_break_holder] --><\/script>[\/et_pb_code][\/et_pb_column][\/et_pb_row][et_pb_row _builder_version=&#8221;4.17.4&#8243; _module_preset=&#8221;default&#8221; background_color=&#8221;#000000&#8243; use_background_color_gradient=&#8221;on&#8221; background_color_gradient_stops=&#8221;rgba(0,0,0,0.52) 100%|rgba(255,255,255,0) 100%&#8221; background_color_gradient_overlays_image=&#8221;on&#8221; background_image=&#8221;https:\/\/kampanj.expressen.se\/unibet\/wp-content\/uploads\/2022\/07\/MA_03737_1-scaled.jpg&#8221; width=&#8221;1500px&#8221; width_tablet=&#8221;1500px&#8221; width_phone=&#8221;100%&#8221; width_last_edited=&#8221;on|tablet&#8221; max_width=&#8221;100%&#8221; min_height=&#8221;630px&#8221; min_height_tablet=&#8221;630px&#8221; min_height_phone=&#8221;330px&#8221; min_height_last_edited=&#8221;on|tablet&#8221; height=&#8221;330px&#8221; max_height=&#8221;330px&#8221; custom_margin=&#8221;40px||40px||false|false&#8221; custom_margin_tablet=&#8221;40px||40px||false|false&#8221; custom_margin_phone=&#8221;30px||30px||false|false&#8221; custom_margin_last_edited=&#8221;on|phone&#8221; custom_padding=&#8221;||||false|false&#8221; locked=&#8221;off&#8221; global_colors_info=&#8221;{}&#8221;][et_pb_column type=&#8221;4_4&#8243; _builder_version=&#8221;4.16&#8243; _module_preset=&#8221;default&#8221; global_colors_info=&#8221;{}&#8221;][et_pb_text disabled_on=&#8221;on|on|off&#8221; _builder_version=&#8221;4.18.0&#8243; _module_preset=&#8221;default&#8221; text_font=&#8221;Siri Expressen||||||||&#8221; text_text_color=&#8221;#FFFFFF&#8221; text_font_size=&#8221;60px&#8221; text_line_height=&#8221;1em&#8221; header_4_font=&#8221;Arial|700|||||||&#8221; header_4_text_color=&#8221;#FFFFFF&#8221; header_4_line_height=&#8221;1.2em&#8221; background_enable_color=&#8221;off&#8221; text_orientation=&#8221;center&#8221; width=&#8221;780px&#8221; module_alignment=&#8221;center&#8221; custom_margin=&#8221;217px||||false|false&#8221; custom_margin_tablet=&#8221;211px|0px||0px|false|false&#8221; custom_margin_phone=&#8221;86px|0px||0px|false|false&#8221; custom_margin_last_edited=&#8221;off|desktop&#8221; custom_padding=&#8221;0px||0px||false|false&#8221; custom_padding_tablet=&#8221;|30px||30px|false|false&#8221; custom_padding_phone=&#8221;|30px||30px|false|false&#8221; custom_padding_last_edited=&#8221;off|desktop&#8221; animation_style=&#8221;fade&#8221; scroll_fade=&#8221;0|30|30|100|0|100|100&#8243; text_font_size_tablet=&#8221;60px&#8221; text_font_size_phone=&#8221;30px&#8221; text_font_size_last_edited=&#8221;on|desktop&#8221; global_colors_info=&#8221;{}&#8221;]<\/p>\n<p>\u201dLandskrona vill och ska st\u00e5 f\u00f6r en anfallsglad och kreativ fotboll.\u201d<\/p>\n<h4>ERIK EDMAN, sportchef<\/h4>\n<p>[\/et_pb_text][\/et_pb_column][\/et_pb_row][et_pb_row column_structure=&#8221;2_3,1_3&#8243; _builder_version=&#8221;4.17.4&#8243; _module_preset=&#8221;default&#8221; max_width=&#8221;690px&#8221; custom_margin=&#8221;0px||0px||false|false&#8221; custom_padding=&#8221;0px||0px||false|false&#8221; locked=&#8221;off&#8221; global_colors_info=&#8221;{}&#8221;][et_pb_column type=&#8221;2_3&#8243; _builder_version=&#8221;4.16&#8243; _module_preset=&#8221;default&#8221; global_colors_info=&#8221;{}&#8221;][et_pb_text _builder_version=&#8221;4.17.4&#8243; _module_preset=&#8221;default&#8221; text_font=&#8221;Arial||||||||&#8221; text_text_color=&#8221;#000000&#8243; text_font_size=&#8221;1.13rem&#8221; text_line_height=&#8221;1.5em&#8221; header_font=&#8221;Siri Expressen|700|||||||&#8221; header_3_font=&#8221;Siri Expressen||||||||&#8221; header_3_font_size=&#8221;28px&#8221; custom_margin=&#8221;15px||-5px||false|false&#8221; custom_margin_tablet=&#8221;15px||-5px||false|false&#8221; custom_margin_phone=&#8221;30px||||false|false&#8221; custom_margin_last_edited=&#8221;on|phone&#8221; custom_padding=&#8221;0px||0px||false|false&#8221; locked=&#8221;off&#8221; global_colors_info=&#8221;{}&#8221;]<\/p>\n<h3 class=\"p1\">Annonsen lockade Edman<\/h3>\n<p>[\/et_pb_text][et_pb_text _builder_version=&#8221;4.17.4&#8243; _module_preset=&#8221;default&#8221; text_font=&#8221;Arial||||||||&#8221; text_text_color=&#8221;#000000&#8243; text_font_size=&#8221;1.25rem&#8221; text_line_height=&#8221;1.5em&#8221; header_font=&#8221;Siri Expressen|700|||||||&#8221; header_3_font=&#8221;Siri Expressen||||||||&#8221; custom_margin=&#8221;0px||0px||false|false&#8221; custom_margin_tablet=&#8221;0px||0px||false|false&#8221; custom_margin_phone=&#8221;0px||||false|false&#8221; custom_margin_last_edited=&#8221;on|phone&#8221; custom_padding=&#8221;0px||0px||false|false&#8221; locked=&#8221;off&#8221; global_colors_info=&#8221;{}&#8221;]<\/p>\n<p class=\"p1\">Fram till i v\u00e5ras var Erik Edman tv-expert och tr\u00e4nare i division 2-laget Hittarp.<\/p>\n<p>[\/et_pb_text][et_pb_text _builder_version=&#8221;4.17.4&#8243; _module_preset=&#8221;default&#8221; text_font=&#8221;Arial||||||||&#8221; text_text_color=&#8221;#000000&#8243; text_font_size=&#8221;1.25rem&#8221; text_line_height=&#8221;1.5em&#8221; header_font=&#8221;Siri Expressen|700|||||||&#8221; header_3_font=&#8221;Siri Expressen||||||||&#8221; custom_margin=&#8221;0px||0px||false|false&#8221; custom_margin_tablet=&#8221;0px||0px||false|false&#8221; custom_margin_phone=&#8221;0px||||false|false&#8221; custom_margin_last_edited=&#8221;on|phone&#8221; custom_padding=&#8221;0px||0px||false|false&#8221; custom_css_main_element=&#8221;text-indent: 20px;||  margin: 0px;||&#8221; locked=&#8221;off&#8221; global_colors_info=&#8221;{}&#8221;]<\/p>\n<p>Men allt \u00e4ndrades efter att han fick syn p\u00e5 en platsannons i Helsingborgs Dagblad. Landskrona BoIS s\u00f6kte en sportchef.<\/p>\n<p>[\/et_pb_text][et_pb_text _builder_version=&#8221;4.17.4&#8243; _module_preset=&#8221;default&#8221; text_font=&#8221;Arial||||||||&#8221; text_text_color=&#8221;#000000&#8243; text_font_size=&#8221;1.25rem&#8221; text_line_height=&#8221;1.5em&#8221; header_font=&#8221;Siri Expressen|700|||||||&#8221; header_3_font=&#8221;Siri Expressen||||||||&#8221; custom_margin=&#8221;0px||0px||false|false&#8221; custom_margin_tablet=&#8221;0px||0px||false|false&#8221; custom_margin_phone=&#8221;0px||||false|false&#8221; custom_margin_last_edited=&#8221;on|phone&#8221; custom_padding=&#8221;0px||0px||false|false&#8221; custom_css_main_element=&#8221;text-indent: 20px;||  margin: 0px;||&#8221; locked=&#8221;off&#8221; global_colors_info=&#8221;{}&#8221;]<\/p>\n<p class=\"p1\">\u2013 Jag tyckte att det l\u00e4t intressant. Jag fick en kontakt med klubbchefen Michel Ekberg och sedan hade vi ett antal m\u00f6ten med Daniel och n\u00e5gra till d\u00e4r vi k\u00e4nde p\u00e5 varandra.<\/p>\n<p>[\/et_pb_text][et_pb_text _builder_version=&#8221;4.17.4&#8243; _module_preset=&#8221;default&#8221; text_font=&#8221;Arial||||||||&#8221; text_text_color=&#8221;#000000&#8243; text_font_size=&#8221;1.25rem&#8221; text_line_height=&#8221;1.5em&#8221; header_font=&#8221;Siri Expressen|700|||||||&#8221; header_3_font=&#8221;Siri Expressen||||||||&#8221; custom_margin=&#8221;0px||0px||false|false&#8221; custom_margin_tablet=&#8221;0px||0px||false|false&#8221; custom_margin_phone=&#8221;0px||||false|false&#8221; custom_margin_last_edited=&#8221;on|phone&#8221; custom_padding=&#8221;0px||0px||false|false&#8221; custom_css_main_element=&#8221;text-indent: 20px;||  margin: 0px;||&#8221; locked=&#8221;off&#8221; global_colors_info=&#8221;{}&#8221;]<\/p>\n<p class=\"p1\">I maj presenterades den f\u00f6rre landslagsbacken som BoIS nya sportchef.<\/p>\n<p>[\/et_pb_text][et_pb_text _builder_version=&#8221;4.17.4&#8243; _module_preset=&#8221;default&#8221; text_font=&#8221;Arial||||||||&#8221; text_text_color=&#8221;#000000&#8243; text_font_size=&#8221;1.25rem&#8221; text_line_height=&#8221;1.5em&#8221; header_font=&#8221;Siri Expressen|700|||||||&#8221; header_3_font=&#8221;Siri Expressen||||||||&#8221; custom_margin=&#8221;0px||0px|20px|false|false&#8221; custom_padding=&#8221;0px||||false|false&#8221; locked=&#8221;off&#8221; global_colors_info=&#8221;{}&#8221;]<\/p>\n<p class=\"p1\"><b>Varf\u00f6r ville du ha detta f\u00f6r dig helt nya jobb just nu?<\/b><\/p>\n<p>[\/et_pb_text][et_pb_text _builder_version=&#8221;4.17.4&#8243; _module_preset=&#8221;default&#8221; text_font=&#8221;Arial||||||||&#8221; text_text_color=&#8221;#000000&#8243; text_font_size=&#8221;1.25rem&#8221; text_line_height=&#8221;1.5em&#8221; header_font=&#8221;Siri Expressen|700|||||||&#8221; header_3_font=&#8221;Siri Expressen||||||||&#8221; custom_margin=&#8221;0px||0px||false|false&#8221; custom_margin_tablet=&#8221;0px||0px||false|false&#8221; custom_margin_phone=&#8221;0px||||false|false&#8221; custom_margin_last_edited=&#8221;on|phone&#8221; custom_padding=&#8221;0px||0px||false|false&#8221; custom_css_main_element=&#8221;text-indent: 20px;||  margin: 0px;||&#8221; locked=&#8221;off&#8221; global_colors_info=&#8221;{}&#8221;]<\/p>\n<p class=\"p1\">\u2013 Just att det \u00e4r nytt f\u00f6r mig, det triggar. Det \u00e4r intressant med ett nytt yrke d\u00e4r jag beh\u00f6ver l\u00e4ra mig saker. Och det intryck jag f\u00e5tt utifr\u00e5n av hur f\u00f6reningen har arbetat de senaste fyra \u00e5ren var v\u00e4ldigt positivt.<\/p>\n<p>[\/et_pb_text][dica_divi_carousel advanced_effect=&#8221;1&#8243; _builder_version=&#8221;4.16&#8243; _module_preset=&#8221;default&#8221; global_colors_info=&#8221;{}&#8221;][\/dica_divi_carousel][\/et_pb_column][et_pb_column type=&#8221;1_3&#8243; _builder_version=&#8221;4.17.4&#8243; _module_preset=&#8221;default&#8221; background_color=&#8221;RGBA(255,255,255,0)&#8221; global_colors_info=&#8221;{}&#8221;][et_pb_image src=&#8221;https:\/\/kampanj.expressen.se\/unibet\/wp-content\/uploads\/2022\/07\/AV2I3697-scaled.jpg&#8221; title_text=&#8221;Fotboll, Landskrona BoIS, reportage&#8221; _builder_version=&#8221;4.17.4&#8243; _module_preset=&#8221;default&#8221; transform_rotate=&#8221;0deg|0deg|-3deg&#8221; width=&#8221;330px&#8221; custom_margin=&#8221;66px||||false|false&#8221; custom_margin_tablet=&#8221;66px||||false|false&#8221; custom_margin_phone=&#8221;6px||||false|false&#8221; custom_margin_last_edited=&#8221;on|phone&#8221; border_width_all=&#8221;15px&#8221; border_color_all=&#8221;#FFFFFF&#8221; box_shadow_style=&#8221;preset1&#8243; global_colors_info=&#8221;{}&#8221;][\/et_pb_image][et_pb_image src=&#8221;https:\/\/kampanj.expressen.se\/unibet\/wp-content\/uploads\/2022\/07\/AV2I3680-scaled.jpg&#8221; title_text=&#8221;Fotboll, Landskrona BoIS, reportage&#8221; _builder_version=&#8221;4.17.4&#8243; _module_preset=&#8221;default&#8221; transform_rotate=&#8221;0deg|0deg|2deg&#8221; width=&#8221;330px&#8221; custom_margin=&#8221;-25px|||60px|false|false&#8221; border_width_all=&#8221;15px&#8221; border_color_all=&#8221;#FFFFFF&#8221; box_shadow_style=&#8221;preset1&#8243; global_colors_info=&#8221;{}&#8221;][\/et_pb_image][et_pb_text _builder_version=&#8221;4.18.0&#8243; _module_preset=&#8221;default&#8221; text_font=&#8221;Arial||||||||&#8221; text_text_color=&#8221;#000000&#8243; text_font_size=&#8221;16px&#8221; text_line_height=&#8221;1.5em&#8221; header_font=&#8221;Siri Expressen|700|||||||&#8221; header_3_font=&#8221;Siri Expressen||||||||&#8221; header_3_font_size=&#8221;23px&#8221; background_enable_color=&#8221;off&#8221; width=&#8221;250px&#8221; custom_margin=&#8221;-5px||-10px|60px|false|false&#8221; custom_margin_tablet=&#8221;5px||-10px||false|false&#8221; custom_margin_phone=&#8221;-10px||0px||false|false&#8221; custom_margin_last_edited=&#8221;on|phone&#8221; custom_padding=&#8221;|2px|50px|0px|false|false&#8221; locked=&#8221;off&#8221; global_colors_info=&#8221;{}&#8221;]Nya sportchefen Erik Edman.[\/et_pb_text][\/et_pb_column][\/et_pb_row][et_pb_row _builder_version=&#8221;4.17.4&#8243; _module_preset=&#8221;default&#8221; max_width=&#8221;690px&#8221; custom_margin=&#8221;0px||0px||false|false&#8221; custom_padding=&#8221;0px||0px||false|false&#8221; locked=&#8221;off&#8221; global_colors_info=&#8221;{}&#8221;][et_pb_column type=&#8221;4_4&#8243; _builder_version=&#8221;4.16&#8243; _module_preset=&#8221;default&#8221; global_colors_info=&#8221;{}&#8221;][et_pb_text _builder_version=&#8221;4.17.4&#8243; _module_preset=&#8221;default&#8221; text_font=&#8221;Arial||||||||&#8221; text_text_color=&#8221;#000000&#8243; text_font_size=&#8221;1.25rem&#8221; text_line_height=&#8221;1.5em&#8221; header_font=&#8221;Siri Expressen|700|||||||&#8221; header_3_font=&#8221;Siri Expressen||||||||&#8221; custom_margin=&#8221;0px||0px|20px|false|false&#8221; custom_padding=&#8221;0px||||false|false&#8221; locked=&#8221;off&#8221; global_colors_info=&#8221;{}&#8221;]<\/p>\n<p class=\"p1\"><strong>Vad \u00e4r det du gillar i det du har sett?<\/strong><\/p>\n<p>[\/et_pb_text][et_pb_text _builder_version=&#8221;4.17.4&#8243; _module_preset=&#8221;default&#8221; text_font=&#8221;Arial||||||||&#8221; text_text_color=&#8221;#000000&#8243; text_font_size=&#8221;1.25rem&#8221; text_line_height=&#8221;1.5em&#8221; header_font=&#8221;Siri Expressen|700|||||||&#8221; header_3_font=&#8221;Siri Expressen||||||||&#8221; custom_margin=&#8221;0px||0px||false|false&#8221; custom_margin_tablet=&#8221;0px||0px||false|false&#8221; custom_margin_phone=&#8221;0px||||false|false&#8221; custom_margin_last_edited=&#8221;on|phone&#8221; custom_padding=&#8221;0px||0px||false|false&#8221; custom_css_main_element=&#8221;text-indent: 20px;||  margin: 0px;||&#8221; locked=&#8221;off&#8221; global_colors_info=&#8221;{}&#8221;]<\/p>\n<p class=\"p1\">\u2013 Jag upplever verkligen att f\u00f6reningen har en tydlig strategi f\u00f6r vad man vill g\u00f6ra. Landskrona vill och ska st\u00e5 f\u00f6r en anfallsglad och kreativ fotboll. Trots att blev en tuff start i Superettan i \u00e5r har laget h\u00e5llit fast vid sin strategi och identitet, och det imponerar p\u00e5 mig.<\/p>\n<p>[\/et_pb_text][et_pb_image src=&#8221;https:\/\/kampanj.expressen.se\/unibet\/wp-content\/uploads\/2022\/07\/AV2I3769-scaled.jpg&#8221; title_text=&#8221;Fotboll, Landskrona BoIS, reportage&#8221; _builder_version=&#8221;4.17.4&#8243; _module_preset=&#8221;default&#8221; custom_margin=&#8221;||10px||false|false&#8221; custom_padding=&#8221;30px||||false|false&#8221; locked=&#8221;off&#8221; global_colors_info=&#8221;{}&#8221;][\/et_pb_image][et_pb_text _builder_version=&#8221;4.18.0&#8243; _module_preset=&#8221;default&#8221; text_font=&#8221;Arial||||||||&#8221; text_text_color=&#8221;#000000&#8243; text_font_size=&#8221;16px&#8221; text_line_height=&#8221;1.5em&#8221; header_font=&#8221;Siri Expressen|700|||||||&#8221; header_3_font=&#8221;Siri Expressen||||||||&#8221; header_3_font_size=&#8221;23px&#8221; background_enable_color=&#8221;off&#8221; custom_margin=&#8221;5px||||false|false&#8221; custom_margin_tablet=&#8221;5px||-10px||false|false&#8221; custom_margin_phone=&#8221;-5px||0px||false|false&#8221; custom_margin_last_edited=&#8221;on|phone&#8221; custom_padding=&#8221;||||false|false&#8221; locked=&#8221;off&#8221; global_colors_info=&#8221;{}&#8221;]<\/p>\n<p>Randiga tr\u00f6jor leder till bra uttryck.<\/p>\n<p>[\/et_pb_text][dica_divi_carousel advanced_effect=&#8221;1&#8243; _builder_version=&#8221;4.16&#8243; _module_preset=&#8221;default&#8221; global_colors_info=&#8221;{}&#8221;][\/dica_divi_carousel][\/et_pb_column][\/et_pb_row][et_pb_row _builder_version=&#8221;4.16&#8243; _module_preset=&#8221;default&#8221; max_width=&#8221;690px&#8221; custom_margin=&#8221;0px||0px||false|false&#8221; custom_padding=&#8221;0px||0px||false|false&#8221; locked=&#8221;off&#8221; global_colors_info=&#8221;{}&#8221;][et_pb_column type=&#8221;4_4&#8243; _builder_version=&#8221;4.16&#8243; _module_preset=&#8221;default&#8221; global_colors_info=&#8221;{}&#8221;][dica_divi_carousel advanced_effect=&#8221;1&#8243; _builder_version=&#8221;4.16&#8243; _module_preset=&#8221;default&#8221; global_colors_info=&#8221;{}&#8221;][\/dica_divi_carousel][et_pb_text _builder_version=&#8221;4.17.4&#8243; _module_preset=&#8221;default&#8221; text_font=&#8221;Arial||||||||&#8221; text_text_color=&#8221;#000000&#8243; text_font_size=&#8221;1.13rem&#8221; text_line_height=&#8221;1.5em&#8221; header_font=&#8221;Siri Expressen|700|||||||&#8221; header_3_font=&#8221;Siri Expressen||||||||&#8221; header_3_font_size=&#8221;28px&#8221; custom_margin=&#8221;15px||-5px||false|false&#8221; custom_margin_tablet=&#8221;15px||-5px||false|false&#8221; custom_margin_phone=&#8221;30px||||false|false&#8221; custom_margin_last_edited=&#8221;on|phone&#8221; custom_padding=&#8221;0px||0px||false|false&#8221; locked=&#8221;off&#8221; global_colors_info=&#8221;{}&#8221;]<\/p>\n<h3 class=\"p1\">Vill st\u00e4rka identiteten<\/h3>\n<p>[\/et_pb_text][et_pb_text _builder_version=&#8221;4.16&#8243; _module_preset=&#8221;default&#8221; text_font=&#8221;Arial||||||||&#8221; text_text_color=&#8221;#000000&#8243; text_font_size=&#8221;1.25rem&#8221; text_line_height=&#8221;1.5em&#8221; header_font=&#8221;Siri Expressen|700|||||||&#8221; header_3_font=&#8221;Siri Expressen||||||||&#8221; custom_margin=&#8221;0px||0px||false|false&#8221; custom_padding=&#8221;0px||||false|false&#8221; locked=&#8221;off&#8221; global_colors_info=&#8221;{}&#8221;]<\/p>\n<p class=\"p1\">P\u00e5 v\u00e4ggen i klubbkansliets konferensrum st\u00e5r det med stora svarta bokst\u00e4ver p\u00e5 den vita v\u00e4ggen: \u201dR\u00e4nderna g\u00e5r aldrig ur\u201d.<\/p>\n<p>[\/et_pb_text][\/et_pb_column][\/et_pb_row][et_pb_row column_structure=&#8221;2_3,1_3&#8243; _builder_version=&#8221;4.17.4&#8243; _module_preset=&#8221;default&#8221; max_width=&#8221;690px&#8221; custom_margin=&#8221;0px||0px||false|false&#8221; custom_padding=&#8221;0px||0px||false|false&#8221; locked=&#8221;off&#8221; global_colors_info=&#8221;{}&#8221;][et_pb_column type=&#8221;2_3&#8243; _builder_version=&#8221;4.16&#8243; _module_preset=&#8221;default&#8221; global_colors_info=&#8221;{}&#8221;][et_pb_text _builder_version=&#8221;4.16&#8243; _module_preset=&#8221;default&#8221; text_font=&#8221;Arial||||||||&#8221; text_text_color=&#8221;#000000&#8243; text_font_size=&#8221;1.25rem&#8221; text_line_height=&#8221;1.5em&#8221; header_font=&#8221;Siri Expressen|700|||||||&#8221; header_3_font=&#8221;Siri Expressen||||||||&#8221; custom_margin=&#8221;0px||0px||false|false&#8221; custom_padding=&#8221;0px||||false|false&#8221; custom_css_main_element=&#8221;text-indent: 20px;||  margin: 0px;||&#8221; locked=&#8221;off&#8221; global_colors_info=&#8221;{}&#8221;]<\/p>\n<p class=\"p1\">Visst finns de svarta och vita r\u00e4nderna kvar, men det \u00e4r \u00e4nd\u00e5 n\u00e5got nytt som BoIS nu skapar. B\u00e5de St\u00e5lhammar och Edman \u00e5terkommer ofta till ordet identitet.<\/p>\n<p>[\/et_pb_text][et_pb_text _builder_version=&#8221;4.16&#8243; _module_preset=&#8221;default&#8221; text_font=&#8221;Arial||||||||&#8221; text_text_color=&#8221;#000000&#8243; text_font_size=&#8221;1.25rem&#8221; text_line_height=&#8221;1.5em&#8221; header_font=&#8221;Siri Expressen|700|||||||&#8221; header_3_font=&#8221;Siri Expressen||||||||&#8221; custom_margin=&#8221;0px||0px||false|false&#8221; custom_padding=&#8221;0px||||false|false&#8221; custom_css_main_element=&#8221;text-indent: 20px;||  margin: 0px;||&#8221; locked=&#8221;off&#8221; global_colors_info=&#8221;{}&#8221;]<\/p>\n<p class=\"p1\">\u2013 Det handlar b\u00e5de om tr\u00e4ningsmetodik, om spelm\u00e4ssig identitet och om hur man rekryterar. Det \u00e4r som med matlagning. Det \u00e4r roligare om man hittar lokala r\u00e5varor. Publik och sponsorer blir mer attraherade om vi har spelare som \u00e4r fostrade i regionen h\u00e4r runtomkring. En viktig del av mitt arbete \u00e4r att st\u00e4rka den identitet som Landskrona nu har satt.<\/p>\n<p>[\/et_pb_text][\/et_pb_column][et_pb_column type=&#8221;1_3&#8243; _builder_version=&#8221;4.16&#8243; _module_preset=&#8221;default&#8221; global_colors_info=&#8221;{}&#8221;][et_pb_image src=&#8221;https:\/\/kampanj.expressen.se\/unibet\/wp-content\/uploads\/2022\/10\/BB220723CB053-new.jpg&#8221; title_text=&#8221;BB220723CB053-new&#8221; _builder_version=&#8221;4.18.0&#8243; _module_preset=&#8221;default&#8221; custom_margin=&#8221;2px||10px||false|false&#8221; custom_padding=&#8221;0px||||false|false&#8221; locked=&#8221;off&#8221; global_colors_info=&#8221;{}&#8221;][\/et_pb_image][et_pb_text _builder_version=&#8221;4.18.0&#8243; _module_preset=&#8221;default&#8221; text_font=&#8221;Arial||||||||&#8221; text_text_color=&#8221;#000000&#8243; text_font_size=&#8221;16px&#8221; text_line_height=&#8221;1.5em&#8221; header_font=&#8221;Siri Expressen|700|||||||&#8221; header_3_font=&#8221;Siri Expressen||||||||&#8221; header_3_font_size=&#8221;23px&#8221; background_enable_color=&#8221;off&#8221; custom_margin=&#8221;5px||-10px||false|false&#8221; custom_margin_tablet=&#8221;5px||-10px||false|false&#8221; custom_margin_phone=&#8221;-10px||0px||false|false&#8221; custom_margin_last_edited=&#8221;on|phone&#8221; custom_padding=&#8221;|2px|50px|0px|false|false&#8221; locked=&#8221;off&#8221; global_colors_info=&#8221;{}&#8221;]Edman funderar.[\/et_pb_text][\/et_pb_column][\/et_pb_row][et_pb_row _builder_version=&#8221;4.17.4&#8243; _module_preset=&#8221;default&#8221; max_width=&#8221;690px&#8221; custom_margin=&#8221;0px||0px||false|false&#8221; custom_padding=&#8221;0px||0px||false|false&#8221; locked=&#8221;off&#8221; global_colors_info=&#8221;{}&#8221;][et_pb_column type=&#8221;4_4&#8243; _builder_version=&#8221;4.16&#8243; _module_preset=&#8221;default&#8221; global_colors_info=&#8221;{}&#8221;][et_pb_text _builder_version=&#8221;4.18.0&#8243; _module_preset=&#8221;default&#8221; text_font=&#8221;Arial||||||||&#8221; text_text_color=&#8221;#000000&#8243; text_font_size=&#8221;1.25rem&#8221; text_line_height=&#8221;1.5em&#8221; header_font=&#8221;Siri Expressen|700|||||||&#8221; header_3_font=&#8221;Siri Expressen||||||||&#8221; custom_margin=&#8221;0px||0px|20px|false|false&#8221; custom_padding=&#8221;0px||||false|false&#8221; locked=&#8221;off&#8221; global_colors_info=&#8221;{}&#8221;]<\/p>\n<p class=\"p1\"><strong>Varf\u00f6r passar Erik Edman in i det nya BoIS?<\/strong><\/p>\n<p>[\/et_pb_text][et_pb_text _builder_version=&#8221;4.16&#8243; _module_preset=&#8221;default&#8221; text_font=&#8221;Arial||||||||&#8221; text_text_color=&#8221;#000000&#8243; text_font_size=&#8221;1.25rem&#8221; text_line_height=&#8221;1.5em&#8221; header_font=&#8221;Siri Expressen|700|||||||&#8221; header_3_font=&#8221;Siri Expressen||||||||&#8221; custom_margin=&#8221;0px||0px||false|false&#8221; custom_padding=&#8221;0px||||false|false&#8221; custom_css_main_element=&#8221;text-indent: 20px;||  margin: 0px;||&#8221; locked=&#8221;off&#8221; global_colors_info=&#8221;{}&#8221;]<\/p>\n<p class=\"p1\">Daniel St\u00e5lhammar svarar:<\/p>\n<p>[\/et_pb_text][et_pb_text _builder_version=&#8221;4.16&#8243; _module_preset=&#8221;default&#8221; text_font=&#8221;Arial||||||||&#8221; text_text_color=&#8221;#000000&#8243; text_font_size=&#8221;1.25rem&#8221; text_line_height=&#8221;1.5em&#8221; header_font=&#8221;Siri Expressen|700|||||||&#8221; header_3_font=&#8221;Siri Expressen||||||||&#8221; custom_margin=&#8221;0px||0px||false|false&#8221; custom_padding=&#8221;0px||||false|false&#8221; custom_css_main_element=&#8221;text-indent: 20px;||  margin: 0px;||&#8221; locked=&#8221;off&#8221; global_colors_info=&#8221;{}&#8221;]<\/p>\n<p class=\"p1\">\u2013 Den bild vi har f\u00e5tt av Erik tidigare, och den f\u00f6rst\u00e4rktes under rekryteringsprocessen, \u00e4r att han tror v\u00e4ldigt mycket p\u00e5 kontinuitet, att bygga och skapa en utvecklande milj\u00f6 f\u00f6r spelarna. P\u00e5 s\u00e5 vis tror vi att han \u00e4r r\u00e4tt person f\u00f6r att vara sportsligt ansvarig. Sen har han ocks\u00e5 erfarenhet fr\u00e5n sin egna spelarkarri\u00e4r, och det \u00e4r en j\u00e4kla bonus.<\/p>\n<p>[\/et_pb_text][\/et_pb_column][\/et_pb_row][et_pb_row _builder_version=&#8221;4.17.4&#8243; _module_preset=&#8221;default&#8221; background_color=&#8221;#000000&#8243; use_background_color_gradient=&#8221;on&#8221; background_color_gradient_stops=&#8221;rgba(0,0,0,0.38) 100%|rgba(255,255,255,0) 100%&#8221; background_color_gradient_overlays_image=&#8221;on&#8221; background_image=&#8221;https:\/\/kampanj.expressen.se\/unibet\/wp-content\/uploads\/2022\/07\/AV2I3736_1-scaled.jpg&#8221; width=&#8221;1500px&#8221; width_tablet=&#8221;1500px&#8221; width_phone=&#8221;100%&#8221; width_last_edited=&#8221;on|tablet&#8221; max_width=&#8221;100%&#8221; min_height=&#8221;630px&#8221; min_height_tablet=&#8221;630px&#8221; min_height_phone=&#8221;330px&#8221; min_height_last_edited=&#8221;on|tablet&#8221; height=&#8221;330px&#8221; max_height=&#8221;330px&#8221; custom_margin=&#8221;40px||40px||false|false&#8221; custom_margin_tablet=&#8221;40px||40px||false|false&#8221; custom_margin_phone=&#8221;30px||30px||false|false&#8221; custom_margin_last_edited=&#8221;on|phone&#8221; custom_padding=&#8221;||||false|false&#8221; locked=&#8221;off&#8221; global_colors_info=&#8221;{}&#8221;][et_pb_column type=&#8221;4_4&#8243; _builder_version=&#8221;4.16&#8243; _module_preset=&#8221;default&#8221; global_colors_info=&#8221;{}&#8221;][et_pb_text disabled_on=&#8221;on|on|off&#8221; _builder_version=&#8221;4.18.0&#8243; _module_preset=&#8221;default&#8221; text_font=&#8221;Siri Expressen||||||||&#8221; text_text_color=&#8221;#FFFFFF&#8221; text_font_size=&#8221;55px&#8221; text_line_height=&#8221;1em&#8221; header_4_font=&#8221;Arial|700|||||||&#8221; header_4_text_color=&#8221;#FFFFFF&#8221; header_4_line_height=&#8221;1.2em&#8221; background_enable_color=&#8221;off&#8221; text_orientation=&#8221;center&#8221; width=&#8221;800px&#8221; module_alignment=&#8221;center&#8221; custom_margin=&#8221;188px||||false|false&#8221; custom_margin_tablet=&#8221;211px|0px||0px|false|false&#8221; custom_margin_phone=&#8221;85px|0px||0px|false|false&#8221; custom_margin_last_edited=&#8221;on|tablet&#8221; custom_padding=&#8221;0px||0px||false|false&#8221; custom_padding_tablet=&#8221;|30px||30px|false|false&#8221; custom_padding_phone=&#8221;|30px||30px|false|false&#8221; custom_padding_last_edited=&#8221;on|tablet&#8221; animation_style=&#8221;fade&#8221; scroll_fade=&#8221;0|30|30|100|0|100|100&#8243; text_font_size_tablet=&#8221;60px&#8221; text_font_size_phone=&#8221;30px&#8221; text_font_size_last_edited=&#8221;on|desktop&#8221; locked=&#8221;off&#8221; global_colors_info=&#8221;{}&#8221;]<\/p>\n<p>\u201dVi tror att kontinuitet \u00e4r en framg\u00e5ngsfaktor. Att bygga vidare p\u00e5 n\u00e5got bra kommer att g\u00f6ra det \u00e4nnu b\u00e4ttre.\u201d<\/p>\n<h4>DANIEL ST\u00c5LHAMMAR, styrelsemedlem<\/h4>\n<p>[\/et_pb_text][\/et_pb_column][\/et_pb_row][et_pb_row _builder_version=&#8221;4.16&#8243; _module_preset=&#8221;default&#8221; max_width=&#8221;690px&#8221; custom_margin=&#8221;0px||0px||false|false&#8221; custom_padding=&#8221;0px||0px||false|false&#8221; locked=&#8221;off&#8221; global_colors_info=&#8221;{}&#8221;][et_pb_column type=&#8221;4_4&#8243; _builder_version=&#8221;4.16&#8243; _module_preset=&#8221;default&#8221; global_colors_info=&#8221;{}&#8221;][et_pb_text _builder_version=&#8221;4.17.4&#8243; _module_preset=&#8221;default&#8221; text_font=&#8221;Arial||||||||&#8221; text_text_color=&#8221;#000000&#8243; text_font_size=&#8221;1.13rem&#8221; text_line_height=&#8221;1.5em&#8221; header_font=&#8221;Siri Expressen|700|||||||&#8221; header_3_font=&#8221;Siri Expressen||||||||&#8221; header_3_font_size=&#8221;28px&#8221; custom_margin=&#8221;15px||-5px||false|false&#8221; custom_margin_tablet=&#8221;15px||-5px||false|false&#8221; custom_margin_phone=&#8221;30px||||false|false&#8221; custom_margin_last_edited=&#8221;on|phone&#8221; custom_padding=&#8221;0px||0px||false|false&#8221; locked=&#8221;off&#8221; global_colors_info=&#8221;{}&#8221;]<\/p>\n<h3 class=\"p1\">\u201dSveriges mest sp\u00e4nnande tr\u00e4nare\u201d<\/h3>\n<p>[\/et_pb_text][et_pb_text _builder_version=&#8221;4.16&#8243; _module_preset=&#8221;default&#8221; text_font=&#8221;Arial||||||||&#8221; text_text_color=&#8221;#000000&#8243; text_font_size=&#8221;1.25rem&#8221; text_line_height=&#8221;1.5em&#8221; header_font=&#8221;Siri Expressen|700|||||||&#8221; header_3_font=&#8221;Siri Expressen||||||||&#8221; custom_margin=&#8221;0px||0px||false|false&#8221; custom_padding=&#8221;0px||||false|false&#8221; locked=&#8221;off&#8221; global_colors_info=&#8221;{}&#8221;]<\/p>\n<p class=\"p1\">Fram till 2018 hade Landskrona BoIS sju olika tr\u00e4narl\u00f6sningar p\u00e5 sex \u00e5r. Men nu g\u00f6r Billy Magnusson och Max M\u00f6lder sin fj\u00e4rde s\u00e4song. Och de har f\u00e5tt sina kontrakt f\u00f6rl\u00e4ngda till 2024.<\/p>\n<p>[\/et_pb_text][et_pb_text _builder_version=&#8221;4.16&#8243; _module_preset=&#8221;default&#8221; text_font=&#8221;Arial||||||||&#8221; text_text_color=&#8221;#000000&#8243; text_font_size=&#8221;1.25rem&#8221; text_line_height=&#8221;1.5em&#8221; header_font=&#8221;Siri Expressen|700|||||||&#8221; header_3_font=&#8221;Siri Expressen||||||||&#8221; custom_margin=&#8221;0px||0px||false|false&#8221; custom_padding=&#8221;0px||||false|false&#8221; custom_css_main_element=&#8221;text-indent: 20px;||  margin: 0px;||&#8221; locked=&#8221;off&#8221; global_colors_info=&#8221;{}&#8221;]<\/p>\n<p class=\"p1\">\u2013 Vi tror att kontinuitet \u00e4r en framg\u00e5ngsfaktor. Att bygga vidare p\u00e5 n\u00e5got bra kommer att g\u00f6ra det \u00e4nnu b\u00e4ttre. Vi tror att Billy och Max kan utveckla b\u00e5de sig sj\u00e4lva och spelarna ytterligare, s\u00e4ger St\u00e5lhammar.<\/p>\n<p>[\/et_pb_text][et_pb_text _builder_version=&#8221;4.16&#8243; _module_preset=&#8221;default&#8221; text_font=&#8221;Arial||||||||&#8221; text_text_color=&#8221;#000000&#8243; text_font_size=&#8221;1.25rem&#8221; text_line_height=&#8221;1.5em&#8221; header_font=&#8221;Siri Expressen|700|||||||&#8221; header_3_font=&#8221;Siri Expressen||||||||&#8221; custom_margin=&#8221;0px||0px||false|false&#8221; custom_padding=&#8221;0px||||false|false&#8221; custom_css_main_element=&#8221;text-indent: 20px;||  margin: 0px;||&#8221; locked=&#8221;off&#8221; global_colors_info=&#8221;{}&#8221;]<\/p>\n<p class=\"p1\">Erik Edman s\u00e4ger s\u00e5 h\u00e4r om tr\u00e4narduon han nyligen blev chef \u00f6ver:<\/p>\n<p>[\/et_pb_text][et_pb_text _builder_version=&#8221;4.17.4&#8243; _module_preset=&#8221;default&#8221; text_font=&#8221;Arial||||||||&#8221; text_text_color=&#8221;#000000&#8243; text_font_size=&#8221;1.25rem&#8221; text_line_height=&#8221;1.5em&#8221; header_font=&#8221;Siri Expressen|700|||||||&#8221; header_3_font=&#8221;Siri Expressen||||||||&#8221; custom_margin=&#8221;0px||0px||false|false&#8221; custom_padding=&#8221;0px||||false|false&#8221; custom_css_main_element=&#8221;text-indent: 20px;||  margin: 0px;||&#8221; locked=&#8221;off&#8221; global_colors_info=&#8221;{}&#8221;]<\/p>\n<p class=\"p1\">\u2013 De jobbar otroligt h\u00e5rt och \u00e4r enormt kompetenta. Deras och lagets prestationer, och hur de har gjort det, s\u00e4ger varf\u00f6r de \u00e4r s\u00e5 bra. Jag tror att vi har ett av de mest sp\u00e4nnande tr\u00e4narparen i svensk fotboll.<\/p>\n<p>[\/et_pb_text][et_pb_image src=&#8221;https:\/\/kampanj.expressen.se\/unibet\/wp-content\/uploads\/2022\/07\/AV2I3717-scaled.jpg&#8221; title_text=&#8221;Fotboll, Landskrona BoIS, reportage&#8221; _builder_version=&#8221;4.17.4&#8243; _module_preset=&#8221;default&#8221; custom_margin=&#8221;||10px||false|false&#8221; custom_padding=&#8221;30px||||false|false&#8221; locked=&#8221;off&#8221; global_colors_info=&#8221;{}&#8221;][\/et_pb_image][et_pb_text _builder_version=&#8221;4.18.0&#8243; _module_preset=&#8221;default&#8221; text_font=&#8221;Arial||||||||&#8221; text_text_color=&#8221;#000000&#8243; text_font_size=&#8221;16px&#8221; text_line_height=&#8221;1.5em&#8221; header_font=&#8221;Siri Expressen|700|||||||&#8221; header_3_font=&#8221;Siri Expressen||||||||&#8221; header_3_font_size=&#8221;23px&#8221; background_enable_color=&#8221;off&#8221; custom_margin=&#8221;5px||-10px||false|false&#8221; custom_margin_tablet=&#8221;5px||-10px||false|false&#8221; custom_margin_phone=&#8221;-10px||0px||false|false&#8221; custom_margin_last_edited=&#8221;on|phone&#8221; custom_padding=&#8221;|2px|22px|0px|false|false&#8221; locked=&#8221;off&#8221; global_colors_info=&#8221;{}&#8221;]Fr\u00e5n domare till styrelsemedlem.[\/et_pb_text][dica_divi_carousel advanced_effect=&#8221;1&#8243; _builder_version=&#8221;4.16&#8243; _module_preset=&#8221;default&#8221; global_colors_info=&#8221;{}&#8221;][\/dica_divi_carousel][\/et_pb_column][\/et_pb_row][et_pb_row column_structure=&#8221;2_3,1_3&#8243; custom_padding_last_edited=&#8221;on|phone&#8221; _builder_version=&#8221;4.18.0&#8243; _module_preset=&#8221;default&#8221; max_width=&#8221;690px&#8221; custom_margin=&#8221;0px||0px||false|false&#8221; custom_padding=&#8221;0px||0px||false|false&#8221; custom_padding_tablet=&#8221;0px||30px||false|false&#8221; custom_padding_phone=&#8221;0px||30px||false|false&#8221; locked=&#8221;off&#8221; global_colors_info=&#8221;{}&#8221;][et_pb_column type=&#8221;2_3&#8243; _builder_version=&#8221;4.16&#8243; _module_preset=&#8221;default&#8221; global_colors_info=&#8221;{}&#8221;][et_pb_text _builder_version=&#8221;4.17.4&#8243; _module_preset=&#8221;default&#8221; text_font=&#8221;Arial||||||||&#8221; text_text_color=&#8221;#000000&#8243; text_font_size=&#8221;1.13rem&#8221; text_line_height=&#8221;1.5em&#8221; header_font=&#8221;Siri Expressen|700|||||||&#8221; header_3_font=&#8221;Siri Expressen||||||||&#8221; header_3_font_size=&#8221;28px&#8221; custom_margin=&#8221;15px||-5px||false|false&#8221; custom_margin_tablet=&#8221;15px||-5px||false|false&#8221; custom_margin_phone=&#8221;30px||||false|false&#8221; custom_margin_last_edited=&#8221;on|phone&#8221; custom_padding=&#8221;0px||0px||false|false&#8221; locked=&#8221;off&#8221; global_colors_info=&#8221;{}&#8221;]<\/p>\n<h3 class=\"p1\">Allsvensk comeback 2024?<\/h3>\n<p>[\/et_pb_text][et_pb_text _builder_version=&#8221;4.16&#8243; _module_preset=&#8221;default&#8221; text_font=&#8221;Arial||||||||&#8221; text_text_color=&#8221;#000000&#8243; text_font_size=&#8221;1.25rem&#8221; text_line_height=&#8221;1.5em&#8221; header_font=&#8221;Siri Expressen|700|||||||&#8221; header_3_font=&#8221;Siri Expressen||||||||&#8221; custom_margin=&#8221;0px||0px||false|false&#8221; custom_padding=&#8221;0px||||false|false&#8221; locked=&#8221;off&#8221; global_colors_info=&#8221;{}&#8221;]<\/p>\n<p class=\"p1\">Det har g\u00e5tt 17 \u00e5r sedan senaste bes\u00f6ket i allsvenskan. Det varade i fyra s\u00e4songer.<\/p>\n<p>[\/et_pb_text][et_pb_text _builder_version=&#8221;4.17.4&#8243; _module_preset=&#8221;default&#8221; text_font=&#8221;Arial||||||||&#8221; text_text_color=&#8221;#000000&#8243; text_font_size=&#8221;1.25rem&#8221; text_line_height=&#8221;1.5em&#8221; header_font=&#8221;Siri Expressen|700|||||||&#8221; header_3_font=&#8221;Siri Expressen||||||||&#8221; custom_margin=&#8221;0px||0px|20px|false|false&#8221; custom_padding=&#8221;0px||||false|false&#8221; locked=&#8221;off&#8221; global_colors_info=&#8221;{}&#8221;]<\/p>\n<p class=\"p1\"><b>Hur l\u00e5ngt och h\u00f6gt kan Landskrona BoIS n\u00e5 med sin nya identitet?<\/b><\/p>\n<p>[\/et_pb_text][et_pb_text _builder_version=&#8221;4.17.4&#8243; _module_preset=&#8221;default&#8221; text_font=&#8221;Arial||||||||&#8221; text_text_color=&#8221;#000000&#8243; text_font_size=&#8221;1.25rem&#8221; text_line_height=&#8221;1.5em&#8221; header_font=&#8221;Siri Expressen|700|||||||&#8221; header_3_font=&#8221;Siri Expressen||||||||&#8221; custom_margin=&#8221;0px||0px||false|false&#8221; custom_padding=&#8221;0px||||false|false&#8221; custom_css_main_element=&#8221;text-indent: 20px;||  margin: 0px;||&#8221; locked=&#8221;off&#8221; global_colors_info=&#8221;{}&#8221;]<\/p>\n<p class=\"p1\">\u2013 Det finns ju bara en serie ovanf\u00f6r oss, s\u00e4ger Daniel St\u00e5lhammar och skrattar. Det vore ju dumt att inte sikta dit. Jag tror att alla som \u00e4r involverade i Landskrona BoIS tycker att allsvenskan \u00e4r en serie vi absolut kan tillh\u00f6ra. Men det \u00e4r viktigt att det sker p\u00e5 det s\u00e4tt som vi nu har valt att bygga p\u00e5. Annars \u00e4r risken att det inte blir s\u00e5 h\u00e5llbart.<\/p>\n<p>[\/et_pb_text][et_pb_text _builder_version=&#8221;4.17.4&#8243; _module_preset=&#8221;default&#8221; text_font=&#8221;Arial||||||||&#8221; text_text_color=&#8221;#000000&#8243; text_font_size=&#8221;1.25rem&#8221; text_line_height=&#8221;1.5em&#8221; header_font=&#8221;Siri Expressen|700|||||||&#8221; header_3_font=&#8221;Siri Expressen||||||||&#8221; custom_margin=&#8221;0px||0px||false|false&#8221; custom_padding=&#8221;0px||||false|false&#8221; custom_css_main_element=&#8221;text-indent: 20px;||  margin: 0px;||&#8221; locked=&#8221;off&#8221; global_colors_info=&#8221;{}&#8221;]<\/p>\n<p class=\"p1\">\u2013 Det \u00e4r klart att allsvenskan \u00e4r f\u00f6reningens ambition. Men inte till 2023, s\u00e4ger Erik Edman.<\/p>\n<p>[\/et_pb_text][et_pb_text _builder_version=&#8221;4.17.4&#8243; _module_preset=&#8221;default&#8221; text_font=&#8221;Arial||||||||&#8221; text_text_color=&#8221;#000000&#8243; text_font_size=&#8221;1.25rem&#8221; text_line_height=&#8221;1.5em&#8221; header_font=&#8221;Siri Expressen|700|||||||&#8221; header_3_font=&#8221;Siri Expressen||||||||&#8221; custom_margin=&#8221;0px||0px||false|false&#8221; custom_padding=&#8221;0px||||false|false&#8221; custom_css_main_element=&#8221;text-indent: 20px;||  margin: 0px;||&#8221; locked=&#8221;off&#8221; global_colors_info=&#8221;{}&#8221;]<\/p>\n<p class=\"p1\">2024 \u00e4r det 100 \u00e5r sedan Landskrona BoIS spelade i den allra f\u00f6rsta upplagan av allsvenskan.<\/p>\n<p>[\/et_pb_text][dica_divi_carousel advanced_effect=&#8221;1&#8243; _builder_version=&#8221;4.16&#8243; _module_preset=&#8221;default&#8221; global_colors_info=&#8221;{}&#8221;][\/dica_divi_carousel][\/et_pb_column][et_pb_column type=&#8221;1_3&#8243; _builder_version=&#8221;4.16&#8243; _module_preset=&#8221;default&#8221; global_colors_info=&#8221;{}&#8221;][et_pb_image src=&#8221;https:\/\/kampanj.expressen.se\/unibet\/wp-content\/uploads\/2022\/07\/MA_03750-scaled.jpg&#8221; title_text=&#8221;Fotboll, Landskrona BoIS, reportage&#8221; _builder_version=&#8221;4.17.4&#8243; _module_preset=&#8221;default&#8221; transform_rotate=&#8221;0deg|0deg|-3deg&#8221; width=&#8221;330px&#8221; custom_margin=&#8221;66px||||false|false&#8221; custom_margin_tablet=&#8221;66px||||false|false&#8221; custom_margin_phone=&#8221;6px||||false|false&#8221; custom_margin_last_edited=&#8221;on|phone&#8221; border_width_all=&#8221;15px&#8221; border_color_all=&#8221;#FFFFFF&#8221; box_shadow_style=&#8221;preset1&#8243; locked=&#8221;off&#8221; global_colors_info=&#8221;{}&#8221;][\/et_pb_image][et_pb_image src=&#8221;https:\/\/kampanj.expressen.se\/unibet\/wp-content\/uploads\/2022\/07\/AV2I3749_1-scaled.jpg&#8221; title_text=&#8221;Fotboll, Landskrona BoIS, reportage&#8221; _builder_version=&#8221;4.17.4&#8243; _module_preset=&#8221;default&#8221; transform_rotate=&#8221;0deg|0deg|2deg&#8221; width=&#8221;330px&#8221; custom_margin=&#8221;-25px|||60px|false|false&#8221; border_width_all=&#8221;15px&#8221; border_color_all=&#8221;#FFFFFF&#8221; box_shadow_style=&#8221;preset1&#8243; locked=&#8221;off&#8221; global_colors_info=&#8221;{}&#8221;][\/et_pb_image][et_pb_text _builder_version=&#8221;4.18.0&#8243; _module_preset=&#8221;default&#8221; text_font=&#8221;Arial||||||||&#8221; text_text_color=&#8221;#000000&#8243; text_font_size=&#8221;16px&#8221; text_line_height=&#8221;1.5em&#8221; header_font=&#8221;Siri Expressen|700|||||||&#8221; header_3_font=&#8221;Siri Expressen||||||||&#8221; header_3_font_size=&#8221;23px&#8221; background_enable_color=&#8221;off&#8221; custom_margin=&#8221;||||false|false&#8221; custom_margin_tablet=&#8221;5px||-10px||false|false&#8221; custom_margin_phone=&#8221;-10px||0px||false|false&#8221; custom_margin_last_edited=&#8221;off|tablet&#8221; custom_padding=&#8221;||||false|false&#8221; locked=&#8221;off&#8221; global_colors_info=&#8221;{}&#8221;]<\/p>\n<p>Nu ska Landskrona byggas p\u00e5 l\u00e5ng sikt.<\/p>\n<p>[\/et_pb_text][\/et_pb_column][\/et_pb_row][et_pb_row _builder_version=&#8221;4.20.4&#8243; _module_preset=&#8221;default&#8221; max_width=&#8221;690px&#8221; custom_margin=&#8221;0px||0px||false|false&#8221; custom_padding=&#8221;0px||25px||false|false&#8221; locked=&#8221;off&#8221; global_colors_info=&#8221;{}&#8221;][et_pb_column type=&#8221;4_4&#8243; _builder_version=&#8221;4.16&#8243; _module_preset=&#8221;default&#8221; global_colors_info=&#8221;{}&#8221;][et_pb_text _builder_version=&#8221;4.17.4&#8243; _module_preset=&#8221;default&#8221; text_font=&#8221;Arial||||||||&#8221; text_text_color=&#8221;#000000&#8243; text_font_size=&#8221;1.25rem&#8221; text_line_height=&#8221;1.5em&#8221; header_font=&#8221;Siri Expressen|700|||||||&#8221; header_3_font=&#8221;Siri Expressen||||||||&#8221; custom_margin=&#8221;0px||0px|20px|false|false&#8221; custom_padding=&#8221;0px||||false|false&#8221; locked=&#8221;off&#8221; global_colors_info=&#8221;{}&#8221;]<\/p>\n<p class=\"p1\"><strong>Det hade v\u00e4l varit ett snyggt \u00e5r att g\u00f6ra comeback?<\/strong><\/p>\n<p>[\/et_pb_text][et_pb_text _builder_version=&#8221;4.17.4&#8243; _module_preset=&#8221;default&#8221; text_font=&#8221;Arial||||||||&#8221; text_text_color=&#8221;#000000&#8243; text_font_size=&#8221;1.25rem&#8221; text_line_height=&#8221;1.5em&#8221; header_font=&#8221;Siri Expressen|700|||||||&#8221; header_3_font=&#8221;Siri Expressen||||||||&#8221; custom_margin=&#8221;0px||0px||false|false&#8221; custom_padding=&#8221;0px||||false|false&#8221; custom_css_main_element=&#8221;text-indent: 20px;||  margin: 0px;||&#8221; locked=&#8221;off&#8221; global_colors_info=&#8221;{}&#8221;]<\/p>\n<p class=\"p1\">\u2013 Haha, det \u00e4r klart det hade varit snyggt. Men allt h\u00e4nger p\u00e5 hur spelargruppen utvecklas och hur vi kan ta det vidare p\u00e5 olika s\u00e4tt. M\u00e5nga styrelser vill s\u00e4tta upp exempelvis fem\u00e5rsplaner f\u00f6r att n\u00e5 ett visst m\u00e5l. De \u00e4r ofta d\u00e5ligt f\u00f6rankrade i f\u00f6reningarna, s\u00e4ger Edman och forts\u00e4tter:<\/p>\n<p>[\/et_pb_text][et_pb_text _builder_version=&#8221;4.17.4&#8243; _module_preset=&#8221;default&#8221; text_font=&#8221;Arial||||||||&#8221; text_text_color=&#8221;#000000&#8243; text_font_size=&#8221;1.25rem&#8221; text_line_height=&#8221;1.5em&#8221; header_font=&#8221;Siri Expressen|700|||||||&#8221; header_3_font=&#8221;Siri Expressen||||||||&#8221; custom_margin=&#8221;0px||0px||false|false&#8221; custom_padding=&#8221;0px||||false|false&#8221; custom_css_main_element=&#8221;text-indent: 20px;||  margin: 0px;||&#8221; locked=&#8221;off&#8221; global_colors_info=&#8221;{}&#8221;]<\/p>\n<p class=\"p1\">\u2013 Till slut rinner tiden ut p\u00e5 den d\u00e4r j\u00e4vla fem\u00e5rsplanen. D\u00e5 \u00e4r risken att man fr\u00e5ng\u00e5r sina strategier. Kanske b\u00f6rjar leta efter n\u00e5n j\u00e4vla brasse som ska l\u00f6sa alla ens problem. Man tappar sin identitet, blir kortsiktig och vilsen. Nej, vi ska g\u00f6ra detta p\u00e5 v\u00e5rt s\u00e4tt. Sen om det tar tio \u00e5r att n\u00e5 allsvenskan, s\u00e5 g\u00f6r det v\u00e4l det d\u00e5.<\/p>\n<p>[\/et_pb_text][\/et_pb_column][\/et_pb_row][et_pb_row _builder_version=&#8221;4.18.0&#8243; _module_preset=&#8221;default&#8221; max_width=&#8221;690px&#8221; custom_margin=&#8221;0px||||false|false&#8221; custom_padding=&#8221;0px||0px||false|false&#8221; global_module=&#8221;1457&#8243; locked=&#8221;off&#8221; global_colors_info=&#8221;{}&#8221;][et_pb_column type=&#8221;4_4&#8243; _builder_version=&#8221;4.16&#8243; _module_preset=&#8221;default&#8221; global_colors_info=&#8221;{}&#8221;][et_pb_image src=&#8221;https:\/\/kampanj.expressen.se\/unibet\/wp-content\/uploads\/2023\/04\/Publikst_det-1200&#215;500-Swedish.jpg&#8221; title_text=&#8221;Publikst_det-320&#215;320-Swedish&#8221; url=&#8221;https:\/\/www.unibet.se\/publikstodet&#8221; url_new_window=&#8221;on&#8221; src_tablet=&#8221;https:\/\/kampanj.expressen.se\/unibet\/wp-content\/uploads\/2023\/04\/Publikst_det-690&#215;360-Swedish.jpg&#8221; src_phone=&#8221;https:\/\/kampanj.expressen.se\/unibet\/wp-content\/uploads\/2023\/04\/Publikst_det-320&#215;320-Swedish.jpg&#8221; src_last_edited=&#8221;on|phone&#8221; _builder_version=&#8221;4.20.4&#8243; _module_preset=&#8221;default&#8221; global_colors_info=&#8221;{}&#8221;][\/et_pb_image][et_pb_text _builder_version=&#8221;4.20.4&#8243; _module_preset=&#8221;default&#8221; text_font=&#8221;Arial||||||||&#8221; text_text_color=&#8221;#000000&#8243; text_font_size=&#8221;1.25rem&#8221; text_line_height=&#8221;1.5em&#8221; header_font=&#8221;Siri Expressen|700|||||||&#8221; header_3_font=&#8221;Siri Expressen||||||||&#8221; custom_margin=&#8221;0px||0px||false|false&#8221; custom_padding=&#8221;0px||0px||false|false&#8221; text_font_size_last_edited=&#8221;off|phone&#8221; locked=&#8221;off&#8221; global_colors_info=&#8221;{}&#8221;]<\/p>\n<p><strong>Publikst\u00f6det<\/strong><br \/>Svensk fotbollspublik levererar st\u00e4mning i europeisk toppklass. Publikst\u00f6det \u00e4r Unibets s\u00e4tt att hylla det. Totalt f\u00f6rdelas 20 miljoner kr mellan klubbarna i Allsvenskan och Superettan \u2013 ju mer publik, desto mer pengar till din klubb.<\/p>\n<p>[\/et_pb_text][et_pb_text _builder_version=&#8221;4.20.4&#8243; _module_preset=&#8221;default&#8221; text_font=&#8221;Arial||||||||&#8221; text_text_color=&#8221;#000000&#8243; text_font_size=&#8221;1.25rem&#8221; text_line_height=&#8221;1.5em&#8221; header_font=&#8221;Siri Expressen|700|||||||&#8221; header_3_font=&#8221;Siri Expressen||||||||&#8221; custom_margin=&#8221;0px||0px||false|false&#8221; custom_padding=&#8221;20px||||false|false&#8221; locked=&#8221;off&#8221; global_colors_info=&#8221;{}&#8221;]<\/p>\n<p><a href=\"https:\/\/www.unibet.se\/publikstodet\" target=\"_blank\" rel=\"noopener\"><strong>EXTERN L\u00c4NK: L\u00e4s mer om Publikst\u00f6det<\/strong><\/a><\/p>\n<p>[\/et_pb_text][\/et_pb_column][\/et_pb_row][\/et_pb_section][et_pb_section fb_built=&#8221;1&#8243; _builder_version=&#8221;4.18.0&#8243; _module_preset=&#8221;default&#8221; background_color=&#8221;#000000&#8243; custom_margin=&#8221;||||false|false&#8221; custom_margin_tablet=&#8221;||||false|false&#8221; custom_margin_phone=&#8221;||||false|false&#8221; custom_margin_last_edited=&#8221;on|phone&#8221; locked=&#8221;off&#8221; global_colors_info=&#8221;{}&#8221;][et_pb_row _builder_version=&#8221;4.18.0&#8243; _module_preset=&#8221;default&#8221; width=&#8221;100%&#8221; max_width=&#8221;690px&#8221; global_colors_info=&#8221;{}&#8221;][et_pb_column type=&#8221;4_4&#8243; _builder_version=&#8221;4.18.0&#8243; _module_preset=&#8221;default&#8221; global_colors_info=&#8221;{}&#8221;][et_pb_text _builder_version=&#8221;4.18.0&#8243; _module_preset=&#8221;default&#8221; text_text_color=&#8221;#FFFFFF&#8221; header_text_color=&#8221;#FFFFFF&#8221; header_3_font=&#8221;Siri Expressen||||||||&#8221; header_3_text_align=&#8221;right&#8221; header_3_text_color=&#8221;#FFFFFF&#8221; header_3_font_size=&#8221;41px&#8221; width_tablet=&#8221;80%&#8221; width_phone=&#8221;90%&#8221; width_last_edited=&#8221;on|phone&#8221; module_alignment=&#8221;center&#8221; custom_margin=&#8221;||0px||false|false&#8221; header_3_font_size_tablet=&#8221;41px&#8221; header_3_font_size_phone=&#8221;30px&#8221; header_3_font_size_last_edited=&#8221;on|phone&#8221; global_colors_info=&#8221;{}&#8221;]<\/p>\n<h3 style=\"text-align: center;\">BoIS \u00e4r b\u00e4st p\u00e5 att vara n\u00e4st b\u00e4st<\/h3>\n<p>[\/et_pb_text][et_pb_text _builder_version=&#8221;4.18.0&#8243; _module_preset=&#8221;default&#8221; text_font=&#8221;Arial||||||||&#8221; text_text_color=&#8221;#FFFFFF&#8221; text_font_size=&#8221;1.25em&#8221; text_line_height=&#8221;1.5em&#8221; text_orientation=&#8221;center&#8221; width_tablet=&#8221;80%&#8221; width_phone=&#8221;90%&#8221; width_last_edited=&#8221;on|phone&#8221; module_alignment=&#8221;center&#8221; global_colors_info=&#8221;{}&#8221;]<\/p>\n<p>Landskrona BoIS var med i den allra f\u00f6rsta upplagan av allsvenskan 1924\/25 tillsammans med m\u00e5nga av svensk fotbolls giganter och dominanter. Trots s\u00e5 m\u00e5nga som 34 s\u00e4songer i toppdivisionen har de svartvitrandiga aldrig vunnit SM-guld. Men i n\u00e4st h\u00f6gsta seriens maratontabell \u00e4r BoIS \u00f6verl\u00e4gset b\u00e4st. Kolla h\u00e4r:<\/p>\n<p>[\/et_pb_text][et_pb_code _builder_version=&#8221;4.18.0&#8243; _module_preset=&#8221;default&#8221; width_tablet=&#8221;&#8221; width_phone=&#8221;100vw&#8221; width_last_edited=&#8221;on|phone&#8221; global_colors_info=&#8221;{}&#8221;]<\/p>\n<div class=\"divTable\"><!-- [et_pb_line_break_holder] --><\/p>\n<div class=\"divTableBody\"><!-- [et_pb_line_break_holder] --><\/p>\n<div class=\"divTableRow\"><!-- [et_pb_line_break_holder] --><\/p>\n<div class=\"divTableCell\"><b><\/b><\/div>\n<p><!-- [et_pb_line_break_holder] -->  <\/p>\n<div class=\"divTableCell\"><b>S\u00e4songer<\/b><\/div>\n<p><!-- [et_pb_line_break_holder] -->  <\/p>\n<div class=\"divTableCell\"><b>M\u00e5lskillnad<\/b><\/div>\n<p><!-- [et_pb_line_break_holder] --><\/p>\n<div class=\"divTableCell\"><b>Po\u00e4ng<\/b><\/div>\n<p><!-- [et_pb_line_break_holder] --><\/div>\n<p><!-- [et_pb_line_break_holder] --><\/p>\n<div class=\"divTableRow\"><!-- [et_pb_line_break_holder] --><\/p>\n<div class=\"divTableCell\">\u00a01 <span style=\"font-weight: 400;\">Landskrona Bois<\/span><\/div>\n<p><!-- [et_pb_line_break_holder] --><\/p>\n<div class=\"divTableCell\">\u00a0<span style=\"font-weight: 400;\">54<\/span><\/div>\n<p><!-- [et_pb_line_break_holder] -->  <\/p>\n<div class=\"divTableCell\">\u00a0<span style=\"font-weight: 400;\">+ 569<\/span><\/div>\n<p><!-- [et_pb_line_break_holder] --><\/p>\n<div class=\"divTableCell\"><span style=\"font-weight: 400;\">2\u00a0090<\/span><\/div>\n<p><!-- [et_pb_line_break_holder] --><\/div>\n<p><!-- [et_pb_line_break_holder] --><\/p>\n<div class=\"divTableRow\"><!-- [et_pb_line_break_holder] --><\/p>\n<div class=\"divTableCell\">\u00a0<span style=\"font-weight: 400;\">2 Brage<\/span><\/div>\n<p><!-- [et_pb_line_break_holder] --><\/p>\n<div class=\"divTableCell\">\u00a055<\/div>\n<p><!-- [et_pb_line_break_holder] -->  <\/p>\n<div class=\"divTableCell\">+ 342<\/div>\n<p><!-- [et_pb_line_break_holder] --><\/p>\n<div class=\"divTableCell\"><span style=\"font-weight: 400;\">2\u00a0014<\/span><\/div>\n<p><!-- [et_pb_line_break_holder] --><\/div>\n<p><!-- [et_pb_line_break_holder] --><\/p>\n<div class=\"divTableRow\"><!-- [et_pb_line_break_holder] --><\/p>\n<div class=\"divTableCell\">\u00a0<span style=\"font-weight: 400;\">3 \u00c5tvidaberg<\/span><span style=\"font-weight: 400;\">\u00a0\u00a0\u00a0 <\/span><\/div>\n<p><!-- [et_pb_line_break_holder] --><\/p>\n<div class=\"divTableCell\">52<\/div>\n<p><!-- [et_pb_line_break_holder] -->  <\/p>\n<div class=\"divTableCell\">+ 303<\/div>\n<p><!-- [et_pb_line_break_holder] --><\/p>\n<div class=\"divTableCell\"><span style=\"font-weight: 400;\">1\u00a0871<\/span><\/div>\n<p><!-- [et_pb_line_break_holder] --><\/div>\n<p><!-- [et_pb_line_break_holder] --><\/p>\n<div class=\"divTableRow\"><!-- [et_pb_line_break_holder] --><\/p>\n<div class=\"divTableCell\">\u00a0<span style=\"font-weight: 400;\">4 IFK Eskilstuna<\/span><\/div>\n<p><!-- [et_pb_line_break_holder] --><\/p>\n<div class=\"divTableCell\">48<\/div>\n<p><!-- [et_pb_line_break_holder] -->  <\/p>\n<div class=\"divTableCell\">+ 534<\/div>\n<p><!-- [et_pb_line_break_holder] --><\/p>\n<div class=\"divTableCell\"><span style=\"font-weight: 400;\">1\u00a0747<\/span><\/div>\n<p><!-- [et_pb_line_break_holder] --><\/div>\n<p><!-- [et_pb_line_break_holder] --><\/p>\n<div class=\"divTableRow\"><!-- [et_pb_line_break_holder] --><\/p>\n<div class=\"divTableCell\">\u00a0<span style=\"font-weight: 400;\">5 Gif Sundsvall<\/span><\/div>\n<p><!-- [et_pb_line_break_holder] --><\/p>\n<div class=\"divTableCell\">43<\/div>\n<p><!-- [et_pb_line_break_holder] -->  <\/p>\n<div class=\"divTableCell\">+ 523<\/div>\n<p><!-- [et_pb_line_break_holder] --><\/p>\n<div class=\"divTableCell\"><span style=\"font-weight: 400;\">1\u00a0709<\/span><\/div>\n<p><!-- [et_pb_line_break_holder] --><\/div>\n<p><!-- [et_pb_line_break_holder] --><\/p>\n<div class=\"divTableRow\"><!-- [et_pb_line_break_holder] --><\/p>\n<div class=\"divTableCell\">\u00a0<span style=\"font-weight: 400;\">6 Kalmar FF<\/span><span style=\"font-weight: 400;\">\u00a0\u00a0\u00a0 <\/span><\/div>\n<p><!-- [et_pb_line_break_holder] --><\/p>\n<div class=\"divTableCell\">48<\/div>\n<p><!-- [et_pb_line_break_holder] -->  <\/p>\n<div class=\"divTableCell\">+ 209<\/div>\n<p><!-- [et_pb_line_break_holder] --><\/p>\n<div class=\"divTableCell\"><span style=\"font-weight: 400;\">1\u00a0673<\/span><\/div>\n<p><!-- [et_pb_line_break_holder] --><\/div>\n<p><!-- [et_pb_line_break_holder] --><\/p>\n<div class=\"divTableRow\"><!-- [et_pb_line_break_holder] --><\/p>\n<div class=\"divTableCell\">\u00a0<span style=\"font-weight: 400;\">7 J\u00f6nk\u00f6pings S\u00f6dra<\/span><\/div>\n<p><!-- [et_pb_line_break_holder] --><\/p>\n<div class=\"divTableCell\">41<\/div>\n<p><!-- [et_pb_line_break_holder] -->  <\/p>\n<div class=\"divTableCell\">+ 275<\/div>\n<p><!-- [et_pb_line_break_holder] --><\/p>\n<div class=\"divTableCell\"><span style=\"font-weight: 400;\">1\u00a0600<\/span><\/div>\n<p><!-- [et_pb_line_break_holder] --><\/div>\n<p><!-- [et_pb_line_break_holder] --><\/p>\n<div class=\"divTableRow\"><!-- [et_pb_line_break_holder] --><\/p>\n<div class=\"divTableCell\">\u00a0<span style=\"font-weight: 400;\">8 Gefle<\/span><\/div>\n<p><!-- [et_pb_line_break_holder] --><\/p>\n<div class=\"divTableCell\">48<\/div>\n<p><!-- [et_pb_line_break_holder] -->  <\/p>\n<div class=\"divTableCell\">+ 100<\/div>\n<p><!-- [et_pb_line_break_holder] --><\/p>\n<div class=\"divTableCell\"><span style=\"font-weight: 400;\">1\u00a0596<\/span><\/div>\n<p><!-- [et_pb_line_break_holder] --><\/div>\n<p><!-- [et_pb_line_break_holder] --><\/p>\n<div class=\"divTableRow\"><!-- [et_pb_line_break_holder] --><\/p>\n<div class=\"divTableCell\">\u00a0<span style=\"font-weight: 400;\">9 Degerfors<\/span><\/div>\n<p><!-- [et_pb_line_break_holder] --><\/p>\n<div class=\"divTableCell\">42<\/div>\n<p><!-- [et_pb_line_break_holder] -->  <\/p>\n<div class=\"divTableCell\">+ 236<\/div>\n<p><!-- [et_pb_line_break_holder] --><\/p>\n<div class=\"divTableCell\"><span style=\"font-weight: 400;\">1\u00a0590<\/span><\/div>\n<p><!-- [et_pb_line_break_holder] --><\/div>\n<p><!-- [et_pb_line_break_holder] --><\/p>\n<div class=\"divTableRow\"><!-- [et_pb_line_break_holder] --><\/p>\n<div class=\"divTableCell\">\u00a0<span style=\"font-weight: 400;\">10 IFK Malm\u00f6<\/span><\/div>\n<p><!-- [et_pb_line_break_holder] --><\/p>\n<div class=\"divTableCell\">48<\/div>\n<p><!-- [et_pb_line_break_holder] -->  <\/p>\n<div class=\"divTableCell\">+ 176<\/div>\n<p><!-- [et_pb_line_break_holder] --><\/p>\n<div class=\"divTableCell\"><span style=\"font-weight: 400;\">1\u00a0566<\/span><\/div>\n<p><!-- [et_pb_line_break_holder] --><\/div>\n<p><!-- [et_pb_line_break_holder] --><\/div>\n<p><!-- [et_pb_line_break_holder] --><\/div>\n<p>[\/et_pb_code][\/et_pb_column][\/et_pb_row][\/et_pb_section][et_pb_section fb_built=&#8221;1&#8243; _builder_version=&#8221;4.18.0&#8243; _module_preset=&#8221;default&#8221; background_color=&#8221;#FFFFFF&#8221; custom_margin=&#8221;||||false|false&#8221; custom_margin_tablet=&#8221;||||false|false&#8221; custom_margin_phone=&#8221;||||false|false&#8221; custom_margin_last_edited=&#8221;on|phone&#8221; locked=&#8221;off&#8221; global_colors_info=&#8221;{}&#8221;][et_pb_row _builder_version=&#8221;4.18.0&#8243; _module_preset=&#8221;default&#8221; width=&#8221;100%&#8221; width_tablet=&#8221;80%&#8221; width_phone=&#8221;90%&#8221; width_last_edited=&#8221;on|phone&#8221; custom_padding=&#8221;||0px||false|false&#8221; global_colors_info=&#8221;{}&#8221;][et_pb_column type=&#8221;4_4&#8243; _builder_version=&#8221;4.18.0&#8243; _module_preset=&#8221;default&#8221; global_colors_info=&#8221;{}&#8221;][et_pb_text _builder_version=&#8221;4.18.0&#8243; _module_preset=&#8221;default&#8221; text_text_color=&#8221;#FFFFFF&#8221; header_text_color=&#8221;#FFFFFF&#8221; header_3_font=&#8221;Siri Expressen||||||||&#8221; header_3_text_align=&#8221;center&#8221; header_3_text_color=&#8221;#000000&#8243; header_3_font_size=&#8221;41px&#8221; custom_margin=&#8221;||0px||false|false&#8221; header_3_font_size_tablet=&#8221;41px&#8221; header_3_font_size_phone=&#8221;30px&#8221; header_3_font_size_last_edited=&#8221;on|phone&#8221; global_colors_info=&#8221;{}&#8221;]<\/p>\n<h3 style=\"text-align: center;\">N\u00e5gra h\u00f6jdpunkter f\u00f6r BoIS<\/h3>\n<p>[\/et_pb_text][\/et_pb_column][\/et_pb_row][et_pb_row column_structure=&#8221;1_3,1_3,1_3&#8243; _builder_version=&#8221;4.18.0&#8243; _module_preset=&#8221;default&#8221; width=&#8221;100%&#8221; width_tablet=&#8221;80%&#8221; width_phone=&#8221;90%&#8221; width_last_edited=&#8221;on|phone&#8221; global_colors_info=&#8221;{}&#8221;][et_pb_column type=&#8221;1_3&#8243; _builder_version=&#8221;4.18.0&#8243; _module_preset=&#8221;default&#8221; global_colors_info=&#8221;{}&#8221;][et_pb_text _builder_version=&#8221;4.18.0&#8243; _module_preset=&#8221;default&#8221; text_font=&#8221;Arial||||||||&#8221; text_text_color=&#8221;#000000&#8243; text_font_size=&#8221;1.25em&#8221; text_line_height=&#8221;1.5em&#8221; text_orientation=&#8221;center&#8221; global_colors_info=&#8221;{}&#8221;]<\/p>\n<p>S\u00e4songen 1971\/72 kom de svartvitrandigas hittills enda titel, d\u00e5 de vann Svenska Cupen efter att ha v\u00e4nt 0\u20132 i finalen mot ett stj\u00e4rnsp\u00e4ckat IFK Norrk\u00f6ping.<\/p>\n<p>[\/et_pb_text][\/et_pb_column][et_pb_column type=&#8221;1_3&#8243; _builder_version=&#8221;4.18.0&#8243; _module_preset=&#8221;default&#8221; global_colors_info=&#8221;{}&#8221;][et_pb_text _builder_version=&#8221;4.18.0&#8243; _module_preset=&#8221;default&#8221; text_font=&#8221;Arial||||||||&#8221; text_text_color=&#8221;#000000&#8243; text_font_size=&#8221;1.25em&#8221; text_line_height=&#8221;1.5em&#8221; text_orientation=&#8221;center&#8221; global_colors_info=&#8221;{}&#8221;]<\/p>\n<p>1975 och 1976 blev det allsvenskt brons. 1977 var BoIS l\u00e4nge med i toppen men efter en svag avslutning blev det en femteplats.<\/p>\n<p>[\/et_pb_text][\/et_pb_column][et_pb_column type=&#8221;1_3&#8243; _builder_version=&#8221;4.18.0&#8243; _module_preset=&#8221;default&#8221; global_colors_info=&#8221;{}&#8221;][et_pb_text _builder_version=&#8221;4.18.0&#8243; _module_preset=&#8221;default&#8221; text_font=&#8221;Arial||||||||&#8221; text_text_color=&#8221;#000000&#8243; text_font_size=&#8221;1.25em&#8221; text_line_height=&#8221;1.5em&#8221; text_orientation=&#8221;center&#8221; global_colors_info=&#8221;{}&#8221;]<\/p>\n<p>1993 var BoIS \u00e5ter i final i Svenska Cupen \u2013 men den slutade i moll: 0\u20133 mot Degerfors p\u00e5 Gamla Ullevi.<\/p>\n<p>[\/et_pb_text][\/et_pb_column][\/et_pb_row][\/et_pb_section][et_pb_section fb_built=&#8221;1&#8243; disabled_on=&#8221;off|off|off&#8221; _builder_version=&#8221;4.17.6&#8243; _module_preset=&#8221;default&#8221; background_color=&#8221;#212121&#8243; custom_padding=&#8221;60px||60px|||&#8221; global_module=&#8221;482&#8243; saved_tabs=&#8221;all&#8221; locked=&#8221;off&#8221; global_colors_info=&#8221;{}&#8221;][et_pb_row _builder_version=&#8221;4.16&#8243; _module_preset=&#8221;default&#8221; custom_margin=&#8221;0px||0px||true|false&#8221; custom_padding=&#8221;0px||5px||false|false&#8221; global_colors_info=&#8221;{}&#8221;][et_pb_column type=&#8221;4_4&#8243; _builder_version=&#8221;4.16&#8243; _module_preset=&#8221;default&#8221; global_colors_info=&#8221;{}&#8221;][et_pb_text _builder_version=&#8221;4.18.0&#8243; _module_preset=&#8221;default&#8221; text_font=&#8221;Siri-Expressen||||||||&#8221; header_font=&#8221;Siri Expressen|||on|||||&#8221; header_text_align=&#8221;center&#8221; header_text_color=&#8221;#FFFFFF&#8221; header_2_font=&#8221;Siri Expressen||||||||&#8221; header_2_text_align=&#8221;center&#8221; header_2_text_color=&#8221;#FFFFFF&#8221; header_2_font_size=&#8221;32px&#8221; header_font_size_tablet=&#8221;38px&#8221; header_font_size_phone=&#8221;30px&#8221; header_font_size_last_edited=&#8221;on|phone&#8221; global_colors_info=&#8221;{}&#8221;]<\/p>\n<h1>Mer l\u00e4sning fr\u00e5n Unibet<\/h1>\n<p>[\/et_pb_text][\/et_pb_column][\/et_pb_row][et_pb_row column_structure=&#8221;1_3,1_3,1_3&#8243; use_custom_gutter=&#8221;on&#8221; gutter_width=&#8221;2&#8243; _builder_version=&#8221;4.18.0&#8243; _module_preset=&#8221;default&#8221; custom_padding=&#8221;16px||0px|||&#8221; global_colors_info=&#8221;{}&#8221;][et_pb_column type=&#8221;1_3&#8243; _builder_version=&#8221;4.16&#8243; _module_preset=&#8221;default&#8221; global_colors_info=&#8221;{}&#8221;][et_pb_image src=&#8221;https:\/\/kampanj.expressen.se\/unibet\/wp-content\/uploads\/2022\/10\/ifk-goteborg-thumb.jpg&#8221; title_text=&#8221;ifk-goteborg-thumb&#8221; url=&#8221;@ET-DC@eyJkeW5hbWljIjp0cnVlLCJjb250ZW50IjoicG9zdF9saW5rX3VybF9wYWdlIiwic2V0dGluZ3MiOnsicG9zdF9pZCI6Ijc4MSJ9fQ==@&#8221; disabled_on=&#8221;off|off|off&#8221; _builder_version=&#8221;4.18.0&#8243; _dynamic_attributes=&#8221;url&#8221; _module_preset=&#8221;default&#8221; global_colors_info=&#8221;{}&#8221;][\/et_pb_image][et_pb_text disabled_on=&#8221;off|off|off&#8221; _builder_version=&#8221;4.18.0&#8243; _dynamic_attributes=&#8221;link_option_url&#8221; _module_preset=&#8221;default&#8221; text_font=&#8221;Arial||||||||&#8221; text_text_color=&#8221;#FFFFFF&#8221; text_font_size=&#8221;20px&#8221; text_line_height=&#8221;1em&#8221; text_orientation=&#8221;center&#8221; link_option_url=&#8221;@ET-DC@eyJkeW5hbWljIjp0cnVlLCJjb250ZW50IjoicG9zdF9saW5rX3VybF9wYWdlIiwic2V0dGluZ3MiOnsicG9zdF9pZCI6Ijc4MSJ9fQ==@&#8221; global_colors_info=&#8221;{}&#8221;]<\/p>\n<p><strong>H\u00e5kan Mild bygger nytt igen \u2013 s\u00e5 ska Bl\u00e5vitt till toppen<\/strong><br \/>Glenn Hys\u00e9ns Gameday har tagit honom till favoritklubben IFK G\u00f6teborg.<\/p>\n<p>[\/et_pb_text][et_pb_button button_url=&#8221;@ET-DC@eyJkeW5hbWljIjp0cnVlLCJjb250ZW50IjoicG9zdF9saW5rX3VybF9wYWdlIiwic2V0dGluZ3MiOnsicG9zdF9pZCI6IjEyMDgifX0=@&#8221; button_text=&#8221;L\u00e4s mer&#8221; button_alignment=&#8221;center&#8221; disabled_on=&#8221;off|off|off&#8221; _builder_version=&#8221;4.18.0&#8243; _dynamic_attributes=&#8221;button_url&#8221; _module_preset=&#8221;default&#8221; custom_button=&#8221;on&#8221; button_text_size=&#8221;17px&#8221; button_text_color=&#8221;#000000&#8243; button_bg_color=&#8221;#ffe71f&#8221; button_border_width=&#8221;0px&#8221; button_border_radius=&#8221;0px&#8221; button_font=&#8221;Arial|800||on|||||&#8221; button_use_icon=&#8221;off&#8221; custom_padding=&#8221;2px|30px|2px|30px|true|true&#8221; global_colors_info=&#8221;{}&#8221;][\/et_pb_button][\/et_pb_column][et_pb_column type=&#8221;1_3&#8243; _builder_version=&#8221;4.16&#8243; _module_preset=&#8221;default&#8221; global_colors_info=&#8221;{}&#8221;][et_pb_image src=&#8221;https:\/\/kampanj.expressen.se\/unibet\/wp-content\/uploads\/2022\/09\/laktare-top-3.jpg&#8221; title_text=&#8221;laktare-top-3&#8243; url=&#8221;@ET-DC@eyJkeW5hbWljIjp0cnVlLCJjb250ZW50IjoicG9zdF9saW5rX3VybF9wYWdlIiwic2V0dGluZ3MiOnsicG9zdF9pZCI6IjM5OSJ9fQ==@&#8221; _builder_version=&#8221;4.18.0&#8243; _dynamic_attributes=&#8221;url&#8221; _module_preset=&#8221;default&#8221; global_colors_info=&#8221;{}&#8221;][\/et_pb_image][et_pb_text _builder_version=&#8221;4.18.0&#8243; _dynamic_attributes=&#8221;link_option_url&#8221; _module_preset=&#8221;default&#8221; text_font=&#8221;Arial||||||||&#8221; text_text_color=&#8221;#FFFFFF&#8221; text_font_size=&#8221;20px&#8221; text_line_height=&#8221;1em&#8221; text_orientation=&#8221;center&#8221; link_option_url=&#8221;@ET-DC@eyJkeW5hbWljIjp0cnVlLCJjb250ZW50IjoicG9zdF9saW5rX3VybF9wYWdlIiwic2V0dGluZ3MiOnsicG9zdF9pZCI6IjM5OSJ9fQ==@&#8221; global_colors_info=&#8221;{}&#8221;]<\/p>\n<p><strong>L\u00e4ktarna fylls av s\u00e5ng och tifo \u2013 unik publik i svensk fotboll<br \/><\/strong>L\u00e4ktarkulturen p\u00e5 de allsvenska arenorna h\u00e5ller f\u00f6r det mesta h\u00f6gsta europeiska klass.<\/p>\n<p>[\/et_pb_text][et_pb_button button_url=&#8221;@ET-DC@eyJkeW5hbWljIjp0cnVlLCJjb250ZW50IjoicG9zdF9saW5rX3VybF9wYWdlIiwic2V0dGluZ3MiOnsicG9zdF9pZCI6IjM5OSJ9fQ==@&#8221; button_text=&#8221;L\u00e4s mer&#8221; button_alignment=&#8221;center&#8221; _builder_version=&#8221;4.18.0&#8243; _dynamic_attributes=&#8221;button_url&#8221; _module_preset=&#8221;default&#8221; custom_button=&#8221;on&#8221; button_text_size=&#8221;17px&#8221; button_text_color=&#8221;#000000&#8243; button_bg_color=&#8221;#ffe71f&#8221; button_border_width=&#8221;0px&#8221; button_border_radius=&#8221;0px&#8221; button_font=&#8221;Arial|800||on|||||&#8221; button_use_icon=&#8221;off&#8221; custom_padding=&#8221;2px|30px|2px|30px|true|true&#8221; global_colors_info=&#8221;{}&#8221;][\/et_pb_button][\/et_pb_column][et_pb_column type=&#8221;1_3&#8243; _builder_version=&#8221;4.16&#8243; _module_preset=&#8221;default&#8221; global_colors_info=&#8221;{}&#8221;][et_pb_image src=&#8221;https:\/\/kampanj.expressen.se\/unibet\/wp-content\/uploads\/2022\/09\/djurgarden-thumb-1.jpg&#8221; title_text=&#8221;djurgarden-thumb-1&#8243; url=&#8221;@ET-DC@eyJkeW5hbWljIjp0cnVlLCJjb250ZW50IjoicG9zdF9saW5rX3VybF9wYWdlIiwic2V0dGluZ3MiOnsicG9zdF9pZCI6IjIwMyJ9fQ==@&#8221; _builder_version=&#8221;4.18.0&#8243; _dynamic_attributes=&#8221;url&#8221; _module_preset=&#8221;default&#8221; global_colors_info=&#8221;{}&#8221;][\/et_pb_image][et_pb_text _builder_version=&#8221;4.18.0&#8243; _dynamic_attributes=&#8221;link_option_url&#8221; _module_preset=&#8221;default&#8221; text_font=&#8221;Arial||||||||&#8221; text_text_color=&#8221;#FFFFFF&#8221; text_font_size=&#8221;20px&#8221; text_line_height=&#8221;1em&#8221; text_orientation=&#8221;center&#8221; link_option_url=&#8221;@ET-DC@eyJkeW5hbWljIjp0cnVlLCJjb250ZW50IjoicG9zdF9saW5rX3VybF9wYWdlIiwic2V0dGluZ3MiOnsicG9zdF9pZCI6IjIwMyJ9fQ==@&#8221; global_colors_info=&#8221;{}&#8221;]<\/p>\n<p><strong>Rivalm\u00f6tet som ger Bosse guldvibbar<br \/><\/strong>Den allsvenska segern 2005 var det sista av tre SM-guld inom loppet av fyra \u00e5r i b\u00f6rjan av millenniet.<\/p>\n<p>[\/et_pb_text][et_pb_button button_url=&#8221;@ET-DC@eyJkeW5hbWljIjp0cnVlLCJjb250ZW50IjoicG9zdF9saW5rX3VybF9wYWdlIiwic2V0dGluZ3MiOnsicG9zdF9pZCI6IjIwMyJ9fQ==@&#8221; button_text=&#8221;L\u00e4s mer&#8221; button_alignment=&#8221;center&#8221; _builder_version=&#8221;4.18.0&#8243; _dynamic_attributes=&#8221;button_url&#8221; _module_preset=&#8221;default&#8221; custom_button=&#8221;on&#8221; button_text_size=&#8221;17px&#8221; button_text_color=&#8221;#000000&#8243; button_bg_color=&#8221;#ffe71f&#8221; button_border_width=&#8221;0px&#8221; button_border_radius=&#8221;0px&#8221; button_font=&#8221;Arial|800||on|||||&#8221; button_use_icon=&#8221;off&#8221; custom_padding=&#8221;2px|30px|2px|30px|true|true&#8221; global_colors_info=&#8221;{}&#8221;][\/et_pb_button][\/et_pb_column][\/et_pb_row][et_pb_row column_structure=&#8221;1_3,1_3,1_3&#8243; use_custom_gutter=&#8221;on&#8221; gutter_width=&#8221;2&#8243; _builder_version=&#8221;4.18.0&#8243; _module_preset=&#8221;default&#8221; custom_padding=&#8221;30px||0px|||&#8221; global_colors_info=&#8221;{}&#8221;][et_pb_column type=&#8221;1_3&#8243; _builder_version=&#8221;4.16&#8243; _module_preset=&#8221;default&#8221; global_colors_info=&#8221;{}&#8221;][et_pb_image src=&#8221;https:\/\/kampanj.expressen.se\/unibet\/wp-content\/uploads\/2022\/09\/unibet-brage-thumb.jpg&#8221; title_text=&#8221;unibet-brage-thumb&#8221; url=&#8221;@ET-DC@eyJkeW5hbWljIjp0cnVlLCJjb250ZW50IjoicG9zdF9saW5rX3VybF9wYWdlIiwic2V0dGluZ3MiOnsicG9zdF9pZCI6IjYyNCJ9fQ==@&#8221; disabled_on=&#8221;off|off|off&#8221; _builder_version=&#8221;4.18.0&#8243; _dynamic_attributes=&#8221;url&#8221; _module_preset=&#8221;default&#8221; global_colors_info=&#8221;{}&#8221;][\/et_pb_image][et_pb_text disabled_on=&#8221;off|off|off&#8221; _builder_version=&#8221;4.18.0&#8243; _dynamic_attributes=&#8221;link_option_url&#8221; _module_preset=&#8221;default&#8221; text_font=&#8221;Arial||||||||&#8221; text_text_color=&#8221;#FFFFFF&#8221; text_font_size=&#8221;20px&#8221; text_line_height=&#8221;1em&#8221; text_orientation=&#8221;center&#8221; link_option_url=&#8221;@ET-DC@eyJkeW5hbWljIjp0cnVlLCJjb250ZW50IjoicG9zdF9saW5rX3VybF9wYWdlIiwic2V0dGluZ3MiOnsicG9zdF9pZCI6IjYyNCJ9fQ==@&#8221; global_colors_info=&#8221;{}&#8221;]<\/p>\n<p><strong>St\u00f6rsta fotbollsmatchen i Dalarna \u2013 nu g\u00e5r Brage mot ny storhetstid<\/strong><br \/>\u201dLagmoral, att alltid finnas d\u00e4r f\u00f6r varandra, g\u00f6ra grovjobbet och vara \u00f6dmjuk. Det \u00e4r det absolut viktigaste.\u201d<\/p>\n<p>[\/et_pb_text][et_pb_button button_url=&#8221;@ET-DC@eyJkeW5hbWljIjp0cnVlLCJjb250ZW50IjoicG9zdF9saW5rX3VybF9wYWdlIiwic2V0dGluZ3MiOnsicG9zdF9pZCI6IjYyNCJ9fQ==@&#8221; button_text=&#8221;L\u00e4s mer&#8221; button_alignment=&#8221;center&#8221; disabled_on=&#8221;off|off|off&#8221; _builder_version=&#8221;4.18.0&#8243; _dynamic_attributes=&#8221;button_url&#8221; _module_preset=&#8221;default&#8221; custom_button=&#8221;on&#8221; button_text_size=&#8221;17px&#8221; button_text_color=&#8221;#000000&#8243; button_bg_color=&#8221;#ffe71f&#8221; button_border_width=&#8221;0px&#8221; button_border_radius=&#8221;0px&#8221; button_font=&#8221;Arial|800||on|||||&#8221; button_use_icon=&#8221;off&#8221; custom_padding=&#8221;2px|30px|2px|30px|true|true&#8221; global_colors_info=&#8221;{}&#8221;][\/et_pb_button][\/et_pb_column][et_pb_column type=&#8221;1_3&#8243; _builder_version=&#8221;4.16&#8243; _module_preset=&#8221;default&#8221; global_colors_info=&#8221;{}&#8221;][et_pb_image src=&#8221;https:\/\/kampanj.expressen.se\/unibet\/wp-content\/uploads\/2022\/10\/26-fragor-thumb.jpg&#8221; title_text=&#8221;26-fragor-thumb&#8221; url=&#8221;@ET-DC@eyJkeW5hbWljIjp0cnVlLCJjb250ZW50IjoicG9zdF9saW5rX3VybF9wYWdlIiwic2V0dGluZ3MiOnsicG9zdF9pZCI6Ijc4MSJ9fQ==@&#8221; disabled_on=&#8221;off|off|off&#8221; _builder_version=&#8221;4.18.0&#8243; _dynamic_attributes=&#8221;url&#8221; _module_preset=&#8221;default&#8221; global_colors_info=&#8221;{}&#8221;][\/et_pb_image][et_pb_text disabled_on=&#8221;off|off|off&#8221; _builder_version=&#8221;4.18.0&#8243; _dynamic_attributes=&#8221;link_option_url&#8221; _module_preset=&#8221;default&#8221; text_font=&#8221;Arial||||||||&#8221; text_text_color=&#8221;#FFFFFF&#8221; text_font_size=&#8221;20px&#8221; text_line_height=&#8221;1em&#8221; text_orientation=&#8221;center&#8221; link_option_url=&#8221;@ET-DC@eyJkeW5hbWljIjp0cnVlLCJjb250ZW50IjoicG9zdF9saW5rX3VybF9wYWdlIiwic2V0dGluZ3MiOnsicG9zdF9pZCI6Ijc4MSJ9fQ==@&#8221; global_colors_info=&#8221;{}&#8221;]<\/p>\n<p><strong>26 fakta om elitfotbollen \u2013 l\u00e4gg p\u00e5 minnet och briljera<\/strong><br \/>Det finns massor av viktig (och oviktig) kunskap om v\u00e5ra tv\u00e5 h\u00f6gsta serier.<\/p>\n<p>[\/et_pb_text][et_pb_button button_url=&#8221;@ET-DC@eyJkeW5hbWljIjp0cnVlLCJjb250ZW50IjoicG9zdF9saW5rX3VybF9wYWdlIiwic2V0dGluZ3MiOnsicG9zdF9pZCI6Ijc4MSJ9fQ==@&#8221; button_text=&#8221;L\u00e4s mer&#8221; button_alignment=&#8221;center&#8221; disabled_on=&#8221;off|off|off&#8221; _builder_version=&#8221;4.18.0&#8243; _dynamic_attributes=&#8221;button_url&#8221; _module_preset=&#8221;default&#8221; custom_button=&#8221;on&#8221; button_text_size=&#8221;17px&#8221; button_text_color=&#8221;#000000&#8243; button_bg_color=&#8221;#ffe71f&#8221; button_border_width=&#8221;0px&#8221; button_border_radius=&#8221;0px&#8221; button_font=&#8221;Arial|800||on|||||&#8221; button_use_icon=&#8221;off&#8221; custom_padding=&#8221;2px|30px|2px|30px|true|true&#8221; global_colors_info=&#8221;{}&#8221;][\/et_pb_button][\/et_pb_column][et_pb_column type=&#8221;1_3&#8243; _builder_version=&#8221;4.16&#8243; _module_preset=&#8221;default&#8221; global_colors_info=&#8221;{}&#8221;][et_pb_image src=&#8221;https:\/\/kampanj.expressen.se\/unibet\/wp-content\/uploads\/2022\/10\/varberg-thumb.jpg&#8221; title_text=&#8221;varberg-thumb&#8221; url=&#8221;@ET-DC@eyJkeW5hbWljIjp0cnVlLCJjb250ZW50IjoicG9zdF9saW5rX3VybF9wYWdlIiwic2V0dGluZ3MiOnsicG9zdF9pZCI6IjkzOSJ9fQ==@&#8221; disabled_on=&#8221;off|off|off&#8221; _builder_version=&#8221;4.18.0&#8243; _dynamic_attributes=&#8221;url&#8221; _module_preset=&#8221;default&#8221; global_colors_info=&#8221;{}&#8221;][\/et_pb_image][et_pb_text disabled_on=&#8221;off|off|off&#8221; _builder_version=&#8221;4.18.0&#8243; _dynamic_attributes=&#8221;link_option_url&#8221; _module_preset=&#8221;default&#8221; text_font=&#8221;Arial||||||||&#8221; text_text_color=&#8221;#FFFFFF&#8221; text_font_size=&#8221;20px&#8221; text_line_height=&#8221;1em&#8221; text_orientation=&#8221;center&#8221; link_option_url=&#8221;@ET-DC@eyJkeW5hbWljIjp0cnVlLCJjb250ZW50IjoicG9zdF9saW5rX3VybF9wYWdlIiwic2V0dGluZ3MiOnsicG9zdF9pZCI6IjkzOSJ9fQ==@&#8221; global_colors_info=&#8221;{}&#8221;]<\/p>\n<p><strong>Varbergs alla hemska kval \u2013 f\u00f6r fyra \u00e5r sen v\u00e4nde det<\/strong><br \/>Gameday med Glenn tar oss vidare till sommarstaden Varberg \u2013 d\u00e4r han bland annat tr\u00e4ffar supportern Lukas.<\/p>\n<p>[\/et_pb_text][et_pb_button button_url=&#8221;@ET-DC@eyJkeW5hbWljIjp0cnVlLCJjb250ZW50IjoicG9zdF9saW5rX3VybF9wYWdlIiwic2V0dGluZ3MiOnsicG9zdF9pZCI6IjkzOSJ9fQ==@&#8221; button_text=&#8221;L\u00e4s mer&#8221; button_alignment=&#8221;center&#8221; disabled_on=&#8221;off|off|off&#8221; _builder_version=&#8221;4.18.0&#8243; _dynamic_attributes=&#8221;button_url&#8221; _module_preset=&#8221;default&#8221; custom_button=&#8221;on&#8221; button_text_size=&#8221;17px&#8221; button_text_color=&#8221;#000000&#8243; button_bg_color=&#8221;#ffe71f&#8221; button_border_width=&#8221;0px&#8221; button_border_radius=&#8221;0px&#8221; button_font=&#8221;Arial|800||on|||||&#8221; button_use_icon=&#8221;off&#8221; custom_padding=&#8221;2px|30px|2px|30px|true|true&#8221; global_colors_info=&#8221;{}&#8221;][\/et_pb_button][\/et_pb_column][\/et_pb_row][et_pb_row column_structure=&#8221;1_3,1_3,1_3&#8243; use_custom_gutter=&#8221;on&#8221; gutter_width=&#8221;2&#8243; _builder_version=&#8221;4.18.0&#8243; _module_preset=&#8221;default&#8221; custom_padding=&#8221;30px||0px|||&#8221; global_colors_info=&#8221;{}&#8221;][et_pb_column type=&#8221;1_3&#8243; _builder_version=&#8221;4.16&#8243; _module_preset=&#8221;default&#8221; global_colors_info=&#8221;{}&#8221;][et_pb_image src=&#8221;https:\/\/kampanj.expressen.se\/unibet\/wp-content\/uploads\/2022\/07\/AV2I3710-scaled.jpg&#8221; title_text=&#8221;Fotboll, Landskrona BoIS, reportage&#8221; url=&#8221;@ET-DC@eyJkeW5hbWljIjp0cnVlLCJjb250ZW50IjoicG9zdF9saW5rX3VybF9wYWdlIiwic2V0dGluZ3MiOnsicG9zdF9pZCI6IjMyOSJ9fQ==@&#8221; disabled_on=&#8221;off|off|off&#8221; _builder_version=&#8221;4.18.0&#8243; _dynamic_attributes=&#8221;url&#8221; _module_preset=&#8221;default&#8221; global_colors_info=&#8221;{}&#8221;][\/et_pb_image][et_pb_text disabled_on=&#8221;off|off|off&#8221; _builder_version=&#8221;4.18.0&#8243; _dynamic_attributes=&#8221;link_option_url&#8221; _module_preset=&#8221;default&#8221; text_font=&#8221;Arial||||||||&#8221; text_text_color=&#8221;#FFFFFF&#8221; text_font_size=&#8221;20px&#8221; text_line_height=&#8221;1em&#8221; text_orientation=&#8221;center&#8221; link_option_url=&#8221;@ET-DC@eyJkeW5hbWljIjp0cnVlLCJjb250ZW50IjoicG9zdF9saW5rX3VybF9wYWdlIiwic2V0dGluZ3MiOnsicG9zdF9pZCI6IjMyOSJ9fQ==@&#8221; global_colors_info=&#8221;{}&#8221;]<\/p>\n<p><strong>\u201dVi ska till Allsvenskan \u2013 p\u00e5 v\u00e5rt eget s\u00e4tt\u201d<\/strong><br \/>2022 bes\u00f6ker vi ett f\u00f6rvandlat Landskrona BoIS. \u201dF\u00f6reningen har en ny identitet som vi ska f\u00f6rst\u00e4rka.\u201d<\/p>\n<p>[\/et_pb_text][et_pb_button button_url=&#8221;@ET-DC@eyJkeW5hbWljIjp0cnVlLCJjb250ZW50IjoicG9zdF9saW5rX3VybF9wYWdlIiwic2V0dGluZ3MiOnsicG9zdF9pZCI6IjMyOSJ9fQ==@&#8221; button_text=&#8221;L\u00e4s mer&#8221; button_alignment=&#8221;center&#8221; disabled_on=&#8221;off|off|off&#8221; _builder_version=&#8221;4.18.0&#8243; _dynamic_attributes=&#8221;button_url&#8221; _module_preset=&#8221;default&#8221; custom_button=&#8221;on&#8221; button_text_size=&#8221;17px&#8221; button_text_color=&#8221;#000000&#8243; button_bg_color=&#8221;#ffe71f&#8221; button_border_width=&#8221;0px&#8221; button_border_radius=&#8221;0px&#8221; button_font=&#8221;Arial|800||on|||||&#8221; button_use_icon=&#8221;off&#8221; custom_padding=&#8221;2px|30px|2px|30px|true|true&#8221; global_colors_info=&#8221;{}&#8221;][\/et_pb_button][\/et_pb_column][et_pb_column type=&#8221;1_3&#8243; _builder_version=&#8221;4.16&#8243; _module_preset=&#8221;default&#8221; global_colors_info=&#8221;{}&#8221;][\/et_pb_column][et_pb_column type=&#8221;1_3&#8243; _builder_version=&#8221;4.16&#8243; _module_preset=&#8221;default&#8221; global_colors_info=&#8221;{}&#8221;][\/et_pb_column][\/et_pb_row][\/et_pb_section][et_pb_section fb_built=&#8221;1&#8243; _builder_version=&#8221;4.16&#8243; _module_preset=&#8221;default&#8221; positioning=&#8221;fixed&#8221; position_origin_f=&#8221;top_center&#8221; custom_padding=&#8221;0px||0px|||&#8221; locked=&#8221;off&#8221; global_colors_info=&#8221;{}&#8221;][et_pb_row _builder_version=&#8221;4.16&#8243; _module_preset=&#8221;default&#8221; background_color=&#8221;#FFFFFF&#8221; width=&#8221;100%&#8221; max_width=&#8221;100%&#8221; custom_padding=&#8221;7px||2px||false|false&#8221; global_colors_info=&#8221;{}&#8221;][et_pb_column type=&#8221;4_4&#8243; _builder_version=&#8221;4.16&#8243; _module_preset=&#8221;default&#8221; global_colors_info=&#8221;{}&#8221;][et_pb_image src=&#8221;https:\/\/kampanj.expressen.se\/xlhjalpen\/wp-content\/uploads\/2021\/11\/expressen-logo.png&#8221; title_text=&#8221;expressen-logo&#8221; url=&#8221;https:\/\/www.expressen.se\/&#8221; url_new_window=&#8221;on&#8221; align=&#8221;center&#8221; _builder_version=&#8221;4.16&#8243; _module_preset=&#8221;default&#8221; width=&#8221;150px&#8221; module_alignment=&#8221;center&#8221; max_height=&#8221;35px&#8221; max_height_tablet=&#8221;35px&#8221; max_height_phone=&#8221;30px&#8221; max_height_last_edited=&#8221;on|phone&#8221; global_colors_info=&#8221;{}&#8221;][\/et_pb_image][\/et_pb_column][\/et_pb_row][\/et_pb_section][et_pb_section fb_built=&#8221;1&#8243; _builder_version=&#8221;4.16&#8243; _module_preset=&#8221;default&#8221; positioning=&#8221;fixed&#8221; position_origin_f=&#8221;top_center&#8221; custom_padding=&#8221;0px||0px|||&#8221; locked=&#8221;off&#8221; global_colors_info=&#8221;{}&#8221;][et_pb_row _builder_version=&#8221;4.16&#8243; _module_preset=&#8221;default&#8221; background_color=&#8221;#FFFFFF&#8221; width=&#8221;100%&#8221; max_width=&#8221;100%&#8221; custom_padding=&#8221;7px||2px||false|false&#8221; global_colors_info=&#8221;{}&#8221;][et_pb_column type=&#8221;4_4&#8243; _builder_version=&#8221;4.16&#8243; _module_preset=&#8221;default&#8221; global_colors_info=&#8221;{}&#8221;][et_pb_image src=&#8221;https:\/\/kampanj.expressen.se\/xlhjalpen\/wp-content\/uploads\/2021\/11\/expressen-logo.png&#8221; title_text=&#8221;expressen-logo&#8221; url=&#8221;https:\/\/www.expressen.se\/&#8221; url_new_window=&#8221;on&#8221; align=&#8221;center&#8221; _builder_version=&#8221;4.16&#8243; _module_preset=&#8221;default&#8221; width=&#8221;150px&#8221; module_alignment=&#8221;center&#8221; max_height=&#8221;35px&#8221; max_height_tablet=&#8221;35px&#8221; max_height_phone=&#8221;30px&#8221; max_height_last_edited=&#8221;on|phone&#8221; global_colors_info=&#8221;{}&#8221;][\/et_pb_image][\/et_pb_column][\/et_pb_row][\/et_pb_section][et_pb_section fb_built=&#8221;1&#8243; _builder_version=&#8221;4.16&#8243; _module_preset=&#8221;default&#8221; positioning=&#8221;fixed&#8221; position_origin_f=&#8221;top_center&#8221; custom_padding=&#8221;0px||0px|||&#8221; locked=&#8221;off&#8221; global_colors_info=&#8221;{}&#8221;][et_pb_row _builder_version=&#8221;4.16&#8243; _module_preset=&#8221;default&#8221; background_color=&#8221;#FFFFFF&#8221; width=&#8221;100%&#8221; max_width=&#8221;100%&#8221; custom_padding=&#8221;7px||2px||false|false&#8221; global_colors_info=&#8221;{}&#8221;][et_pb_column type=&#8221;4_4&#8243; _builder_version=&#8221;4.16&#8243; _module_preset=&#8221;default&#8221; global_colors_info=&#8221;{}&#8221;][et_pb_image src=&#8221;https:\/\/kampanj.expressen.se\/xlhjalpen\/wp-content\/uploads\/2021\/11\/expressen-logo.png&#8221; title_text=&#8221;expressen-logo&#8221; url=&#8221;https:\/\/www.expressen.se\/&#8221; url_new_window=&#8221;on&#8221; align=&#8221;center&#8221; _builder_version=&#8221;4.16&#8243; _module_preset=&#8221;default&#8221; width=&#8221;150px&#8221; module_alignment=&#8221;center&#8221; max_height=&#8221;35px&#8221; max_height_tablet=&#8221;35px&#8221; max_height_phone=&#8221;30px&#8221; max_height_last_edited=&#8221;on|phone&#8221; global_colors_info=&#8221;{}&#8221;][\/et_pb_image][\/et_pb_column][\/et_pb_row][\/et_pb_section]<\/p>\n","protected":false},"excerpt":{"rendered":"<p>\u201dVi ska till Allsvenskan- p\u00e5 v\u00e5rt eget s\u00e4tt\u201d Del 4: Landskrona BoisGlenn Hys\u00e9n och Gameday rullar vidare \u2013 nu ska han tr\u00e4ffa Allsvenskans mest utvisade spelare fr\u00e5n en klubb som har levt med kortsiktighet och konflikter. Styrelseavhopp. Tv\u00e5 och en halv miljon i underskott. Och en sistaplats i Superettan.Det \u00e4r bara fyra \u00e5r sedan.2022 bes\u00f6ker [&hellip;]<\/p>\n","protected":false},"author":1,"featured_media":89,"parent":0,"menu_order":0,"comment_status":"closed","ping_status":"closed","template":"","meta":{"_et_pb_use_builder":"on","_et_pb_old_content":"","_et_gb_content_width":"","footnotes":""},"class_list":["post-329","page","type-page","status-publish","has-post-thumbnail","hentry"],"_links":{"self":[{"href":"https:\/\/kampanj.expressen.se\/unibet\/wp-json\/wp\/v2\/pages\/329","targetHints":{"allow":["GET"]}}],"collection":[{"href":"https:\/\/kampanj.expressen.se\/unibet\/wp-json\/wp\/v2\/pages"}],"about":[{"href":"https:\/\/kampanj.expressen.se\/unibet\/wp-json\/wp\/v2\/types\/page"}],"author":[{"embeddable":true,"href":"https:\/\/kampanj.expressen.se\/unibet\/wp-json\/wp\/v2\/users\/1"}],"replies":[{"embeddable":true,"href":"https:\/\/kampanj.expressen.se\/unibet\/wp-json\/wp\/v2\/comments?post=329"}],"version-history":[{"count":62,"href":"https:\/\/kampanj.expressen.se\/unibet\/wp-json\/wp\/v2\/pages\/329\/revisions"}],"predecessor-version":[{"id":1460,"href":"https:\/\/kampanj.expressen.se\/unibet\/wp-json\/wp\/v2\/pages\/329\/revisions\/1460"}],"wp:featuredmedia":[{"embeddable":true,"href":"https:\/\/kampanj.expressen.se\/unibet\/wp-json\/wp\/v2\/media\/89"}],"wp:attachment":[{"href":"https:\/\/kampanj.expressen.se\/unibet\/wp-json\/wp\/v2\/media?parent=329"}],"curies":[{"name":"wp","href":"https:\/\/api.w.org\/{rel}","templated":true}]}}