{"id":3823,"date":"2023-10-04T10:38:25","date_gmt":"2023-10-04T08:38:25","guid":{"rendered":"https:\/\/kampanj.expressen.se\/apollo\/?page_id=3823"},"modified":"2023-10-04T11:40:18","modified_gmt":"2023-10-04T09:40:18","slug":"paketresa-till-paradiset-har-ar-vinterns-dromstrander","status":"publish","type":"page","link":"https:\/\/kampanj.expressen.se\/apollo\/paketresa-till-paradiset-har-ar-vinterns-dromstrander\/","title":{"rendered":"Paketresa till paradiset: H\u00e4r \u00e4r vinterns dr\u00f6mstr\u00e4nder"},"content":{"rendered":"<p>[et_pb_section fb_built=&#8221;1&#8243; custom_padding_last_edited=&#8221;on|phone&#8221; disabled_on=&#8221;off|off|off&#8221; admin_label=&#8221;Hero \/ toppbild&#8221; _builder_version=&#8221;4.22.2&#8243; _module_preset=&#8221;default&#8221; background_color=&#8221;#000000&#8243; use_background_color_gradient=&#8221;on&#8221; background_color_gradient_stops=&#8221;rgba(255,255,255,0) 39%|rgba(0,0,0,0.34) 100%&#8221; background_image=&#8221;https:\/\/kampanj.expressen.se\/apollo\/wp-content\/uploads\/2023\/10\/apollo-exotisk-strand-topp.jpg&#8221; background_blend=&#8221;darken&#8221; background_enable_video_mp4=&#8221;off&#8221; background_video_width=&#8221;100%&#8221; z_index=&#8221;99999&#8243; vertical_offset_tablet=&#8221;&#8221; vertical_offset_phone=&#8221;&#8221; vertical_offset_last_edited=&#8221;on|phone&#8221; position_origin_a_last_edited=&#8221;off|desktop&#8221; position_origin_f_phone=&#8221;top_center&#8221; position_origin_f_last_edited=&#8221;off|desktop&#8221; position_origin_r_last_edited=&#8221;off|desktop&#8221; height=&#8221;90vh&#8221; height_tablet=&#8221;520px&#8221; height_phone=&#8221;400px&#8221; height_last_edited=&#8221;on|tablet&#8221; custom_padding=&#8221;73px||0px||false|false&#8221; custom_padding_tablet=&#8221;73px||0px||false|false&#8221; custom_padding_phone=&#8221;70px||0px||false|false&#8221; scroll_vertical_motion_enable=&#8221;off&#8221; motion_trigger_start=&#8221;bottom&#8221; background_last_edited=&#8221;off|phone&#8221; background_enable_image_tablet=&#8221;off&#8221; background_enable_image_phone=&#8221;off&#8221; background_video_mp4_phone=&#8221;https:\/\/kampanj.di.se\/sts-alpresor\/wp-content\/uploads\/2021\/08\/Bad-Gastein-4k-mobile.mp4&#8243; background_enable_video_mp4_phone=&#8221;on&#8221; positioning_phone=&#8221;relative&#8221; positioning_last_edited=&#8221;off|desktop&#8221; z_index_last_edited=&#8221;off|phone&#8221; sticky_position_phone=&#8221;none&#8221; sticky_position_last_edited=&#8221;off|phone&#8221; locked=&#8221;off&#8221; collapsed=&#8221;on&#8221; global_colors_info=&#8221;{}&#8221;][et_pb_row _builder_version=&#8221;4.22.1&#8243; _module_preset=&#8221;default&#8221; positioning=&#8221;absolute&#8221; position_origin_a=&#8221;bottom_center&#8221; vertical_offset=&#8221;10%&#8221; vertical_offset_tablet=&#8221;50px&#8221; vertical_offset_phone=&#8221;40px&#8221; vertical_offset_last_edited=&#8221;on|phone&#8221; width=&#8221;100%&#8221; width_tablet=&#8221;80%&#8221; width_phone=&#8221;90%&#8221; width_last_edited=&#8221;on|phone&#8221; max_width=&#8221;850px&#8221; custom_margin=&#8221;0px||0px||false|false&#8221; custom_padding=&#8221;0px||0px||false|false&#8221; animation_style=&#8221;fade&#8221; global_colors_info=&#8221;{}&#8221;][et_pb_column type=&#8221;4_4&#8243; _builder_version=&#8221;4.19.2&#8243; _module_preset=&#8221;default&#8221; global_colors_info=&#8221;{}&#8221;][et_pb_text _builder_version=&#8221;4.22.2&#8243; _module_preset=&#8221;default&#8221; header_text_align=&#8221;center&#8221; header_text_color=&#8221;#FFFFFF&#8221; header_font_size=&#8221;74px&#8221; header_font_size_tablet=&#8221;50px&#8221; header_font_size_phone=&#8221;34px&#8221; header_font_size_last_edited=&#8221;on|phone&#8221; header_text_shadow_style=&#8221;preset3&#8243; global_colors_info=&#8221;{}&#8221;]<\/p>\n<h1>Paketresa till paradiset: H\u00e4r&nbsp;\u00e4r vinterns dr\u00f6mstr\u00e4nder<\/h1>\n<p>[\/et_pb_text][\/et_pb_column][\/et_pb_row][\/et_pb_section][et_pb_section fb_built=&#8221;1&#8243; disabled_on=&#8221;off|off|off&#8221; admin_label=&#8221;Meny s\u00e4song 2 2023&#8243; module_id=&#8221;meny&#8221; _builder_version=&#8221;4.22.1&#8243; _module_preset=&#8221;default&#8221; background_color=&#8221;#0776b4&#8243; z_index=&#8221;99999&#8243; custom_padding=&#8221;0px||0px|||&#8221; global_module=&#8221;3485&#8243; saved_tabs=&#8221;all&#8221; locked=&#8221;off&#8221; global_colors_info=&#8221;{}&#8221;][et_pb_row use_custom_gutter=&#8221;on&#8221; gutter_width=&#8221;1&#8243; custom_padding_last_edited=&#8221;off|phone&#8221; _builder_version=&#8221;4.19.2&#8243; _module_preset=&#8221;default&#8221; width=&#8221;100%&#8221; max_width=&#8221;100%&#8221; custom_padding=&#8221;0px||0px||true|false&#8221; custom_padding_tablet=&#8221;10px||10px||true|false&#8221; global_colors_info=&#8221;{}&#8221;][et_pb_column type=&#8221;4_4&#8243; admin_label=&#8221;Kap 1&#8243; _builder_version=&#8221;4.16&#8243; _module_preset=&#8221;default&#8221; global_colors_info=&#8221;{}&#8221;][et_pb_menu menu_id=&#8221;11&#8243; menu_style=&#8221;centered&#8221; active_link_color=&#8221;#FFFFFF&#8221; dropdown_menu_bg_color=&#8221;#0a76b5&#8243; dropdown_menu_line_color=&#8221;#9ec9e1&#8243; dropdown_menu_text_color=&#8221;#9ec9e1&#8243; dropdown_menu_active_link_color=&#8221;#FFFFFF&#8221; mobile_menu_bg_color=&#8221;rgba(10,118,181,0.95)&#8221; mobile_menu_text_color=&#8221;#FFFFFF&#8221; cart_icon_color=&#8221;#FFFFFF&#8221; search_icon_color=&#8221;#FFFFFF&#8221; menu_icon_color=&#8221;#FFFFFF&#8221; disabled_on=&#8221;off|off|off&#8221; _builder_version=&#8221;4.22.1&#8243; _module_preset=&#8221;default&#8221; menu_font=&#8221;|700|||||||&#8221; menu_text_color=&#8221;#FFFFFF&#8221; menu_font_size=&#8221;15px&#8221; background_color=&#8221;#0a76b5&#8243; custom_margin=&#8221;||||false|false&#8221; custom_padding=&#8221;6px||6px||true|false&#8221; custom_padding_last_edited=&#8221;off|phone&#8221; global_colors_info=&#8221;{}&#8221;][\/et_pb_menu][\/et_pb_column][\/et_pb_row][\/et_pb_section][et_pb_section fb_built=&#8221;1&#8243; custom_padding_last_edited=&#8221;on|phone&#8221; admin_label=&#8221;Artikel\/text 1&#8243; _builder_version=&#8221;4.19.2&#8243; _module_preset=&#8221;default&#8221; background_color=&#8221;#FFFFFF&#8221; custom_padding=&#8221;40px||40px||true|false&#8221; custom_padding_tablet=&#8221;40px||40px||true|false&#8221; custom_padding_phone=&#8221;35px||40px||false|false&#8221; collapsed=&#8221;on&#8221; global_colors_info=&#8221;{}&#8221;][et_pb_row custom_padding_last_edited=&#8221;on|phone&#8221; _builder_version=&#8221;4.19.2&#8243; _module_preset=&#8221;default&#8221; background_enable_color=&#8221;off&#8221; width_tablet=&#8221;&#8221; width_phone=&#8221;90%&#8221; width_last_edited=&#8221;on|phone&#8221; max_width=&#8221;900px&#8221; max_width_tablet=&#8221;&#8221; max_width_phone=&#8221;&#8221; max_width_last_edited=&#8221;on|tablet&#8221; module_alignment=&#8221;center&#8221; custom_padding=&#8221;0px|150px|0px|150px|false|true&#8221; custom_padding_tablet=&#8221;0px|60px|0px|60px|true|true&#8221; custom_padding_phone=&#8221;|0px||0px|true|true&#8221; global_colors_info=&#8221;{}&#8221;][et_pb_column type=&#8221;4_4&#8243; _builder_version=&#8221;4.16&#8243; _module_preset=&#8221;default&#8221; global_colors_info=&#8221;{}&#8221;][et_pb_text _builder_version=&#8221;4.22.2&#8243; _module_preset=&#8221;default&#8221; text_font=&#8221;Arial|700|||||||&#8221; text_text_color=&#8221;#222222&#8243; text_font_size=&#8221;20px&#8221; text_line_height=&#8221;1.3em&#8221; header_font_size=&#8221;50px&#8221; header_3_font=&#8221;Siri Expressen|700|||||||&#8221; header_3_text_color=&#8221;#222222&#8243; header_3_font_size=&#8221;62px&#8221; header_3_line_height=&#8221;1.1em&#8221; custom_padding=&#8221;||22px|||&#8221; custom_padding_tablet=&#8221;||22px||false|false&#8221; custom_padding_phone=&#8221;&#8221; custom_padding_last_edited=&#8221;on|tablet&#8221; text_font_size_tablet=&#8221;&#8221; text_font_size_phone=&#8221;18px&#8221; text_font_size_last_edited=&#8221;on|phone&#8221; text_line_height_last_edited=&#8221;off|tablet&#8221; header_font_size_tablet=&#8221;45px&#8221; header_font_size_phone=&#8221;30px&#8221; header_font_size_last_edited=&#8221;on|phone&#8221; header_3_font_size_tablet=&#8221;&#8221; header_3_font_size_phone=&#8221;18px&#8221; header_3_font_size_last_edited=&#8221;on|phone&#8221; border_width_bottom=&#8221;1px&#8221; border_color_bottom=&#8221;rgba(0,0,0,0.15)&#8221; inline_fonts=&#8221;Siri Expressen,Benton Sans,Helvetica Neue Bold&#8221; global_colors_info=&#8221;{}&#8221;]<\/p>\n<p>Nu l\u00e4ngtar vi lite l\u00e4ngre bort, men utan kr\u00e5ngel och med trygghet nedpackat i bagaget.<br \/><span class=\"indenta\">D\u00e4rf\u00f6r g\u00e5r vinterns paketresa till paradisstr\u00e4nderna och dr\u00f6mdestinationerna.<\/span><br \/><span class=\"indenta\">\u2013 Vi ser en \u00f6kad efterfr\u00e5gan bland framf\u00f6r allt familjer efter mer exklusiva semesterdr\u00f6mmar, s\u00e4ger Martina Krantz p\u00e5 Apollo.<\/span><\/p>\n<p>[\/et_pb_text][\/et_pb_column][\/et_pb_row][et_pb_row use_custom_gutter=&#8221;on&#8221; gutter_width=&#8221;2&#8243; custom_padding_last_edited=&#8221;on|phone&#8221; _builder_version=&#8221;4.22.1&#8243; _module_preset=&#8221;default&#8221; background_enable_color=&#8221;off&#8221; width_tablet=&#8221;&#8221; width_phone=&#8221;90%&#8221; width_last_edited=&#8221;on|phone&#8221; max_width=&#8221;900px&#8221; max_width_tablet=&#8221;&#8221; max_width_phone=&#8221;&#8221; max_width_last_edited=&#8221;on|tablet&#8221; module_alignment=&#8221;center&#8221; custom_padding=&#8221;24px|150px|0px|150px|false|true&#8221; custom_padding_tablet=&#8221;24px|60px|0px|60px|false|true&#8221; custom_padding_phone=&#8221;|0px||0px|false|true&#8221; global_colors_info=&#8221;{}&#8221;][et_pb_column type=&#8221;4_4&#8243; _builder_version=&#8221;4.16&#8243; _module_preset=&#8221;default&#8221; global_colors_info=&#8221;{}&#8221;][et_pb_text _builder_version=&#8221;4.22.2&#8243; _module_preset=&#8221;default&#8221; text_font=&#8221;Arial||||||||&#8221; text_text_color=&#8221;#000000&#8243; text_font_size=&#8221;18px&#8221; text_line_height=&#8221;1.5em&#8221; link_font=&#8221;Arial|300|||||||&#8221; link_text_color=&#8221;#007ee5&#8243; header_font_size=&#8221;24px&#8221; header_2_font=&#8221;di-benton-bold||||||||&#8221; header_2_text_color=&#8221;#222222&#8243; header_2_font_size=&#8221;24px&#8221; custom_margin=&#8221;||||false|false&#8221; custom_padding=&#8221;||||false|false&#8221; header_2_font_size_tablet=&#8221;&#8221; header_2_font_size_phone=&#8221;23px&#8221; header_2_font_size_last_edited=&#8221;on|phone&#8221; global_colors_info=&#8221;{}&#8221;]<strong>EXTERN L\u00c4NK:<\/strong> <a href=\"https:\/\/www.apollo.se\/erbjudanden\/exotiska-erbjudanden?utm_source=native&amp;utm_medium=content&amp;utm_campaign=winter&amp;utm_term=expressen.se&amp;utm_content=exotiska_resm%C3%A5l\" target=\"_blank\" rel=\"noopener\"><strong>Boka din dr\u00f6mdestination senast 15 oktober och f\u00e5 1000 kronor rabatt per person<\/strong><\/a>[\/et_pb_text][et_pb_text _builder_version=&#8221;4.22.2&#8243; _module_preset=&#8221;default&#8221; text_font=&#8221;Arial||||||||&#8221; text_text_color=&#8221;#000000&#8243; text_font_size=&#8221;18px&#8221; text_line_height=&#8221;1.5em&#8221; link_font=&#8221;Arial|300|||||||&#8221; link_text_color=&#8221;#0876b5&#8243; header_font_size=&#8221;24px&#8221; header_2_font=&#8221;di-benton-bold||||||||&#8221; header_2_text_color=&#8221;#222222&#8243; header_2_font_size=&#8221;24px&#8221; custom_margin=&#8221;||||false|false&#8221; custom_padding=&#8221;||||false|false&#8221; header_2_font_size_tablet=&#8221;&#8221; header_2_font_size_phone=&#8221;23px&#8221; header_2_font_size_last_edited=&#8221;on|phone&#8221; global_colors_info=&#8221;{}&#8221;]<\/p>\n<p>I tider av otrygghet \u00e4r vi allt fler som vill veta exakt vad vi best\u00e4ller och k\u00f6per, det g\u00e4ller inte minst exotiska resm\u00e5l som Maldiverna, Mauritius, Seychellerna och Bali. S\u00e5 vad \u00e4r d\u00e5 smartare \u00e4n att boka paketresan till paradiset? Enkelt och tryggt, utan att beh\u00f6va ge avkall p\u00e5 den k\u00e4nsla av kvalitet som k\u00e4nnetecknar m\u00e5nga av dr\u00f6mdestinationerna lite l\u00e4ngre bort.<\/p>\n<p>[\/et_pb_text][et_pb_image src=&#8221;https:\/\/kampanj.expressen.se\/apollo\/wp-content\/uploads\/2023\/10\/apollo-strand-2.jpg&#8221; title_text=&#8221;apollo-strand-2&#8243; _builder_version=&#8221;4.22.2&#8243; _module_preset=&#8221;default&#8221; custom_margin=&#8221;30px||30px||true|false&#8221; animation_style=&#8221;fade&#8221; locked=&#8221;off&#8221; global_colors_info=&#8221;{}&#8221;][\/et_pb_image][et_pb_text _builder_version=&#8221;4.22.2&#8243; _module_preset=&#8221;default&#8221; text_font=&#8221;Arial||||||||&#8221; text_text_color=&#8221;#000000&#8243; text_font_size=&#8221;18px&#8221; text_line_height=&#8221;1.5em&#8221; link_font=&#8221;Arial|300|||||||&#8221; link_text_color=&#8221;#0876b5&#8243; header_font_size=&#8221;24px&#8221; header_2_font=&#8221;di-benton-bold||||||||&#8221; header_2_text_color=&#8221;#222222&#8243; header_2_font_size=&#8221;24px&#8221; custom_margin=&#8221;||||false|false&#8221; custom_padding=&#8221;||||false|false&#8221; header_2_font_size_tablet=&#8221;&#8221; header_2_font_size_phone=&#8221;23px&#8221; header_2_font_size_last_edited=&#8221;on|phone&#8221; global_colors_info=&#8221;{}&#8221;]<\/p>\n<p>Den nordiska researrang\u00f6ren Apollo har l\u00e5ng erfarenhet och ett stort utbud av just paketresor till lockande resm\u00e5l i b\u00e5de Indiska Oceanen och Sydostasien.<\/p>\n<p>\u2013 Efter pandemin m\u00e4rker vi en v\u00e4xande trend av att m\u00e5nga vill uppfylla sina stora, exklusiva semesterdr\u00f6mmar. Och allt fler uppt\u00e4cker resm\u00e5l som Maldiverna, Seychellerna och Mauritius. Den vackra trion har l\u00e4nge varit erk\u00e4nd som f\u00f6rstahandsvalet f\u00f6r nyf\u00f6r\u00e4lskade och nygifta, men vi ser ocks\u00e5 en \u00f6kad efterfr\u00e5gan bland familjer &#8211; s\u00e4rskilt till Mauritius, som erbjuder ett otroligt utbud av sp\u00e4nnande naturupplevelser, s\u00e4ger Martina Krantz, presschef p\u00e5 Apollo.<\/p>\n<p>[\/et_pb_text][\/et_pb_column][\/et_pb_row][\/et_pb_section][et_pb_section fb_built=&#8221;1&#8243; fullwidth=&#8221;on&#8221; admin_label=&#8221;Kollagebild&#8221; _builder_version=&#8221;4.19.2&#8243; _module_preset=&#8221;default&#8221; background_enable_image=&#8221;off&#8221; global_colors_info=&#8221;{}&#8221;][et_pb_fullwidth_image src=&#8221;https:\/\/kampanj.expressen.se\/apollo\/wp-content\/uploads\/2023\/10\/apollo-strand-3.jpg&#8221; title_text=&#8221;apollo-strand-3&#8243; _builder_version=&#8221;4.22.2&#8243; _module_preset=&#8221;default&#8221; background_enable_image=&#8221;off&#8221; height_tablet=&#8221;400px&#8221; height_phone=&#8221;210px&#8221; height_last_edited=&#8221;off|desktop&#8221; scroll_vertical_motion=&#8221;0|50|50|100|0|0|1&#8243; motion_trigger_start=&#8221;bottom&#8221; background_last_edited=&#8221;off|desktop&#8221; background_image_tablet=&#8221;https:\/\/kampanj.expressen.se\/apollo\/wp-content\/uploads\/2023\/09\/apollo-2023-2-2.jpg&#8221; background_enable_image_tablet=&#8221;on&#8221; parallax_tablet=&#8221;off&#8221; global_colors_info=&#8221;{}&#8221;][\/et_pb_fullwidth_image][\/et_pb_section][et_pb_section fb_built=&#8221;1&#8243; fullwidth=&#8221;on&#8221; admin_label=&#8221;Kollagebild&#8221; _builder_version=&#8221;4.19.2&#8243; _module_preset=&#8221;default&#8221; background_enable_image=&#8221;off&#8221; global_colors_info=&#8221;{}&#8221;][et_pb_fullwidth_image title_text=&#8221;apollo-strand-4&#8243; _builder_version=&#8221;4.22.2&#8243; _module_preset=&#8221;default&#8221; background_image=&#8221;https:\/\/kampanj.expressen.se\/apollo\/wp-content\/uploads\/2023\/10\/apollo-strand-4.jpg&#8221; parallax=&#8221;on&#8221; parallax_method=&#8221;off&#8221; height=&#8221;600px&#8221; height_tablet=&#8221;450px&#8221; height_phone=&#8221;320px&#8221; height_last_edited=&#8221;on|tablet&#8221; background_last_edited=&#8221;on|phone&#8221; background_image_tablet=&#8221;https:\/\/kampanj.expressen.se\/apollo\/wp-content\/uploads\/2023\/10\/apollo-strand-4.jpg&#8221; background_enable_image_tablet=&#8221;on&#8221; parallax_tablet=&#8221;off&#8221; global_colors_info=&#8221;{}&#8221;][\/et_pb_fullwidth_image][\/et_pb_section][et_pb_section fb_built=&#8221;1&#8243; admin_label=&#8221;BLOCK SISTA&#8221; _builder_version=&#8221;4.19.2&#8243; _module_preset=&#8221;default&#8221; background_color=&#8221;#FFFFFF&#8221; custom_padding=&#8221;40px||40px||true|false&#8221; collapsed=&#8221;on&#8221; global_colors_info=&#8221;{}&#8221;][et_pb_row custom_padding_last_edited=&#8221;on|phone&#8221; _builder_version=&#8221;4.22.1&#8243; _module_preset=&#8221;default&#8221; background_enable_color=&#8221;off&#8221; width_tablet=&#8221;&#8221; width_phone=&#8221;90%&#8221; width_last_edited=&#8221;on|phone&#8221; max_width=&#8221;900px&#8221; max_width_tablet=&#8221;&#8221; max_width_phone=&#8221;&#8221; max_width_last_edited=&#8221;on|tablet&#8221; module_alignment=&#8221;center&#8221; custom_padding=&#8221;0px|150px|0px|150px|false|true&#8221; custom_padding_tablet=&#8221;|60px||60px|false|true&#8221; custom_padding_phone=&#8221;|0px|0px|0px|false|true&#8221; global_colors_info=&#8221;{}&#8221;][et_pb_column type=&#8221;4_4&#8243; _builder_version=&#8221;4.16&#8243; _module_preset=&#8221;default&#8221; global_colors_info=&#8221;{}&#8221;][et_pb_text _builder_version=&#8221;4.22.2&#8243; _module_preset=&#8221;default&#8221; text_font=&#8221;Arial||||||||&#8221; text_text_color=&#8221;#000000&#8243; text_font_size=&#8221;18px&#8221; text_line_height=&#8221;1.5em&#8221; header_font_size=&#8221;24px&#8221; header_2_font=&#8221;||||||||&#8221; header_2_text_color=&#8221;#222222&#8243; custom_margin=&#8221;||0px||false|false&#8221; custom_padding=&#8221;0px||0px||true|false&#8221; header_2_font_size_phone=&#8221;23px&#8221; header_2_font_size_last_edited=&#8221;off|desktop&#8221; global_colors_info=&#8221;{}&#8221;]<\/p>\n<h2>S\u00e4tt f\u00e4rg p\u00e5 vintern<\/h2>\n<p>Att s\u00e4tta krydda och f\u00e4rgstarka kul\u00f6rer p\u00e5 det lite gr\u00e5are vinterhalv\u00e5ret \u00e4r v\u00e4l n\u00e5got vi alla g\u00e5r och l\u00e4ngtar efter. Att riktigt f\u00e5 andas ut, bryta av fr\u00e5n vardagen och g\u00f6ra verklighet av dr\u00f6mmarna \u00e4r ocks\u00e5 enklare n\u00e4r man vet att \u00e4ventyret som v\u00e4ntar arrangeras av en trygg och erfaren partner &#8211; oavsett om man fantiserar om fridykning p\u00e5 Seychellerna eller g\u00e5r ig\u00e5ng p\u00e5 multikulturella matmarknader p\u00e5 Mauritius.<\/p>\n<p>[\/et_pb_text][\/et_pb_column][\/et_pb_row][et_pb_row column_structure=&#8221;1_2,1_2&#8243; use_custom_gutter=&#8221;on&#8221; custom_padding_last_edited=&#8221;on|phone&#8221; _builder_version=&#8221;4.22.2&#8243; _module_preset=&#8221;default&#8221; background_enable_color=&#8221;off&#8221; width_tablet=&#8221;&#8221; width_phone=&#8221;90%&#8221; width_last_edited=&#8221;on|phone&#8221; max_width=&#8221;900px&#8221; max_width_tablet=&#8221;&#8221; max_width_phone=&#8221;&#8221; max_width_last_edited=&#8221;on|tablet&#8221; module_alignment=&#8221;center&#8221; custom_margin=&#8221;19px||19px||false|false&#8221; custom_padding=&#8221;0px|150px|0px|150px|false|true&#8221; custom_padding_tablet=&#8221;0px|60px|0px|60px|false|true&#8221; custom_padding_phone=&#8221;|0px||0px|false|true&#8221; global_colors_info=&#8221;{}&#8221;][et_pb_column type=&#8221;1_2&#8243; _builder_version=&#8221;4.16&#8243; _module_preset=&#8221;default&#8221; global_colors_info=&#8221;{}&#8221;][et_pb_text _builder_version=&#8221;4.22.2&#8243; _module_preset=&#8221;default&#8221; text_font=&#8221;Arial||||||||&#8221; text_text_color=&#8221;#000000&#8243; text_font_size=&#8221;18px&#8221; text_line_height=&#8221;1.5em&#8221; header_font_size=&#8221;24px&#8221; header_2_font=&#8221;||||||||&#8221; header_2_text_color=&#8221;#222222&#8243; custom_margin=&#8221;||0px||false|false&#8221; custom_padding=&#8221;0px||0px||true|false&#8221; global_colors_info=&#8221;{}&#8221;]<\/p>\n<p>Apollo har m\u00e4ngder med h\u00e4rliga hotell p\u00e5 hela kvartetten av destinationer lite l\u00e4ngre bort.<\/p>\n<p>\u2013 F\u00f6r de flesta av oss \u00e4r det h\u00e4r inte platser vi \u00e5terv\u00e4nder till \u00e5r efter \u00e5r, snarare tv\u00e4rtom. P\u00e5 m\u00e5nga s\u00e4tt \u00e4r de den ultimata dr\u00f6msemestern, och det \u00f6kade intresset visar tydligt att vi har ett v\u00e4xande behov av nya impulser och upplevelser &#8211; och inte minst att vi vill unna oss det d\u00e4r lilla extra och leva lite mer, s\u00e4ger Martina Krantz.<\/p>\n<p>[\/et_pb_text][\/et_pb_column][et_pb_column type=&#8221;1_2&#8243; _builder_version=&#8221;4.22.1&#8243; _module_preset=&#8221;default&#8221; animation_style=&#8221;fade&#8221; global_colors_info=&#8221;{}&#8221;][et_pb_image src=&#8221;https:\/\/kampanj.expressen.se\/apollo\/wp-content\/uploads\/2023\/10\/martina-apollo-1&#215;1-1.jpg&#8221; title_text=&#8221;martina-apollo-16&#215;9&#8243; src_tablet=&#8221;https:\/\/kampanj.expressen.se\/apollo\/wp-content\/uploads\/2023\/10\/martina-apollo-16&#215;9-1.jpg&#8221; src_phone=&#8221;https:\/\/kampanj.expressen.se\/apollo\/wp-content\/uploads\/2023\/10\/martina-apollo-16&#215;9-1.jpg&#8221; src_last_edited=&#8221;on|phone&#8221; _builder_version=&#8221;4.22.2&#8243; _module_preset=&#8221;default&#8221; custom_margin=&#8221;10px||6px||false|false&#8221; custom_margin_tablet=&#8221;0px||6px||false|false&#8221; custom_margin_last_edited=&#8221;on|phone&#8221; custom_padding=&#8221;||0px||false|false&#8221; hover_enabled=&#8221;0&#8243; global_colors_info=&#8221;{}&#8221; sticky_enabled=&#8221;0&#8243; custom_margin_phone=&#8221;0px||6px||false|false&#8221;][\/et_pb_image][et_pb_text _builder_version=&#8221;4.22.2&#8243; _module_preset=&#8221;default&#8221; text_font=&#8221;Arial||||||||&#8221; text_text_color=&#8221;#222222&#8243; text_line_height=&#8221;1.3em&#8221; custom_margin=&#8221;0px||||false|false&#8221; custom_padding=&#8221;0px||||false|false&#8221; global_colors_info=&#8221;{}&#8221;]Martina Krantz, presschef p\u00e5 Apollo.[\/et_pb_text][\/et_pb_column][\/et_pb_row][et_pb_row custom_padding_last_edited=&#8221;on|phone&#8221; _builder_version=&#8221;4.22.1&#8243; _module_preset=&#8221;default&#8221; background_enable_color=&#8221;off&#8221; width_tablet=&#8221;&#8221; width_phone=&#8221;90%&#8221; width_last_edited=&#8221;on|phone&#8221; max_width=&#8221;900px&#8221; max_width_tablet=&#8221;&#8221; max_width_phone=&#8221;&#8221; max_width_last_edited=&#8221;on|tablet&#8221; module_alignment=&#8221;center&#8221; custom_margin=&#8221;0px||||false|false&#8221; custom_padding=&#8221;0px|150px|0px|150px|false|true&#8221; custom_padding_tablet=&#8221;|60px||60px|false|true&#8221; custom_padding_phone=&#8221;|0px|0px|0px|false|true&#8221; global_colors_info=&#8221;{}&#8221;][et_pb_column type=&#8221;4_4&#8243; _builder_version=&#8221;4.16&#8243; _module_preset=&#8221;default&#8221; global_colors_info=&#8221;{}&#8221;][et_pb_text _builder_version=&#8221;4.22.2&#8243; _module_preset=&#8221;default&#8221; text_font=&#8221;Arial||||||||&#8221; text_text_color=&#8221;#000000&#8243; text_font_size=&#8221;18px&#8221; text_line_height=&#8221;1.5em&#8221; link_text_color=&#8221;#007ee5&#8243; header_font_size=&#8221;24px&#8221; header_2_font=&#8221;||||||||&#8221; header_2_text_color=&#8221;#222222&#8243; custom_margin=&#8221;||0px||false|false&#8221; custom_padding=&#8221;0px||0px||true|false&#8221; header_2_font_size_phone=&#8221;23px&#8221; header_2_font_size_last_edited=&#8221;off|desktop&#8221; global_colors_info=&#8221;{}&#8221;]<\/p>\n<h2>M\u00e5ngfacetterade Mauritius<\/h2>\n<p>Evighetsl\u00e5nga str\u00e4nder, exklusiva hotell och charmerande stadsmilj\u00f6er. Mauritius \u00e4r en liten \u00f6 med ett storslaget utbud. Str\u00e4nderna sticker f\u00f6rst\u00e5s ut, och h\u00e4r v\u00e4ntar snorklings- och undervattensupplevelser att b\u00e4ra med sig i semesterminnet. I kombination med en mycket tillbakalutad livsstil g\u00f6r det Mauritius till en klassisk dr\u00f6mdestination. F\u00f6r familjen kan  <a href=\"https:\/\/www.apollo.se\/mauritius\/hotell\/friday-attitude#?productCategoryCode=FlightAndHotel&amp;catalogueItemId=227159&amp;page=priceCalendar&amp;departureAirportCode=ARN&amp;duration=0&amp;paxAges=18,18&amp;departureDate=2023-10-03&amp;utm_source=native&amp;utm_medium=content&amp;utm_campaign=winter&amp;utm_term=expressen.se&amp;utm_content=exotiska_resm%C3%A5l\" target=\"_blank\" rel=\"noopener\">Friday Attitude<\/a> vara ett av alla fina hotellval. H\u00e4r bor man p\u00e5 barfotal\u00e4ge till stranden vid Indiska Oceanen inte l\u00e5ngt fr\u00e5n badparadiset Ile aux Cerfs.[\/et_pb_text][et_pb_image src=&#8221;https:\/\/kampanj.expressen.se\/apollo\/wp-content\/uploads\/2023\/10\/apollo-strand-5.jpg&#8221; title_text=&#8221;apollo-strand-5&#8243; _builder_version=&#8221;4.22.2&#8243; _module_preset=&#8221;default&#8221; custom_margin=&#8221;30px||30px||true|false&#8221; animation_style=&#8221;fade&#8221; global_colors_info=&#8221;{}&#8221;][\/et_pb_image][et_pb_text _builder_version=&#8221;4.22.2&#8243; _module_preset=&#8221;default&#8221; text_font=&#8221;Arial||||||||&#8221; text_text_color=&#8221;#000000&#8243; text_font_size=&#8221;18px&#8221; text_line_height=&#8221;1.5em&#8221; link_text_color=&#8221;#007ee5&#8243; header_font_size=&#8221;24px&#8221; header_2_font=&#8221;||||||||&#8221; header_2_text_color=&#8221;#222222&#8243; custom_margin=&#8221;||0px||false|false&#8221; custom_padding=&#8221;0px||0px||true|false&#8221; header_2_font_size_phone=&#8221;23px&#8221; header_2_font_size_last_edited=&#8221;off|desktop&#8221; global_colors_info=&#8221;{}&#8221;]<\/p>\n<h2>Stilfulla Seychellerna<\/h2>\n<p>Tropiska Seychellerna best\u00e5r av 115 olika \u00f6ar, alla inb\u00e4ddade i det turkosbl\u00e5 havet och de bl\u00e4ndande paradisstr\u00e4nderna utanf\u00f6r Afrikas \u00f6stkust. Snorkling, fridykning eller kanske lite SUP-yoga? H\u00e4r lever man semesterliv med vattnet som det n\u00e4rmaste naturliga elementet. P\u00e5 hotellet  <a href=\"https:\/\/www.apollo.se\/seychellerna\/hotell\/paradise-sun?utm_source=native&amp;utm_medium=content&amp;utm_campaign=winter&amp;utm_term=expressen.se&amp;utm_content=exotiska_resm%C3%A5l\" target=\"_blank\" rel=\"noopener\">Paradise Sun<\/a> p\u00e5 Praslin Island vilar man \u00f6gonen l\u00e5ngt borta i horisontlinjen, medan man sussar sk\u00f6nt i skuggan under kokospalmerna och njuter vid hotellpoolen.[\/et_pb_text][\/et_pb_column][\/et_pb_row][\/et_pb_section][et_pb_section fb_built=&#8221;1&#8243; _builder_version=&#8221;4.22.2&#8243; _module_preset=&#8221;default&#8221; background_color=&#8221;rgba(0,0,0,0.25)&#8221; background_image=&#8221;https:\/\/kampanj.expressen.se\/apollo\/wp-content\/uploads\/2023\/10\/apollo-strand-6.jpg&#8221; background_position=&#8221;bottom_center&#8221; background_vertical_offset=&#8221;39%&#8221; background_blend=&#8221;darken&#8221; width_last_edited=&#8221;off|desktop&#8221; height=&#8221;600px&#8221; height_tablet=&#8221;500px&#8221; height_phone=&#8221;320px&#8221; height_last_edited=&#8221;on|phone&#8221; background_last_edited=&#8221;on|phone&#8221; parallax_tablet=&#8221;off&#8221; global_colors_info=&#8221;{}&#8221;][et_pb_row custom_padding_last_edited=&#8221;off|desktop&#8221; module_class=&#8221;et-readmore-toggle&#8221; _builder_version=&#8221;4.22.2&#8243; _module_preset=&#8221;default&#8221; background_color=&#8221;RGBA(0,0,0,0)&#8221; positioning=&#8221;absolute&#8221; position_origin_a=&#8221;center_center&#8221; position_origin_r=&#8221;top_right&#8221; vertical_offset=&#8221;278px&#8221; vertical_offset_tablet=&#8221;40px&#8221; vertical_offset_phone=&#8221;0px&#8221; vertical_offset_last_edited=&#8221;off|desktop&#8221; horizontal_offset_tablet=&#8221;40px&#8221; horizontal_offset_phone=&#8221;0px&#8221; horizontal_offset_last_edited=&#8221;on|desktop&#8221; position_origin_a_tablet=&#8221;&#8221; position_origin_a_phone=&#8221;center_center&#8221; position_origin_a_last_edited=&#8221;on|phone&#8221; position_origin_f_tablet=&#8221;&#8221; position_origin_f_phone=&#8221;&#8221; position_origin_f_last_edited=&#8221;on|tablet&#8221; position_origin_r_tablet=&#8221;bottom_right&#8221; position_origin_r_phone=&#8221;&#8221; position_origin_r_last_edited=&#8221;on|tablet&#8221; width=&#8221;700px&#8221; width_tablet=&#8221;80%&#8221; width_phone=&#8221;90%&#8221; width_last_edited=&#8221;on|phone&#8221; max_width_tablet=&#8221;450px&#8221; max_width_phone=&#8221;100%&#8221; max_width_last_edited=&#8221;off|desktop&#8221; custom_padding=&#8221;||||false|false&#8221; custom_padding_phone=&#8221;40px|20px|40px|20px|true|false&#8221; animation_style=&#8221;fade&#8221; positioning_tablet=&#8221;&#8221; positioning_phone=&#8221;&#8221; positioning_last_edited=&#8221;on|tablet&#8221; custom_css_main_element=&#8221;position: absolute;||z-index: 1000;&#8221; global_colors_info=&#8221;{}&#8221;][et_pb_column type=&#8221;4_4&#8243; _builder_version=&#8221;4.18.0&#8243; _module_preset=&#8221;default&#8221; global_colors_info=&#8221;{}&#8221;][et_pb_text _builder_version=&#8221;4.22.2&#8243; _module_preset=&#8221;default&#8221; text_font=&#8221;Siri Expressen||||||||&#8221; text_text_color=&#8221;#ffffff&#8221; text_font_size=&#8221;43px&#8221; text_line_height=&#8221;1em&#8221; header_font_size=&#8221;48px&#8221; header_2_font=&#8221;Siri Expressen||||||||&#8221; header_2_text_color=&#8221;#FFFFFF&#8221; header_2_font_size=&#8221;60px&#8221; header_3_font=&#8221;||||||||&#8221; header_3_text_align=&#8221;left&#8221; header_3_text_color=&#8221;#FFFFFF&#8221; header_3_font_size=&#8221;40px&#8221; header_3_line_height=&#8221;1.2em&#8221; header_6_font=&#8221;Arial||||||||&#8221; header_6_text_align=&#8221;center&#8221; header_6_text_color=&#8221;#FFFFFF&#8221; header_6_font_size=&#8221;15px&#8221; text_orientation=&#8221;center&#8221; custom_padding=&#8221;|1px|0px|||&#8221; text_font_size_tablet=&#8221;42px&#8221; text_font_size_phone=&#8221;30px&#8221; text_font_size_last_edited=&#8221;on|phone&#8221; header_2_font_size_tablet=&#8221;50px&#8221; header_2_font_size_phone=&#8221;36px&#8221; header_2_font_size_last_edited=&#8221;on|phone&#8221; header_3_text_align_tablet=&#8221;left&#8221; header_3_text_align_phone=&#8221;center&#8221; header_3_text_align_last_edited=&#8221;on|phone&#8221; header_3_font_size_tablet=&#8221;42px&#8221; header_3_font_size_phone=&#8221;27px&#8221; header_3_font_size_last_edited=&#8221;on|tablet&#8221; text_orientation_tablet=&#8221;left&#8221; text_orientation_phone=&#8221;center&#8221; text_orientation_last_edited=&#8221;off|desktop&#8221; text_text_shadow_style=&#8221;preset5&#8243; text_text_shadow_horizontal_length=&#8221;0.04em&#8221; text_text_shadow_vertical_length=&#8221;0.04em&#8221; header_3_text_shadow_style=&#8221;preset3&#8243; header_3_text_shadow_blur_strength=&#8221;0.53em&#8221; header_3_text_shadow_color=&#8221;rgba(0,0,0,0.3)&#8221; header_3_text_shadow_blur_strength_tablet=&#8221;0.46em&#8221; header_3_text_shadow_blur_strength_phone=&#8221;&#8221; header_3_text_shadow_blur_strength_last_edited=&#8221;on|tablet&#8221; header_3_text_shadow_color_tablet=&#8221;rgba(0,0,0,0.4)&#8221; header_3_text_shadow_color_phone=&#8221;&#8221; header_3_text_shadow_color_last_edited=&#8221;on|phone&#8221; inline_fonts=&#8221;Siri Expressen&#8221; global_colors_info=&#8221;{}&#8221;]Seychellerna best\u00e5r av 115 olika \u00f6ar, alla inb\u00e4ddade i det turkosbl\u00e5 havet och de bl\u00e4ndande paradisstr\u00e4nderna utanf\u00f6r Afrikas \u00f6stkust.[\/et_pb_text][\/et_pb_column][\/et_pb_row][\/et_pb_section][et_pb_section fb_built=&#8221;1&#8243; fullwidth=&#8221;on&#8221; admin_label=&#8221;Kollagebild&#8221; _builder_version=&#8221;4.19.2&#8243; _module_preset=&#8221;default&#8221; background_enable_image=&#8221;off&#8221; global_colors_info=&#8221;{}&#8221;][et_pb_fullwidth_image title_text=&#8221;apollo-strand-8&#8243; _builder_version=&#8221;4.22.2&#8243; _module_preset=&#8221;default&#8221; background_image=&#8221;https:\/\/kampanj.expressen.se\/apollo\/wp-content\/uploads\/2023\/10\/apollo-strand-8.jpg&#8221; parallax=&#8221;on&#8221; parallax_method=&#8221;off&#8221; height=&#8221;600px&#8221; height_tablet=&#8221;450px&#8221; height_phone=&#8221;320px&#8221; height_last_edited=&#8221;on|tablet&#8221; background_last_edited=&#8221;on|phone&#8221; background_image_tablet=&#8221;https:\/\/kampanj.expressen.se\/apollo\/wp-content\/uploads\/2023\/10\/apollo-strand-8.jpg&#8221; background_enable_image_tablet=&#8221;on&#8221; parallax_tablet=&#8221;off&#8221; global_colors_info=&#8221;{}&#8221;][\/et_pb_fullwidth_image][\/et_pb_section][et_pb_section fb_built=&#8221;1&#8243; admin_label=&#8221;BLOCK SISTA&#8221; _builder_version=&#8221;4.19.2&#8243; _module_preset=&#8221;default&#8221; background_color=&#8221;#FFFFFF&#8221; custom_padding=&#8221;40px||40px||true|false&#8221; collapsed=&#8221;on&#8221; global_colors_info=&#8221;{}&#8221;][et_pb_row custom_padding_last_edited=&#8221;on|phone&#8221; _builder_version=&#8221;4.22.1&#8243; _module_preset=&#8221;default&#8221; background_enable_color=&#8221;off&#8221; width_tablet=&#8221;&#8221; width_phone=&#8221;90%&#8221; width_last_edited=&#8221;on|phone&#8221; max_width=&#8221;900px&#8221; max_width_tablet=&#8221;&#8221; max_width_phone=&#8221;&#8221; max_width_last_edited=&#8221;on|tablet&#8221; module_alignment=&#8221;center&#8221; custom_padding=&#8221;0px|150px|0px|150px|false|true&#8221; custom_padding_tablet=&#8221;|60px||60px|false|true&#8221; custom_padding_phone=&#8221;|0px|0px|0px|false|true&#8221; global_colors_info=&#8221;{}&#8221;][et_pb_column type=&#8221;4_4&#8243; _builder_version=&#8221;4.16&#8243; _module_preset=&#8221;default&#8221; global_colors_info=&#8221;{}&#8221;][et_pb_text _builder_version=&#8221;4.22.2&#8243; _module_preset=&#8221;default&#8221; text_font=&#8221;Arial||||||||&#8221; text_text_color=&#8221;#000000&#8243; text_font_size=&#8221;18px&#8221; text_line_height=&#8221;1.5em&#8221; link_text_color=&#8221;#007ee5&#8243; header_font_size=&#8221;24px&#8221; header_2_font=&#8221;||||||||&#8221; header_2_text_color=&#8221;#222222&#8243; custom_margin=&#8221;||0px||false|false&#8221; custom_padding=&#8221;0px||0px||true|false&#8221; locked=&#8221;off&#8221; global_colors_info=&#8221;{}&#8221;]<\/p>\n<h2>M\u00e4starklass p\u00e5 Maldiverna<\/h2>\n<p>Kan det bli mycket mer avslappnad semester \u00e4n p\u00e5 n\u00e5gon av Maldivernas 12&nbsp;000 \u00f6ar? H\u00e4r vajar palmerna som snyggast, str\u00e4nderna \u00e4r som mest finkorniga, och fiskarna i havet som mest f\u00e4rgstarka. P\u00e5 Maldiverna \u00e4r det bara att str\u00e4cka ut sig i solstolen och riktigt ladda alla batterier. Ett av alla magiska hotell \u00e4r ocks\u00e5 det enda som finns p\u00e5 paradis\u00f6n Meerufenfushi: <a href=\"https:\/\/www.apollo.se\/maldiverna\/hotell\/meeru-island-resort-och-spa?utm_source=native&amp;utm_medium=content&amp;utm_campaign=winter&amp;utm_term=expressen.se&amp;utm_content=exotiska_resm%C3%A5l&amp;productCategoryCode=FlightAndHotel&amp;catalogueItemId=1218432&amp;page=priceCalendar&amp;departureAirportCode=ARN&amp;duration=0&amp;paxAges=18,18&amp;departureDate=2023-10-04\" target=\"_blank\" rel=\"noopener\">Meeru Island Resort &amp; Spa<\/a>. Om m\u00e5let \u00e4r att inte ta p\u00e5 sig skorna under hela semestern har du landat p\u00e5 r\u00e4tt adress.[\/et_pb_text][et_pb_image src=&#8221;https:\/\/kampanj.expressen.se\/apollo\/wp-content\/uploads\/2023\/10\/apollo-strand-9.jpg&#8221; title_text=&#8221;apollo-strand-9&#8243; _builder_version=&#8221;4.22.2&#8243; _module_preset=&#8221;default&#8221; custom_margin=&#8221;30px||30px||true|false&#8221; animation_style=&#8221;fade&#8221; global_colors_info=&#8221;{}&#8221;][\/et_pb_image][et_pb_text _builder_version=&#8221;4.22.2&#8243; _module_preset=&#8221;default&#8221; text_font=&#8221;Arial||||||||&#8221; text_text_color=&#8221;#000000&#8243; text_font_size=&#8221;18px&#8221; text_line_height=&#8221;1.5em&#8221; link_text_color=&#8221;#007ee5&#8243; header_font_size=&#8221;24px&#8221; header_2_font=&#8221;||||||||&#8221; header_2_text_color=&#8221;#222222&#8243; custom_margin=&#8221;||0px||false|false&#8221; custom_padding=&#8221;0px||0px||true|false&#8221; header_2_font_size_phone=&#8221;23px&#8221; header_2_font_size_last_edited=&#8221;off|desktop&#8221; global_colors_info=&#8221;{}&#8221;]<\/p>\n<h2>Behagliga Bali<\/h2>\n<p>Fantastiska floder, sagolika surfstr\u00e4nder och sp\u00e4nnande risterrasser &#8211; Bali \u00e4r lika tillbakalutat som nyfiket. Indonesiens mest omtalade \u00f6 \u00e4r den perfekta mixen av lata dagar och \u00e4ventyrliga aktiviteter. Hotellet <a href=\"https:\/\/www.apollo.se\/indonesien\/bali\/hotell\/sadara-boutique-beach-resort?utm_source=native&amp;utm_medium=content&amp;utm_campaign=winter&amp;utm_term=expressen.se&amp;utm_content=exotiska_resm%C3%A5l\" target=\"_blank\" rel=\"noopener\">Sadara Boutique Beach Resort<\/a> lockar d\u00e4r det ligger inb\u00e4ddat i den lummigaste tropiska tr\u00e4dg\u00e5rd. Gillar man yoga och att dyka ner i den indonesiska matkonsten har man hamnat helt r\u00e4tt.<\/p>\n<p>[\/et_pb_text][et_pb_image src=&#8221;https:\/\/kampanj.expressen.se\/apollo\/wp-content\/uploads\/2023\/09\/apollo-banner-sept-2023.jpg&#8221; title_text=&#8221;apollo-banner-sept-2023&#8243; url=&#8221;https:\/\/www.apollo.se\/resor\/charter\/vinterresor?utm_source=native&#038;utm_medium=ad&#038;utm_campaign=winter&#038;utm_term=expressen.se&#038;utm_content=exotiska_resm%C3%A5l&#8221; url_new_window=&#8221;on&#8221; _builder_version=&#8221;4.22.2&#8243; _module_preset=&#8221;default&#8221; background_color=&#8221;#ebebeb&#8221; custom_margin=&#8221;30px||30px||true|false&#8221; custom_padding=&#8221;20px|5px|5px|5px|false|true&#8221; animation_style=&#8221;fade&#8221; custom_css_before=&#8221;content: %22ANNONS%22;||font-size: 12px;||position:relative;||top:-10px;&#8221; global_colors_info=&#8221;{}&#8221;][\/et_pb_image][et_pb_text _builder_version=&#8221;4.22.2&#8243; _module_preset=&#8221;default&#8221; text_font=&#8221;Arial||||||||&#8221; text_text_color=&#8221;#000000&#8243; text_font_size=&#8221;18px&#8221; text_line_height=&#8221;1.5em&#8221; link_text_color=&#8221;#0876b5&#8243; header_font_size=&#8221;24px&#8221; header_2_font=&#8221;||||||||&#8221; header_2_text_color=&#8221;#222222&#8243; header_3_font=&#8221;Siri Expressen|||on|||||&#8221; header_3_font_size=&#8221;20px&#8221; custom_margin=&#8221;0px||0px||true|false&#8221; custom_padding=&#8221;20px|20px|20px|20px|true|true&#8221; header_2_font_size_phone=&#8221;23px&#8221; header_2_font_size_last_edited=&#8221;off|desktop&#8221; header_3_font_size_tablet=&#8221;20px&#8221; header_3_font_size_phone=&#8221;20px&#8221; header_3_font_size_last_edited=&#8221;on|phone&#8221; border_width_all=&#8221;1px&#8221; border_color_all=&#8221;#efefef&#8221; global_colors_info=&#8221;{}&#8221;]<\/p>\n<h3>Boka enkelt och tryggt \u2013 stort utbud av paketresor<\/h3>\n<p>Apollo erbjuder ett stort utbud av paketresor till s\u00e5v\u00e4l soliga str\u00e4nder som till pulserande storst\u00e4der. Vill man ha ett f\u00e4rdigt paket med utvalda hotell och flyg kan man v\u00e4lja Apollos charterpaket. F\u00f6r st\u00f6rre valfrihet kan man paketera sin resa sj\u00e4lv, och best\u00e4mma avresedatum och resl\u00e4ngd.<\/p>\n<p>[\/et_pb_text][\/et_pb_column][\/et_pb_row][\/et_pb_section][et_pb_section fb_built=&#8221;1&#8243; fullwidth=&#8221;on&#8221; admin_label=&#8221;Kollagebild&#8221; _builder_version=&#8221;4.19.2&#8243; _module_preset=&#8221;default&#8221; background_enable_image=&#8221;off&#8221; locked=&#8221;off&#8221; global_colors_info=&#8221;{}&#8221;][et_pb_fullwidth_image src=&#8221;https:\/\/kampanj.expressen.se\/apollo\/wp-content\/uploads\/2023\/10\/apollo-exotiska-resmal-2.jpg&#8221; title_text=&#8221;apollo-exotiska-resmal-2&#8243; _builder_version=&#8221;4.22.2&#8243; _module_preset=&#8221;default&#8221; background_enable_image=&#8221;off&#8221; height_tablet=&#8221;400px&#8221; height_phone=&#8221;210px&#8221; height_last_edited=&#8221;off|desktop&#8221; scroll_vertical_motion=&#8221;0|50|50|100|0|0|1&#8243; motion_trigger_start=&#8221;bottom&#8221; background_last_edited=&#8221;off|desktop&#8221; background_image_tablet=&#8221;https:\/\/kampanj.expressen.se\/apollo\/wp-content\/uploads\/2023\/09\/apollo-2023-2-2.jpg&#8221; background_enable_image_tablet=&#8221;on&#8221; parallax_tablet=&#8221;off&#8221; global_colors_info=&#8221;{}&#8221;][\/et_pb_fullwidth_image][\/et_pb_section][et_pb_section fb_built=&#8221;1&#8243; fullwidth=&#8221;on&#8221; admin_label=&#8221;Kollagebild&#8221; _builder_version=&#8221;4.19.2&#8243; _module_preset=&#8221;default&#8221; background_enable_image=&#8221;off&#8221; locked=&#8221;off&#8221; global_colors_info=&#8221;{}&#8221;][et_pb_fullwidth_image title_text=&#8221;apollo-strand-11&#8243; _builder_version=&#8221;4.22.2&#8243; _module_preset=&#8221;default&#8221; background_image=&#8221;https:\/\/kampanj.expressen.se\/apollo\/wp-content\/uploads\/2023\/10\/apollo-strand-11.jpg&#8221; parallax=&#8221;on&#8221; parallax_method=&#8221;off&#8221; height=&#8221;600px&#8221; height_tablet=&#8221;450px&#8221; height_phone=&#8221;320px&#8221; height_last_edited=&#8221;on|tablet&#8221; background_last_edited=&#8221;on|phone&#8221; background_image_tablet=&#8221;https:\/\/kampanj.expressen.se\/apollo\/wp-content\/uploads\/2023\/10\/apollo-strand-11.jpg&#8221; background_enable_image_tablet=&#8221;on&#8221; parallax_tablet=&#8221;off&#8221; global_colors_info=&#8221;{}&#8221;][\/et_pb_fullwidth_image][\/et_pb_section][et_pb_section fb_built=&#8221;1&#8243; admin_label=&#8221;BLOCK SISTA&#8221; _builder_version=&#8221;4.19.2&#8243; _module_preset=&#8221;default&#8221; background_color=&#8221;#FFFFFF&#8221; custom_padding=&#8221;40px||40px||true|false&#8221; collapsed=&#8221;on&#8221; global_colors_info=&#8221;{}&#8221;][et_pb_row custom_padding_last_edited=&#8221;on|tablet&#8221; _builder_version=&#8221;4.22.2&#8243; _module_preset=&#8221;default&#8221; background_enable_color=&#8221;off&#8221; width_tablet=&#8221;&#8221; width_phone=&#8221;90%&#8221; width_last_edited=&#8221;on|phone&#8221; max_width=&#8221;900px&#8221; max_width_tablet=&#8221;&#8221; max_width_phone=&#8221;&#8221; max_width_last_edited=&#8221;on|tablet&#8221; module_alignment=&#8221;center&#8221; custom_margin=&#8221;||30px||false|false&#8221; custom_padding=&#8221;0px|150px|0px|150px|false|true&#8221; custom_padding_tablet=&#8221;|60px||60px|false|true&#8221; custom_padding_phone=&#8221;|0px|0px|0px|false|true&#8221; global_colors_info=&#8221;{}&#8221;][et_pb_column type=&#8221;4_4&#8243; _builder_version=&#8221;4.16&#8243; _module_preset=&#8221;default&#8221; global_colors_info=&#8221;{}&#8221;][et_pb_text _builder_version=&#8221;4.22.2&#8243; _module_preset=&#8221;default&#8221; text_font=&#8221;Arial||||||||&#8221; text_text_color=&#8221;#000000&#8243; text_font_size=&#8221;18px&#8221; text_line_height=&#8221;1.5em&#8221; header_font_size=&#8221;24px&#8221; header_2_font=&#8221;||||||||&#8221; header_2_text_color=&#8221;#222222&#8243; custom_margin=&#8221;||0px||false|false&#8221; custom_padding=&#8221;0px||0px||true|false&#8221; locked=&#8221;off&#8221; global_colors_info=&#8221;{}&#8221;]<\/p>\n<h2>4 exotiska str\u00e4nder att dr\u00f6mma om<\/h2>\n<p>[\/et_pb_text][dica_divi_carousel show_items_desktop=&#8221;1&#8243; show_items_tablet=&#8221;1&#8243; arrow_nav=&#8221;on&#8221; advanced_effect=&#8221;1&#8243; arrow_nav_color=&#8221;#FFFFFF&#8221; arrow_bg_color=&#8221;rgba(0,0,0,0.85)&#8221; arrow_font_size=&#8221;30px&#8221; _builder_version=&#8221;4.22.2&#8243; _module_preset=&#8221;default&#8221; background_color=&#8221;#000000&#8243; global_colors_info=&#8221;{}&#8221;][dica_divi_carouselitem button_url_new_window=&#8221;1&#8243; image=&#8221;https:\/\/kampanj.expressen.se\/apollo\/wp-content\/uploads\/2023\/10\/le-morne-beach.jpg&#8221; content_padding=&#8221;10px|10px|10px|10px|true|true&#8221; _builder_version=&#8221;4.22.2&#8243; _module_preset=&#8221;default&#8221; body_font=&#8221;Arial||||||||&#8221; body_text_color=&#8221;#FFFFFF&#8221; body_line_height=&#8221;1.3em&#8221; global_colors_info=&#8221;{}&#8221;]<\/p>\n<p><strong>Le Morne, Mauritius.<\/strong> B\u00e4sta kitesurfingen p\u00e5 Mauritius, men ocks\u00e5 sinnebilden f\u00f6r den perfekta sandstranden.<\/p>\n<p>[\/dica_divi_carouselitem][dica_divi_carouselitem button_url_new_window=&#8221;1&#8243; image=&#8221;https:\/\/kampanj.expressen.se\/apollo\/wp-content\/uploads\/2023\/10\/AnseSourcedArgent-seychellerna.jpg&#8221; content_padding=&#8221;10px|10px|10px|10px|true|true&#8221; _builder_version=&#8221;4.22.2&#8243; _module_preset=&#8221;default&#8221; body_font=&#8221;Arial||||||||&#8221; body_text_color=&#8221;#FFFFFF&#8221; body_line_height=&#8221;1.3em&#8221; global_colors_info=&#8221;{}&#8221;]<\/p>\n<p><strong>Anse Source d\u2019Argent, Seychellerna.<\/strong> Spektakul\u00e4ra granitformationer i fonden full\u00e4ndar den h\u00e4r v\u00e4lfotograferade stranden p\u00e5 \u00f6n La Digue.<\/p>\n<p>[\/dica_divi_carouselitem][dica_divi_carouselitem button_url_new_window=&#8221;1&#8243; image=&#8221;https:\/\/kampanj.expressen.se\/apollo\/wp-content\/uploads\/2023\/10\/fulhadhoo-beach.jpg&#8221; content_padding=&#8221;10px|10px|10px|10px|true|true&#8221; _builder_version=&#8221;4.22.2&#8243; _module_preset=&#8221;default&#8221; body_font=&#8221;Arial||||||||&#8221; body_text_color=&#8221;#FFFFFF&#8221; body_line_height=&#8221;1.3em&#8221; global_colors_info=&#8221;{}&#8221;]<\/p>\n<p><strong>Fulhadhoo, Maldiverna.<\/strong> Atoll lika folktom som fantasieggande 10 mil bortom huvudstaden Mal\u00e9.<\/p>\n<p>[\/dica_divi_carouselitem][dica_divi_carouselitem button_url_new_window=&#8221;1&#8243; image=&#8221;https:\/\/kampanj.expressen.se\/apollo\/wp-content\/uploads\/2023\/10\/nikko-bali-benoa-beach-1567238425-213392-ImageGalleryX2.jpg&#8221; content_padding=&#8221;10px|10px|10px|10px|true|true&#8221; _builder_version=&#8221;4.22.2&#8243; _module_preset=&#8221;default&#8221; body_font=&#8221;Arial||||||||&#8221; body_text_color=&#8221;#FFFFFF&#8221; body_line_height=&#8221;1.3em&#8221; global_colors_info=&#8221;{}&#8221;]<\/p>\n<p><strong>Tanjung Benoa, Bali.<\/strong> En tre kilometer l\u00e5ng dr\u00f6m om semester med vilopunkter b\u00e5de i den kritvita sanden och p\u00e5 en surfbr\u00e4da.<\/p>\n<p>[\/dica_divi_carouselitem][\/dica_divi_carousel][et_pb_text _builder_version=&#8221;4.22.2&#8243; _module_preset=&#8221;default&#8221; text_font=&#8221;Arial||||||||&#8221; text_text_color=&#8221;#000000&#8243; text_font_size=&#8221;18px&#8221; text_line_height=&#8221;1.5em&#8221; link_text_color=&#8221;#0876b5&#8243; header_font_size=&#8221;24px&#8221; header_2_font=&#8221;||||||||&#8221; header_2_text_color=&#8221;#222222&#8243; custom_margin=&#8221;0px||0px||true|false&#8221; custom_padding=&#8221;15px||||false|false&#8221; header_2_font_size_phone=&#8221;23px&#8221; header_2_font_size_last_edited=&#8221;off|desktop&#8221; global_colors_info=&#8221;{}&#8221;]<\/p>\n<h2>Detta \u00e4r en paketresa<\/h2>\n<p>F\u00f6r att en resa ska r\u00e4knas som paketresa ska minst tv\u00e5 olika resetj\u00e4nster ing\u00e5, till exempel transport och boende. Resan m\u00e5ste p\u00e5g\u00e5 i minst 24 timmar eller inneh\u00e5lla en \u00f6vernattning f\u00f6r att r\u00e4knas som en paketresa.<\/p>\n<p>N\u00e4r man bokar en paketresa \u00e4r man skyddad av Paketreselagen som bygger p\u00e5 ett EU-direktiv, som \u00e4r tvingande f\u00f6r alla medlemsstater att f\u00f6lja.<\/p>\n<p>[\/et_pb_text][et_pb_image src=&#8221;https:\/\/kampanj.expressen.se\/apollo\/wp-content\/uploads\/2023\/10\/apollo-strand-12.jpg&#8221; title_text=&#8221;apollo-strand-12&#8243; _builder_version=&#8221;4.22.2&#8243; _module_preset=&#8221;default&#8221; custom_margin=&#8221;30px||30px||true|false&#8221; animation_style=&#8221;fade&#8221; global_colors_info=&#8221;{}&#8221;][\/et_pb_image][et_pb_text _builder_version=&#8221;4.22.2&#8243; _module_preset=&#8221;default&#8221; text_font=&#8221;Arial||||||||&#8221; text_text_color=&#8221;#000000&#8243; text_font_size=&#8221;18px&#8221; text_line_height=&#8221;1.5em&#8221; link_text_color=&#8221;#0876b5&#8243; header_font_size=&#8221;24px&#8221; header_2_font=&#8221;||||||||&#8221; header_2_text_color=&#8221;#222222&#8243; custom_margin=&#8221;0px||0px||true|false&#8221; custom_padding=&#8221;0px||||false|false&#8221; header_2_font_size_phone=&#8221;23px&#8221; header_2_font_size_last_edited=&#8221;off|desktop&#8221; global_colors_info=&#8221;{}&#8221;]<\/p>\n<p>Bokar du en paketresa hos Apollo, \u00e4r det researrang\u00f6ren som \u00e4r ansvarig f\u00f6r att du f\u00e5r den resa du bokat och betalat f\u00f6r. Om det uppst\u00e5r \u00e4ndringar eller brister i paketresan har man m\u00f6jlighet att f\u00e5 ers\u00e4ttning f\u00f6r detta. Paketresa \u00e4r det tryggaste och bekv\u00e4maste s\u00e4ttet att resa p\u00e5. Som kund blir man aldrig bli strandsatt p\u00e5 grund av till exempel flygbolagsstrejk eller om n\u00e5got intr\u00e4ffar p\u00e5 resm\u00e5let. Apollo hj\u00e4lper sina kunder f\u00f6re, under och efter resan.<\/p>\n<p>[\/et_pb_text][et_pb_text _builder_version=&#8221;4.22.2&#8243; _module_preset=&#8221;default&#8221; text_font=&#8221;Arial||||||||&#8221; text_text_color=&#8221;#000000&#8243; text_font_size=&#8221;18px&#8221; text_line_height=&#8221;1.5em&#8221; link_text_color=&#8221;#007ee5&#8243; header_font_size=&#8221;24px&#8221; header_2_font=&#8221;||||||||&#8221; header_2_text_color=&#8221;#222222&#8243; custom_margin=&#8221;19px||0px||false|false&#8221; header_2_font_size_phone=&#8221;23px&#8221; header_2_font_size_last_edited=&#8221;off|desktop&#8221; global_colors_info=&#8221;{}&#8221;]<strong>EXTERN L\u00c4NK: <a href=\"https:\/\/www.apollo.se\/erbjudanden\/exotiska-erbjudanden?utm_source=native&amp;utm_medium=content&amp;utm_campaign=winter&amp;utm_term=expressen.se&amp;utm_content=exotiska_resm%C3%A5l\" target=\"_blank\" rel=\"noopener\">Boka din dr\u00f6mdestination senast 15 oktober och f\u00e5 1000 kronor rabatt per person.<\/a><\/strong>[\/et_pb_text][\/et_pb_column][\/et_pb_row][et_pb_row custom_padding_last_edited=&#8221;off|desktop&#8221; disabled_on=&#8221;off|off|off&#8221; _builder_version=&#8221;4.22.1&#8243; _module_preset=&#8221;default&#8221; background_enable_color=&#8221;off&#8221; width_tablet=&#8221;&#8221; width_phone=&#8221;90%&#8221; width_last_edited=&#8221;on|phone&#8221; max_width_tablet=&#8221;&#8221; max_width_phone=&#8221;&#8221; max_width_last_edited=&#8221;on|tablet&#8221; module_alignment=&#8221;center&#8221; custom_padding=&#8221;0px||0px||true|true&#8221; custom_padding_tablet=&#8221;|60px||60px|true|true&#8221; custom_padding_phone=&#8221;|0px||0px|true|true&#8221; global_colors_info=&#8221;{}&#8221;][et_pb_column type=&#8221;4_4&#8243; _builder_version=&#8221;4.16&#8243; _module_preset=&#8221;default&#8221; global_colors_info=&#8221;{}&#8221;][dica_divi_carousel show_items_desktop=&#8221;3&#8243; show_items_tablet=&#8221;2&#8243; multislide=&#8221;on&#8221; arrow_nav=&#8221;on&#8221; dot_nav=&#8221;on&#8221; equal_height=&#8221;on&#8221; advanced_effect=&#8221;1&#8243; arrow_nav_color=&#8221;#ffffff&#8221; arrow_bg_color=&#8221;rgba(0,0,0,0.6)&#8221; dots_color=&#8221;#DCDCDC&#8221; dots_active_color=&#8221;#E30813&#8243; title_background=&#8221;RGBA(255,255,255,0)&#8221; content_background=&#8221;RGBA(255,255,255,0)&#8221; arrow_alignment=&#8221;center&#8221; arrow_font_size=&#8221;30px&#8221; carousel_container_padding=&#8221;||||false|false&#8221; innercontent_padding=&#8221;||||false|false&#8221; item_padding=&#8221;||||false|false&#8221; content_container_padding=&#8221;27px|27px|27px|27px|true|true&#8221; module_class=&#8221;ratio-1&#215;1&#8243; _builder_version=&#8221;4.22.1&#8243; _module_preset=&#8221;default&#8221; title_font=&#8221;Siri Expressen||||||||&#8221; title_text_color=&#8221;#FFFFFF&#8221; title_font_size=&#8221;27px&#8221; body_font=&#8221;Arial||||||||&#8221; body_text_color=&#8221;#FFFFFF&#8221; body_font_size=&#8221;16px&#8221; background_color=&#8221;#212121&#8243; custom_margin=&#8221;||||false|false&#8221; custom_padding=&#8221;||||false|false&#8221; custom_css_image=&#8221;object-fit:cover;||height:363.33px;||width:100%;&#8221; global_module=&#8221;33&#8243; global_colors_info=&#8221;{}&#8221; custom_css_image_last_edited=&#8221;on|desktop&#8221; custom_css_image_phone=&#8221;object-fit:cover;||height:250px;||width:100%;&#8221; custom_css_image_tablet=&#8221;object-fit:cover;||height:280px;||width:100%;&#8221;][dica_divi_carouselitem title=&#8221;Uppt\u00e4ck Gran Canarias nya kostym&#8221; button_url_new_window=&#8221;1&#8243; image=&#8221;https:\/\/kampanj.expressen.se\/apollo\/wp-content\/uploads\/2023\/09\/apollo-gran-canaria-4.jpg&#8221; _builder_version=&#8221;4.22.1&#8243; _dynamic_attributes=&#8221;link_option_url&#8221; _module_preset=&#8221;default&#8221; link_option_url=&#8221;@ET-DC@eyJkeW5hbWljIjp0cnVlLCJjb250ZW50IjoicG9zdF9saW5rX3VybF9wYWdlIiwic2V0dGluZ3MiOnsicG9zdF9pZCI6IjM3MzkifX0=@&#8221; global_colors_info=&#8221;{}&#8221;]Kontrasterna \u00f6verraskar st\u00e4ndigt p\u00e5 svenskklassikern Gran Canaria. Och oavsett val v\u00e4ntar sk\u00f6na str\u00e4nder och sl\u00f6sande sol.[\/dica_divi_carouselitem][dica_divi_carouselitem title=&#8221;Nyfiken p\u00e5 Egypten? H\u00e4r \u00e4r expertens hetaste tips&#8221; button_url_new_window=&#8221;1&#8243; image=&#8221;https:\/\/kampanj.expressen.se\/apollo\/wp-content\/uploads\/2023\/09\/apollo-Sharm-el-Sheikh-1.jpg&#8221; _builder_version=&#8221;4.22.1&#8243; _dynamic_attributes=&#8221;link_option_url&#8221; _module_preset=&#8221;default&#8221; link_option_url=&#8221;@ET-DC@eyJkeW5hbWljIjp0cnVlLCJjb250ZW50IjoicG9zdF9saW5rX3VybF9wYWdlIiwic2V0dGluZ3MiOnsicG9zdF9pZCI6IjM1MDMifX0=@&#8221; global_colors_info=&#8221;{}&#8221;]Magiska flodf\u00e4rder p\u00e5 Nilen, kosmopolitiska kryssningar i R\u00f6da havet \u2013 och en popul\u00e4r all inclusive-p\u00e4rla som \u00e4r tillbaka i h\u00f6st.[\/dica_divi_carouselitem][dica_divi_carouselitem title=&#8221;Ouppt\u00e4ckta Kanarie\u00f6arna \u2013 h\u00e4r \u00e4r b\u00e4sta \u00f6guiden f\u00f6r vinterresan&#8221; button_url_new_window=&#8221;1&#8243; image=&#8221;https:\/\/kampanj.expressen.se\/apollo\/wp-content\/uploads\/2023\/09\/apollo-kanarieoarna-3.jpg&#8221; _builder_version=&#8221;4.22.1&#8243; _dynamic_attributes=&#8221;link_option_url&#8221; _module_preset=&#8221;default&#8221; link_option_url=&#8221;@ET-DC@eyJkeW5hbWljIjp0cnVlLCJjb250ZW50IjoicG9zdF9saW5rX3VybF9wYWdlIiwic2V0dGluZ3MiOnsicG9zdF9pZCI6IjM2MzUifX0=@&#8221; global_colors_info=&#8221;{}&#8221;]I \u00e5r fyller charterresorna till Kanarie\u00f6arna 67 \u00e5r. Och det \u00e4r en pigg pension\u00e4r som v\u00e4ntar.[\/dica_divi_carouselitem][dica_divi_carouselitem title=&#8221;D\u00e4rf\u00f6r \u00e4r All Inclusive det perfekta s\u00e4ttet att resa i vinter&#8221; button_url_new_window=&#8221;1&#8243; image=&#8221;https:\/\/kampanj.expressen.se\/apollo\/wp-content\/uploads\/2023\/09\/apollo-ai-6.jpg&#8221; _builder_version=&#8221;4.22.1&#8243; _dynamic_attributes=&#8221;link_option_url&#8221; _module_preset=&#8221;default&#8221; link_option_url=&#8221;@ET-DC@eyJkeW5hbWljIjp0cnVlLCJjb250ZW50IjoicG9zdF9saW5rX3VybF9wYWdlIiwic2V0dGluZ3MiOnsicG9zdF9pZCI6IjM1MjgifX0=@&#8221; global_colors_info=&#8221;{}&#8221;]Det finns m\u00e5nga f\u00f6rdelar med att v\u00e4lja en All Inclusive-resa. En \u00e4r att du f\u00e5r koll p\u00e5 alla kostnader.[\/dica_divi_carouselitem][dica_divi_carouselitem title=&#8221;Tony Irving: \u201dAlla borde utmana sig sj\u00e4lva med en s\u00e5dan h\u00e4r resa\u201d&#8221; button_url_new_window=&#8221;1&#8243; image=&#8221;https:\/\/kampanj.expressen.se\/apollo\/wp-content\/uploads\/2023\/09\/apollo-aktivsemester-2.jpg&#8221; _builder_version=&#8221;4.22.1&#8243; _dynamic_attributes=&#8221;link_option_url&#8221; _module_preset=&#8221;default&#8221; link_option_url=&#8221;@ET-DC@eyJkeW5hbWljIjp0cnVlLCJjb250ZW50IjoicG9zdF9saW5rX3VybF9wYWdlIiwic2V0dGluZ3MiOnsicG9zdF9pZCI6IjM0MDIifX0=@&#8221; global_colors_info=&#8221;{}&#8221;]Allt fler v\u00e4ljer att kombinera lata dagar p\u00e5 stranden med tr\u00e4ning och aktiviteter p\u00e5 semestern.[\/dica_divi_carouselitem][dica_divi_carouselitem title=&#8221;\u00d6verraskande sidor av popul\u00e4rt vinterresm\u00e5l&#8221; button_url_new_window=&#8221;1&#8243; image=&#8221;https:\/\/kampanj.expressen.se\/apollo\/wp-content\/uploads\/2023\/09\/erik-ny-1.jpg&#8221; _builder_version=&#8221;4.22.1&#8243; _dynamic_attributes=&#8221;link_option_url&#8221; _module_preset=&#8221;default&#8221; link_option_url=&#8221;@ET-DC@eyJkeW5hbWljIjp0cnVlLCJjb250ZW50IjoicG9zdF9saW5rX3VybF9wYWdlIiwic2V0dGluZ3MiOnsicG9zdF9pZCI6IjMzMzAifX0=@&#8221; global_colors_info=&#8221;{}&#8221;]Artisten och programledaren Erik Segerstedt \u00e4r tillbaka med en ny omg\u00e5ng av reseprogrammet \u201dGo. Live a little!\u201d.[\/dica_divi_carouselitem][dica_divi_carouselitem title=&#8221;Claudia Galli Concha: \u201dDet var den perfekta familjesemestern\u201d&#8221; button_url_new_window=&#8221;1&#8243; image=&#8221;https:\/\/kampanj.expressen.se\/apollo\/wp-content\/uploads\/2023\/08\/claudia-1&#215;1-1.jpg&#8221; _builder_version=&#8221;4.22.1&#8243; _dynamic_attributes=&#8221;link_option_url&#8221; _module_preset=&#8221;default&#8221; link_option_url=&#8221;@ET-DC@eyJkeW5hbWljIjp0cnVlLCJjb250ZW50IjoicG9zdF9saW5rX3VybF9wYWdlIiwic2V0dGluZ3MiOnsicG9zdF9pZCI6IjMyMTIifX0=@&#8221; global_colors_info=&#8221;{}&#8221;]Snorkling, padel och supersnabba race i vattenrutschkanan.[\/dica_divi_carouselitem][\/dica_divi_carousel][\/et_pb_column][\/et_pb_row][\/et_pb_section][et_pb_section fb_built=&#8221;1&#8243; admin_label=&#8221;BLOCK SISTA&#8221; _builder_version=&#8221;4.22.1&#8243; _module_preset=&#8221;default&#8221; background_color=&#8221;#0876b5&#8243; z_index=&#8221;9999&#8243; custom_padding=&#8221;40px||20px||false|false&#8221; collapsed=&#8221;on&#8221; global_colors_info=&#8221;{}&#8221;][et_pb_row custom_padding_last_edited=&#8221;off|desktop&#8221; _builder_version=&#8221;4.22.1&#8243; _module_preset=&#8221;default&#8221; background_enable_color=&#8221;off&#8221; width_tablet=&#8221;&#8221; width_phone=&#8221;90%&#8221; width_last_edited=&#8221;on|phone&#8221; max_width_tablet=&#8221;&#8221; max_width_phone=&#8221;&#8221; max_width_last_edited=&#8221;on|tablet&#8221; module_alignment=&#8221;center&#8221; custom_padding=&#8221;0px||0px||true|true&#8221; custom_padding_tablet=&#8221;|60px||60px|true|true&#8221; custom_padding_phone=&#8221;|0px||0px|true|true&#8221; global_colors_info=&#8221;{}&#8221;][et_pb_column type=&#8221;4_4&#8243; _builder_version=&#8221;4.16&#8243; _module_preset=&#8221;default&#8221; global_colors_info=&#8221;{}&#8221;][et_pb_text _builder_version=&#8221;4.22.1&#8243; _module_preset=&#8221;default&#8221; text_font=&#8221;Arial|||on|||||&#8221; text_text_color=&#8221;#FFFFFF&#8221; text_font_size=&#8221;18px&#8221; text_orientation=&#8221;center&#8221; global_colors_info=&#8221;{}&#8221;]<\/p>\n<p>Tidigare artiklar och avsnitt<\/p>\n<p>[\/et_pb_text][\/et_pb_column][\/et_pb_row][\/et_pb_section][et_pb_section fb_built=&#8221;1&#8243; disabled_on=&#8221;off|off|off&#8221; admin_label=&#8221;Avsnittmeny&#8221; _builder_version=&#8221;4.22.1&#8243; _module_preset=&#8221;default&#8221; z_index=&#8221;8888&#8243; custom_margin=&#8221;0px||0px||false|false&#8221; custom_padding=&#8221;0px||0px||false|false&#8221; global_module=&#8221;2988&#8243; locked=&#8221;off&#8221; global_colors_info=&#8221;{}&#8221;][et_pb_row module_class=&#8221;bildmenycontainer&#8221; _builder_version=&#8221;4.19.3&#8243; _module_preset=&#8221;default&#8221; width=&#8221;100%&#8221; max_width=&#8221;100%&#8221; height_tablet=&#8221;200px&#8221; height_last_edited=&#8221;off|tablet&#8221; custom_margin=&#8221;0px||0px||false|false&#8221; custom_padding=&#8221;0px||0px||false|false&#8221; global_colors_info=&#8221;{}&#8221;][et_pb_column type=&#8221;4_4&#8243; module_class=&#8221;bildmeny&#8221; _builder_version=&#8221;4.18.0&#8243; _module_preset=&#8221;default&#8221; custom_css_main_element=&#8221;width: 100%!important;&#8221; global_colors_info=&#8221;{}&#8221;][et_pb_text module_class=&#8221;bildmeny&#8221; _builder_version=&#8221;4.19.3&#8243; _dynamic_attributes=&#8221;link_option_url&#8221; _module_preset=&#8221;default&#8221; text_font=&#8221;Siri Expressen||||||||&#8221; text_text_color=&#8221;#FFFFFF&#8221; text_font_size=&#8221;45px&#8221; background_image=&#8221;https:\/\/kampanj.expressen.se\/apollo\/wp-content\/uploads\/2022\/12\/erik-2.jpg&#8221; link_option_url=&#8221;@ET-DC@eyJkeW5hbWljIjp0cnVlLCJjb250ZW50IjoicG9zdF9saW5rX3VybF9wYWdlIiwic2V0dGluZ3MiOnsicG9zdF9pZCI6IjI0MzkifX0=@&#8221; text_font_size_tablet=&#8221;30px&#8221; text_font_size_phone=&#8221;30px&#8221; text_font_size_last_edited=&#8221;on|tablet&#8221; global_colors_info=&#8221;{}&#8221;]<\/p>\n<h1>Avsnitt 1<\/h1>\n<p>[\/et_pb_text][et_pb_text module_class=&#8221;bildmeny&#8221; _builder_version=&#8221;4.19.3&#8243; _dynamic_attributes=&#8221;link_option_url&#8221; _module_preset=&#8221;default&#8221; text_font=&#8221;Siri Expressen||||||||&#8221; text_text_color=&#8221;#FFFFFF&#8221; text_font_size=&#8221;45px&#8221; background_image=&#8221;https:\/\/kampanj.expressen.se\/apollo\/wp-content\/uploads\/2022\/12\/klara_thumb.jpg&#8221; link_option_url=&#8221;@ET-DC@eyJkeW5hbWljIjp0cnVlLCJjb250ZW50IjoicG9zdF9saW5rX3VybF9wYWdlIiwic2V0dGluZ3MiOnsicG9zdF9pZCI6IjI0NDEifX0=@&#8221; text_font_size_tablet=&#8221;30px&#8221; text_font_size_phone=&#8221;30px&#8221; text_font_size_last_edited=&#8221;on|tablet&#8221; global_colors_info=&#8221;{}&#8221;]<\/p>\n<h1>Avsnitt 2<\/h1>\n<p>[\/et_pb_text][et_pb_text module_class=&#8221;bildmeny&#8221; _builder_version=&#8221;4.19.4&#8243; _module_preset=&#8221;default&#8221; text_font=&#8221;Siri Expressen||||||||&#8221; text_text_color=&#8221;#FFFFFF&#8221; text_font_size=&#8221;45px&#8221; background_enable_color=&#8221;off&#8221; background_image=&#8221;https:\/\/kampanj.expressen.se\/apollo\/wp-content\/uploads\/2022\/12\/chris_thumb.jpg&#8221; background_blend=&#8221;saturation&#8221; link_option_url=&#8221;https:\/\/kampanj.expressen.se\/apollo\/profilernas-ovantade-vanskap-bakom-kulisserna\/&#8221; text_font_size_tablet=&#8221;30px&#8221; text_font_size_phone=&#8221;30px&#8221; text_font_size_last_edited=&#8221;on|tablet&#8221; global_colors_info=&#8221;{}&#8221;]<\/p>\n<h1>Avsnitt 3<\/h1>\n<p>[\/et_pb_text][et_pb_text module_class=&#8221;bildmeny&#8221; _builder_version=&#8221;4.19.4&#8243; _dynamic_attributes=&#8221;link_option_url&#8221; _module_preset=&#8221;default&#8221; text_font=&#8221;Siri Expressen||||||||&#8221; text_text_color=&#8221;#FFFFFF&#8221; text_font_size=&#8221;45px&#8221; background_image=&#8221;https:\/\/kampanj.expressen.se\/apollo\/wp-content\/uploads\/2022\/12\/michel-thumb.jpg&#8221; link_option_url=&#8221;@ET-DC@eyJkeW5hbWljIjp0cnVlLCJjb250ZW50IjoicG9zdF9saW5rX3VybF9wYWdlIiwic2V0dGluZ3MiOnsicG9zdF9pZCI6IjkzIn19@&#8221; text_font_size_tablet=&#8221;30px&#8221; text_font_size_phone=&#8221;30px&#8221; text_font_size_last_edited=&#8221;on|tablet&#8221; global_colors_info=&#8221;{}&#8221;]<\/p>\n<h1>Avsnitt 4<\/h1>\n<p>[\/et_pb_text][et_pb_text module_class=&#8221;bildmeny&#8221; _builder_version=&#8221;4.19.4&#8243; _dynamic_attributes=&#8221;link_option_url&#8221; _module_preset=&#8221;default&#8221; text_font=&#8221;Siri Expressen||||||||&#8221; text_text_color=&#8221;#FFFFFF&#8221; text_font_size=&#8221;45px&#8221; background_image=&#8221;https:\/\/kampanj.expressen.se\/apollo\/wp-content\/uploads\/2022\/12\/lisbeth_thumb.jpg&#8221; link_option_url=&#8221;@ET-DC@eyJkeW5hbWljIjp0cnVlLCJjb250ZW50IjoicG9zdF9saW5rX3VybF9wYWdlIiwic2V0dGluZ3MiOnsicG9zdF9pZCI6IjI1MTAifX0=@&#8221; text_font_size_tablet=&#8221;30px&#8221; text_font_size_phone=&#8221;30px&#8221; text_font_size_last_edited=&#8221;on|tablet&#8221; global_colors_info=&#8221;{}&#8221;]<\/p>\n<h1>Avsnitt 5<\/h1>\n<p>[\/et_pb_text][\/et_pb_column][\/et_pb_row][et_pb_row module_class=&#8221;bildmenycontainer&#8221; _builder_version=&#8221;4.19.3&#8243; _module_preset=&#8221;default&#8221; width=&#8221;100%&#8221; max_width=&#8221;100%&#8221; height_tablet=&#8221;200px&#8221; height_last_edited=&#8221;off|tablet&#8221; custom_margin=&#8221;0px||0px||false|false&#8221; custom_padding=&#8221;0px||0px||false|false&#8221; global_colors_info=&#8221;{}&#8221;][et_pb_column type=&#8221;4_4&#8243; module_class=&#8221;bildmeny&#8221; _builder_version=&#8221;4.18.0&#8243; _module_preset=&#8221;default&#8221; custom_css_main_element=&#8221;width: 100%!important;&#8221; global_colors_info=&#8221;{}&#8221;][et_pb_text module_class=&#8221;bildmeny&#8221; _builder_version=&#8221;4.19.3&#8243; _dynamic_attributes=&#8221;link_option_url&#8221; _module_preset=&#8221;default&#8221; text_font=&#8221;Siri Expressen||||||||&#8221; text_text_color=&#8221;#FFFFFF&#8221; text_font_size=&#8221;45px&#8221; background_image=&#8221;https:\/\/kampanj.expressen.se\/apollo\/wp-content\/uploads\/2022\/12\/kombo-7.jpg&#8221; link_option_url=&#8221;@ET-DC@eyJkeW5hbWljIjp0cnVlLCJjb250ZW50IjoicG9zdF9saW5rX3VybF9wYWdlIiwic2V0dGluZ3MiOnsicG9zdF9pZCI6IjI2ODEifX0=@&#8221; text_font_size_tablet=&#8221;30px&#8221; text_font_size_phone=&#8221;30px&#8221; text_font_size_last_edited=&#8221;on|tablet&#8221; global_colors_info=&#8221;{}&#8221;]<\/p>\n<h1>Komboresor<\/h1>\n<p>[\/et_pb_text][et_pb_text module_class=&#8221;bildmeny&#8221; _builder_version=&#8221;4.19.3&#8243; _dynamic_attributes=&#8221;link_option_url&#8221; _module_preset=&#8221;default&#8221; text_font=&#8221;Siri Expressen||||||||&#8221; text_text_color=&#8221;#FFFFFF&#8221; text_font_size=&#8221;45px&#8221; background_image=&#8221;https:\/\/kampanj.expressen.se\/apollo\/wp-content\/uploads\/2022\/12\/parga-tablet.jpg&#8221; link_option_url=&#8221;@ET-DC@eyJkeW5hbWljIjp0cnVlLCJjb250ZW50IjoicG9zdF9saW5rX3VybF9wYWdlIiwic2V0dGluZ3MiOnsicG9zdF9pZCI6IjI2MTcifX0=@&#8221; text_font_size_tablet=&#8221;30px&#8221; text_font_size_phone=&#8221;30px&#8221; text_font_size_last_edited=&#8221;on|tablet&#8221; global_colors_info=&#8221;{}&#8221;]<\/p>\n<h1>Parga<\/h1>\n<p>[\/et_pb_text][et_pb_text module_class=&#8221;bildmeny&#8221; _builder_version=&#8221;4.19.4&#8243; _module_preset=&#8221;default&#8221; text_font=&#8221;Siri Expressen||||||||&#8221; text_text_color=&#8221;#FFFFFF&#8221; text_font_size=&#8221;45px&#8221; background_enable_color=&#8221;off&#8221; background_image=&#8221;https:\/\/kampanj.expressen.se\/apollo\/wp-content\/uploads\/2022\/12\/1_SIVOTA_0673-kopiera-scaled.jpg&#8221; background_blend=&#8221;saturation&#8221; link_option_url=&#8221;https:\/\/kampanj.expressen.se\/apollo\/sa-fixar-du-formen-pa-semestern\/&#8221; text_font_size_tablet=&#8221;30px&#8221; text_font_size_phone=&#8221;30px&#8221; text_font_size_last_edited=&#8221;on|tablet&#8221; global_colors_info=&#8221;{}&#8221;]<\/p>\n<h1>Sivota<\/h1>\n<p>[\/et_pb_text][et_pb_text module_class=&#8221;bildmeny&#8221; _builder_version=&#8221;4.19.4&#8243; _dynamic_attributes=&#8221;link_option_url&#8221; _module_preset=&#8221;default&#8221; text_font=&#8221;Siri Expressen||||||||&#8221; text_text_color=&#8221;#FFFFFF&#8221; text_font_size=&#8221;45px&#8221; background_image=&#8221;https:\/\/kampanj.expressen.se\/apollo\/wp-content\/uploads\/2022\/12\/algarve-1.jpg&#8221; link_option_url=&#8221;@ET-DC@eyJkeW5hbWljIjp0cnVlLCJjb250ZW50IjoicG9zdF9saW5rX3VybF9wYWdlIiwic2V0dGluZ3MiOnsicG9zdF9pZCI6IjI3NjUifX0=@&#8221; text_font_size_tablet=&#8221;30px&#8221; text_font_size_phone=&#8221;30px&#8221; text_font_size_last_edited=&#8221;on|tablet&#8221; global_colors_info=&#8221;{}&#8221;]<\/p>\n<h1>Algarve<\/h1>\n<p>[\/et_pb_text][et_pb_text module_class=&#8221;bildmeny&#8221; _builder_version=&#8221;4.19.4&#8243; _dynamic_attributes=&#8221;link_option_url&#8221; _module_preset=&#8221;default&#8221; text_font=&#8221;Siri Expressen||||||||&#8221; text_text_color=&#8221;#FFFFFF&#8221; text_font_size=&#8221;45px&#8221; background_image=&#8221;https:\/\/kampanj.expressen.se\/apollo\/wp-content\/uploads\/2022\/12\/makarska-8.jpg&#8221; link_option_url=&#8221;@ET-DC@eyJkeW5hbWljIjp0cnVlLCJjb250ZW50IjoicG9zdF9saW5rX3VybF9wYWdlIiwic2V0dGluZ3MiOnsicG9zdF9pZCI6IjI2MTkifX0=@&#8221; text_font_size_tablet=&#8221;30px&#8221; text_font_size_phone=&#8221;30px&#8221; text_font_size_last_edited=&#8221;on|tablet&#8221; global_colors_info=&#8221;{}&#8221;]<\/p>\n<h1>Makarska<\/h1>\n<p>[\/et_pb_text][\/et_pb_column][\/et_pb_row][\/et_pb_section]<\/p>\n","protected":false},"excerpt":{"rendered":"<p>Paketresa till paradiset: H\u00e4r&nbsp;\u00e4r vinterns dr\u00f6mstr\u00e4nderNu l\u00e4ngtar vi lite l\u00e4ngre bort, men utan kr\u00e5ngel och med trygghet nedpackat i bagaget.D\u00e4rf\u00f6r g\u00e5r vinterns paketresa till paradisstr\u00e4nderna och dr\u00f6mdestinationerna.\u2013 Vi ser en \u00f6kad efterfr\u00e5gan bland framf\u00f6r allt familjer efter mer exklusiva semesterdr\u00f6mmar, s\u00e4ger Martina Krantz p\u00e5 Apollo.EXTERN L\u00c4NK: Boka din dr\u00f6mdestination senast 15 oktober och f\u00e5 1000 [&hellip;]<\/p>\n","protected":false},"author":1,"featured_media":3891,"parent":0,"menu_order":0,"comment_status":"closed","ping_status":"closed","template":"","meta":{"_et_pb_use_builder":"on","_et_pb_old_content":"","_et_gb_content_width":"","footnotes":""},"class_list":["post-3823","page","type-page","status-publish","has-post-thumbnail","hentry"],"_links":{"self":[{"href":"https:\/\/kampanj.expressen.se\/apollo\/wp-json\/wp\/v2\/pages\/3823","targetHints":{"allow":["GET"]}}],"collection":[{"href":"https:\/\/kampanj.expressen.se\/apollo\/wp-json\/wp\/v2\/pages"}],"about":[{"href":"https:\/\/kampanj.expressen.se\/apollo\/wp-json\/wp\/v2\/types\/page"}],"author":[{"embeddable":true,"href":"https:\/\/kampanj.expressen.se\/apollo\/wp-json\/wp\/v2\/users\/1"}],"replies":[{"embeddable":true,"href":"https:\/\/kampanj.expressen.se\/apollo\/wp-json\/wp\/v2\/comments?post=3823"}],"version-history":[{"count":58,"href":"https:\/\/kampanj.expressen.se\/apollo\/wp-json\/wp\/v2\/pages\/3823\/revisions"}],"predecessor-version":[{"id":3921,"href":"https:\/\/kampanj.expressen.se\/apollo\/wp-json\/wp\/v2\/pages\/3823\/revisions\/3921"}],"wp:featuredmedia":[{"embeddable":true,"href":"https:\/\/kampanj.expressen.se\/apollo\/wp-json\/wp\/v2\/media\/3891"}],"wp:attachment":[{"href":"https:\/\/kampanj.expressen.se\/apollo\/wp-json\/wp\/v2\/media?parent=3823"}],"curies":[{"name":"wp","href":"https:\/\/api.w.org\/{rel}","templated":true}]}}