{"id":3739,"date":"2023-09-18T14:45:11","date_gmt":"2023-09-18T12:45:11","guid":{"rendered":"https:\/\/kampanj.expressen.se\/apollo\/?page_id=3739"},"modified":"2023-09-21T16:36:43","modified_gmt":"2023-09-21T14:36:43","slug":"hostsasong-hos-svenskfavoriten-upptack-gran-canarias-nya-kostym","status":"publish","type":"page","link":"https:\/\/kampanj.expressen.se\/apollo\/hostsasong-hos-svenskfavoriten-upptack-gran-canarias-nya-kostym\/","title":{"rendered":"H\u00f6sts\u00e4song hos svenskfavoriten: Uppt\u00e4ck Gran Canarias nya kostym"},"content":{"rendered":"<p>[et_pb_section fb_built=&#8221;1&#8243; custom_padding_last_edited=&#8221;on|phone&#8221; disabled_on=&#8221;off|off|off&#8221; admin_label=&#8221;header \/ video&#8221; _builder_version=&#8221;4.19.2&#8243; _module_preset=&#8221;default&#8221; background_color=&#8221;#000000&#8243; background_enable_image=&#8221;off&#8221; background_enable_video_mp4=&#8221;off&#8221; background_video_width=&#8221;100%&#8221; z_index=&#8221;99999&#8243; vertical_offset_tablet=&#8221;&#8221; vertical_offset_phone=&#8221;&#8221; vertical_offset_last_edited=&#8221;on|phone&#8221; position_origin_a_last_edited=&#8221;off|desktop&#8221; position_origin_f_phone=&#8221;top_center&#8221; position_origin_f_last_edited=&#8221;off|desktop&#8221; position_origin_r_last_edited=&#8221;off|desktop&#8221; custom_padding=&#8221;73px||0px||false|false&#8221; custom_padding_tablet=&#8221;73px||0px||false|false&#8221; custom_padding_phone=&#8221;70px||0px||false|false&#8221; scroll_vertical_motion_enable=&#8221;off&#8221; motion_trigger_start=&#8221;bottom&#8221; background_last_edited=&#8221;off|phone&#8221; background_enable_image_tablet=&#8221;off&#8221; background_enable_image_phone=&#8221;off&#8221; background_video_mp4_phone=&#8221;https:\/\/kampanj.di.se\/sts-alpresor\/wp-content\/uploads\/2021\/08\/Bad-Gastein-4k-mobile.mp4&#8243; background_enable_video_mp4_phone=&#8221;on&#8221; positioning_phone=&#8221;relative&#8221; positioning_last_edited=&#8221;off|desktop&#8221; z_index_last_edited=&#8221;off|phone&#8221; sticky_position_phone=&#8221;none&#8221; sticky_position_last_edited=&#8221;off|phone&#8221; collapsed=&#8221;on&#8221; global_colors_info=&#8221;{}&#8221;][et_pb_row _builder_version=&#8221;4.19.2&#8243; _module_preset=&#8221;default&#8221; width=&#8221;100%&#8221; max_width=&#8221;100%&#8221; custom_margin=&#8221;0px||0px||false|false&#8221; custom_padding=&#8221;0px||0px||false|false&#8221; global_colors_info=&#8221;{}&#8221;][et_pb_column type=&#8221;4_4&#8243; _builder_version=&#8221;4.19.2&#8243; _module_preset=&#8221;default&#8221; global_colors_info=&#8221;{}&#8221;][et_pb_code _builder_version=&#8221;4.22.1&#8243; _module_preset=&#8221;default&#8221; module_alignment=&#8221;center&#8221; sticky_position_phone=&#8221;none&#8221; sticky_position_last_edited=&#8221;off|phone&#8221; global_colors_info=&#8221;{}&#8221;]<\/p>\n<div style=\"position:relative;padding-bottom:56.25%;padding-top:0;height:0;overflow:hidden;\"><iframe src=\"https:\/\/player.vimeo.com\/video\/861987187?h=4514e68154&#038;badge=0&#038;autopause=0&#038;player_id=0&#038;app_id=58479&#038;autoplay=1&#038;muted=1\" frameborder=\"0\" allow=\"autoplay; fullscreen; picture-in-picture\" allowfullscreen style=\"position:absolute;top:0;left:0;width:100%;height:100%;\" title=\"ANNONS: Apollo - Go. Live a little.\"><\/iframe><\/div>\n<p><script src=\"https:\/\/player.vimeo.com\/api\/player.js\"><\/script>[\/et_pb_code][\/et_pb_column][\/et_pb_row][\/et_pb_section][et_pb_section fb_built=&#8221;1&#8243; disabled_on=&#8221;off|off|off&#8221; admin_label=&#8221;Meny s\u00e4song 2 2023&#8243; module_id=&#8221;meny&#8221; _builder_version=&#8221;4.22.1&#8243; _module_preset=&#8221;default&#8221; background_color=&#8221;#0776b4&#8243; z_index=&#8221;99999&#8243; custom_padding=&#8221;0px||0px|||&#8221; global_module=&#8221;3485&#8243; saved_tabs=&#8221;all&#8221; locked=&#8221;off&#8221; global_colors_info=&#8221;{}&#8221;][et_pb_row use_custom_gutter=&#8221;on&#8221; gutter_width=&#8221;1&#8243; custom_padding_last_edited=&#8221;off|phone&#8221; _builder_version=&#8221;4.19.2&#8243; _module_preset=&#8221;default&#8221; width=&#8221;100%&#8221; max_width=&#8221;100%&#8221; custom_padding=&#8221;0px||0px||true|false&#8221; custom_padding_tablet=&#8221;10px||10px||true|false&#8221; global_colors_info=&#8221;{}&#8221;][et_pb_column type=&#8221;4_4&#8243; admin_label=&#8221;Kap 1&#8243; _builder_version=&#8221;4.16&#8243; _module_preset=&#8221;default&#8221; global_colors_info=&#8221;{}&#8221;][et_pb_menu menu_id=&#8221;11&#8243; menu_style=&#8221;centered&#8221; active_link_color=&#8221;#FFFFFF&#8221; dropdown_menu_bg_color=&#8221;#0a76b5&#8243; dropdown_menu_line_color=&#8221;#9ec9e1&#8243; dropdown_menu_text_color=&#8221;#9ec9e1&#8243; dropdown_menu_active_link_color=&#8221;#FFFFFF&#8221; mobile_menu_bg_color=&#8221;rgba(10,118,181,0.95)&#8221; mobile_menu_text_color=&#8221;#FFFFFF&#8221; cart_icon_color=&#8221;#FFFFFF&#8221; search_icon_color=&#8221;#FFFFFF&#8221; menu_icon_color=&#8221;#FFFFFF&#8221; disabled_on=&#8221;off|off|off&#8221; _builder_version=&#8221;4.22.1&#8243; _module_preset=&#8221;default&#8221; menu_font=&#8221;|700|||||||&#8221; menu_text_color=&#8221;#FFFFFF&#8221; menu_font_size=&#8221;15px&#8221; background_color=&#8221;#0a76b5&#8243; custom_margin=&#8221;||||false|false&#8221; custom_padding=&#8221;6px||6px||true|false&#8221; custom_padding_last_edited=&#8221;off|phone&#8221; global_colors_info=&#8221;{}&#8221;][\/et_pb_menu][\/et_pb_column][\/et_pb_row][\/et_pb_section][et_pb_section fb_built=&#8221;1&#8243; custom_padding_last_edited=&#8221;on|phone&#8221; admin_label=&#8221;Artikel\/text 1&#8243; _builder_version=&#8221;4.19.2&#8243; _module_preset=&#8221;default&#8221; background_color=&#8221;#FFFFFF&#8221; custom_padding=&#8221;40px||40px||true|false&#8221; custom_padding_tablet=&#8221;40px||40px||true|false&#8221; custom_padding_phone=&#8221;35px||40px||false|false&#8221; collapsed=&#8221;on&#8221; global_colors_info=&#8221;{}&#8221;][et_pb_row custom_padding_last_edited=&#8221;on|phone&#8221; _builder_version=&#8221;4.19.2&#8243; _module_preset=&#8221;default&#8221; background_enable_color=&#8221;off&#8221; width_tablet=&#8221;&#8221; width_phone=&#8221;90%&#8221; width_last_edited=&#8221;on|phone&#8221; max_width=&#8221;900px&#8221; max_width_tablet=&#8221;&#8221; max_width_phone=&#8221;&#8221; max_width_last_edited=&#8221;on|tablet&#8221; module_alignment=&#8221;center&#8221; custom_padding=&#8221;0px|150px|0px|150px|false|true&#8221; custom_padding_tablet=&#8221;0px|60px|0px|60px|true|true&#8221; custom_padding_phone=&#8221;|0px||0px|true|true&#8221; global_colors_info=&#8221;{}&#8221;][et_pb_column type=&#8221;4_4&#8243; _builder_version=&#8221;4.16&#8243; _module_preset=&#8221;default&#8221; global_colors_info=&#8221;{}&#8221;][et_pb_text _builder_version=&#8221;4.22.1&#8243; _module_preset=&#8221;default&#8221; text_font=&#8221;Arial|700|||||||&#8221; text_text_color=&#8221;#222222&#8243; text_font_size=&#8221;20px&#8221; text_line_height=&#8221;1.5em&#8221; header_font_size=&#8221;45px&#8221; header_3_font=&#8221;Siri Expressen|700|||||||&#8221; header_3_text_color=&#8221;#222222&#8243; header_3_font_size=&#8221;62px&#8221; header_3_line_height=&#8221;1.1em&#8221; custom_margin=&#8221;||0px||false|false&#8221; custom_padding=&#8221;||10px||false|false&#8221; custom_padding_tablet=&#8221;||22px||false|false&#8221; custom_padding_last_edited=&#8221;off|desktop&#8221; text_font_size_tablet=&#8221;&#8221; text_font_size_phone=&#8221;18px&#8221; text_font_size_last_edited=&#8221;on|phone&#8221; text_line_height_tablet=&#8221;&#8221; text_line_height_phone=&#8221;&#8221; text_line_height_last_edited=&#8221;on|desktop&#8221; header_font_size_tablet=&#8221;47px&#8221; header_font_size_phone=&#8221;32px&#8221; header_font_size_last_edited=&#8221;on|phone&#8221; header_3_font_size_tablet=&#8221;&#8221; header_3_font_size_phone=&#8221;18px&#8221; header_3_font_size_last_edited=&#8221;on|phone&#8221; border_color_bottom=&#8221;rgba(0,0,0,0.15)&#8221; inline_fonts=&#8221;Siri Expressen,Benton Sans,Helvetica Neue Bold&#8221; global_colors_info=&#8221;{}&#8221;]<\/p>\n<h1>H\u00f6sts\u00e4song hos svenskfavoriten: Uppt\u00e4ck Gran Canarias nya kostym<\/h1>\n<p>[\/et_pb_text][et_pb_text _builder_version=&#8221;4.22.1&#8243; _module_preset=&#8221;default&#8221; text_font=&#8221;Arial|700|||||||&#8221; text_text_color=&#8221;#222222&#8243; text_font_size=&#8221;20px&#8221; text_line_height=&#8221;1.5em&#8221; header_font_size=&#8221;50px&#8221; header_3_font=&#8221;Siri Expressen|700|||||||&#8221; header_3_text_color=&#8221;#222222&#8243; header_3_font_size=&#8221;62px&#8221; header_3_line_height=&#8221;1.1em&#8221; custom_padding=&#8221;||22px|||&#8221; custom_padding_tablet=&#8221;||22px||false|false&#8221; custom_padding_phone=&#8221;&#8221; custom_padding_last_edited=&#8221;on|tablet&#8221; text_font_size_tablet=&#8221;&#8221; text_font_size_phone=&#8221;18px&#8221; text_font_size_last_edited=&#8221;on|phone&#8221; text_line_height_tablet=&#8221;&#8221; text_line_height_phone=&#8221;&#8221; text_line_height_last_edited=&#8221;on|desktop&#8221; header_font_size_tablet=&#8221;45px&#8221; header_font_size_phone=&#8221;30px&#8221; header_font_size_last_edited=&#8221;on|phone&#8221; header_3_font_size_tablet=&#8221;&#8221; header_3_font_size_phone=&#8221;18px&#8221; header_3_font_size_last_edited=&#8221;on|phone&#8221; border_width_bottom=&#8221;1px&#8221; border_color_bottom=&#8221;rgba(0,0,0,0.15)&#8221; inline_fonts=&#8221;Siri Expressen,Benton Sans,Helvetica Neue Bold&#8221; global_colors_info=&#8221;{}&#8221;]<\/p>\n<p>Tillbakalutade p\u00e4rlan Puerto de Mog\u00e1n kombinerat med vackra vandringar i bergen. Eller lockar kanske hellre storstadspulsen i Las Palmas vibrerande krogkvarter? Kontrasterna \u00f6verraskar st\u00e4ndigt p\u00e5 svenskklassikern Gran Canaria. Och oavsett val v\u00e4ntar sk\u00f6na str\u00e4nder och sl\u00f6sande sol.<\/p>\n<p>[\/et_pb_text][\/et_pb_column][\/et_pb_row][et_pb_row use_custom_gutter=&#8221;on&#8221; gutter_width=&#8221;2&#8243; custom_padding_last_edited=&#8221;on|phone&#8221; _builder_version=&#8221;4.22.1&#8243; _module_preset=&#8221;default&#8221; background_enable_color=&#8221;off&#8221; width_tablet=&#8221;&#8221; width_phone=&#8221;90%&#8221; width_last_edited=&#8221;on|phone&#8221; max_width=&#8221;900px&#8221; max_width_tablet=&#8221;&#8221; max_width_phone=&#8221;&#8221; max_width_last_edited=&#8221;on|tablet&#8221; module_alignment=&#8221;center&#8221; custom_padding=&#8221;24px|150px|0px|150px|false|true&#8221; custom_padding_tablet=&#8221;24px|60px|0px|60px|false|true&#8221; custom_padding_phone=&#8221;|0px||0px|false|true&#8221; global_colors_info=&#8221;{}&#8221;][et_pb_column type=&#8221;4_4&#8243; _builder_version=&#8221;4.16&#8243; _module_preset=&#8221;default&#8221; global_colors_info=&#8221;{}&#8221;][et_pb_text _builder_version=&#8221;4.22.1&#8243; _module_preset=&#8221;default&#8221; text_font=&#8221;Arial||||||||&#8221; text_text_color=&#8221;#000000&#8243; text_font_size=&#8221;18px&#8221; text_line_height=&#8221;1.5em&#8221; link_font=&#8221;Arial|300|||||||&#8221; link_text_color=&#8221;#0876b5&#8243; header_font_size=&#8221;24px&#8221; header_2_font=&#8221;di-benton-bold||||||||&#8221; header_2_text_color=&#8221;#222222&#8243; header_2_font_size=&#8221;24px&#8221; custom_margin=&#8221;||||false|false&#8221; custom_padding=&#8221;||||false|false&#8221; header_2_font_size_tablet=&#8221;&#8221; header_2_font_size_phone=&#8221;23px&#8221; header_2_font_size_last_edited=&#8221;on|phone&#8221; global_colors_info=&#8221;{}&#8221;]En av svenskarnas riktigt stora semesterklassiker visar upp m\u00e4ngder av lyckligt leende ansikten. F\u00f6r det finns ju inte bara ett enda Gran Canaria. Kanarie\u00f6arnas mest popul\u00e4ra \u00f6 lockar \u00e5ret runt, s\u00e5v\u00e4l nyfikna nyb\u00f6rjare som de mest regelbundna resen\u00e4rer. Vissa gillar f\u00f6rst\u00e5s att st\u00e4ndigt \u00e5terv\u00e4nda till tryggheten och att k\u00e4nna till allt om sitt resm\u00e5l, medan andra letar sig djupare in i upplevelserna kring allt fr\u00e5n natur och kultur till \u00e4ventyr och gastronomi. Vad Gran Canaria verkligen \u00e4r, skapas och skrivs helt och h\u00e5llet av bes\u00f6karen.<\/p>\n<p><a href=\"https:\/\/www.apollo.se\/spanien\/kanarieoarna\/gran-canaria?utm_source=native&#038;utm_medium=content&#038;utm_campaign=winter&#038;utm_term=expressen.se&#038;utm_content=gran_canaria\" target=\"_blank\" rel=\"noopener\"><strong>EXTERN L\u00c4NK: S\u00e4tt f\u00e4rg p\u00e5 vintern \u2013 boka din resa till Gran Canaria h\u00e4r<\/strong><\/a>[\/et_pb_text][\/et_pb_column][\/et_pb_row][\/et_pb_section][et_pb_section fb_built=&#8221;1&#8243; fullwidth=&#8221;on&#8221; admin_label=&#8221;Kollagebild&#8221; _builder_version=&#8221;4.19.2&#8243; _module_preset=&#8221;default&#8221; background_enable_image=&#8221;off&#8221; global_colors_info=&#8221;{}&#8221;][et_pb_fullwidth_image src=&#8221;https:\/\/kampanj.expressen.se\/apollo\/wp-content\/uploads\/2023\/09\/apollo-gran-canaria-6.jpg&#8221; title_text=&#8221;apollo-gran-canaria-6&#8243; _builder_version=&#8221;4.22.1&#8243; _module_preset=&#8221;default&#8221; background_enable_image=&#8221;off&#8221; height_tablet=&#8221;400px&#8221; height_phone=&#8221;210px&#8221; height_last_edited=&#8221;off|desktop&#8221; scroll_vertical_motion=&#8221;0|50|50|100|0|0|1&#8243; motion_trigger_start=&#8221;bottom&#8221; background_last_edited=&#8221;off|desktop&#8221; background_image_tablet=&#8221;https:\/\/kampanj.expressen.se\/apollo\/wp-content\/uploads\/2023\/09\/apollo-2023-2-2.jpg&#8221; background_enable_image_tablet=&#8221;on&#8221; parallax_tablet=&#8221;off&#8221; global_colors_info=&#8221;{}&#8221;][\/et_pb_fullwidth_image][\/et_pb_section][et_pb_section fb_built=&#8221;1&#8243; fullwidth=&#8221;on&#8221; admin_label=&#8221;Kollagebild&#8221; _builder_version=&#8221;4.19.2&#8243; _module_preset=&#8221;default&#8221; background_enable_image=&#8221;off&#8221; global_colors_info=&#8221;{}&#8221;][et_pb_fullwidth_image title_text=&#8221;apollo-gran-canaria-8&#8243; _builder_version=&#8221;4.22.1&#8243; _module_preset=&#8221;default&#8221; background_image=&#8221;https:\/\/kampanj.expressen.se\/apollo\/wp-content\/uploads\/2023\/09\/apollo-gran-canaria-8.jpg&#8221; parallax=&#8221;on&#8221; parallax_method=&#8221;off&#8221; height=&#8221;600px&#8221; height_tablet=&#8221;450px&#8221; height_phone=&#8221;320px&#8221; height_last_edited=&#8221;on|tablet&#8221; background_last_edited=&#8221;on|phone&#8221; background_image_tablet=&#8221;https:\/\/kampanj.expressen.se\/apollo\/wp-content\/uploads\/2023\/09\/apollo-gran-canaria-8.jpg&#8221; background_enable_image_tablet=&#8221;on&#8221; parallax_tablet=&#8221;off&#8221; global_colors_info=&#8221;{}&#8221;][\/et_pb_fullwidth_image][\/et_pb_section][et_pb_section fb_built=&#8221;1&#8243; admin_label=&#8221;BLOCK SISTA&#8221; _builder_version=&#8221;4.19.2&#8243; _module_preset=&#8221;default&#8221; background_color=&#8221;#FFFFFF&#8221; custom_padding=&#8221;40px||40px||true|false&#8221; collapsed=&#8221;on&#8221; global_colors_info=&#8221;{}&#8221;][et_pb_row custom_padding_last_edited=&#8221;on|phone&#8221; _builder_version=&#8221;4.22.1&#8243; _module_preset=&#8221;default&#8221; background_enable_color=&#8221;off&#8221; width_tablet=&#8221;&#8221; width_phone=&#8221;90%&#8221; width_last_edited=&#8221;on|phone&#8221; max_width=&#8221;900px&#8221; max_width_tablet=&#8221;&#8221; max_width_phone=&#8221;&#8221; max_width_last_edited=&#8221;on|tablet&#8221; module_alignment=&#8221;center&#8221; custom_padding=&#8221;0px|150px|0px|150px|false|true&#8221; custom_padding_tablet=&#8221;|60px||60px|false|true&#8221; custom_padding_phone=&#8221;|0px|0px|0px|false|true&#8221; global_colors_info=&#8221;{}&#8221;][et_pb_column type=&#8221;4_4&#8243; _builder_version=&#8221;4.16&#8243; _module_preset=&#8221;default&#8221; global_colors_info=&#8221;{}&#8221;][et_pb_text _builder_version=&#8221;4.22.1&#8243; _module_preset=&#8221;default&#8221; text_font=&#8221;Arial||||||||&#8221; text_text_color=&#8221;#000000&#8243; text_font_size=&#8221;18px&#8221; text_line_height=&#8221;1.5em&#8221; header_font_size=&#8221;24px&#8221; header_2_font=&#8221;||||||||&#8221; header_2_text_color=&#8221;#222222&#8243; custom_margin=&#8221;||0px||false|false&#8221; custom_padding=&#8221;0px||0px||true|false&#8221; header_2_font_size_phone=&#8221;23px&#8221; header_2_font_size_last_edited=&#8221;off|desktop&#8221; global_colors_info=&#8221;{}&#8221;]<\/p>\n<h2>Fr\u00e5n V\u00e4xj\u00f6 till v\u00e4rmen<\/h2>\n<p>Christian Fransson pluggade p\u00e5 h\u00f6gskolan i V\u00e4xj\u00f6, l\u00e5ngt fr\u00e5n det kanariska klimatet. I dag \u00e4r han ink\u00f6pschef f\u00f6r den nordiska researrang\u00f6ren Apollo med ansvar f\u00f6r hotellkontrakteringar. Sedan tio \u00e5r tillbaka \u00e4r Gran Canaria hans hem.<\/p>\n<p>[\/et_pb_text][\/et_pb_column][\/et_pb_row][et_pb_row column_structure=&#8221;2_5,3_5&#8243; use_custom_gutter=&#8221;on&#8221; custom_padding_last_edited=&#8221;on|phone&#8221; _builder_version=&#8221;4.22.1&#8243; _module_preset=&#8221;default&#8221; background_enable_color=&#8221;off&#8221; width_tablet=&#8221;&#8221; width_phone=&#8221;90%&#8221; width_last_edited=&#8221;on|phone&#8221; max_width=&#8221;900px&#8221; max_width_tablet=&#8221;&#8221; max_width_phone=&#8221;&#8221; max_width_last_edited=&#8221;on|tablet&#8221; module_alignment=&#8221;center&#8221; custom_margin=&#8221;19px||19px||false|false&#8221; custom_padding=&#8221;0px|150px|0px|150px|false|true&#8221; custom_padding_tablet=&#8221;0px|60px|0px|60px|false|true&#8221; custom_padding_phone=&#8221;|0px||0px|false|true&#8221; global_colors_info=&#8221;{}&#8221;][et_pb_column type=&#8221;2_5&#8243; _builder_version=&#8221;4.16&#8243; _module_preset=&#8221;default&#8221; global_colors_info=&#8221;{}&#8221;][et_pb_image src=&#8221;https:\/\/kampanj.expressen.se\/apollo\/wp-content\/uploads\/2023\/09\/apollo-chris-1&#215;1-1.jpg&#8221; title_text=&#8221;apollo-chris-1&#215;1&#8243; src_tablet=&#8221;https:\/\/kampanj.expressen.se\/apollo\/wp-content\/uploads\/2023\/09\/erik-ny-1.jpg&#8221; src_phone=&#8221;https:\/\/kampanj.expressen.se\/apollo\/wp-content\/uploads\/2023\/09\/erik-ny-1.jpg&#8221; src_last_edited=&#8221;off|desktop&#8221; _builder_version=&#8221;4.22.1&#8243; _module_preset=&#8221;default&#8221; custom_margin=&#8221;10px||6px||false|false&#8221; custom_margin_tablet=&#8221;0px||6px||false|false&#8221; custom_margin_last_edited=&#8221;off|phone&#8221; custom_padding=&#8221;||0px||false|false&#8221; global_colors_info=&#8221;{}&#8221;][\/et_pb_image][et_pb_text _builder_version=&#8221;4.22.1&#8243; _module_preset=&#8221;default&#8221; text_font=&#8221;Arial||||||||&#8221; text_text_color=&#8221;#222222&#8243; text_line_height=&#8221;1.3em&#8221; custom_margin=&#8221;0px||||false|false&#8221; custom_padding=&#8221;0px||||false|false&#8221; global_colors_info=&#8221;{}&#8221;]<\/p>\n<p>Christian Fransson, ink\u00f6pschef p\u00e5 Apollo.<\/p>\n<p>[\/et_pb_text][\/et_pb_column][et_pb_column type=&#8221;3_5&#8243; _builder_version=&#8221;4.22.1&#8243; _module_preset=&#8221;default&#8221; animation_style=&#8221;fade&#8221; global_colors_info=&#8221;{}&#8221;][et_pb_text _builder_version=&#8221;4.22.1&#8243; _module_preset=&#8221;default&#8221; text_font=&#8221;Arial||||||||&#8221; text_text_color=&#8221;#000000&#8243; text_font_size=&#8221;18px&#8221; text_line_height=&#8221;1.5em&#8221; header_font_size=&#8221;24px&#8221; header_2_font=&#8221;||||||||&#8221; header_2_text_color=&#8221;#222222&#8243; custom_margin=&#8221;||0px||false|false&#8221; custom_padding=&#8221;0px||0px||true|false&#8221; global_colors_info=&#8221;{}&#8221;]<\/p>\n<p>\u2013 Klimatet h\u00e4r \u00e4r s\u00e5 otroligt attraktivt, och det \u00e4r just detta som m\u00e5nga svenskar vill njuta av p\u00e5 vintern. D\u00e4rf\u00f6r v\u00e4ljer ocks\u00e5 allt fler att bo h\u00e4r under l\u00e4ngre perioder. Medeltemperaturen pendlar mellan 20 och 25 grader, \u00e5ret runt. Samtidigt sjuder det p\u00e5 \u00f6n, och \u00e4nnu fler borde ta sig runt och uppleva hela Gran Canaria \u2013 som gr\u00f6nskan i bergen. Det beh\u00f6ver inte heller vara alls avancerade vandringar f\u00f6r att n\u00e5 dit, s\u00e4ger Christian Fransson och tittar ut genom f\u00f6nstret upp mot bergen fr\u00e5n l\u00e4genheten i San Fernando p\u00e5 s\u00f6dra delen av \u00f6n:<\/p>\n<p>[\/et_pb_text][\/et_pb_column][\/et_pb_row][et_pb_row custom_padding_last_edited=&#8221;on|phone&#8221; _builder_version=&#8221;4.22.1&#8243; _module_preset=&#8221;default&#8221; background_enable_color=&#8221;off&#8221; width_tablet=&#8221;&#8221; width_phone=&#8221;90%&#8221; width_last_edited=&#8221;on|phone&#8221; max_width=&#8221;900px&#8221; max_width_tablet=&#8221;&#8221; max_width_phone=&#8221;&#8221; max_width_last_edited=&#8221;on|tablet&#8221; module_alignment=&#8221;center&#8221; custom_margin=&#8221;0px||||false|false&#8221; custom_padding=&#8221;0px|150px|0px|150px|false|true&#8221; custom_padding_tablet=&#8221;|60px||60px|false|true&#8221; custom_padding_phone=&#8221;|0px|0px|0px|false|true&#8221; global_colors_info=&#8221;{}&#8221;][et_pb_column type=&#8221;4_4&#8243; _builder_version=&#8221;4.16&#8243; _module_preset=&#8221;default&#8221; global_colors_info=&#8221;{}&#8221;][et_pb_text _builder_version=&#8221;4.22.1&#8243; _module_preset=&#8221;default&#8221; text_font=&#8221;Arial||||||||&#8221; text_text_color=&#8221;#000000&#8243; text_font_size=&#8221;18px&#8221; text_line_height=&#8221;1.5em&#8221; header_font_size=&#8221;24px&#8221; header_2_font=&#8221;||||||||&#8221; header_2_text_color=&#8221;#222222&#8243; custom_margin=&#8221;||0px||false|false&#8221; custom_padding=&#8221;0px||0px||true|false&#8221; header_2_font_size_phone=&#8221;23px&#8221; header_2_font_size_last_edited=&#8221;off|desktop&#8221; global_colors_info=&#8221;{}&#8221;]<\/p>\n<p>\u2013 Mitt m\u00e5l med v\u00e5ra g\u00e4ster p\u00e5 Gran Canaria \u00e4r att verkligen f\u00e5 dem att uppleva destinationen, \u00e4ven om de redan tror sig ha sett allt efter att ha varit p\u00e5 samma resm\u00e5l i kanske 25 \u00e5r. Men h\u00e4r finns alltid mer att utforska. Jag brukar f\u00f6resl\u00e5 alla fina utflykter, men ocks\u00e5 hitta lokala tips till dem som vill uppt\u00e4cka Gran Canaria p\u00e5 egen hand.<\/p>\n<p>[\/et_pb_text][et_pb_image src=&#8221;https:\/\/kampanj.expressen.se\/apollo\/wp-content\/uploads\/2023\/09\/apollo-gran-canaria-3.jpg&#8221; title_text=&#8221;apollo-gran-canaria-3&#8243; _builder_version=&#8221;4.22.1&#8243; _module_preset=&#8221;default&#8221; custom_margin=&#8221;30px||30px||true|false&#8221; animation_style=&#8221;fade&#8221; global_colors_info=&#8221;{}&#8221;][\/et_pb_image][et_pb_text _builder_version=&#8221;4.22.1&#8243; _module_preset=&#8221;default&#8221; text_font=&#8221;Arial||||||||&#8221; text_text_color=&#8221;#000000&#8243; text_font_size=&#8221;18px&#8221; text_line_height=&#8221;1.5em&#8221; header_font_size=&#8221;24px&#8221; header_2_font=&#8221;||||||||&#8221; header_2_text_color=&#8221;#222222&#8243; custom_margin=&#8221;||0px||false|false&#8221; custom_padding=&#8221;0px||0px||true|false&#8221; header_2_font_size_phone=&#8221;23px&#8221; header_2_font_size_last_edited=&#8221;off|desktop&#8221; global_colors_info=&#8221;{}&#8221;]<\/p>\n<h2>Genuint g\u00f6mst\u00e4lle<\/h2>\n<p>Att f\u00f6lja hans f\u00f6rslag och f\u00f6rs\u00f6ka utforska Gran Canaria \u00e4r inte s\u00e4rskilt sv\u00e5rt. Det handlar mer om var man vill b\u00f6rja leta p\u00e5 denna lika storslagna som sols\u00e4kra \u00f6. Apollo har hotell p\u00e5 tio olika resm\u00e5l, fr\u00e5n partypulsen i urklassikern Playa del Ingl\u00e9s och trendande storstaden Las Palmas till det l\u00e5ngsammare livet i eleganta lilla Meloneras eller bildsk\u00f6na Maspalomas.<br \/>Och f\u00f6rst\u00e5s; Puerto de Mog\u00e1n, ett av \u00f6ns allra mest genuina g\u00f6mst\u00e4llen.<\/p>\n<p>\u2013 De sm\u00e5 vita husen med sina f\u00e4rgglada fasader och den galet v\u00e4xande bougainvillean. Jo, det \u00e4r n\u00e4stan l\u00f6jligt pittoreskt och vackert att g\u00e5 runt i stan, passera den lilla kanalen och avsluta med en st\u00e4rkande caf\u00e9 cortado vid segelb\u00e5tarna nere i sporthamnen. Alldeles i n\u00e4rheten ligger ocks\u00e5 v\u00e5rt enda Apollo Mondo Local p\u00e5 Gran Canaria: Hotellet Cordial Muelle Viejo. Det \u00e4r ett litet, personligt l\u00e4genhetshotell med 22 rum som \u00e4r v\u00e4ldigt omtyckt.<\/p>\n<p>Fr\u00e5n kustbyn Puerto de Mog\u00e1n rekommenderar Christian ocks\u00e5 att ta sig upp till bergsbyn Mog\u00e1n. D\u00e4r sl\u00e5r man sig ner p\u00e5 en lokal krog med mycket prisv\u00e4rda menyer.<\/p>\n<p>[\/et_pb_text][\/et_pb_column][\/et_pb_row][et_pb_row disabled_on=&#8221;on|on|off&#8221; admin_label=&#8221;STICKY&#8221; _builder_version=&#8221;4.22.1&#8243; _module_preset=&#8221;default&#8221; positioning=&#8221;fixed&#8221; position_origin_f=&#8221;top_right&#8221; vertical_offset=&#8221;90px&#8221; horizontal_offset=&#8221;8px&#8221; width=&#8221;350px&#8221; custom_margin=&#8221;0px||0px||false|false&#8221; custom_padding=&#8221;0px||0px||false|false&#8221; locked=&#8221;off&#8221; global_colors_info=&#8221;{}&#8221;][et_pb_column type=&#8221;4_4&#8243; _builder_version=&#8221;4.19.2&#8243; _module_preset=&#8221;default&#8221; global_colors_info=&#8221;{}&#8221;][et_pb_code disabled_on=&#8221;on|on|off&#8221; admin_label=&#8221;STICKY VIDEO&#8221; _builder_version=&#8221;4.22.1&#8243; _module_preset=&#8221;default&#8221; position_origin_a=&#8221;top_right&#8221; position_origin_f=&#8221;top_right&#8221; vertical_offset=&#8221;80px&#8221; horizontal_offset=&#8221;8px&#8221; width=&#8221;300px&#8221; module_alignment=&#8221;right&#8221; motion_trigger_start=&#8221;top&#8221; global_colors_info=&#8221;{}&#8221;]<\/p>\n<div style=\"position:relative;padding-bottom:56.25%;padding-top:0;height:0;overflow:hidden;\"><iframe src=\"https:\/\/player.vimeo.com\/video\/859328809?h=f4e0547785&#038;badge=0&#038;autopause=0&#038;player_id=0&#038;app_id=58479&#038;autoplay=1&#038;muted=1\" frameborder=\"0\" allow=\"autoplay; fullscreen; picture-in-picture\" allowfullscreen style=\"position:absolute;top:0;left:0;width:100%;height:100%;\" title=\"ANNONS: Apollo - Go. Live a little.\"><\/iframe><\/div>\n<p><script src=\"https:\/\/player.vimeo.com\/api\/player.js\"><\/script>[\/et_pb_code][\/et_pb_column][\/et_pb_row][\/et_pb_section][et_pb_section fb_built=&#8221;1&#8243; fullwidth=&#8221;on&#8221; admin_label=&#8221;Kollagebild&#8221; _builder_version=&#8221;4.19.2&#8243; _module_preset=&#8221;default&#8221; background_enable_image=&#8221;off&#8221; global_colors_info=&#8221;{}&#8221;][et_pb_fullwidth_image title_text=&#8221;apollo-gran-canaria-5&#8243; _builder_version=&#8221;4.22.1&#8243; _module_preset=&#8221;default&#8221; background_image=&#8221;https:\/\/kampanj.expressen.se\/apollo\/wp-content\/uploads\/2023\/09\/apollo-gran-canaria-5.jpg&#8221; parallax=&#8221;on&#8221; parallax_method=&#8221;off&#8221; height=&#8221;600px&#8221; height_tablet=&#8221;450px&#8221; height_phone=&#8221;320px&#8221; height_last_edited=&#8221;on|tablet&#8221; background_last_edited=&#8221;on|phone&#8221; background_image_tablet=&#8221;https:\/\/kampanj.expressen.se\/apollo\/wp-content\/uploads\/2023\/09\/apollo-gran-canaria-5.jpg&#8221; background_enable_image_tablet=&#8221;on&#8221; parallax_tablet=&#8221;off&#8221; global_colors_info=&#8221;{}&#8221;][\/et_pb_fullwidth_image][\/et_pb_section][et_pb_section fb_built=&#8221;1&#8243; _builder_version=&#8221;4.22.1&#8243; _module_preset=&#8221;default&#8221; background_color=&#8221;rgba(0,0,0,0.25)&#8221; background_image=&#8221;https:\/\/kampanj.expressen.se\/apollo\/wp-content\/uploads\/2023\/09\/apollo-kanarieoarna-1.jpg&#8221; background_position=&#8221;bottom_center&#8221; background_vertical_offset=&#8221;39%&#8221; background_blend=&#8221;darken&#8221; width_last_edited=&#8221;off|desktop&#8221; height=&#8221;600px&#8221; height_tablet=&#8221;500px&#8221; height_phone=&#8221;320px&#8221; height_last_edited=&#8221;on|phone&#8221; background_last_edited=&#8221;on|phone&#8221; parallax_tablet=&#8221;off&#8221; global_colors_info=&#8221;{}&#8221;][et_pb_row custom_padding_last_edited=&#8221;off|desktop&#8221; module_class=&#8221;et-readmore-toggle&#8221; _builder_version=&#8221;4.22.1&#8243; _module_preset=&#8221;default&#8221; background_color=&#8221;RGBA(0,0,0,0)&#8221; positioning=&#8221;absolute&#8221; position_origin_a=&#8221;center_center&#8221; position_origin_r=&#8221;top_right&#8221; vertical_offset=&#8221;278px&#8221; vertical_offset_tablet=&#8221;40px&#8221; vertical_offset_phone=&#8221;0px&#8221; vertical_offset_last_edited=&#8221;off|desktop&#8221; horizontal_offset_tablet=&#8221;40px&#8221; horizontal_offset_phone=&#8221;0px&#8221; horizontal_offset_last_edited=&#8221;on|desktop&#8221; position_origin_a_tablet=&#8221;&#8221; position_origin_a_phone=&#8221;center_center&#8221; position_origin_a_last_edited=&#8221;on|phone&#8221; position_origin_f_tablet=&#8221;&#8221; position_origin_f_phone=&#8221;&#8221; position_origin_f_last_edited=&#8221;on|tablet&#8221; position_origin_r_tablet=&#8221;bottom_right&#8221; position_origin_r_phone=&#8221;&#8221; position_origin_r_last_edited=&#8221;on|tablet&#8221; width=&#8221;700px&#8221; width_tablet=&#8221;80%&#8221; width_phone=&#8221;90%&#8221; width_last_edited=&#8221;on|phone&#8221; max_width_tablet=&#8221;450px&#8221; max_width_phone=&#8221;100%&#8221; max_width_last_edited=&#8221;off|desktop&#8221; custom_padding=&#8221;||||false|false&#8221; custom_padding_phone=&#8221;40px|20px|40px|20px|true|false&#8221; animation_style=&#8221;fade&#8221; positioning_tablet=&#8221;&#8221; positioning_phone=&#8221;&#8221; positioning_last_edited=&#8221;on|phone&#8221; custom_css_main_element=&#8221;position: absolute;||z-index: 1000;&#8221; global_colors_info=&#8221;{}&#8221;][et_pb_column type=&#8221;4_4&#8243; _builder_version=&#8221;4.18.0&#8243; _module_preset=&#8221;default&#8221; global_colors_info=&#8221;{}&#8221;][et_pb_text _builder_version=&#8221;4.22.1&#8243; _module_preset=&#8221;default&#8221; text_font=&#8221;Siri Expressen||||||||&#8221; text_text_color=&#8221;#ffffff&#8221; text_font_size=&#8221;50px&#8221; text_line_height=&#8221;1em&#8221; header_font_size=&#8221;48px&#8221; header_2_font=&#8221;Siri Expressen||||||||&#8221; header_2_text_color=&#8221;#FFFFFF&#8221; header_2_font_size=&#8221;60px&#8221; header_3_font=&#8221;||||||||&#8221; header_3_text_align=&#8221;left&#8221; header_3_text_color=&#8221;#FFFFFF&#8221; header_3_font_size=&#8221;40px&#8221; header_3_line_height=&#8221;1.2em&#8221; header_6_font=&#8221;Arial||||||||&#8221; header_6_text_align=&#8221;center&#8221; header_6_text_color=&#8221;#FFFFFF&#8221; header_6_font_size=&#8221;15px&#8221; text_orientation=&#8221;center&#8221; custom_padding=&#8221;|1px|0px|||&#8221; text_font_size_tablet=&#8221;42px&#8221; text_font_size_phone=&#8221;30px&#8221; text_font_size_last_edited=&#8221;on|phone&#8221; header_2_font_size_tablet=&#8221;50px&#8221; header_2_font_size_phone=&#8221;36px&#8221; header_2_font_size_last_edited=&#8221;on|phone&#8221; header_3_text_align_tablet=&#8221;left&#8221; header_3_text_align_phone=&#8221;center&#8221; header_3_text_align_last_edited=&#8221;on|phone&#8221; header_3_font_size_tablet=&#8221;42px&#8221; header_3_font_size_phone=&#8221;27px&#8221; header_3_font_size_last_edited=&#8221;on|tablet&#8221; text_orientation_tablet=&#8221;left&#8221; text_orientation_phone=&#8221;center&#8221; text_orientation_last_edited=&#8221;off|desktop&#8221; text_text_shadow_style=&#8221;preset5&#8243; text_text_shadow_horizontal_length=&#8221;0.04em&#8221; text_text_shadow_vertical_length=&#8221;0.04em&#8221; header_3_text_shadow_style=&#8221;preset3&#8243; header_3_text_shadow_blur_strength=&#8221;0.53em&#8221; header_3_text_shadow_color=&#8221;rgba(0,0,0,0.3)&#8221; header_3_text_shadow_blur_strength_tablet=&#8221;0.46em&#8221; header_3_text_shadow_blur_strength_phone=&#8221;&#8221; header_3_text_shadow_blur_strength_last_edited=&#8221;on|tablet&#8221; header_3_text_shadow_color_tablet=&#8221;rgba(0,0,0,0.4)&#8221; header_3_text_shadow_color_phone=&#8221;&#8221; header_3_text_shadow_color_last_edited=&#8221;on|phone&#8221; inline_fonts=&#8221;Siri Expressen&#8221; global_colors_info=&#8221;{}&#8221;]\u201dAtt man dessutom har den l\u00e5nga stranden Las Canteras n\u00e4stan mitt i stan g\u00f6r Las Palmas helt unik\u201d[\/et_pb_text][\/et_pb_column][\/et_pb_row][\/et_pb_section][et_pb_section fb_built=&#8221;1&#8243; admin_label=&#8221;BLOCK SISTA&#8221; _builder_version=&#8221;4.19.2&#8243; _module_preset=&#8221;default&#8221; background_color=&#8221;#FFFFFF&#8221; custom_padding=&#8221;40px||40px||true|false&#8221; collapsed=&#8221;on&#8221; global_colors_info=&#8221;{}&#8221;][et_pb_row custom_padding_last_edited=&#8221;on|phone&#8221; _builder_version=&#8221;4.22.1&#8243; _module_preset=&#8221;default&#8221; background_enable_color=&#8221;off&#8221; width_tablet=&#8221;&#8221; width_phone=&#8221;90%&#8221; width_last_edited=&#8221;on|phone&#8221; max_width=&#8221;900px&#8221; max_width_tablet=&#8221;&#8221; max_width_phone=&#8221;&#8221; max_width_last_edited=&#8221;on|tablet&#8221; module_alignment=&#8221;center&#8221; custom_padding=&#8221;0px|150px|0px|150px|false|true&#8221; custom_padding_tablet=&#8221;|60px||60px|false|true&#8221; custom_padding_phone=&#8221;|0px|0px|0px|false|true&#8221; global_colors_info=&#8221;{}&#8221;][et_pb_column type=&#8221;4_4&#8243; _builder_version=&#8221;4.16&#8243; _module_preset=&#8221;default&#8221; global_colors_info=&#8221;{}&#8221;][et_pb_text _builder_version=&#8221;4.22.1&#8243; _module_preset=&#8221;default&#8221; text_font=&#8221;Arial||||||||&#8221; text_text_color=&#8221;#000000&#8243; text_font_size=&#8221;18px&#8221; text_line_height=&#8221;1.5em&#8221; header_font_size=&#8221;24px&#8221; header_2_font=&#8221;||||||||&#8221; header_2_text_color=&#8221;#222222&#8243; custom_margin=&#8221;||0px||false|false&#8221; custom_padding=&#8221;0px||0px||true|false&#8221; locked=&#8221;off&#8221; global_colors_info=&#8221;{}&#8221;]<\/p>\n<h2>Bar-boom i Las Palmas<\/h2>\n<p>V\u00e4gen fr\u00e5n Puerto till pulsen bromsar helt sj\u00e4lvklart in i Las Palmas. 2023 kablas bilden ut av en spansk storstad med en halv miljon inv\u00e5nare, men som haft vett att beh\u00e5lla sin s\u00e4rart och kanariska k\u00e4nsla. F\u00f6rutom sol- och badlivet just utanf\u00f6r citygr\u00e4nsen kommer numera allt fler g\u00e4ster hit f\u00f6r att insupa den sk\u00f6na atmosf\u00e4ren och dofterna fr\u00e5n alla de krogar som f\u00e5r historiska kvarter som La Vegueta att blomma med hj\u00e4lp av knoppande coola kaf\u00e9er, vinbarer och inte minst krogar som tolkar klassiska r\u00e4tter p\u00e5 helt nya s\u00e4tt. Prova den klassiska svarta grisen cerdo negro med s\u00f6tpotatis eller en helt ny version av den kanariska blodkorven morcilla.<\/p>\n<p>[\/et_pb_text][et_pb_image src=&#8221;https:\/\/kampanj.expressen.se\/apollo\/wp-content\/uploads\/2023\/09\/apollo-gran-canaria-1.jpg&#8221; title_text=&#8221;apollo-gran-canaria-1&#8243; _builder_version=&#8221;4.22.1&#8243; _module_preset=&#8221;default&#8221; custom_margin=&#8221;30px||30px||true|false&#8221; animation_style=&#8221;fade&#8221; global_colors_info=&#8221;{}&#8221;][\/et_pb_image][et_pb_text _builder_version=&#8221;4.22.1&#8243; _module_preset=&#8221;default&#8221; text_font=&#8221;Arial||||||||&#8221; text_text_color=&#8221;#000000&#8243; text_font_size=&#8221;18px&#8221; text_line_height=&#8221;1.5em&#8221; header_font_size=&#8221;24px&#8221; header_2_font=&#8221;||||||||&#8221; header_2_text_color=&#8221;#222222&#8243; custom_margin=&#8221;||0px||false|false&#8221; custom_padding=&#8221;0px||0px||true|false&#8221; header_2_font_size_phone=&#8221;23px&#8221; header_2_font_size_last_edited=&#8221;off|desktop&#8221; global_colors_info=&#8221;{}&#8221;]<\/p>\n<p>\u2013 Att man dessutom har den l\u00e5nga stranden Las Canteras n\u00e4stan mitt i stan g\u00f6r Las Palmas helt unik. Det finns fantastisk gastronomi, fr\u00e5n Michelinniv\u00e5 till riktigt bra lokal mat. \u00d6verlag \u00e4r man v\u00e4ldigt stolt \u00f6ver niv\u00e5n p\u00e5 sina krogar i Las Palmas. Dessutom fylls nu m\u00e5nga gamla byggnader som st\u00e5tt tomma med coola boutiquehotell som blandar in stilar fr\u00e5n historien med klassiska kolonialm\u00f6bler och trendiga designdetaljer. Det skapar en unik boendeupplevelse.<\/p>\n<p>\u2013 D\u00e4rf\u00f6r \u00e4r det ocks\u00e5 m\u00e5nga g\u00e4ster som numera v\u00e4ljer att dela upp semestern mellan n\u00e5gra dagar i Las Palmas och resten av tiden p\u00e5 s\u00f6dra Gran Canaria. Allt f\u00f6r att f\u00e5 lite av det b\u00e4sta. Den h\u00e4r typen av kombinationssemester kommer att bli allt vanligare, inte minst bland lite yngre och mer rastl\u00f6sa resen\u00e4rer, sp\u00e5r Christian.<\/p>\n<p>[\/et_pb_text][et_pb_image src=&#8221;https:\/\/kampanj.expressen.se\/apollo\/wp-content\/uploads\/2023\/09\/apollo-banner-sept-2023.jpg&#8221; title_text=&#8221;apollo-banner-sept-2023&#8243; url=&#8221;https:\/\/www.apollo.se\/resor\/charter\/vinterresor?utm_source=native&#038;utm_medium=ad&#038;utm_campaign=winter&#038;utm_term=expressen.se&#038;utm_content=gran_canaria&#8221; url_new_window=&#8221;on&#8221; _builder_version=&#8221;4.22.1&#8243; _module_preset=&#8221;default&#8221; background_color=&#8221;#ebebeb&#8221; custom_margin=&#8221;30px||30px||true|false&#8221; custom_padding=&#8221;20px|5px|5px|5px|false|true&#8221; animation_style=&#8221;fade&#8221; custom_css_before=&#8221;content: %22ANNONS%22;||font-size: 12px;||position:relative;||top:-10px;&#8221; global_colors_info=&#8221;{}&#8221;][\/et_pb_image][et_pb_text _builder_version=&#8221;4.22.1&#8243; _module_preset=&#8221;default&#8221; text_font=&#8221;Arial||||||||&#8221; text_text_color=&#8221;#000000&#8243; text_font_size=&#8221;18px&#8221; text_line_height=&#8221;1.5em&#8221; link_text_color=&#8221;#0876b5&#8243; header_font_size=&#8221;24px&#8221; header_2_font=&#8221;||||||||&#8221; header_2_text_color=&#8221;#222222&#8243; custom_margin=&#8221;0px||0px||true|false&#8221; header_2_font_size_phone=&#8221;23px&#8221; header_2_font_size_last_edited=&#8221;off|desktop&#8221; global_colors_info=&#8221;{}&#8221;]<\/p>\n<h2>One of a Kind n\u00e4ra katedralen<\/h2>\n<p>Bland Apollos fem hotell i Las Palmas utm\u00e4rker sig bland annat One of a Kind-p\u00e4rlan Cordial Plaza Mayor de Santa Ana. L\u00e4get i den gamla stadsdelen precis mellan 1400-talskatedralen och r\u00e5dhuset \u00e4r f\u00f6rst\u00e5s helt speciellt.<\/p>\n<p>\u2013 Just bakom hotellet slingrar sig sm\u00e5 gr\u00e4nder fulla med tapasbarer, som lever upp fram\u00e5t kv\u00e4llen. D\u00e4r m\u00f6ts v\u00e4nner och dricker ett glas vin, gammal som ung p\u00e5 samma st\u00e4llen. Just det tycker jag \u00e4r s\u00e5 nice med den \u00e5ldersl\u00f6sa kanariska livsstilen.<\/p>\n<p>[\/et_pb_text][\/et_pb_column][\/et_pb_row][et_pb_row disabled_on=&#8221;on|on|off&#8221; admin_label=&#8221;STICKY&#8221; _builder_version=&#8221;4.22.1&#8243; _module_preset=&#8221;default&#8221; positioning=&#8221;fixed&#8221; position_origin_f=&#8221;top_right&#8221; vertical_offset=&#8221;90px&#8221; horizontal_offset=&#8221;8px&#8221; width=&#8221;350px&#8221; custom_margin=&#8221;0px||0px||false|false&#8221; custom_padding=&#8221;0px||0px||false|false&#8221; locked=&#8221;off&#8221; global_colors_info=&#8221;{}&#8221;][et_pb_column type=&#8221;4_4&#8243; _builder_version=&#8221;4.19.2&#8243; _module_preset=&#8221;default&#8221; global_colors_info=&#8221;{}&#8221;][et_pb_code disabled_on=&#8221;on|on|off&#8221; admin_label=&#8221;STICKY VIDEO&#8221; _builder_version=&#8221;4.22.1&#8243; _module_preset=&#8221;default&#8221; position_origin_a=&#8221;top_right&#8221; position_origin_f=&#8221;top_right&#8221; vertical_offset=&#8221;80px&#8221; horizontal_offset=&#8221;8px&#8221; width=&#8221;300px&#8221; module_alignment=&#8221;right&#8221; motion_trigger_start=&#8221;top&#8221; global_colors_info=&#8221;{}&#8221;]<\/p>\n<div style=\"position:relative;padding-bottom:56.25%;padding-top:0;height:0;overflow:hidden;\"><iframe src=\"https:\/\/player.vimeo.com\/video\/859328809?h=f4e0547785&#038;badge=0&#038;autopause=0&#038;player_id=0&#038;app_id=58479&#038;autoplay=1&#038;muted=1\" frameborder=\"0\" allow=\"autoplay; fullscreen; picture-in-picture\" allowfullscreen style=\"position:absolute;top:0;left:0;width:100%;height:100%;\" title=\"ANNONS: Apollo - Go. Live a little.\"><\/iframe><\/div>\n<p><script src=\"https:\/\/player.vimeo.com\/api\/player.js\"><\/script>[\/et_pb_code][\/et_pb_column][\/et_pb_row][\/et_pb_section][et_pb_section fb_built=&#8221;1&#8243; fullwidth=&#8221;on&#8221; admin_label=&#8221;Kollagebild&#8221; _builder_version=&#8221;4.19.2&#8243; _module_preset=&#8221;default&#8221; background_enable_image=&#8221;off&#8221; locked=&#8221;off&#8221; global_colors_info=&#8221;{}&#8221;][et_pb_fullwidth_image title_text=&#8221;apollo-gran-canaria-4&#8243; _builder_version=&#8221;4.22.1&#8243; _module_preset=&#8221;default&#8221; background_image=&#8221;https:\/\/kampanj.expressen.se\/apollo\/wp-content\/uploads\/2023\/09\/apollo-gran-canaria-4.jpg&#8221; parallax=&#8221;on&#8221; parallax_method=&#8221;off&#8221; height=&#8221;600px&#8221; height_tablet=&#8221;450px&#8221; height_phone=&#8221;320px&#8221; height_last_edited=&#8221;on|tablet&#8221; background_last_edited=&#8221;on|phone&#8221; background_image_tablet=&#8221;https:\/\/kampanj.expressen.se\/apollo\/wp-content\/uploads\/2023\/09\/apollo-gran-canaria-4.jpg&#8221; background_enable_image_tablet=&#8221;on&#8221; parallax_tablet=&#8221;off&#8221; global_colors_info=&#8221;{}&#8221;][\/et_pb_fullwidth_image][\/et_pb_section][et_pb_section fb_built=&#8221;1&#8243; admin_label=&#8221;BLOCK SISTA&#8221; _builder_version=&#8221;4.19.2&#8243; _module_preset=&#8221;default&#8221; background_color=&#8221;#FFFFFF&#8221; custom_padding=&#8221;40px||40px||true|false&#8221; collapsed=&#8221;on&#8221; global_colors_info=&#8221;{}&#8221;][et_pb_row custom_padding_last_edited=&#8221;on|phone&#8221; _builder_version=&#8221;4.22.1&#8243; _module_preset=&#8221;default&#8221; background_enable_color=&#8221;off&#8221; width_tablet=&#8221;&#8221; width_phone=&#8221;90%&#8221; width_last_edited=&#8221;on|phone&#8221; max_width=&#8221;900px&#8221; max_width_tablet=&#8221;&#8221; max_width_phone=&#8221;&#8221; max_width_last_edited=&#8221;on|tablet&#8221; module_alignment=&#8221;center&#8221; custom_padding=&#8221;0px|150px|0px|150px|false|true&#8221; custom_padding_tablet=&#8221;|60px||60px|false|true&#8221; custom_padding_phone=&#8221;|0px|0px|0px|false|true&#8221; global_colors_info=&#8221;{}&#8221;][et_pb_column type=&#8221;4_4&#8243; _builder_version=&#8221;4.16&#8243; _module_preset=&#8221;default&#8221; global_colors_info=&#8221;{}&#8221;][et_pb_text _builder_version=&#8221;4.22.1&#8243; _module_preset=&#8221;default&#8221; text_font=&#8221;Arial||||||||&#8221; text_text_color=&#8221;#000000&#8243; text_font_size=&#8221;18px&#8221; text_line_height=&#8221;1.5em&#8221; header_font_size=&#8221;24px&#8221; header_2_font=&#8221;||||||||&#8221; header_2_text_color=&#8221;#222222&#8243; custom_margin=&#8221;||0px||false|false&#8221; custom_padding=&#8221;0px||0px||true|false&#8221; locked=&#8221;off&#8221; global_colors_info=&#8221;{}&#8221;]<\/p>\n<h2>Fr\u00e5n varuhus till vandring<\/h2>\n<p>Bara ett stenkast bort fr\u00e5n de tidl\u00f6sa tapasbarerna ligger de stora shoppingstr\u00e5ken, koncentrerat framf\u00f6r allt kring hj\u00e4rtat Avenida Mesa y Lopez med sina personliga butiker och st\u00f6rre aff\u00e4rskedjor. N\u00e4r man provat sig m\u00e4tt och k\u00e4nner sig n\u00f6jd med promenaderna l\u00e4ngs butikerna v\u00e4ntar sedan en hel mikrov\u00e4rld av vandringsleder runt stora delar av \u00f6n. F\u00f6rst\u00e5s \u00e4r de som gjorda att uppt\u00e4cka under stundande h\u00f6st och vinter, n\u00e4r gr\u00f6nskan \u00e4r sl\u00e5ende och temperaturen g\u00e5r ner ett par tre grader.<\/p>\n<p>\u2013 Mest popul\u00e4rt \u00e4r att \u00e5ka upp mitt p\u00e5 Gran Canaria d\u00e4r man bland annat hittar de h\u00f6gsta h\u00f6jderna Roque Nublo och Pico de las Nieves, som ju betyder Sn\u00f6toppen. Parkera vid den lilla byn Cruz de Tejeda och vandra mot toppen p\u00e5 n\u00e4stan 2 000 meters h\u00f6jd. Garanterad fantastisk utsikt \u00f6ver stora delar av Gran Canaria och \u00e4nda bort till grann\u00f6n Teneriffa, utlovar Christian Fransson entusiastiskt.<\/p>\n<p>[\/et_pb_text][et_pb_image src=&#8221;https:\/\/kampanj.expressen.se\/apollo\/wp-content\/uploads\/2023\/09\/apollo-gran-canaria-9.jpg&#8221; title_text=&#8221;apollo-gran-canaria-9&#8243; _builder_version=&#8221;4.22.1&#8243; _module_preset=&#8221;default&#8221; custom_margin=&#8221;30px||30px||true|false&#8221; animation_style=&#8221;fade&#8221; global_colors_info=&#8221;{}&#8221;][\/et_pb_image][et_pb_text _builder_version=&#8221;4.22.1&#8243; _module_preset=&#8221;default&#8221; text_font=&#8221;Arial||||||||&#8221; text_text_color=&#8221;#000000&#8243; text_font_size=&#8221;18px&#8221; text_line_height=&#8221;1.5em&#8221; link_text_color=&#8221;#0876b5&#8243; header_font_size=&#8221;24px&#8221; header_2_font=&#8221;||||||||&#8221; header_2_text_color=&#8221;#222222&#8243; custom_margin=&#8221;0px||0px||true|false&#8221; header_2_font_size_phone=&#8221;23px&#8221; header_2_font_size_last_edited=&#8221;off|desktop&#8221; global_colors_info=&#8221;{}&#8221;]<\/p>\n<h2>Christians lediga l\u00f6rdag p\u00e5 Gran Canaria:<\/h2>\n<p>Shoppar, \u00e4ter l\u00f6rdagslunch och ligger p\u00e5 stranden Las Canteras i Las Palmas.<\/p>\n<p>N\u00e5gon g\u00e5ng varje s\u00e4song m\u00e5ste jag \u00e5ka jag upp till Pico de las Nieves och se den magiska solnedg\u00e5ngen. Ibland har vi till och med sn\u00f6 p\u00e5 toppen.<\/p>\n<p>[\/et_pb_text][et_pb_text _builder_version=&#8221;4.22.1&#8243; _module_preset=&#8221;default&#8221; text_font=&#8221;Arial||||||||&#8221; text_text_color=&#8221;#000000&#8243; text_font_size=&#8221;18px&#8221; text_line_height=&#8221;1.5em&#8221; link_text_color=&#8221;#0876b5&#8243; header_font_size=&#8221;24px&#8221; header_2_font=&#8221;||||||||&#8221; header_2_text_color=&#8221;#222222&#8243; custom_margin=&#8221;19px||0px||false|false&#8221; header_2_font_size_phone=&#8221;23px&#8221; header_2_font_size_last_edited=&#8221;off|desktop&#8221; global_colors_info=&#8221;{}&#8221;]<a href=\"https:\/\/www.apollo.se\/resor\/charter\/vinterresor?utm_source=native&#038;utm_medium=content&#038;utm_campaign=winter&#038;utm_term=expressen.se&#038;utm_content=gran_canaria\" target=\"_blank\" rel=\"noopener\"><strong>EXTERN L\u00c4NK: Uppt\u00e4ck nya sidor av Gran Canaria i vinter<\/strong><\/a>[\/et_pb_text][\/et_pb_column][\/et_pb_row][et_pb_row disabled_on=&#8221;on|on|off&#8221; admin_label=&#8221;STICKY&#8221; _builder_version=&#8221;4.22.1&#8243; _module_preset=&#8221;default&#8221; positioning=&#8221;fixed&#8221; position_origin_f=&#8221;top_right&#8221; vertical_offset=&#8221;90px&#8221; horizontal_offset=&#8221;8px&#8221; width=&#8221;350px&#8221; custom_margin=&#8221;0px||0px||false|false&#8221; custom_padding=&#8221;0px||0px||false|false&#8221; locked=&#8221;off&#8221; global_colors_info=&#8221;{}&#8221;][et_pb_column type=&#8221;4_4&#8243; _builder_version=&#8221;4.19.2&#8243; _module_preset=&#8221;default&#8221; global_colors_info=&#8221;{}&#8221;][et_pb_code disabled_on=&#8221;on|on|off&#8221; admin_label=&#8221;STICKY VIDEO&#8221; _builder_version=&#8221;4.22.1&#8243; _module_preset=&#8221;default&#8221; position_origin_a=&#8221;top_right&#8221; position_origin_f=&#8221;top_right&#8221; vertical_offset=&#8221;80px&#8221; horizontal_offset=&#8221;8px&#8221; width=&#8221;300px&#8221; module_alignment=&#8221;right&#8221; motion_trigger_start=&#8221;top&#8221; global_colors_info=&#8221;{}&#8221;]<\/p>\n<div style=\"position:relative;padding-bottom:56.25%;padding-top:0;height:0;overflow:hidden;\"><iframe src=\"https:\/\/player.vimeo.com\/video\/859328809?h=f4e0547785&#038;badge=0&#038;autopause=0&#038;player_id=0&#038;app_id=58479&#038;autoplay=1&#038;muted=1\" frameborder=\"0\" allow=\"autoplay; fullscreen; picture-in-picture\" allowfullscreen style=\"position:absolute;top:0;left:0;width:100%;height:100%;\" title=\"ANNONS: Apollo - Go. Live a little.\"><\/iframe><\/div>\n<p><script src=\"https:\/\/player.vimeo.com\/api\/player.js\"><\/script>[\/et_pb_code][\/et_pb_column][\/et_pb_row][\/et_pb_section][et_pb_section fb_built=&#8221;1&#8243; fullwidth=&#8221;on&#8221; admin_label=&#8221;Kollagebild&#8221; _builder_version=&#8221;4.19.2&#8243; _module_preset=&#8221;default&#8221; background_enable_image=&#8221;off&#8221; global_colors_info=&#8221;{}&#8221;][et_pb_fullwidth_image title_text=&#8221;apollo-gran-canaria-7&#8243; _builder_version=&#8221;4.22.1&#8243; _module_preset=&#8221;default&#8221; background_image=&#8221;https:\/\/kampanj.expressen.se\/apollo\/wp-content\/uploads\/2023\/09\/apollo-gran-canaria-8-ny.jpg&#8221; parallax=&#8221;on&#8221; parallax_method=&#8221;off&#8221; height=&#8221;600px&#8221; height_tablet=&#8221;450px&#8221; height_phone=&#8221;320px&#8221; height_last_edited=&#8221;on|phone&#8221; background_last_edited=&#8221;on|phone&#8221; background_image_tablet=&#8221;https:\/\/kampanj.expressen.se\/apollo\/wp-content\/uploads\/2023\/09\/apollo-gran-canaria-7.jpg&#8221; background_enable_image_tablet=&#8221;on&#8221; parallax_tablet=&#8221;off&#8221; global_colors_info=&#8221;{}&#8221;][\/et_pb_fullwidth_image][\/et_pb_section][et_pb_section fb_built=&#8221;1&#8243; admin_label=&#8221;BLOCK SISTA&#8221; _builder_version=&#8221;4.19.2&#8243; _module_preset=&#8221;default&#8221; background_color=&#8221;#FFFFFF&#8221; custom_padding=&#8221;40px||40px||true|false&#8221; collapsed=&#8221;on&#8221; global_colors_info=&#8221;{}&#8221;][et_pb_row custom_padding_last_edited=&#8221;on|phone&#8221; _builder_version=&#8221;4.22.1&#8243; _module_preset=&#8221;default&#8221; background_enable_color=&#8221;off&#8221; width_tablet=&#8221;&#8221; width_phone=&#8221;90%&#8221; width_last_edited=&#8221;on|phone&#8221; max_width=&#8221;900px&#8221; max_width_tablet=&#8221;&#8221; max_width_phone=&#8221;&#8221; max_width_last_edited=&#8221;on|tablet&#8221; module_alignment=&#8221;center&#8221; custom_padding=&#8221;0px|150px|35px|150px|false|true&#8221; custom_padding_tablet=&#8221;|60px||60px|false|true&#8221; custom_padding_phone=&#8221;|0px|35px|0px|false|true&#8221; locked=&#8221;off&#8221; global_colors_info=&#8221;{}&#8221;][et_pb_column type=&#8221;4_4&#8243; _builder_version=&#8221;4.16&#8243; _module_preset=&#8221;default&#8221; global_colors_info=&#8221;{}&#8221;][et_pb_text _builder_version=&#8221;4.22.1&#8243; _module_preset=&#8221;default&#8221; text_font=&#8221;Arial||||||||&#8221; text_text_color=&#8221;#000000&#8243; text_font_size=&#8221;18px&#8221; text_line_height=&#8221;1.5em&#8221; header_font_size=&#8221;24px&#8221; header_2_font=&#8221;||||||||&#8221; header_2_text_color=&#8221;#222222&#8243; custom_margin=&#8221;||0px||false|false&#8221; custom_padding=&#8221;||0px||false|false&#8221; header_2_font_size_phone=&#8221;23px&#8221; header_2_font_size_last_edited=&#8221;off|desktop&#8221; global_colors_info=&#8221;{}&#8221;]<\/p>\n<h2>5 popul\u00e4ra hotell p\u00e5 Gran Canaria<\/h2>\n<p>[\/et_pb_text][et_pb_image src=&#8221;https:\/\/kampanj.expressen.se\/apollo\/wp-content\/uploads\/2023\/08\/maspalomas-resort-by-dunas-hotel.jpg&#8221; title_text=&#8221;maspalomas-resort-by-dunas-hotel&#8221; _builder_version=&#8221;4.22.1&#8243; _module_preset=&#8221;default&#8221; custom_margin=&#8221;15px||20px||false|false&#8221; animation_style=&#8221;fade&#8221; global_colors_info=&#8221;{}&#8221;][\/et_pb_image][et_pb_text _builder_version=&#8221;4.22.1&#8243; _module_preset=&#8221;default&#8221; text_font=&#8221;Arial||||||||&#8221; text_text_color=&#8221;#000000&#8243; text_font_size=&#8221;18px&#8221; text_line_height=&#8221;1.5em&#8221; link_text_color=&#8221;#0876b5&#8243; header_font_size=&#8221;24px&#8221; header_2_font=&#8221;||||||||&#8221; header_2_text_color=&#8221;#222222&#8243; custom_margin=&#8221;||0px||false|false&#8221; header_2_font_size_phone=&#8221;23px&#8221; header_2_font_size_last_edited=&#8221;off|desktop&#8221; global_colors_info=&#8221;{}&#8221;]<\/p>\n<p><strong>Maspalomas by Dunas Resort, Gran Canaria, Maspalomas<\/strong><br \/><a href=\"https:\/\/www.apollo.se\/spanien\/kanarieoarna\/gran-canaria\/maspalomas\/hotell\/maspalomas-resort-by-dunas?utm_source=native&amp;utm_medium=content&amp;utm_campaign=winter&amp;utm_term=expressen.se&amp;utm_content=gran_canaria\" target=\"_blank\" rel=\"noopener\">L\u00e4s mer om hotellet h\u00e4r.<\/a><\/p>\n<p>[\/et_pb_text][et_pb_image src=&#8221;https:\/\/kampanj.expressen.se\/apollo\/wp-content\/uploads\/2023\/09\/boutique-hotel-cordial-plaza-mayor-de-santa-ana-hotel.jpg&#8221; title_text=&#8221;boutique-hotel-cordial-plaza-mayor-de-santa-ana-hotel&#8221; _builder_version=&#8221;4.22.1&#8243; _module_preset=&#8221;default&#8221; custom_margin=&#8221;20px||20px||true|false&#8221; animation_style=&#8221;fade&#8221; global_colors_info=&#8221;{}&#8221;][\/et_pb_image][et_pb_text _builder_version=&#8221;4.22.1&#8243; _module_preset=&#8221;default&#8221; text_font=&#8221;Arial||||||||&#8221; text_text_color=&#8221;#000000&#8243; text_font_size=&#8221;18px&#8221; text_line_height=&#8221;1.5em&#8221; link_text_color=&#8221;#0876b5&#8243; header_font_size=&#8221;24px&#8221; header_2_font=&#8221;||||||||&#8221; header_2_text_color=&#8221;#222222&#8243; custom_margin=&#8221;||0px||false|false&#8221; header_2_font_size_phone=&#8221;23px&#8221; header_2_font_size_last_edited=&#8221;off|desktop&#8221; global_colors_info=&#8221;{}&#8221;]<\/p>\n<p><strong>Boutique Hotel Cordial Plaza Mayor de Santa Ana, Gran Canaria, Las Palamas<\/strong><br \/><a href=\"https:\/\/www.apollo.se\/spanien\/kanarieoarna\/gran-canaria\/las-palmas\/hotell\/boutique-hotel-cordial-plaza-mayor-de-santa-ana?utm_source=native&amp;utm_medium=content&amp;utm_campaign=winter&amp;utm_term=expressen.se&amp;utm_content=canaria-guide\" target=\"_blank\" rel=\"noopener\">L\u00e4s mer om hotellet h\u00e4r.<\/a><\/p>\n<p>[\/et_pb_text][et_pb_image src=&#8221;https:\/\/kampanj.expressen.se\/apollo\/wp-content\/uploads\/2023\/09\/cordial-muelle-viejo-hotel.jpg&#8221; title_text=&#8221;cordial-muelle-viejo-hotel&#8221; _builder_version=&#8221;4.22.1&#8243; _module_preset=&#8221;default&#8221; custom_margin=&#8221;20px||20px||true|false&#8221; animation_style=&#8221;fade&#8221; global_colors_info=&#8221;{}&#8221;][\/et_pb_image][et_pb_text _builder_version=&#8221;4.22.1&#8243; _module_preset=&#8221;default&#8221; text_font=&#8221;Arial||||||||&#8221; text_text_color=&#8221;#000000&#8243; text_font_size=&#8221;18px&#8221; text_line_height=&#8221;1.5em&#8221; link_text_color=&#8221;#0876b5&#8243; header_font_size=&#8221;24px&#8221; header_2_font=&#8221;||||||||&#8221; header_2_text_color=&#8221;#222222&#8243; custom_margin=&#8221;||0px||false|false&#8221; header_2_font_size_phone=&#8221;23px&#8221; header_2_font_size_last_edited=&#8221;off|desktop&#8221; global_colors_info=&#8221;{}&#8221;]<\/p>\n<p><strong>Cordial Muelle Viejo, Gran Canaria, Puerto de Mog\u00e1n<\/strong><br \/><a href=\"https:\/\/www.apollo.se\/spanien\/kanarieoarna\/gran-canaria\/puerto-de-mogan-och-taurito\/hotell\/cordial-muelle-viejo?utm_source=native&amp;utm_medium=content&amp;utm_campaign=winter&amp;utm_term=expressen.se&amp;utm_content=gran_canaria\" target=\"_blank\" rel=\"noopener\">L\u00e4s mer om hotellet h\u00e4r.<\/a><\/p>\n<p>[\/et_pb_text][et_pb_image src=&#8221;https:\/\/kampanj.expressen.se\/apollo\/wp-content\/uploads\/2023\/09\/lopesan-baobab-resort-vinter-1.jpg&#8221; title_text=&#8221;lopesan-baobab-resort&#8212;vinter-1&#8243; _builder_version=&#8221;4.22.1&#8243; _module_preset=&#8221;default&#8221; custom_margin=&#8221;20px||20px||true|false&#8221; animation_style=&#8221;fade&#8221; global_colors_info=&#8221;{}&#8221;][\/et_pb_image][et_pb_text _builder_version=&#8221;4.22.1&#8243; _module_preset=&#8221;default&#8221; text_font=&#8221;Arial||||||||&#8221; text_text_color=&#8221;#000000&#8243; text_font_size=&#8221;18px&#8221; text_line_height=&#8221;1.5em&#8221; link_text_color=&#8221;#0876b5&#8243; header_font_size=&#8221;24px&#8221; header_2_font=&#8221;||||||||&#8221; header_2_text_color=&#8221;#222222&#8243; custom_margin=&#8221;||0px||false|false&#8221; header_2_font_size_phone=&#8221;23px&#8221; header_2_font_size_last_edited=&#8221;off|desktop&#8221; global_colors_info=&#8221;{}&#8221;]<\/p>\n<p><strong>Lopesan Baobab Resort, Gran Canaria, Meloneras<\/strong><br \/><a href=\"https:\/\/www.apollo.se\/spanien\/kanarieoarna\/gran-canaria\/meloneras\/hotell\/lopesan-baobab-resort---vinter?utm_source=native&amp;utm_medium=content&amp;utm_campaign=winter&amp;utm_term=expressen.se&amp;utm_content=gran_canaria\" target=\"_blank\" rel=\"noopener\">L\u00e4s mer om hotellet h\u00e4r.<\/a><\/p>\n<p>[\/et_pb_text][et_pb_image src=&#8221;https:\/\/kampanj.expressen.se\/apollo\/wp-content\/uploads\/2023\/09\/abora-interclub-by-lopesan-hotel.jpg&#8221; title_text=&#8221;abora-interclub-by-lopesan-hotel&#8221; _builder_version=&#8221;4.22.1&#8243; _module_preset=&#8221;default&#8221; custom_margin=&#8221;20px||20px||true|false&#8221; animation_style=&#8221;fade&#8221; global_colors_info=&#8221;{}&#8221;][\/et_pb_image][et_pb_text _builder_version=&#8221;4.22.1&#8243; _module_preset=&#8221;default&#8221; text_font=&#8221;Arial||||||||&#8221; text_text_color=&#8221;#000000&#8243; text_font_size=&#8221;18px&#8221; text_line_height=&#8221;1.5em&#8221; link_text_color=&#8221;#0876b5&#8243; header_font_size=&#8221;24px&#8221; header_2_font=&#8221;||||||||&#8221; header_2_text_color=&#8221;#222222&#8243; custom_margin=&#8221;||0px||false|false&#8221; header_2_font_size_phone=&#8221;23px&#8221; header_2_font_size_last_edited=&#8221;off|desktop&#8221; global_colors_info=&#8221;{}&#8221;]<\/p>\n<p><strong>Abora Interclub by Lopesan, Gran Canaria, San Agustin<\/strong><br \/><a href=\"https:\/\/www.apollo.se\/spanien\/kanarieoarna\/gran-canaria\/san-agustin\/hotell\/abora-interclub-by-lopesan?utm_source=native&amp;utm_medium=content&amp;utm_campaign=winter&amp;utm_term=expressen.se&amp;utm_content=gran_canaria\" target=\"_blank\" rel=\"noopener\">L\u00e4s mer om hotellet h\u00e4r.<\/a><\/p>\n<p>[\/et_pb_text][\/et_pb_column][\/et_pb_row][et_pb_row custom_padding_last_edited=&#8221;off|desktop&#8221; disabled_on=&#8221;off|off|off&#8221; _builder_version=&#8221;4.22.1&#8243; _module_preset=&#8221;default&#8221; background_enable_color=&#8221;off&#8221; width_tablet=&#8221;&#8221; width_phone=&#8221;90%&#8221; width_last_edited=&#8221;on|phone&#8221; max_width_tablet=&#8221;&#8221; max_width_phone=&#8221;&#8221; max_width_last_edited=&#8221;on|tablet&#8221; module_alignment=&#8221;center&#8221; custom_padding=&#8221;0px||0px||true|true&#8221; custom_padding_tablet=&#8221;|60px||60px|true|true&#8221; custom_padding_phone=&#8221;|0px||0px|true|true&#8221; global_colors_info=&#8221;{}&#8221;][et_pb_column type=&#8221;4_4&#8243; _builder_version=&#8221;4.16&#8243; _module_preset=&#8221;default&#8221; global_colors_info=&#8221;{}&#8221;][dica_divi_carousel show_items_desktop=&#8221;3&#8243; show_items_tablet=&#8221;2&#8243; multislide=&#8221;on&#8221; arrow_nav=&#8221;on&#8221; dot_nav=&#8221;on&#8221; equal_height=&#8221;on&#8221; advanced_effect=&#8221;1&#8243; arrow_nav_color=&#8221;#ffffff&#8221; arrow_bg_color=&#8221;rgba(0,0,0,0.6)&#8221; dots_color=&#8221;#DCDCDC&#8221; dots_active_color=&#8221;#E30813&#8243; title_background=&#8221;RGBA(255,255,255,0)&#8221; content_background=&#8221;RGBA(255,255,255,0)&#8221; arrow_alignment=&#8221;center&#8221; arrow_font_size=&#8221;30px&#8221; carousel_container_padding=&#8221;||||false|false&#8221; innercontent_padding=&#8221;||||false|false&#8221; item_padding=&#8221;||||false|false&#8221; content_container_padding=&#8221;27px|27px|27px|27px|true|true&#8221; module_class=&#8221;ratio-1&#215;1&#8243; _builder_version=&#8221;4.22.1&#8243; _module_preset=&#8221;default&#8221; title_font=&#8221;Siri Expressen||||||||&#8221; title_text_color=&#8221;#FFFFFF&#8221; title_font_size=&#8221;27px&#8221; body_font=&#8221;Arial||||||||&#8221; body_text_color=&#8221;#FFFFFF&#8221; body_font_size=&#8221;16px&#8221; background_color=&#8221;#212121&#8243; custom_margin=&#8221;||||false|false&#8221; custom_padding=&#8221;||||false|false&#8221; custom_css_image=&#8221;object-fit:cover;||height:363.33px;||width:100%;&#8221; global_module=&#8221;33&#8243; global_colors_info=&#8221;{}&#8221; custom_css_image_last_edited=&#8221;on|desktop&#8221; custom_css_image_phone=&#8221;object-fit:cover;||height:250px;||width:100%;&#8221; custom_css_image_tablet=&#8221;object-fit:cover;||height:280px;||width:100%;&#8221;][dica_divi_carouselitem title=&#8221;Uppt\u00e4ck Gran Canarias nya kostym&#8221; button_url_new_window=&#8221;1&#8243; image=&#8221;https:\/\/kampanj.expressen.se\/apollo\/wp-content\/uploads\/2023\/09\/apollo-gran-canaria-4.jpg&#8221; _builder_version=&#8221;4.22.1&#8243; _dynamic_attributes=&#8221;link_option_url&#8221; _module_preset=&#8221;default&#8221; link_option_url=&#8221;@ET-DC@eyJkeW5hbWljIjp0cnVlLCJjb250ZW50IjoicG9zdF9saW5rX3VybF9wYWdlIiwic2V0dGluZ3MiOnsicG9zdF9pZCI6IjM3MzkifX0=@&#8221; global_colors_info=&#8221;{}&#8221;]Kontrasterna \u00f6verraskar st\u00e4ndigt p\u00e5 svenskklassikern Gran Canaria. Och oavsett val v\u00e4ntar st\u00e4ndigt sk\u00f6na str\u00e4nder och sl\u00f6sande sol.[\/dica_divi_carouselitem][dica_divi_carouselitem title=&#8221;Nyfiken p\u00e5 Egypten? H\u00e4r \u00e4r expertens hetaste tips&#8221; button_url_new_window=&#8221;1&#8243; image=&#8221;https:\/\/kampanj.expressen.se\/apollo\/wp-content\/uploads\/2023\/09\/apollo-Sharm-el-Sheikh-1.jpg&#8221; _builder_version=&#8221;4.22.1&#8243; _dynamic_attributes=&#8221;link_option_url&#8221; _module_preset=&#8221;default&#8221; link_option_url=&#8221;@ET-DC@eyJkeW5hbWljIjp0cnVlLCJjb250ZW50IjoicG9zdF9saW5rX3VybF9wYWdlIiwic2V0dGluZ3MiOnsicG9zdF9pZCI6IjM1MDMifX0=@&#8221; global_colors_info=&#8221;{}&#8221;]Magiska flodf\u00e4rder p\u00e5 Nilen, kosmopolitiska kryssningar i R\u00f6da havet \u2013 och en popul\u00e4r all inclusive-p\u00e4rla som \u00e4r tillbaka i h\u00f6st.[\/dica_divi_carouselitem][dica_divi_carouselitem title=&#8221;Ouppt\u00e4ckta Kanarie\u00f6arna \u2013 h\u00e4r \u00e4r b\u00e4sta \u00f6guiden f\u00f6r vinterresan&#8221; button_url_new_window=&#8221;1&#8243; image=&#8221;https:\/\/kampanj.expressen.se\/apollo\/wp-content\/uploads\/2023\/09\/apollo-kanarieoarna-3.jpg&#8221; _builder_version=&#8221;4.22.1&#8243; _dynamic_attributes=&#8221;link_option_url&#8221; _module_preset=&#8221;default&#8221; link_option_url=&#8221;@ET-DC@eyJkeW5hbWljIjp0cnVlLCJjb250ZW50IjoicG9zdF9saW5rX3VybF9wYWdlIiwic2V0dGluZ3MiOnsicG9zdF9pZCI6IjM2MzUifX0=@&#8221; global_colors_info=&#8221;{}&#8221;]I \u00e5r fyller charterresorna till Kanarie\u00f6arna 67 \u00e5r. Och det \u00e4r en pigg pension\u00e4r som v\u00e4ntar.[\/dica_divi_carouselitem][dica_divi_carouselitem title=&#8221;D\u00e4rf\u00f6r \u00e4r All Inclusive det perfekta s\u00e4ttet att resa i vinter&#8221; button_url_new_window=&#8221;1&#8243; image=&#8221;https:\/\/kampanj.expressen.se\/apollo\/wp-content\/uploads\/2023\/09\/apollo-ai-6.jpg&#8221; _builder_version=&#8221;4.22.1&#8243; _dynamic_attributes=&#8221;link_option_url&#8221; _module_preset=&#8221;default&#8221; link_option_url=&#8221;@ET-DC@eyJkeW5hbWljIjp0cnVlLCJjb250ZW50IjoicG9zdF9saW5rX3VybF9wYWdlIiwic2V0dGluZ3MiOnsicG9zdF9pZCI6IjM1MjgifX0=@&#8221; global_colors_info=&#8221;{}&#8221;]Det finns m\u00e5nga f\u00f6rdelar med att v\u00e4lja en All Inclusive-resa. En \u00e4r att du f\u00e5r koll p\u00e5 alla kostnader.[\/dica_divi_carouselitem][dica_divi_carouselitem title=&#8221;Tony Irving: \u201dAlla borde utmana sig sj\u00e4lva med en s\u00e5dan h\u00e4r resa\u201d&#8221; button_url_new_window=&#8221;1&#8243; image=&#8221;https:\/\/kampanj.expressen.se\/apollo\/wp-content\/uploads\/2023\/09\/apollo-aktivsemester-2.jpg&#8221; _builder_version=&#8221;4.22.1&#8243; _dynamic_attributes=&#8221;link_option_url&#8221; _module_preset=&#8221;default&#8221; link_option_url=&#8221;@ET-DC@eyJkeW5hbWljIjp0cnVlLCJjb250ZW50IjoicG9zdF9saW5rX3VybF9wYWdlIiwic2V0dGluZ3MiOnsicG9zdF9pZCI6IjM0MDIifX0=@&#8221; global_colors_info=&#8221;{}&#8221;]Allt fler v\u00e4ljer att kombinera lata dagar p\u00e5 stranden med tr\u00e4ning och aktiviteter p\u00e5 semestern.[\/dica_divi_carouselitem][dica_divi_carouselitem title=&#8221;\u00d6verraskande sidor av popul\u00e4rt vinterresm\u00e5l&#8221; button_url_new_window=&#8221;1&#8243; image=&#8221;https:\/\/kampanj.expressen.se\/apollo\/wp-content\/uploads\/2023\/09\/erik-ny-1.jpg&#8221; _builder_version=&#8221;4.22.1&#8243; _dynamic_attributes=&#8221;link_option_url&#8221; _module_preset=&#8221;default&#8221; link_option_url=&#8221;@ET-DC@eyJkeW5hbWljIjp0cnVlLCJjb250ZW50IjoicG9zdF9saW5rX3VybF9wYWdlIiwic2V0dGluZ3MiOnsicG9zdF9pZCI6IjMzMzAifX0=@&#8221; global_colors_info=&#8221;{}&#8221;]Artisten och programledaren Erik Segerstedt \u00e4r tillbaka med en ny omg\u00e5ng av reseprogrammet \u201dGo. Live a little!\u201d.[\/dica_divi_carouselitem][dica_divi_carouselitem title=&#8221;Claudia Galli Concha: \u201dDet var den perfekta familjesemestern\u201d&#8221; button_url_new_window=&#8221;1&#8243; image=&#8221;https:\/\/kampanj.expressen.se\/apollo\/wp-content\/uploads\/2023\/08\/claudia-1&#215;1-1.jpg&#8221; _builder_version=&#8221;4.22.1&#8243; _dynamic_attributes=&#8221;link_option_url&#8221; _module_preset=&#8221;default&#8221; link_option_url=&#8221;@ET-DC@eyJkeW5hbWljIjp0cnVlLCJjb250ZW50IjoicG9zdF9saW5rX3VybF9wYWdlIiwic2V0dGluZ3MiOnsicG9zdF9pZCI6IjMyMTIifX0=@&#8221; global_colors_info=&#8221;{}&#8221;]Snorkling, padel och supersnabba race i vattenrutschkanan.[\/dica_divi_carouselitem][\/dica_divi_carousel][\/et_pb_column][\/et_pb_row][et_pb_row disabled_on=&#8221;on|on|off&#8221; admin_label=&#8221;STICKY&#8221; _builder_version=&#8221;4.22.1&#8243; _module_preset=&#8221;default&#8221; positioning=&#8221;fixed&#8221; position_origin_f=&#8221;top_right&#8221; vertical_offset=&#8221;90px&#8221; horizontal_offset=&#8221;8px&#8221; width=&#8221;350px&#8221; custom_margin=&#8221;0px||0px||false|false&#8221; custom_padding=&#8221;0px||0px||false|false&#8221; locked=&#8221;off&#8221; global_colors_info=&#8221;{}&#8221;][et_pb_column type=&#8221;4_4&#8243; _builder_version=&#8221;4.19.2&#8243; _module_preset=&#8221;default&#8221; global_colors_info=&#8221;{}&#8221;][et_pb_code disabled_on=&#8221;on|on|off&#8221; admin_label=&#8221;STICKY VIDEO&#8221; _builder_version=&#8221;4.22.1&#8243; _module_preset=&#8221;default&#8221; position_origin_a=&#8221;top_right&#8221; position_origin_f=&#8221;top_right&#8221; vertical_offset=&#8221;80px&#8221; horizontal_offset=&#8221;8px&#8221; width=&#8221;300px&#8221; module_alignment=&#8221;right&#8221; motion_trigger_start=&#8221;top&#8221; global_colors_info=&#8221;{}&#8221;]<\/p>\n<div style=\"position:relative;padding-bottom:56.25%;padding-top:0;height:0;overflow:hidden;\"><iframe src=\"https:\/\/player.vimeo.com\/video\/859328809?h=f4e0547785&#038;badge=0&#038;autopause=0&#038;player_id=0&#038;app_id=58479&#038;autoplay=1&#038;muted=1\" frameborder=\"0\" allow=\"autoplay; fullscreen; picture-in-picture\" allowfullscreen style=\"position:absolute;top:0;left:0;width:100%;height:100%;\" title=\"ANNONS: Apollo - Go. Live a little.\"><\/iframe><\/div>\n<p><script src=\"https:\/\/player.vimeo.com\/api\/player.js\"><\/script>[\/et_pb_code][\/et_pb_column][\/et_pb_row][\/et_pb_section][et_pb_section fb_built=&#8221;1&#8243; admin_label=&#8221;BLOCK SISTA&#8221; _builder_version=&#8221;4.22.1&#8243; _module_preset=&#8221;default&#8221; background_color=&#8221;#0876b5&#8243; z_index=&#8221;9999&#8243; custom_padding=&#8221;40px||20px||false|false&#8221; collapsed=&#8221;on&#8221; global_colors_info=&#8221;{}&#8221;][et_pb_row disabled_on=&#8221;on|on|off&#8221; admin_label=&#8221;STICKY&#8221; _builder_version=&#8221;4.22.1&#8243; _module_preset=&#8221;default&#8221; positioning=&#8221;fixed&#8221; position_origin_f=&#8221;top_right&#8221; vertical_offset=&#8221;90px&#8221; horizontal_offset=&#8221;8px&#8221; z_index=&#8221;99&#8243; width=&#8221;350px&#8221; custom_margin=&#8221;0px||0px||false|false&#8221; custom_padding=&#8221;0px||0px||false|false&#8221; locked=&#8221;off&#8221; global_colors_info=&#8221;{}&#8221;][et_pb_column type=&#8221;4_4&#8243; _builder_version=&#8221;4.19.2&#8243; _module_preset=&#8221;default&#8221; global_colors_info=&#8221;{}&#8221;][et_pb_code disabled_on=&#8221;on|on|off&#8221; admin_label=&#8221;STICKY VIDEO&#8221; _builder_version=&#8221;4.22.1&#8243; _module_preset=&#8221;default&#8221; position_origin_a=&#8221;top_right&#8221; position_origin_f=&#8221;top_right&#8221; vertical_offset=&#8221;80px&#8221; horizontal_offset=&#8221;8px&#8221; width=&#8221;300px&#8221; module_alignment=&#8221;right&#8221; motion_trigger_start=&#8221;top&#8221; global_colors_info=&#8221;{}&#8221;]<\/p>\n<div style=\"position:relative;padding-bottom:56.25%;padding-top:0;height:0;overflow:hidden;\"><iframe src=\"https:\/\/player.vimeo.com\/video\/861987187?h=4514e68154&#038;badge=0&#038;autopause=0&#038;player_id=0&#038;app_id=58479&#038;autoplay=1&#038;muted=1\" frameborder=\"0\" allow=\"autoplay; fullscreen; picture-in-picture\" allowfullscreen style=\"position:absolute;top:0;left:0;width:100%;height:100%;\" title=\"ANNONS: Apollo - Go. Live a little.\"><\/iframe><\/div>\n<p><script src=\"https:\/\/player.vimeo.com\/api\/player.js\"><\/script>[\/et_pb_code][\/et_pb_column][\/et_pb_row][et_pb_row custom_padding_last_edited=&#8221;off|desktop&#8221; _builder_version=&#8221;4.22.1&#8243; _module_preset=&#8221;default&#8221; background_enable_color=&#8221;off&#8221; width_tablet=&#8221;&#8221; width_phone=&#8221;90%&#8221; width_last_edited=&#8221;on|phone&#8221; max_width_tablet=&#8221;&#8221; max_width_phone=&#8221;&#8221; max_width_last_edited=&#8221;on|tablet&#8221; module_alignment=&#8221;center&#8221; custom_padding=&#8221;0px||0px||true|true&#8221; custom_padding_tablet=&#8221;|60px||60px|true|true&#8221; custom_padding_phone=&#8221;|0px||0px|true|true&#8221; global_colors_info=&#8221;{}&#8221;][et_pb_column type=&#8221;4_4&#8243; _builder_version=&#8221;4.16&#8243; _module_preset=&#8221;default&#8221; global_colors_info=&#8221;{}&#8221;][et_pb_text _builder_version=&#8221;4.22.1&#8243; _module_preset=&#8221;default&#8221; text_font=&#8221;Arial|||on|||||&#8221; text_text_color=&#8221;#FFFFFF&#8221; text_font_size=&#8221;18px&#8221; text_orientation=&#8221;center&#8221; global_colors_info=&#8221;{}&#8221;]<\/p>\n<p>Tidigare artiklar och avsnitt<\/p>\n<p>[\/et_pb_text][\/et_pb_column][\/et_pb_row][\/et_pb_section][et_pb_section fb_built=&#8221;1&#8243; disabled_on=&#8221;off|off|off&#8221; admin_label=&#8221;Avsnittmeny&#8221; _builder_version=&#8221;4.22.1&#8243; _module_preset=&#8221;default&#8221; z_index=&#8221;8888&#8243; custom_margin=&#8221;0px||0px||false|false&#8221; custom_padding=&#8221;0px||0px||false|false&#8221; global_module=&#8221;2988&#8243; locked=&#8221;off&#8221; global_colors_info=&#8221;{}&#8221;][et_pb_row module_class=&#8221;bildmenycontainer&#8221; _builder_version=&#8221;4.19.3&#8243; _module_preset=&#8221;default&#8221; width=&#8221;100%&#8221; max_width=&#8221;100%&#8221; height_tablet=&#8221;200px&#8221; height_last_edited=&#8221;off|tablet&#8221; custom_margin=&#8221;0px||0px||false|false&#8221; custom_padding=&#8221;0px||0px||false|false&#8221; global_colors_info=&#8221;{}&#8221;][et_pb_column type=&#8221;4_4&#8243; module_class=&#8221;bildmeny&#8221; _builder_version=&#8221;4.18.0&#8243; _module_preset=&#8221;default&#8221; custom_css_main_element=&#8221;width: 100%!important;&#8221; global_colors_info=&#8221;{}&#8221;][et_pb_text module_class=&#8221;bildmeny&#8221; _builder_version=&#8221;4.19.3&#8243; _dynamic_attributes=&#8221;link_option_url&#8221; _module_preset=&#8221;default&#8221; text_font=&#8221;Siri Expressen||||||||&#8221; text_text_color=&#8221;#FFFFFF&#8221; text_font_size=&#8221;45px&#8221; background_image=&#8221;https:\/\/kampanj.expressen.se\/apollo\/wp-content\/uploads\/2022\/12\/erik-2.jpg&#8221; link_option_url=&#8221;@ET-DC@eyJkeW5hbWljIjp0cnVlLCJjb250ZW50IjoicG9zdF9saW5rX3VybF9wYWdlIiwic2V0dGluZ3MiOnsicG9zdF9pZCI6IjI0MzkifX0=@&#8221; text_font_size_tablet=&#8221;30px&#8221; text_font_size_phone=&#8221;30px&#8221; text_font_size_last_edited=&#8221;on|tablet&#8221; global_colors_info=&#8221;{}&#8221;]<\/p>\n<h1>Avsnitt 1<\/h1>\n<p>[\/et_pb_text][et_pb_text module_class=&#8221;bildmeny&#8221; _builder_version=&#8221;4.19.3&#8243; _dynamic_attributes=&#8221;link_option_url&#8221; _module_preset=&#8221;default&#8221; text_font=&#8221;Siri Expressen||||||||&#8221; text_text_color=&#8221;#FFFFFF&#8221; text_font_size=&#8221;45px&#8221; background_image=&#8221;https:\/\/kampanj.expressen.se\/apollo\/wp-content\/uploads\/2022\/12\/klara_thumb.jpg&#8221; link_option_url=&#8221;@ET-DC@eyJkeW5hbWljIjp0cnVlLCJjb250ZW50IjoicG9zdF9saW5rX3VybF9wYWdlIiwic2V0dGluZ3MiOnsicG9zdF9pZCI6IjI0NDEifX0=@&#8221; text_font_size_tablet=&#8221;30px&#8221; text_font_size_phone=&#8221;30px&#8221; text_font_size_last_edited=&#8221;on|tablet&#8221; global_colors_info=&#8221;{}&#8221;]<\/p>\n<h1>Avsnitt 2<\/h1>\n<p>[\/et_pb_text][et_pb_text module_class=&#8221;bildmeny&#8221; _builder_version=&#8221;4.19.4&#8243; _module_preset=&#8221;default&#8221; text_font=&#8221;Siri Expressen||||||||&#8221; text_text_color=&#8221;#FFFFFF&#8221; text_font_size=&#8221;45px&#8221; background_enable_color=&#8221;off&#8221; background_image=&#8221;https:\/\/kampanj.expressen.se\/apollo\/wp-content\/uploads\/2022\/12\/chris_thumb.jpg&#8221; background_blend=&#8221;saturation&#8221; link_option_url=&#8221;https:\/\/kampanj.expressen.se\/apollo\/profilernas-ovantade-vanskap-bakom-kulisserna\/&#8221; text_font_size_tablet=&#8221;30px&#8221; text_font_size_phone=&#8221;30px&#8221; text_font_size_last_edited=&#8221;on|tablet&#8221; global_colors_info=&#8221;{}&#8221;]<\/p>\n<h1>Avsnitt 3<\/h1>\n<p>[\/et_pb_text][et_pb_text module_class=&#8221;bildmeny&#8221; _builder_version=&#8221;4.19.4&#8243; _dynamic_attributes=&#8221;link_option_url&#8221; _module_preset=&#8221;default&#8221; text_font=&#8221;Siri Expressen||||||||&#8221; text_text_color=&#8221;#FFFFFF&#8221; text_font_size=&#8221;45px&#8221; background_image=&#8221;https:\/\/kampanj.expressen.se\/apollo\/wp-content\/uploads\/2022\/12\/michel-thumb.jpg&#8221; link_option_url=&#8221;@ET-DC@eyJkeW5hbWljIjp0cnVlLCJjb250ZW50IjoicG9zdF9saW5rX3VybF9wYWdlIiwic2V0dGluZ3MiOnsicG9zdF9pZCI6IjkzIn19@&#8221; text_font_size_tablet=&#8221;30px&#8221; text_font_size_phone=&#8221;30px&#8221; text_font_size_last_edited=&#8221;on|tablet&#8221; global_colors_info=&#8221;{}&#8221;]<\/p>\n<h1>Avsnitt 4<\/h1>\n<p>[\/et_pb_text][et_pb_text module_class=&#8221;bildmeny&#8221; _builder_version=&#8221;4.19.4&#8243; _dynamic_attributes=&#8221;link_option_url&#8221; _module_preset=&#8221;default&#8221; text_font=&#8221;Siri Expressen||||||||&#8221; text_text_color=&#8221;#FFFFFF&#8221; text_font_size=&#8221;45px&#8221; background_image=&#8221;https:\/\/kampanj.expressen.se\/apollo\/wp-content\/uploads\/2022\/12\/lisbeth_thumb.jpg&#8221; link_option_url=&#8221;@ET-DC@eyJkeW5hbWljIjp0cnVlLCJjb250ZW50IjoicG9zdF9saW5rX3VybF9wYWdlIiwic2V0dGluZ3MiOnsicG9zdF9pZCI6IjI1MTAifX0=@&#8221; text_font_size_tablet=&#8221;30px&#8221; text_font_size_phone=&#8221;30px&#8221; text_font_size_last_edited=&#8221;on|tablet&#8221; global_colors_info=&#8221;{}&#8221;]<\/p>\n<h1>Avsnitt 5<\/h1>\n<p>[\/et_pb_text][\/et_pb_column][\/et_pb_row][et_pb_row module_class=&#8221;bildmenycontainer&#8221; _builder_version=&#8221;4.19.3&#8243; _module_preset=&#8221;default&#8221; width=&#8221;100%&#8221; max_width=&#8221;100%&#8221; height_tablet=&#8221;200px&#8221; height_last_edited=&#8221;off|tablet&#8221; custom_margin=&#8221;0px||0px||false|false&#8221; custom_padding=&#8221;0px||0px||false|false&#8221; global_colors_info=&#8221;{}&#8221;][et_pb_column type=&#8221;4_4&#8243; module_class=&#8221;bildmeny&#8221; _builder_version=&#8221;4.18.0&#8243; _module_preset=&#8221;default&#8221; custom_css_main_element=&#8221;width: 100%!important;&#8221; global_colors_info=&#8221;{}&#8221;][et_pb_text module_class=&#8221;bildmeny&#8221; _builder_version=&#8221;4.19.3&#8243; _dynamic_attributes=&#8221;link_option_url&#8221; _module_preset=&#8221;default&#8221; text_font=&#8221;Siri Expressen||||||||&#8221; text_text_color=&#8221;#FFFFFF&#8221; text_font_size=&#8221;45px&#8221; background_image=&#8221;https:\/\/kampanj.expressen.se\/apollo\/wp-content\/uploads\/2022\/12\/kombo-7.jpg&#8221; link_option_url=&#8221;@ET-DC@eyJkeW5hbWljIjp0cnVlLCJjb250ZW50IjoicG9zdF9saW5rX3VybF9wYWdlIiwic2V0dGluZ3MiOnsicG9zdF9pZCI6IjI2ODEifX0=@&#8221; text_font_size_tablet=&#8221;30px&#8221; text_font_size_phone=&#8221;30px&#8221; text_font_size_last_edited=&#8221;on|tablet&#8221; global_colors_info=&#8221;{}&#8221;]<\/p>\n<h1>Komboresor<\/h1>\n<p>[\/et_pb_text][et_pb_text module_class=&#8221;bildmeny&#8221; _builder_version=&#8221;4.19.3&#8243; _dynamic_attributes=&#8221;link_option_url&#8221; _module_preset=&#8221;default&#8221; text_font=&#8221;Siri Expressen||||||||&#8221; text_text_color=&#8221;#FFFFFF&#8221; text_font_size=&#8221;45px&#8221; background_image=&#8221;https:\/\/kampanj.expressen.se\/apollo\/wp-content\/uploads\/2022\/12\/parga-tablet.jpg&#8221; link_option_url=&#8221;@ET-DC@eyJkeW5hbWljIjp0cnVlLCJjb250ZW50IjoicG9zdF9saW5rX3VybF9wYWdlIiwic2V0dGluZ3MiOnsicG9zdF9pZCI6IjI2MTcifX0=@&#8221; text_font_size_tablet=&#8221;30px&#8221; text_font_size_phone=&#8221;30px&#8221; text_font_size_last_edited=&#8221;on|tablet&#8221; global_colors_info=&#8221;{}&#8221;]<\/p>\n<h1>Parga<\/h1>\n<p>[\/et_pb_text][et_pb_text module_class=&#8221;bildmeny&#8221; _builder_version=&#8221;4.19.4&#8243; _module_preset=&#8221;default&#8221; text_font=&#8221;Siri Expressen||||||||&#8221; text_text_color=&#8221;#FFFFFF&#8221; text_font_size=&#8221;45px&#8221; background_enable_color=&#8221;off&#8221; background_image=&#8221;https:\/\/kampanj.expressen.se\/apollo\/wp-content\/uploads\/2022\/12\/1_SIVOTA_0673-kopiera-scaled.jpg&#8221; background_blend=&#8221;saturation&#8221; link_option_url=&#8221;https:\/\/kampanj.expressen.se\/apollo\/sa-fixar-du-formen-pa-semestern\/&#8221; text_font_size_tablet=&#8221;30px&#8221; text_font_size_phone=&#8221;30px&#8221; text_font_size_last_edited=&#8221;on|tablet&#8221; global_colors_info=&#8221;{}&#8221;]<\/p>\n<h1>Sivota<\/h1>\n<p>[\/et_pb_text][et_pb_text module_class=&#8221;bildmeny&#8221; _builder_version=&#8221;4.19.4&#8243; _dynamic_attributes=&#8221;link_option_url&#8221; _module_preset=&#8221;default&#8221; text_font=&#8221;Siri Expressen||||||||&#8221; text_text_color=&#8221;#FFFFFF&#8221; text_font_size=&#8221;45px&#8221; background_image=&#8221;https:\/\/kampanj.expressen.se\/apollo\/wp-content\/uploads\/2022\/12\/algarve-1.jpg&#8221; link_option_url=&#8221;@ET-DC@eyJkeW5hbWljIjp0cnVlLCJjb250ZW50IjoicG9zdF9saW5rX3VybF9wYWdlIiwic2V0dGluZ3MiOnsicG9zdF9pZCI6IjI3NjUifX0=@&#8221; text_font_size_tablet=&#8221;30px&#8221; text_font_size_phone=&#8221;30px&#8221; text_font_size_last_edited=&#8221;on|tablet&#8221; global_colors_info=&#8221;{}&#8221;]<\/p>\n<h1>Algarve<\/h1>\n<p>[\/et_pb_text][et_pb_text module_class=&#8221;bildmeny&#8221; _builder_version=&#8221;4.19.4&#8243; _dynamic_attributes=&#8221;link_option_url&#8221; _module_preset=&#8221;default&#8221; text_font=&#8221;Siri Expressen||||||||&#8221; text_text_color=&#8221;#FFFFFF&#8221; text_font_size=&#8221;45px&#8221; background_image=&#8221;https:\/\/kampanj.expressen.se\/apollo\/wp-content\/uploads\/2022\/12\/makarska-8.jpg&#8221; link_option_url=&#8221;@ET-DC@eyJkeW5hbWljIjp0cnVlLCJjb250ZW50IjoicG9zdF9saW5rX3VybF9wYWdlIiwic2V0dGluZ3MiOnsicG9zdF9pZCI6IjI2MTkifX0=@&#8221; text_font_size_tablet=&#8221;30px&#8221; text_font_size_phone=&#8221;30px&#8221; text_font_size_last_edited=&#8221;on|tablet&#8221; global_colors_info=&#8221;{}&#8221;]<\/p>\n<h1>Makarska<\/h1>\n<p>[\/et_pb_text][\/et_pb_column][\/et_pb_row][\/et_pb_section]<\/p>\n","protected":false},"excerpt":{"rendered":"<p>H\u00f6sts\u00e4song hos svenskfavoriten: Uppt\u00e4ck Gran Canarias nya kostymTillbakalutade p\u00e4rlan Puerto de Mog\u00e1n kombinerat med vackra vandringar i bergen. Eller lockar kanske hellre storstadspulsen i Las Palmas vibrerande krogkvarter? Kontrasterna \u00f6verraskar st\u00e4ndigt p\u00e5 svenskklassikern Gran Canaria. Och oavsett val v\u00e4ntar sk\u00f6na str\u00e4nder och sl\u00f6sande sol.En av svenskarnas riktigt stora semesterklassiker visar upp m\u00e4ngder av lyckligt leende [&hellip;]<\/p>\n","protected":false},"author":1,"featured_media":3687,"parent":0,"menu_order":0,"comment_status":"closed","ping_status":"closed","template":"","meta":{"_et_pb_use_builder":"on","_et_pb_old_content":"","_et_gb_content_width":"","footnotes":""},"class_list":["post-3739","page","type-page","status-publish","has-post-thumbnail","hentry"],"_links":{"self":[{"href":"https:\/\/kampanj.expressen.se\/apollo\/wp-json\/wp\/v2\/pages\/3739","targetHints":{"allow":["GET"]}}],"collection":[{"href":"https:\/\/kampanj.expressen.se\/apollo\/wp-json\/wp\/v2\/pages"}],"about":[{"href":"https:\/\/kampanj.expressen.se\/apollo\/wp-json\/wp\/v2\/types\/page"}],"author":[{"embeddable":true,"href":"https:\/\/kampanj.expressen.se\/apollo\/wp-json\/wp\/v2\/users\/1"}],"replies":[{"embeddable":true,"href":"https:\/\/kampanj.expressen.se\/apollo\/wp-json\/wp\/v2\/comments?post=3739"}],"version-history":[{"count":39,"href":"https:\/\/kampanj.expressen.se\/apollo\/wp-json\/wp\/v2\/pages\/3739\/revisions"}],"predecessor-version":[{"id":3818,"href":"https:\/\/kampanj.expressen.se\/apollo\/wp-json\/wp\/v2\/pages\/3739\/revisions\/3818"}],"wp:featuredmedia":[{"embeddable":true,"href":"https:\/\/kampanj.expressen.se\/apollo\/wp-json\/wp\/v2\/media\/3687"}],"wp:attachment":[{"href":"https:\/\/kampanj.expressen.se\/apollo\/wp-json\/wp\/v2\/media?parent=3739"}],"curies":[{"name":"wp","href":"https:\/\/api.w.org\/{rel}","templated":true}]}}