{"id":3402,"date":"2023-09-08T09:19:53","date_gmt":"2023-09-08T07:19:53","guid":{"rendered":"https:\/\/kampanj.expressen.se\/apollo\/?page_id=3402"},"modified":"2023-09-08T13:59:13","modified_gmt":"2023-09-08T11:59:13","slug":"tony-irving-alla-borde-utmana-sig-sjalva-med-en-sadan-har-resa","status":"publish","type":"page","link":"https:\/\/kampanj.expressen.se\/apollo\/tony-irving-alla-borde-utmana-sig-sjalva-med-en-sadan-har-resa\/","title":{"rendered":"Tony Irving: \u201dAlla borde utmana sig sj\u00e4lva med en s\u00e5dan h\u00e4r resa\u201d"},"content":{"rendered":"<p>[et_pb_section fb_built=&#8221;1&#8243; custom_padding_last_edited=&#8221;on|phone&#8221; disabled_on=&#8221;off|off|off&#8221; admin_label=&#8221;header \/ video&#8221; _builder_version=&#8221;4.19.2&#8243; _module_preset=&#8221;default&#8221; background_color=&#8221;#000000&#8243; background_enable_image=&#8221;off&#8221; background_enable_video_mp4=&#8221;off&#8221; background_video_width=&#8221;100%&#8221; z_index=&#8221;99999&#8243; vertical_offset_tablet=&#8221;&#8221; vertical_offset_phone=&#8221;&#8221; vertical_offset_last_edited=&#8221;on|phone&#8221; position_origin_a_last_edited=&#8221;off|desktop&#8221; position_origin_f_phone=&#8221;top_center&#8221; position_origin_f_last_edited=&#8221;off|desktop&#8221; position_origin_r_last_edited=&#8221;off|desktop&#8221; custom_padding=&#8221;73px||0px||false|false&#8221; custom_padding_tablet=&#8221;73px||0px||false|false&#8221; custom_padding_phone=&#8221;70px||0px||false|false&#8221; scroll_vertical_motion_enable=&#8221;off&#8221; motion_trigger_start=&#8221;bottom&#8221; background_last_edited=&#8221;off|phone&#8221; background_enable_image_tablet=&#8221;off&#8221; background_enable_image_phone=&#8221;off&#8221; background_video_mp4_phone=&#8221;https:\/\/kampanj.di.se\/sts-alpresor\/wp-content\/uploads\/2021\/08\/Bad-Gastein-4k-mobile.mp4&#8243; background_enable_video_mp4_phone=&#8221;on&#8221; positioning_phone=&#8221;relative&#8221; positioning_last_edited=&#8221;off|desktop&#8221; z_index_last_edited=&#8221;off|phone&#8221; sticky_position_phone=&#8221;none&#8221; sticky_position_last_edited=&#8221;off|phone&#8221; collapsed=&#8221;on&#8221; global_colors_info=&#8221;{}&#8221;][et_pb_row _builder_version=&#8221;4.19.2&#8243; _module_preset=&#8221;default&#8221; width=&#8221;100%&#8221; max_width=&#8221;100%&#8221; custom_margin=&#8221;0px||0px||false|false&#8221; custom_padding=&#8221;0px||0px||false|false&#8221; global_colors_info=&#8221;{}&#8221;][et_pb_column type=&#8221;4_4&#8243; _builder_version=&#8221;4.19.2&#8243; _module_preset=&#8221;default&#8221; global_colors_info=&#8221;{}&#8221;][et_pb_code _builder_version=&#8221;4.22.1&#8243; _module_preset=&#8221;default&#8221; module_alignment=&#8221;center&#8221; sticky_position_phone=&#8221;none&#8221; sticky_position_last_edited=&#8221;off|phone&#8221; global_colors_info=&#8221;{}&#8221;]<\/p>\n<div style=\"position:relative;padding-bottom:56.25%;padding-top:0;height:0;overflow:hidden;\"><iframe src=\"https:\/\/player.vimeo.com\/video\/862292835?h=5a8ca248b8&#038;badge=0&#038;autopause=0&#038;player_id=0&#038;app_id=58479&#038;autoplay=1&#038;muted=1\" frameborder=\"0\" allow=\"autoplay; fullscreen; picture-in-picture\" allowfullscreen style=\"position:absolute;top:0;left:0;width:100%;height:100%;\" title=\"ANNONS: Apollo - Go. Live a little.\"><\/iframe><\/div>\n<p><script src=\"https:\/\/player.vimeo.com\/api\/player.js\"><\/script>[\/et_pb_code][\/et_pb_column][\/et_pb_row][\/et_pb_section][et_pb_section fb_built=&#8221;1&#8243; disabled_on=&#8221;off|off|off&#8221; admin_label=&#8221;Meny s\u00e4song 2 2023&#8243; module_id=&#8221;meny&#8221; _builder_version=&#8221;4.22.1&#8243; _module_preset=&#8221;default&#8221; background_color=&#8221;#0776b4&#8243; z_index=&#8221;99999&#8243; custom_padding=&#8221;0px||0px|||&#8221; global_module=&#8221;3485&#8243; saved_tabs=&#8221;all&#8221; locked=&#8221;off&#8221; global_colors_info=&#8221;{}&#8221;][et_pb_row use_custom_gutter=&#8221;on&#8221; gutter_width=&#8221;1&#8243; custom_padding_last_edited=&#8221;off|phone&#8221; _builder_version=&#8221;4.19.2&#8243; _module_preset=&#8221;default&#8221; width=&#8221;100%&#8221; max_width=&#8221;100%&#8221; custom_padding=&#8221;0px||0px||true|false&#8221; custom_padding_tablet=&#8221;10px||10px||true|false&#8221; global_colors_info=&#8221;{}&#8221;][et_pb_column type=&#8221;4_4&#8243; admin_label=&#8221;Kap 1&#8243; _builder_version=&#8221;4.16&#8243; _module_preset=&#8221;default&#8221; global_colors_info=&#8221;{}&#8221;][et_pb_menu menu_id=&#8221;11&#8243; menu_style=&#8221;centered&#8221; active_link_color=&#8221;#FFFFFF&#8221; dropdown_menu_bg_color=&#8221;#0a76b5&#8243; dropdown_menu_line_color=&#8221;#9ec9e1&#8243; dropdown_menu_text_color=&#8221;#9ec9e1&#8243; dropdown_menu_active_link_color=&#8221;#FFFFFF&#8221; mobile_menu_bg_color=&#8221;rgba(10,118,181,0.95)&#8221; mobile_menu_text_color=&#8221;#FFFFFF&#8221; cart_icon_color=&#8221;#FFFFFF&#8221; search_icon_color=&#8221;#FFFFFF&#8221; menu_icon_color=&#8221;#FFFFFF&#8221; disabled_on=&#8221;off|off|off&#8221; _builder_version=&#8221;4.22.1&#8243; _module_preset=&#8221;default&#8221; menu_font=&#8221;|700|||||||&#8221; menu_text_color=&#8221;#FFFFFF&#8221; menu_font_size=&#8221;15px&#8221; background_color=&#8221;#0a76b5&#8243; custom_margin=&#8221;||||false|false&#8221; custom_padding=&#8221;6px||6px||true|false&#8221; custom_padding_last_edited=&#8221;off|phone&#8221; global_colors_info=&#8221;{}&#8221;][\/et_pb_menu][\/et_pb_column][\/et_pb_row][\/et_pb_section][et_pb_section fb_built=&#8221;1&#8243; custom_padding_last_edited=&#8221;on|phone&#8221; admin_label=&#8221;Artikel\/text 1&#8243; _builder_version=&#8221;4.19.2&#8243; _module_preset=&#8221;default&#8221; background_color=&#8221;#FFFFFF&#8221; custom_padding=&#8221;40px||40px||true|false&#8221; custom_padding_tablet=&#8221;40px||40px||true|false&#8221; custom_padding_phone=&#8221;35px||40px||false|false&#8221; collapsed=&#8221;on&#8221; global_colors_info=&#8221;{}&#8221;][et_pb_row custom_padding_last_edited=&#8221;on|phone&#8221; _builder_version=&#8221;4.19.2&#8243; _module_preset=&#8221;default&#8221; background_enable_color=&#8221;off&#8221; width_tablet=&#8221;&#8221; width_phone=&#8221;90%&#8221; width_last_edited=&#8221;on|phone&#8221; max_width=&#8221;900px&#8221; max_width_tablet=&#8221;&#8221; max_width_phone=&#8221;&#8221; max_width_last_edited=&#8221;on|tablet&#8221; module_alignment=&#8221;center&#8221; custom_padding=&#8221;0px|150px|0px|150px|false|true&#8221; custom_padding_tablet=&#8221;0px|60px|0px|60px|true|true&#8221; custom_padding_phone=&#8221;|0px||0px|true|true&#8221; global_colors_info=&#8221;{}&#8221;][et_pb_column type=&#8221;4_4&#8243; _builder_version=&#8221;4.16&#8243; _module_preset=&#8221;default&#8221; global_colors_info=&#8221;{}&#8221;][et_pb_text _builder_version=&#8221;4.22.1&#8243; _module_preset=&#8221;default&#8221; text_font=&#8221;Arial|700|||||||&#8221; text_text_color=&#8221;#222222&#8243; text_font_size=&#8221;20px&#8221; text_line_height=&#8221;1.5em&#8221; header_font_size=&#8221;47px&#8221; header_3_font=&#8221;Siri Expressen|700|||||||&#8221; header_3_text_color=&#8221;#222222&#8243; header_3_font_size=&#8221;62px&#8221; header_3_line_height=&#8221;1.1em&#8221; custom_margin=&#8221;||0px||false|false&#8221; custom_padding=&#8221;||10px||false|false&#8221; custom_padding_tablet=&#8221;||22px||false|false&#8221; custom_padding_last_edited=&#8221;off|desktop&#8221; text_font_size_tablet=&#8221;&#8221; text_font_size_phone=&#8221;18px&#8221; text_font_size_last_edited=&#8221;on|phone&#8221; text_line_height_tablet=&#8221;&#8221; text_line_height_phone=&#8221;&#8221; text_line_height_last_edited=&#8221;on|desktop&#8221; header_font_size_tablet=&#8221;47px&#8221; header_font_size_phone=&#8221;32px&#8221; header_font_size_last_edited=&#8221;on|phone&#8221; header_3_font_size_tablet=&#8221;&#8221; header_3_font_size_phone=&#8221;18px&#8221; header_3_font_size_last_edited=&#8221;on|phone&#8221; border_color_bottom=&#8221;rgba(0,0,0,0.15)&#8221; inline_fonts=&#8221;Siri Expressen,Benton Sans,Helvetica Neue Bold&#8221; global_colors_info=&#8221;{}&#8221;]<\/p>\n<h1>Tony Irving: \u201dAlla borde utmana sig sj\u00e4lva med en s\u00e5dan h\u00e4r resa\u201d<\/h1>\n<p>[\/et_pb_text][et_pb_text _builder_version=&#8221;4.22.1&#8243; _module_preset=&#8221;default&#8221; text_font=&#8221;Arial|700|||||||&#8221; text_text_color=&#8221;#222222&#8243; text_font_size=&#8221;20px&#8221; text_line_height=&#8221;1.5em&#8221; header_font_size=&#8221;50px&#8221; header_3_font=&#8221;Siri Expressen|700|||||||&#8221; header_3_text_color=&#8221;#222222&#8243; header_3_font_size=&#8221;62px&#8221; header_3_line_height=&#8221;1.1em&#8221; custom_padding=&#8221;||22px|||&#8221; custom_padding_tablet=&#8221;||22px||false|false&#8221; custom_padding_phone=&#8221;&#8221; custom_padding_last_edited=&#8221;on|tablet&#8221; text_font_size_tablet=&#8221;&#8221; text_font_size_phone=&#8221;18px&#8221; text_font_size_last_edited=&#8221;on|phone&#8221; text_line_height_tablet=&#8221;&#8221; text_line_height_phone=&#8221;&#8221; text_line_height_last_edited=&#8221;on|desktop&#8221; header_font_size_tablet=&#8221;45px&#8221; header_font_size_phone=&#8221;30px&#8221; header_font_size_last_edited=&#8221;on|phone&#8221; header_3_font_size_tablet=&#8221;&#8221; header_3_font_size_phone=&#8221;18px&#8221; header_3_font_size_last_edited=&#8221;on|phone&#8221; border_width_bottom=&#8221;1px&#8221; border_color_bottom=&#8221;rgba(0,0,0,0.15)&#8221; inline_fonts=&#8221;Siri Expressen,Benton Sans,Helvetica Neue Bold&#8221; global_colors_info=&#8221;{}&#8221;]Allt fler v\u00e4ljer att kombinera lata dagar p\u00e5 stranden med tr\u00e4ning och aktiviteter p\u00e5 semestern.<br \/>\n<span class=\"indenta\">Oavsett om du gillar att tr\u00e4na ledarledda pass, spela padel, simma eller dansa finns det gott om h\u00e4rliga resm\u00e5l och sporthotell att utforska i vinter. <\/span><br \/>\n<span class=\"indenta\">\u2013 Alla borde utmana sig sj\u00e4lva med en s\u00e5dan h\u00e4r resa, s\u00e4ger Tony Irving som tar med resen\u00e4rer p\u00e5 dans- och tr\u00e4ningsresor med extra allt.<\/span>[\/et_pb_text][\/et_pb_column][\/et_pb_row][et_pb_row use_custom_gutter=&#8221;on&#8221; gutter_width=&#8221;2&#8243; custom_padding_last_edited=&#8221;on|phone&#8221; _builder_version=&#8221;4.22.1&#8243; _module_preset=&#8221;default&#8221; background_enable_color=&#8221;off&#8221; width_tablet=&#8221;&#8221; width_phone=&#8221;90%&#8221; width_last_edited=&#8221;on|phone&#8221; max_width=&#8221;900px&#8221; max_width_tablet=&#8221;&#8221; max_width_phone=&#8221;&#8221; max_width_last_edited=&#8221;on|tablet&#8221; module_alignment=&#8221;center&#8221; custom_padding=&#8221;24px|150px|0px|150px|false|true&#8221; custom_padding_tablet=&#8221;24px|60px|0px|60px|false|true&#8221; custom_padding_phone=&#8221;|0px||0px|false|true&#8221; global_colors_info=&#8221;{}&#8221;][et_pb_column type=&#8221;4_4&#8243; _builder_version=&#8221;4.16&#8243; _module_preset=&#8221;default&#8221; global_colors_info=&#8221;{}&#8221;][et_pb_text _builder_version=&#8221;4.22.1&#8243; _module_preset=&#8221;default&#8221; text_font=&#8221;Arial||||||||&#8221; text_text_color=&#8221;#000000&#8243; text_font_size=&#8221;18px&#8221; text_line_height=&#8221;1.5em&#8221; link_font=&#8221;Arial|300|||||||&#8221; link_text_color=&#8221;#0876b5&#8243; header_font_size=&#8221;24px&#8221; header_2_font=&#8221;di-benton-bold||||||||&#8221; header_2_text_color=&#8221;#222222&#8243; header_2_font_size=&#8221;24px&#8221; custom_margin=&#8221;||||false|false&#8221; custom_padding=&#8221;||||false|false&#8221; header_2_font_size_tablet=&#8221;&#8221; header_2_font_size_phone=&#8221;23px&#8221; header_2_font_size_last_edited=&#8221;on|phone&#8221; global_colors_info=&#8221;{}&#8221;]<\/p>\n<p><a href=\"https:\/\/www.apollo.se\/hotell\/apollo-sports?utm_source=native&amp;utm_medium=content&amp;utm_campaign=apollo_sports&amp;utm_term=expressen.se&amp;utm_content=aktiv_semester\" target=\"_blank\" rel=\"noopener\"><strong>EXTERN L\u00c4NK: Kom i form &#8211; hitta din tr\u00e4ningsresa<\/strong><\/a><\/p>\n<p>Redan 2009 b\u00f6rjade researrang\u00f6ren Apollo med konceptet tr\u00e4ningsresa d\u00e5 ett badhotell p\u00e5 Fuerteventura f\u00f6rvandlades till en plats i solen dit man kunde \u00e5ka f\u00f6r att tr\u00e4na med professionella instrukt\u00f6rer. Playitas Resort var f\u00f6tt och i dag har Apollo ytterligare fem kompletta koncepthotell under varum\u00e4rket Powered by Playitas. De har \u00e4ven tre andra sporthotell med ett stort utbud f\u00f6r den tr\u00e4ningssugne.<\/p>\n<p>\u2013 Vi tror stenh\u00e5rt p\u00e5 kombinationen av tr\u00e4ning, avkoppling, god mat och mysiga milj\u00f6er p\u00e5 semestern, s\u00e4ger Daniel Giray, sportchef p\u00e5 Apollo.<\/p>\n<p>\u2013 V\u00e5ra g\u00e4ster vill helt enkelt ha en mer aktiv semester och inte bara \u00e5ka ner f\u00f6r att sola och bada, utan kunna kombinera den sk\u00f6na livsstilen utomlands med sport och tr\u00e4ning, forts\u00e4tter han.<\/p>\n<p>[\/et_pb_text][\/et_pb_column][\/et_pb_row][\/et_pb_section][et_pb_section fb_built=&#8221;1&#8243; _builder_version=&#8221;4.22.1&#8243; _module_preset=&#8221;default&#8221; background_color=&#8221;rgba(0,0,0,0.2)&#8221; background_image=&#8221;https:\/\/kampanj.expressen.se\/apollo\/wp-content\/uploads\/2023\/09\/apollo-aktivsemester-2-gradient.jpg&#8221; parallax=&#8221;on&#8221; background_blend=&#8221;darken&#8221; width_last_edited=&#8221;off|desktop&#8221; height=&#8221;600px&#8221; height_tablet=&#8221;500px&#8221; height_phone=&#8221;320px&#8221; height_last_edited=&#8221;on|phone&#8221; background_last_edited=&#8221;on|tablet&#8221; parallax_tablet=&#8221;off&#8221; global_colors_info=&#8221;{}&#8221;][et_pb_row custom_padding_last_edited=&#8221;off|desktop&#8221; module_class=&#8221;et-readmore-toggle&#8221; _builder_version=&#8221;4.22.1&#8243; _module_preset=&#8221;default&#8221; background_color=&#8221;RGBA(0,0,0,0)&#8221; positioning=&#8221;absolute&#8221; position_origin_a=&#8221;center_center&#8221; position_origin_r=&#8221;top_right&#8221; vertical_offset=&#8221;278px&#8221; vertical_offset_tablet=&#8221;40px&#8221; vertical_offset_phone=&#8221;0px&#8221; vertical_offset_last_edited=&#8221;off|desktop&#8221; horizontal_offset_tablet=&#8221;40px&#8221; horizontal_offset_phone=&#8221;0px&#8221; horizontal_offset_last_edited=&#8221;on|desktop&#8221; position_origin_a_tablet=&#8221;&#8221; position_origin_a_phone=&#8221;center_center&#8221; position_origin_a_last_edited=&#8221;on|phone&#8221; position_origin_f_tablet=&#8221;&#8221; position_origin_f_phone=&#8221;&#8221; position_origin_f_last_edited=&#8221;on|tablet&#8221; position_origin_r_tablet=&#8221;bottom_right&#8221; position_origin_r_phone=&#8221;&#8221; position_origin_r_last_edited=&#8221;on|tablet&#8221; width=&#8221;700px&#8221; width_tablet=&#8221;80%&#8221; width_phone=&#8221;90%&#8221; width_last_edited=&#8221;on|phone&#8221; max_width_tablet=&#8221;450px&#8221; max_width_phone=&#8221;100%&#8221; max_width_last_edited=&#8221;off|desktop&#8221; custom_padding=&#8221;||||false|false&#8221; custom_padding_phone=&#8221;40px|20px|40px|20px|true|false&#8221; animation_style=&#8221;fade&#8221; positioning_tablet=&#8221;&#8221; positioning_phone=&#8221;&#8221; positioning_last_edited=&#8221;on|phone&#8221; custom_css_main_element=&#8221;position: absolute;||z-index: 1000;&#8221; global_colors_info=&#8221;{}&#8221;][et_pb_column type=&#8221;4_4&#8243; _builder_version=&#8221;4.18.0&#8243; _module_preset=&#8221;default&#8221; global_colors_info=&#8221;{}&#8221;][et_pb_text _builder_version=&#8221;4.22.1&#8243; _module_preset=&#8221;default&#8221; text_font=&#8221;Siri Expressen||||||||&#8221; text_text_color=&#8221;#ffffff&#8221; text_font_size=&#8221;55px&#8221; text_line_height=&#8221;1em&#8221; header_font_size=&#8221;48px&#8221; header_2_font=&#8221;Siri Expressen||||||||&#8221; header_2_text_color=&#8221;#FFFFFF&#8221; header_2_font_size=&#8221;60px&#8221; header_3_font=&#8221;||||||||&#8221; header_3_text_align=&#8221;left&#8221; header_3_text_color=&#8221;#FFFFFF&#8221; header_3_font_size=&#8221;40px&#8221; header_3_line_height=&#8221;1.2em&#8221; header_6_font=&#8221;Arial||||||||&#8221; header_6_text_align=&#8221;center&#8221; header_6_text_color=&#8221;#FFFFFF&#8221; header_6_font_size=&#8221;15px&#8221; text_orientation=&#8221;center&#8221; custom_padding=&#8221;|1px|0px|||&#8221; text_font_size_tablet=&#8221;40px&#8221; text_font_size_phone=&#8221;30px&#8221; text_font_size_last_edited=&#8221;on|phone&#8221; header_2_font_size_tablet=&#8221;50px&#8221; header_2_font_size_phone=&#8221;36px&#8221; header_2_font_size_last_edited=&#8221;on|phone&#8221; header_3_text_align_tablet=&#8221;left&#8221; header_3_text_align_phone=&#8221;center&#8221; header_3_text_align_last_edited=&#8221;on|phone&#8221; header_3_font_size_tablet=&#8221;42px&#8221; header_3_font_size_phone=&#8221;27px&#8221; header_3_font_size_last_edited=&#8221;on|tablet&#8221; text_orientation_tablet=&#8221;left&#8221; text_orientation_phone=&#8221;center&#8221; text_orientation_last_edited=&#8221;off|desktop&#8221; text_text_shadow_style=&#8221;preset5&#8243; text_text_shadow_horizontal_length=&#8221;0.04em&#8221; text_text_shadow_vertical_length=&#8221;0.04em&#8221; header_3_text_shadow_style=&#8221;preset3&#8243; header_3_text_shadow_blur_strength=&#8221;0.53em&#8221; header_3_text_shadow_color=&#8221;rgba(0,0,0,0.3)&#8221; header_3_text_shadow_blur_strength_tablet=&#8221;0.46em&#8221; header_3_text_shadow_blur_strength_phone=&#8221;&#8221; header_3_text_shadow_blur_strength_last_edited=&#8221;on|tablet&#8221; header_3_text_shadow_color_tablet=&#8221;rgba(0,0,0,0.4)&#8221; header_3_text_shadow_color_phone=&#8221;&#8221; header_3_text_shadow_color_last_edited=&#8221;on|phone&#8221; inline_fonts=&#8221;Siri Expressen&#8221; global_colors_info=&#8221;{}&#8221;]\u201dJag har k\u00f6rt tr\u00e4ningsresor i snart 12 \u00e5r i egen regi, men nu startar jag en verksamhet med Apollo\u201d<\/p>\n<h6 style=\"margin-top:15px;\">\u2013 Tony Irving<\/h6>\n<p>[\/et_pb_text][\/et_pb_column][\/et_pb_row][\/et_pb_section][et_pb_section fb_built=&#8221;1&#8243; fullwidth=&#8221;on&#8221; admin_label=&#8221;Kollagebild&#8221; _builder_version=&#8221;4.19.2&#8243; _module_preset=&#8221;default&#8221; background_enable_image=&#8221;off&#8221; global_colors_info=&#8221;{}&#8221;][et_pb_fullwidth_image src=&#8221;https:\/\/kampanj.expressen.se\/apollo\/wp-content\/uploads\/2023\/09\/apollo-aktivsemester-3.jpg&#8221; title_text=&#8221;apollo-aktivsemester-3&#8243; _builder_version=&#8221;4.22.1&#8243; _module_preset=&#8221;default&#8221; background_enable_image=&#8221;off&#8221; height_tablet=&#8221;400px&#8221; height_phone=&#8221;210px&#8221; height_last_edited=&#8221;off|desktop&#8221; scroll_vertical_motion=&#8221;0|50|50|100|0|0|1&#8243; motion_trigger_start=&#8221;bottom&#8221; background_last_edited=&#8221;off|desktop&#8221; background_image_tablet=&#8221;https:\/\/kampanj.expressen.se\/apollo\/wp-content\/uploads\/2023\/09\/apollo-2023-2-2.jpg&#8221; background_enable_image_tablet=&#8221;on&#8221; parallax_tablet=&#8221;off&#8221; global_colors_info=&#8221;{}&#8221;][\/et_pb_fullwidth_image][\/et_pb_section][et_pb_section fb_built=&#8221;1&#8243; admin_label=&#8221;BLOCK SISTA&#8221; _builder_version=&#8221;4.19.2&#8243; _module_preset=&#8221;default&#8221; background_color=&#8221;#FFFFFF&#8221; custom_padding=&#8221;40px||40px||true|false&#8221; collapsed=&#8221;on&#8221; global_colors_info=&#8221;{}&#8221;][et_pb_row column_structure=&#8221;3_5,2_5&#8243; use_custom_gutter=&#8221;on&#8221; gutter_width=&#8221;2&#8243; custom_padding_last_edited=&#8221;on|phone&#8221; _builder_version=&#8221;4.22.1&#8243; _module_preset=&#8221;default&#8221; background_enable_color=&#8221;off&#8221; width_tablet=&#8221;&#8221; width_phone=&#8221;90%&#8221; width_last_edited=&#8221;on|phone&#8221; max_width=&#8221;900px&#8221; max_width_tablet=&#8221;&#8221; max_width_phone=&#8221;&#8221; max_width_last_edited=&#8221;on|tablet&#8221; module_alignment=&#8221;center&#8221; custom_padding=&#8221;0px|150px|0px|150px|false|true&#8221; custom_padding_tablet=&#8221;0px|60px|0px|60px|false|true&#8221; custom_padding_phone=&#8221;|0px||0px|false|true&#8221; global_colors_info=&#8221;{}&#8221;][et_pb_column type=&#8221;3_5&#8243; _builder_version=&#8221;4.16&#8243; _module_preset=&#8221;default&#8221; global_colors_info=&#8221;{}&#8221;][et_pb_text _builder_version=&#8221;4.22.1&#8243; _module_preset=&#8221;default&#8221; text_font=&#8221;Arial||||||||&#8221; text_text_color=&#8221;#000000&#8243; text_font_size=&#8221;18px&#8221; text_line_height=&#8221;1.5em&#8221; header_font_size=&#8221;24px&#8221; header_2_font=&#8221;||||||||&#8221; header_2_text_color=&#8221;#222222&#8243; custom_margin=&#8221;||0px||false|false&#8221; custom_padding=&#8221;0px||0px||true|false&#8221; global_colors_info=&#8221;{}&#8221;]<\/p>\n<h2>Dans- och tr\u00e4ningsresa med Tony Irving<\/h2>\n<p>En av alla professionella instrukt\u00f6rer som ska hj\u00e4lpa g\u00e4sterna att h\u00e5lla sig aktiva p\u00e5 semestern i vinter \u00e4r Tony Irving, dansl\u00e4rare och k\u00e4nd dansdomare fr\u00e5n tv.<\/p>\n<p>\u2013 Jag har k\u00f6rt tr\u00e4ningsresor i snart 12 \u00e5r i egen regi, men nu startar jag en verksamhet med Apollo d\u00e4r vi skapar en upplevelseresa kan man s\u00e4ga. Deltagarna kan \u00e5ka p\u00e5 semester och f\u00e5r en upplevelse tillsammans med mig. Det \u00e4r en m\u00e5 bra-resa d\u00e4r du kan tr\u00e4na, vila upp dig och jobba med din hj\u00e4rna.<\/p>\n<p>[\/et_pb_text][\/et_pb_column][et_pb_column type=&#8221;2_5&#8243; _builder_version=&#8221;4.22.1&#8243; _module_preset=&#8221;default&#8221; animation_style=&#8221;fade&#8221; global_colors_info=&#8221;{}&#8221;][et_pb_image src=&#8221;https:\/\/kampanj.expressen.se\/apollo\/wp-content\/uploads\/2023\/09\/tony-irving-1.jpg&#8221; title_text=&#8221;tony-irving-1&#8243; src_tablet=&#8221;https:\/\/kampanj.expressen.se\/apollo\/wp-content\/uploads\/2023\/09\/erik-ny-1.jpg&#8221; src_phone=&#8221;https:\/\/kampanj.expressen.se\/apollo\/wp-content\/uploads\/2023\/09\/erik-ny-1.jpg&#8221; src_last_edited=&#8221;off|desktop&#8221; _builder_version=&#8221;4.22.1&#8243; _module_preset=&#8221;default&#8221; custom_margin=&#8221;||6px||false|false&#8221; custom_padding=&#8221;||0px||false|false&#8221; global_colors_info=&#8221;{}&#8221;][\/et_pb_image][et_pb_text _builder_version=&#8221;4.22.1&#8243; _module_preset=&#8221;default&#8221; text_font=&#8221;Arial||||||||&#8221; text_text_color=&#8221;#222222&#8243; text_line_height=&#8221;1.3em&#8221; custom_margin=&#8221;0px||||false|false&#8221; custom_padding=&#8221;0px||||false|false&#8221; global_colors_info=&#8221;{}&#8221;]<\/p>\n<p>Tony Irving, dansl\u00e4rare och k\u00e4nd dansdomare fr\u00e5n tv.<br \/>Foto: Peter Knutson<\/p>\n<p>[\/et_pb_text][\/et_pb_column][\/et_pb_row][et_pb_row custom_padding_last_edited=&#8221;on|phone&#8221; _builder_version=&#8221;4.22.1&#8243; _module_preset=&#8221;default&#8221; background_enable_color=&#8221;off&#8221; width_tablet=&#8221;&#8221; width_phone=&#8221;90%&#8221; width_last_edited=&#8221;on|phone&#8221; max_width=&#8221;900px&#8221; max_width_tablet=&#8221;&#8221; max_width_phone=&#8221;&#8221; max_width_last_edited=&#8221;on|tablet&#8221; module_alignment=&#8221;center&#8221; custom_padding=&#8221;0px|150px|0px|150px|false|true&#8221; custom_padding_tablet=&#8221;|60px||60px|false|true&#8221; custom_padding_phone=&#8221;|0px|0px|0px|false|true&#8221; global_colors_info=&#8221;{}&#8221;][et_pb_column type=&#8221;4_4&#8243; _builder_version=&#8221;4.16&#8243; _module_preset=&#8221;default&#8221; global_colors_info=&#8221;{}&#8221;][et_pb_image src=&#8221;https:\/\/kampanj.expressen.se\/apollo\/wp-content\/uploads\/2023\/09\/apollo-aktivsemester-7.jpg&#8221; title_text=&#8221;apollo-aktivsemester-7&#8243; _builder_version=&#8221;4.22.1&#8243; _module_preset=&#8221;default&#8221; custom_margin=&#8221;30px||30px||true|false&#8221; animation_style=&#8221;fade&#8221; global_colors_info=&#8221;{}&#8221;][\/et_pb_image][et_pb_text _builder_version=&#8221;4.22.1&#8243; _module_preset=&#8221;default&#8221; text_font=&#8221;Arial||||||||&#8221; text_text_color=&#8221;#000000&#8243; text_font_size=&#8221;18px&#8221; text_line_height=&#8221;1.5em&#8221; header_font_size=&#8221;24px&#8221; header_2_font=&#8221;||||||||&#8221; header_2_text_color=&#8221;#222222&#8243; custom_margin=&#8221;||0px||false|false&#8221; custom_padding=&#8221;0px||0px||true|false&#8221; header_2_font_size_phone=&#8221;23px&#8221; header_2_font_size_last_edited=&#8221;off|desktop&#8221; global_colors_info=&#8221;{}&#8221;]<\/p>\n<p>F\u00f6rutom dans-och tr\u00e4ningsresor tillsammans med Malin Watson kommer Tony Irving ocks\u00e5 att g\u00f6ra en resa till Kreta med \u00e4nnu mer fokus p\u00e5 tr\u00e4ning, tillsammans med tr\u00e4ningsprofilen M\u00e5rten Nyhl\u00e9n.<\/p>\n<p>\u2013 Sedan har vi fler resor p\u00e5 g\u00e5ng, en med kulturinriktning till exempel, men d\u00e4r kan jag inte avsl\u00f6ja vem jag kommer att \u00e5ka med \u00e4n, s\u00e4ger Tony hemlighetsfullt.<\/p>\n<p>[\/et_pb_text][\/et_pb_column][\/et_pb_row][et_pb_row disabled_on=&#8221;on|on|off&#8221; admin_label=&#8221;STICKY&#8221; _builder_version=&#8221;4.22.1&#8243; _module_preset=&#8221;default&#8221; positioning=&#8221;fixed&#8221; position_origin_f=&#8221;top_right&#8221; vertical_offset=&#8221;90px&#8221; horizontal_offset=&#8221;8px&#8221; width=&#8221;350px&#8221; custom_margin=&#8221;0px||0px||false|false&#8221; custom_padding=&#8221;0px||0px||false|false&#8221; locked=&#8221;off&#8221; global_colors_info=&#8221;{}&#8221;][et_pb_column type=&#8221;4_4&#8243; _builder_version=&#8221;4.19.2&#8243; _module_preset=&#8221;default&#8221; global_colors_info=&#8221;{}&#8221;][et_pb_code disabled_on=&#8221;on|on|off&#8221; admin_label=&#8221;STICKY VIDEO&#8221; _builder_version=&#8221;4.22.1&#8243; _module_preset=&#8221;default&#8221; position_origin_a=&#8221;top_right&#8221; position_origin_f=&#8221;top_right&#8221; vertical_offset=&#8221;80px&#8221; horizontal_offset=&#8221;8px&#8221; width=&#8221;300px&#8221; module_alignment=&#8221;right&#8221; motion_trigger_start=&#8221;top&#8221; global_colors_info=&#8221;{}&#8221;]<\/p>\n<div style=\"position:relative;padding-bottom:56.25%;padding-top:0;height:0;overflow:hidden;\"><iframe src=\"https:\/\/player.vimeo.com\/video\/859328809?h=f4e0547785&#038;badge=0&#038;autopause=0&#038;player_id=0&#038;app_id=58479&#038;autoplay=1&#038;muted=1\" frameborder=\"0\" allow=\"autoplay; fullscreen; picture-in-picture\" allowfullscreen style=\"position:absolute;top:0;left:0;width:100%;height:100%;\" title=\"ANNONS: Apollo - Go. Live a little.\"><\/iframe><\/div>\n<p><script src=\"https:\/\/player.vimeo.com\/api\/player.js\"><\/script>[\/et_pb_code][\/et_pb_column][\/et_pb_row][\/et_pb_section][et_pb_section fb_built=&#8221;1&#8243; fullwidth=&#8221;on&#8221; admin_label=&#8221;Kollagebild&#8221; _builder_version=&#8221;4.19.2&#8243; _module_preset=&#8221;default&#8221; background_enable_image=&#8221;off&#8221; global_colors_info=&#8221;{}&#8221;][et_pb_fullwidth_image title_text=&#8221;apollo-aktivsemester-1&#8243; _builder_version=&#8221;4.22.1&#8243; _module_preset=&#8221;default&#8221; background_image=&#8221;https:\/\/kampanj.expressen.se\/apollo\/wp-content\/uploads\/2023\/09\/apollo-aktivsemester-1.jpg&#8221; parallax=&#8221;on&#8221; parallax_method=&#8221;off&#8221; height=&#8221;600px&#8221; height_tablet=&#8221;450px&#8221; height_phone=&#8221;320px&#8221; height_last_edited=&#8221;on|tablet&#8221; background_last_edited=&#8221;on|phone&#8221; background_image_tablet=&#8221;https:\/\/kampanj.expressen.se\/apollo\/wp-content\/uploads\/2023\/09\/apollo-aktivsemester-1.jpg&#8221; background_enable_image_tablet=&#8221;on&#8221; parallax_tablet=&#8221;off&#8221; global_colors_info=&#8221;{}&#8221;][\/et_pb_fullwidth_image][\/et_pb_section][et_pb_section fb_built=&#8221;1&#8243; admin_label=&#8221;BLOCK SISTA&#8221; _builder_version=&#8221;4.19.2&#8243; _module_preset=&#8221;default&#8221; background_color=&#8221;#FFFFFF&#8221; custom_padding=&#8221;40px||40px||true|false&#8221; collapsed=&#8221;on&#8221; global_colors_info=&#8221;{}&#8221;][et_pb_row custom_padding_last_edited=&#8221;on|phone&#8221; _builder_version=&#8221;4.22.1&#8243; _module_preset=&#8221;default&#8221; background_enable_color=&#8221;off&#8221; width_tablet=&#8221;&#8221; width_phone=&#8221;90%&#8221; width_last_edited=&#8221;on|phone&#8221; max_width=&#8221;900px&#8221; max_width_tablet=&#8221;&#8221; max_width_phone=&#8221;&#8221; max_width_last_edited=&#8221;on|tablet&#8221; module_alignment=&#8221;center&#8221; custom_padding=&#8221;0px|150px|0px|150px|false|true&#8221; custom_padding_tablet=&#8221;|60px||60px|false|true&#8221; custom_padding_phone=&#8221;|0px|0px|0px|false|true&#8221; global_colors_info=&#8221;{}&#8221;][et_pb_column type=&#8221;4_4&#8243; _builder_version=&#8221;4.16&#8243; _module_preset=&#8221;default&#8221; global_colors_info=&#8221;{}&#8221;][et_pb_text _builder_version=&#8221;4.22.1&#8243; _module_preset=&#8221;default&#8221; text_font=&#8221;Arial||||||||&#8221; text_text_color=&#8221;#000000&#8243; text_font_size=&#8221;18px&#8221; text_line_height=&#8221;1.5em&#8221; header_font_size=&#8221;24px&#8221; header_2_font=&#8221;||||||||&#8221; header_2_text_color=&#8221;#222222&#8243; custom_margin=&#8221;||0px||false|false&#8221; custom_padding=&#8221;0px||0px||true|false&#8221; locked=&#8221;off&#8221; global_colors_info=&#8221;{}&#8221;]<\/p>\n<p><strong>Vad \u00e4r det b\u00e4sta med de h\u00e4r resorna?<\/strong><\/p>\n<p>\u2013 F\u00f6r mig \u00e4r det att jag f\u00e5r g\u00f6ra det jag \u00e4lskar. Jag \u00e4r ju dansl\u00e4rare s\u00e5 det ger mig m\u00f6jligheten att g\u00f6ra det jag har gjort i hela mitt liv, men i en fantastisk milj\u00f6. F\u00f6r deltagarna, och f\u00f6r mig, tror jag det b\u00e4sta \u00e4r att det k\u00e4nns som om vi \u00e5ker p\u00e5 semester tillsammans som en enda stor familj. Vi har bara 60 deltagare, s\u00e5 jag kan l\u00e4ra k\u00e4nna alla deltagarna under veckan. Och de l\u00e4r k\u00e4nna mig som dansl\u00e4raren Tony, inte Tv-k\u00e4ndisen Tony.<\/p>\n<p>\u2013 Det blir en social grej f\u00f6r deltagarna ocks\u00e5, f\u00f6r man beh\u00f6ver inte \u00e5ka med en partner. S\u00e5 vi f\u00e5r en h\u00e4rlig gemenskap och folk bygger nya bekantskaper som de beh\u00e5ller n\u00e4r de kommer hem. Och jag kan se att det h\u00e4nder saker med deltagarna under veckan. De f\u00f6r\u00e4ndras fysiskt, psykiskt och socialt.<\/p>\n<p>[\/et_pb_text][et_pb_image src=&#8221;https:\/\/kampanj.expressen.se\/apollo\/wp-content\/uploads\/2023\/09\/apollo-aktivsemester-5.jpg&#8221; title_text=&#8221;apollo-aktivsemester-5&#8243; _builder_version=&#8221;4.22.1&#8243; _module_preset=&#8221;default&#8221; custom_margin=&#8221;30px||30px||true|false&#8221; animation_style=&#8221;fade&#8221; global_colors_info=&#8221;{}&#8221;][\/et_pb_image][et_pb_text _builder_version=&#8221;4.22.1&#8243; _module_preset=&#8221;default&#8221; text_font=&#8221;Arial||||||||&#8221; text_text_color=&#8221;#000000&#8243; text_font_size=&#8221;18px&#8221; text_line_height=&#8221;1.5em&#8221; header_font_size=&#8221;24px&#8221; header_2_font=&#8221;||||||||&#8221; header_2_text_color=&#8221;#222222&#8243; custom_margin=&#8221;||0px||false|false&#8221; custom_padding=&#8221;0px||0px||true|false&#8221; header_2_font_size_phone=&#8221;23px&#8221; header_2_font_size_last_edited=&#8221;off|desktop&#8221; global_colors_info=&#8221;{}&#8221;]<\/p>\n<p>P\u00e5 dans- och tr\u00e4ningsresorna kan alla delta \u2013 utan f\u00f6rkunskapskrav och oavsett niv\u00e5.<\/p>\n<p>\u2013 Vi har 6 olika pass varje dag och du v\u00e4ljer sj\u00e4lv hur mycket du vill dansa. Det finns olika inriktningar och du hittar dina pass utifr\u00e5n dina \u00f6nskem\u00e5l. S\u00e5 alla kan vara med.<\/p>\n<p>[\/et_pb_text][et_pb_image src=&#8221;https:\/\/kampanj.expressen.se\/apollo\/wp-content\/uploads\/2023\/09\/apollo-banner-sept-2023.jpg&#8221; title_text=&#8221;apollo-banner-sept-2023&#8243; url=&#8221;https:\/\/www.apollo.se\/resor\/charter\/vinterresor?utm_source=native&#038;utm_medium=content&#038;utm_campaign=winter&#038;utm_term=expressen.se&#038;utm_content=erik_segerstedt&#038;utm_source=native&#038;utm_medium=ad&#038;utm_campaign=winter&#038;utm_term=expressen.se&#038;utm_content=erik_segerstedt&#8221; url_new_window=&#8221;on&#8221; _builder_version=&#8221;4.22.1&#8243; _module_preset=&#8221;default&#8221; custom_margin=&#8221;30px||30px||true|false&#8221; animation_style=&#8221;fade&#8221; global_colors_info=&#8221;{}&#8221;][\/et_pb_image][et_pb_text _builder_version=&#8221;4.22.1&#8243; _module_preset=&#8221;default&#8221; text_font=&#8221;Arial||||||||&#8221; text_text_color=&#8221;#000000&#8243; text_font_size=&#8221;18px&#8221; text_line_height=&#8221;1.5em&#8221; link_text_color=&#8221;#0876b5&#8243; header_font_size=&#8221;24px&#8221; header_2_font=&#8221;||||||||&#8221; header_2_text_color=&#8221;#222222&#8243; custom_margin=&#8221;0px||0px||true|false&#8221; header_2_font_size_phone=&#8221;23px&#8221; header_2_font_size_last_edited=&#8221;off|desktop&#8221; global_colors_info=&#8221;{}&#8221;]<\/p>\n<p><strong>Varf\u00f6r tycker du att man ska \u00e5ka p\u00e5 en mer aktiv semester?<\/strong><\/p>\n<p>\u2013 Alla beh\u00f6ver varje \u00e5r i sitt liv hitta p\u00e5 nya utmaningar och upplevelser. Du beh\u00f6ver bryta m\u00f6nster och g\u00f6ra n\u00e5got som tvingar dig att se livet fr\u00e5n andra vinklar. De h\u00e4r resorna \u00e4r att g\u00f6ra n\u00e5got annat, att bryta din vardag och v\u00e5ga ta steget att utveckla dig sj\u00e4lv. Det m\u00e5r alla bra av.<\/p>\n<p>\u2013 Och det \u00e4r v\u00e4ldigt bra att resa med Apollo. Det \u00e4r ett f\u00f6retag som \u00e4r stabilt och har en bra organisation. Allt bara funkar n\u00e4r man v\u00e4l \u00e4r p\u00e5 plats. Man beh\u00f6ver inte t\u00e4nka p\u00e5 n\u00e5gonting, det \u00e4r guldkant hela v\u00e4gen.<\/p>\n<p><a href=\"https:\/\/www.apollo.se\/resor\/traningsresor\/traningskalender?utm_source=native&amp;utm_medium=content&amp;utm_campaign=apollo_sports&amp;utm_term=expressen.se&amp;utm_content=aktiv_semester\" target=\"_blank\" rel=\"noopener\"><strong>EXTERN L\u00c4NK: Kolla in Apollo Sports tr\u00e4ningskalender<\/strong><\/a><\/p>\n<p>[\/et_pb_text][\/et_pb_column][\/et_pb_row][et_pb_row disabled_on=&#8221;on|on|off&#8221; admin_label=&#8221;STICKY&#8221; _builder_version=&#8221;4.22.1&#8243; _module_preset=&#8221;default&#8221; positioning=&#8221;fixed&#8221; position_origin_f=&#8221;top_right&#8221; vertical_offset=&#8221;90px&#8221; horizontal_offset=&#8221;8px&#8221; width=&#8221;350px&#8221; custom_margin=&#8221;0px||0px||false|false&#8221; custom_padding=&#8221;0px||0px||false|false&#8221; locked=&#8221;off&#8221; global_colors_info=&#8221;{}&#8221;][et_pb_column type=&#8221;4_4&#8243; _builder_version=&#8221;4.19.2&#8243; _module_preset=&#8221;default&#8221; global_colors_info=&#8221;{}&#8221;][et_pb_code disabled_on=&#8221;on|on|off&#8221; admin_label=&#8221;STICKY VIDEO&#8221; _builder_version=&#8221;4.22.1&#8243; _module_preset=&#8221;default&#8221; position_origin_a=&#8221;top_right&#8221; position_origin_f=&#8221;top_right&#8221; vertical_offset=&#8221;80px&#8221; horizontal_offset=&#8221;8px&#8221; width=&#8221;300px&#8221; module_alignment=&#8221;right&#8221; motion_trigger_start=&#8221;top&#8221; global_colors_info=&#8221;{}&#8221;]<\/p>\n<div style=\"position:relative;padding-bottom:56.25%;padding-top:0;height:0;overflow:hidden;\"><iframe src=\"https:\/\/player.vimeo.com\/video\/859328809?h=f4e0547785&#038;badge=0&#038;autopause=0&#038;player_id=0&#038;app_id=58479&#038;autoplay=1&#038;muted=1\" frameborder=\"0\" allow=\"autoplay; fullscreen; picture-in-picture\" allowfullscreen style=\"position:absolute;top:0;left:0;width:100%;height:100%;\" title=\"ANNONS: Apollo - Go. Live a little.\"><\/iframe><\/div>\n<p><script src=\"https:\/\/player.vimeo.com\/api\/player.js\"><\/script>[\/et_pb_code][\/et_pb_column][\/et_pb_row][\/et_pb_section][et_pb_section fb_built=&#8221;1&#8243; fullwidth=&#8221;on&#8221; admin_label=&#8221;Kollagebild&#8221; _builder_version=&#8221;4.19.2&#8243; _module_preset=&#8221;default&#8221; background_enable_image=&#8221;off&#8221; global_colors_info=&#8221;{}&#8221;][et_pb_fullwidth_image title_text=&#8221;apollo-aktivsemester-6&#8243; _builder_version=&#8221;4.22.1&#8243; _module_preset=&#8221;default&#8221; background_image=&#8221;https:\/\/kampanj.expressen.se\/apollo\/wp-content\/uploads\/2023\/09\/apollo-aktivsemester-6.jpg&#8221; parallax=&#8221;on&#8221; parallax_method=&#8221;off&#8221; height=&#8221;600px&#8221; height_tablet=&#8221;450px&#8221; height_phone=&#8221;320px&#8221; height_last_edited=&#8221;on|phone&#8221; background_last_edited=&#8221;on|phone&#8221; background_image_tablet=&#8221;https:\/\/kampanj.expressen.se\/apollo\/wp-content\/uploads\/2023\/09\/apollo-aktivsemester-6.jpg&#8221; background_enable_image_tablet=&#8221;on&#8221; parallax_tablet=&#8221;off&#8221; global_colors_info=&#8221;{}&#8221;][\/et_pb_fullwidth_image][\/et_pb_section][et_pb_section fb_built=&#8221;1&#8243; admin_label=&#8221;BLOCK SISTA&#8221; _builder_version=&#8221;4.19.2&#8243; _module_preset=&#8221;default&#8221; background_color=&#8221;#FFFFFF&#8221; custom_padding=&#8221;40px||40px||true|false&#8221; collapsed=&#8221;on&#8221; global_colors_info=&#8221;{}&#8221;][et_pb_row custom_padding_last_edited=&#8221;on|phone&#8221; _builder_version=&#8221;4.22.1&#8243; _module_preset=&#8221;default&#8221; background_enable_color=&#8221;off&#8221; width_tablet=&#8221;&#8221; width_phone=&#8221;90%&#8221; width_last_edited=&#8221;on|phone&#8221; max_width=&#8221;900px&#8221; max_width_tablet=&#8221;&#8221; max_width_phone=&#8221;&#8221; max_width_last_edited=&#8221;on|tablet&#8221; module_alignment=&#8221;center&#8221; custom_padding=&#8221;0px|150px|0px|150px|false|true&#8221; custom_padding_tablet=&#8221;|60px||60px|false|true&#8221; custom_padding_phone=&#8221;|0px|0px|0px|false|true&#8221; global_colors_info=&#8221;{}&#8221;][et_pb_column type=&#8221;4_4&#8243; _builder_version=&#8221;4.16&#8243; _module_preset=&#8221;default&#8221; global_colors_info=&#8221;{}&#8221;][et_pb_text _builder_version=&#8221;4.22.1&#8243; _module_preset=&#8221;default&#8221; text_font=&#8221;Arial||||||||&#8221; text_text_color=&#8221;#000000&#8243; text_font_size=&#8221;18px&#8221; text_line_height=&#8221;1.5em&#8221; header_font_size=&#8221;24px&#8221; header_2_font=&#8221;||||||||&#8221; header_2_text_color=&#8221;#222222&#8243; custom_margin=&#8221;||10px||false|false&#8221; custom_padding=&#8221;||0px||false|false&#8221; header_2_font_size_phone=&#8221;23px&#8221; header_2_font_size_last_edited=&#8221;off|desktop&#8221; global_colors_info=&#8221;{}&#8221;]<\/p>\n<h2>H\u00e4r hittar du alla Apollos sport- och tr\u00e4ningshotell<\/h2>\n<p>[\/et_pb_text][\/et_pb_column][\/et_pb_row][et_pb_row column_structure=&#8221;1_2,1_2&#8243; custom_padding_last_edited=&#8221;on|phone&#8221; _builder_version=&#8221;4.22.1&#8243; _module_preset=&#8221;default&#8221; background_enable_color=&#8221;off&#8221; width_tablet=&#8221;&#8221; width_phone=&#8221;90%&#8221; width_last_edited=&#8221;on|phone&#8221; max_width=&#8221;900px&#8221; max_width_tablet=&#8221;&#8221; max_width_phone=&#8221;&#8221; max_width_last_edited=&#8221;on|tablet&#8221; module_alignment=&#8221;center&#8221; custom_padding=&#8221;0px|150px|15px|150px|false|true&#8221; custom_padding_tablet=&#8221;|60px|15px|60px|false|true&#8221; custom_padding_phone=&#8221;|0px|15px|0px|false|true&#8221; global_colors_info=&#8221;{}&#8221;][et_pb_column type=&#8221;1_2&#8243; _builder_version=&#8221;4.16&#8243; _module_preset=&#8221;default&#8221; global_colors_info=&#8221;{}&#8221;][et_pb_image src=&#8221;https:\/\/kampanj.expressen.se\/apollo\/wp-content\/uploads\/2023\/09\/apollo-aktivsemester-8.jpg&#8221; title_text=&#8221;apollo-aktivsemester-8&#8243; _builder_version=&#8221;4.22.1&#8243; _module_preset=&#8221;default&#8221; custom_margin=&#8221;0px||19px||false|false&#8221; animation_style=&#8221;fade&#8221; global_colors_info=&#8221;{}&#8221;][\/et_pb_image][et_pb_text _builder_version=&#8221;4.22.1&#8243; _module_preset=&#8221;default&#8221; text_font=&#8221;Arial||||||||&#8221; text_text_color=&#8221;#000000&#8243; text_font_size=&#8221;18px&#8221; text_line_height=&#8221;1.5em&#8221; link_text_color=&#8221;#0876b5&#8243; header_font_size=&#8221;24px&#8221; header_2_font=&#8221;||||||||&#8221; header_2_text_color=&#8221;#222222&#8243; custom_margin=&#8221;||30px||false|false&#8221; header_2_font_size_phone=&#8221;23px&#8221; header_2_font_size_last_edited=&#8221;off|desktop&#8221; global_colors_info=&#8221;{}&#8221;]<\/p>\n<p><strong>Playitas Resort, Kanarie\u00f6arna, Fuerteventura<\/strong><\/p>\n<p><a href=\"https:\/\/www.apollo.se\/playitas?utm_source=native&amp;utm_medium=content&amp;utm_campaign=apollo_sports&amp;utm_term=expressen.se&amp;utm_content=aktiv_semester\" target=\"_blank\" rel=\"noopener\"><strong>L\u00e4s mer om hotellet h\u00e4r.<\/strong><\/a><\/p>\n<p>[\/et_pb_text][et_pb_image src=&#8221;https:\/\/kampanj.expressen.se\/apollo\/wp-content\/uploads\/2023\/09\/apollo-aktivsemester-10.jpg&#8221; title_text=&#8221;apollo-aktivsemester-10&#8243; _builder_version=&#8221;4.22.1&#8243; _module_preset=&#8221;default&#8221; custom_margin=&#8221;0px||19px||false|false&#8221; animation_style=&#8221;fade&#8221; global_colors_info=&#8221;{}&#8221;][\/et_pb_image][et_pb_text _builder_version=&#8221;4.22.1&#8243; _module_preset=&#8221;default&#8221; text_font=&#8221;Arial||||||||&#8221; text_text_color=&#8221;#000000&#8243; text_font_size=&#8221;18px&#8221; text_line_height=&#8221;1.5em&#8221; link_text_color=&#8221;#0876b5&#8243; header_font_size=&#8221;24px&#8221; header_2_font=&#8221;||||||||&#8221; header_2_text_color=&#8221;#222222&#8243; custom_margin=&#8221;||30px||false|false&#8221; header_2_font_size_phone=&#8221;23px&#8221; header_2_font_size_last_edited=&#8221;off|desktop&#8221; global_colors_info=&#8221;{}&#8221;]<strong>La Pared &#8211; powered by Playitas Kanarie\u00f6arna, Fuerteventura<\/strong><\/p>\n<p><a href=\"https:\/\/www.apollo.se\/spanien\/kanarieoarna\/fuerteventura\/costa-calma-tarajalejo-och-la-pared\/hotell\/la-pared--powered-by-playitas?utm_source=native&#038;utm_medium=content&#038;utm_campaign=apollo_sports&#038;utm_term=expressen.se&#038;utm_content=aktiv_semester\" target=\"_blank\" rel=\"noopener\"><strong>L\u00e4s mer om hotellet h\u00e4r.<\/strong><\/a>[\/et_pb_text][et_pb_image src=&#8221;https:\/\/kampanj.expressen.se\/apollo\/wp-content\/uploads\/2023\/09\/apollo-aktivsemester-12.jpg&#8221; title_text=&#8221;apollo-aktivsemester-12&#8243; _builder_version=&#8221;4.22.1&#8243; _module_preset=&#8221;default&#8221; custom_margin=&#8221;0px||19px||false|false&#8221; animation_style=&#8221;fade&#8221; global_colors_info=&#8221;{}&#8221;][\/et_pb_image][et_pb_text _builder_version=&#8221;4.22.1&#8243; _module_preset=&#8221;default&#8221; text_font=&#8221;Arial||||||||&#8221; text_text_color=&#8221;#000000&#8243; text_font_size=&#8221;18px&#8221; text_line_height=&#8221;1.5em&#8221; link_text_color=&#8221;#0876b5&#8243; header_font_size=&#8221;24px&#8221; header_2_font=&#8221;||||||||&#8221; header_2_text_color=&#8221;#222222&#8243; custom_margin=&#8221;||30px||false|false&#8221; header_2_font_size_phone=&#8221;23px&#8221; header_2_font_size_last_edited=&#8221;off|desktop&#8221; global_colors_info=&#8221;{}&#8221;]<strong>JA Beach, Emiraten, Dubai<\/strong><\/p>\n<p><a href=\"https:\/\/www.apollo.se\/forenade-arabemiraten\/dubai\/dubai-jebel-ali\/hotell\/ja-beach---vinter-23-24?utm_source=native&#038;utm_medium=content&#038;utm_campaign=apollo_sports&#038;utm_term=expressen.se&#038;utm_content=aktiv_semester\" target=\"_blank\" rel=\"noopener\"><strong>L\u00e4s mer om hotellet h\u00e4r.<\/strong><\/a>[\/et_pb_text][et_pb_image src=&#8221;https:\/\/kampanj.expressen.se\/apollo\/wp-content\/uploads\/2023\/09\/apollo-aktivsemester-14.jpg&#8221; title_text=&#8221;apollo-aktivsemester-14&#8243; _builder_version=&#8221;4.22.1&#8243; _module_preset=&#8221;default&#8221; custom_margin=&#8221;0px||19px||false|false&#8221; animation_style=&#8221;fade&#8221; global_colors_info=&#8221;{}&#8221;][\/et_pb_image][et_pb_text _builder_version=&#8221;4.22.1&#8243; _module_preset=&#8221;default&#8221; text_font=&#8221;Arial||||||||&#8221; text_text_color=&#8221;#000000&#8243; text_font_size=&#8221;18px&#8221; text_line_height=&#8221;1.5em&#8221; link_text_color=&#8221;#0876b5&#8243; header_font_size=&#8221;24px&#8221; header_2_font=&#8221;||||||||&#8221; header_2_text_color=&#8221;#222222&#8243; custom_margin=&#8221;||30px||false|false&#8221; header_2_font_size_phone=&#8221;23px&#8221; header_2_font_size_last_edited=&#8221;off|desktop&#8221; global_colors_info=&#8221;{}&#8221;]<strong>Levante &#8211; powered by Playitas Grekland, Rhodos<\/strong><\/p>\n<p><a href=\"https:\/\/www.apollo.se\/grekland\/rhodos\/afandou-och-kolymbia\/hotell\/levante--powered-by-playitas?utm_source=native&#038;utm_medium=content&#038;utm_campaign=apollo_sports&#038;utm_term=expressen.se&#038;utm_content=aktiv_semester\" target=\"_blank\" rel=\"noopener\"><strong>L\u00e4s mer om hotellet h\u00e4r.<\/strong><\/a>[\/et_pb_text][et_pb_image src=&#8221;https:\/\/kampanj.expressen.se\/apollo\/wp-content\/uploads\/2023\/09\/apollo-aktivsemester-16.jpg&#8221; title_text=&#8221;apollo-aktivsemester-16&#8243; _builder_version=&#8221;4.22.1&#8243; _module_preset=&#8221;default&#8221; custom_margin=&#8221;0px||19px||false|false&#8221; animation_style=&#8221;fade&#8221; global_colors_info=&#8221;{}&#8221;][\/et_pb_image][et_pb_text _builder_version=&#8221;4.22.1&#8243; _module_preset=&#8221;default&#8221; text_font=&#8221;Arial||||||||&#8221; text_text_color=&#8221;#000000&#8243; text_font_size=&#8221;18px&#8221; text_line_height=&#8221;1.5em&#8221; link_text_color=&#8221;#0876b5&#8243; header_font_size=&#8221;24px&#8221; header_2_font=&#8221;||||||||&#8221; header_2_text_color=&#8221;#222222&#8243; custom_margin=&#8221;||30px||false|false&#8221; custom_padding=&#8221;||0px||false|false&#8221; header_2_font_size_phone=&#8221;23px&#8221; header_2_font_size_last_edited=&#8221;off|desktop&#8221; global_colors_info=&#8221;{}&#8221;]<\/p>\n<p><strong>Sivota Retreat &#8211; powered by Playitas Grekland, Sivota<\/strong><\/p>\n<p><a href=\"https:\/\/www.apollo.se\/grekland\/sivota\/hotell\/sivota-retreat--powered-by-playitas?utm_source=native&amp;utm_medium=content&amp;utm_campaign=apollo_sports&amp;utm_term=expressen.se&amp;utm_content=aktiv_semester\" target=\"_blank\" rel=\"noopener\"><strong>L\u00e4s mer om hotellet h\u00e4r.<\/strong><\/a><\/p>\n<p>[\/et_pb_text][\/et_pb_column][et_pb_column type=&#8221;1_2&#8243; _builder_version=&#8221;4.22.1&#8243; _module_preset=&#8221;default&#8221; custom_padding=&#8221;||||false|false&#8221; global_colors_info=&#8221;{}&#8221;][et_pb_image src=&#8221;https:\/\/kampanj.expressen.se\/apollo\/wp-content\/uploads\/2023\/09\/apollo-aktivsemester-9.jpg&#8221; title_text=&#8221;apollo-aktivsemester-9&#8243; _builder_version=&#8221;4.22.1&#8243; _module_preset=&#8221;default&#8221; custom_margin=&#8221;0px||19px||false|false&#8221; custom_padding=&#8221;0px||||false|false&#8221; animation_style=&#8221;fade&#8221; global_colors_info=&#8221;{}&#8221;][\/et_pb_image][et_pb_text _builder_version=&#8221;4.22.1&#8243; _module_preset=&#8221;default&#8221; text_font=&#8221;Arial||||||||&#8221; text_text_color=&#8221;#000000&#8243; text_font_size=&#8221;18px&#8221; text_line_height=&#8221;1.5em&#8221; link_text_color=&#8221;#0876b5&#8243; header_font_size=&#8221;24px&#8221; header_2_font=&#8221;||||||||&#8221; header_2_text_color=&#8221;#222222&#8243; custom_margin=&#8221;||30px||false|false&#8221; header_2_font_size_phone=&#8221;23px&#8221; header_2_font_size_last_edited=&#8221;off|desktop&#8221; global_colors_info=&#8221;{}&#8221;]<strong>Aqua Vista &#8211; powered by Playitas Egypten, Hurghada<\/strong><\/p>\n<p><a href=\"https:\/\/www.apollo.se\/egypten\/hurghada\/hotell\/aqua-vista--powered-by-playitas?utm_source=native&#038;utm_medium=content&#038;utm_campaign=apollo_sports&#038;utm_term=expressen.se&#038;utm_content=aktiv_semester\" target=\"_blank\" rel=\"noopener\"><strong>L\u00e4s mer om hotellet h\u00e4r.<\/strong><\/a>[\/et_pb_text][et_pb_image src=&#8221;https:\/\/kampanj.expressen.se\/apollo\/wp-content\/uploads\/2023\/09\/apollo-aktivsemester-11.jpg&#8221; title_text=&#8221;apollo-aktivsemester-11&#8243; _builder_version=&#8221;4.22.1&#8243; _module_preset=&#8221;default&#8221; custom_margin=&#8221;0px||19px||false|false&#8221; animation_style=&#8221;fade&#8221; global_colors_info=&#8221;{}&#8221;][\/et_pb_image][et_pb_text _builder_version=&#8221;4.22.1&#8243; _module_preset=&#8221;default&#8221; text_font=&#8221;Arial||||||||&#8221; text_text_color=&#8221;#000000&#8243; text_font_size=&#8221;18px&#8221; text_line_height=&#8221;1.5em&#8221; link_text_color=&#8221;#0876b5&#8243; header_font_size=&#8221;24px&#8221; header_2_font=&#8221;||||||||&#8221; header_2_text_color=&#8221;#222222&#8243; custom_margin=&#8221;||30px||false|false&#8221; header_2_font_size_phone=&#8221;23px&#8221; header_2_font_size_last_edited=&#8221;off|desktop&#8221; global_colors_info=&#8221;{}&#8221;]<strong>Vidamar Resort, Portugal, Madeira<\/strong><\/p>\n<p><a href=\"https:\/\/www.apollo.se\/portugal\/madeira\/funchal\/hotell\/vidamar-resorts-madeira---vinter-23-24?utm_source=native&#038;utm_medium=content&#038;utm_campaign=apollo_sports&#038;utm_term=expressen.se&#038;utm_content=aktiv_semester\" target=\"_blank\" rel=\"noopener\"><strong>L\u00e4s mer om hotellet h\u00e4r.<\/strong><\/a>[\/et_pb_text][et_pb_image src=&#8221;https:\/\/kampanj.expressen.se\/apollo\/wp-content\/uploads\/2023\/09\/apollo-aktivsemester-13.jpg&#8221; title_text=&#8221;apollo-aktivsemester-13&#8243; _builder_version=&#8221;4.22.1&#8243; _module_preset=&#8221;default&#8221; custom_margin=&#8221;0px||19px||false|false&#8221; animation_style=&#8221;fade&#8221; global_colors_info=&#8221;{}&#8221;][\/et_pb_image][et_pb_text _builder_version=&#8221;4.22.1&#8243; _module_preset=&#8221;default&#8221; text_font=&#8221;Arial||||||||&#8221; text_text_color=&#8221;#000000&#8243; text_font_size=&#8221;18px&#8221; text_line_height=&#8221;1.5em&#8221; link_text_color=&#8221;#0876b5&#8243; header_font_size=&#8221;24px&#8221; header_2_font=&#8221;||||||||&#8221; header_2_text_color=&#8221;#222222&#8243; custom_margin=&#8221;||30px||false|false&#8221; header_2_font_size_phone=&#8221;23px&#8221; header_2_font_size_last_edited=&#8221;off|desktop&#8221; global_colors_info=&#8221;{}&#8221;]<strong>Lyttos Beach, Grekland, Kreta<\/strong><\/p>\n<p><a href=\"https:\/\/www.apollo.se\/grekland\/kreta\/anissaras\/hotell\/lyttos-beach?utm_source=native&#038;utm_medium=content&#038;utm_campaign=apollo_sports&#038;utm_term=expressen.se&#038;utm_content=aktiv_semester\" target=\"_blank\" rel=\"noopener\"><strong>L\u00e4s mer om hotellet h\u00e4r.<\/strong><\/a>[\/et_pb_text][et_pb_image src=&#8221;https:\/\/kampanj.expressen.se\/apollo\/wp-content\/uploads\/2023\/09\/apollo-aktivsemester-15.jpg&#8221; title_text=&#8221;apollo-aktivsemester-15&#8243; _builder_version=&#8221;4.22.1&#8243; _module_preset=&#8221;default&#8221; custom_margin=&#8221;0px||19px||false|false&#8221; animation_style=&#8221;fade&#8221; global_colors_info=&#8221;{}&#8221;][\/et_pb_image][et_pb_text _builder_version=&#8221;4.22.1&#8243; _module_preset=&#8221;default&#8221; text_font=&#8221;Arial||||||||&#8221; text_text_color=&#8221;#000000&#8243; text_font_size=&#8221;18px&#8221; text_line_height=&#8221;1.5em&#8221; link_text_color=&#8221;#0876b5&#8243; header_font_size=&#8221;24px&#8221; header_2_font=&#8221;||||||||&#8221; header_2_text_color=&#8221;#222222&#8243; custom_margin=&#8221;||30px||false|false&#8221; header_2_font_size_phone=&#8221;23px&#8221; header_2_font_size_last_edited=&#8221;off|desktop&#8221; global_colors_info=&#8221;{}&#8221;]<strong>Porto Myrina &#8211; powered by Playitas Grekland, Limnos<\/strong><\/p>\n<p><a href=\"https:\/\/www.apollo.se\/grekland\/limnos\/hotell\/porto-myrina--powered-by-playitas?utm_source=native&#038;utm_medium=content&#038;utm_campaign=apollo_sports&#038;utm_term=expressen.se&#038;utm_content=aktiv_semester\" target=\"_blank\" rel=\"noopener\"><strong>L\u00e4s mer om hotellet h\u00e4r.<\/strong><\/a>[\/et_pb_text][et_pb_image src=&#8221;https:\/\/kampanj.expressen.se\/apollo\/wp-content\/uploads\/2023\/09\/apollo-aktivsemester-17.jpg&#8221; title_text=&#8221;apollo-aktivsemester-17&#8243; _builder_version=&#8221;4.22.1&#8243; _module_preset=&#8221;default&#8221; custom_margin=&#8221;0px||19px||false|false&#8221; animation_style=&#8221;fade&#8221; global_colors_info=&#8221;{}&#8221;][\/et_pb_image][et_pb_text _builder_version=&#8221;4.22.1&#8243; _module_preset=&#8221;default&#8221; text_font=&#8221;Arial||||||||&#8221; text_text_color=&#8221;#000000&#8243; text_font_size=&#8221;18px&#8221; text_line_height=&#8221;1.5em&#8221; link_text_color=&#8221;#0876b5&#8243; header_font_size=&#8221;24px&#8221; header_2_font=&#8221;||||||||&#8221; header_2_text_color=&#8221;#222222&#8243; custom_margin=&#8221;||30px||false|false&#8221; header_2_font_size_phone=&#8221;23px&#8221; header_2_font_size_last_edited=&#8221;off|desktop&#8221; global_colors_info=&#8221;{}&#8221;]<strong>Cavo Spada Deluxe &#038; Spa Giannoulis Hotels, Grekland, Kreta<\/strong><\/p>\n<p><a href=\"https:\/\/www.apollo.se\/grekland\/kreta\/kolymbari\/hotell\/cavo-spada-deluxe-och-spa-giannoulis-hotels?utm_source=native&#038;utm_medium=content&#038;utm_campaign=apollo_sports&#038;utm_term=expressen.se&#038;utm_content=aktiv_semester\" target=\"_blank\" rel=\"noopener\"><strong>L\u00e4s mer om hotellet h\u00e4r.<\/strong><\/a>[\/et_pb_text][\/et_pb_column][\/et_pb_row][et_pb_row custom_padding_last_edited=&#8221;off|desktop&#8221; disabled_on=&#8221;off|off|off&#8221; _builder_version=&#8221;4.22.1&#8243; _module_preset=&#8221;default&#8221; background_enable_color=&#8221;off&#8221; width_tablet=&#8221;&#8221; width_phone=&#8221;90%&#8221; width_last_edited=&#8221;on|phone&#8221; max_width_tablet=&#8221;&#8221; max_width_phone=&#8221;&#8221; max_width_last_edited=&#8221;on|tablet&#8221; module_alignment=&#8221;center&#8221; custom_padding=&#8221;0px||0px||true|true&#8221; custom_padding_tablet=&#8221;|60px||60px|true|true&#8221; custom_padding_phone=&#8221;|0px||0px|true|true&#8221; hover_enabled=&#8221;0&#8243; global_colors_info=&#8221;{}&#8221; sticky_enabled=&#8221;0&#8243;][et_pb_column type=&#8221;4_4&#8243; _builder_version=&#8221;4.16&#8243; _module_preset=&#8221;default&#8221; global_colors_info=&#8221;{}&#8221;][dica_divi_carousel show_items_desktop=&#8221;3&#8243; show_items_tablet=&#8221;2&#8243; multislide=&#8221;on&#8221; arrow_nav=&#8221;on&#8221; dot_nav=&#8221;on&#8221; equal_height=&#8221;on&#8221; advanced_effect=&#8221;1&#8243; arrow_nav_color=&#8221;#ffffff&#8221; arrow_bg_color=&#8221;rgba(0,0,0,0.6)&#8221; dots_color=&#8221;#DCDCDC&#8221; dots_active_color=&#8221;#E30813&#8243; title_background=&#8221;RGBA(255,255,255,0)&#8221; content_background=&#8221;RGBA(255,255,255,0)&#8221; arrow_alignment=&#8221;center&#8221; arrow_font_size=&#8221;30px&#8221; carousel_container_padding=&#8221;||||false|false&#8221; innercontent_padding=&#8221;||||false|false&#8221; item_padding=&#8221;||||false|false&#8221; content_container_padding=&#8221;27px|27px|27px|27px|true|true&#8221; module_class=&#8221;ratio-1&#215;1&#8243; _builder_version=&#8221;4.22.1&#8243; _module_preset=&#8221;default&#8221; title_font=&#8221;Siri Expressen||||||||&#8221; title_text_color=&#8221;#FFFFFF&#8221; title_font_size=&#8221;27px&#8221; body_font=&#8221;Arial||||||||&#8221; body_text_color=&#8221;#FFFFFF&#8221; body_font_size=&#8221;16px&#8221; background_color=&#8221;#212121&#8243; custom_margin=&#8221;||||false|false&#8221; custom_padding=&#8221;||||false|false&#8221; hover_enabled=&#8221;0&#8243; custom_css_image=&#8221;object-fit:cover;||height:363.33px;||width:100%;&#8221; global_module=&#8221;33&#8243; global_colors_info=&#8221;{}&#8221; custom_css_image_last_edited=&#8221;on|desktop&#8221; custom_css_image_phone=&#8221;object-fit:cover;||height:250px;||width:100%;&#8221; custom_css_image_tablet=&#8221;object-fit:cover;||height:280px;||width:100%;&#8221; sticky_enabled=&#8221;0&#8243;][dica_divi_carouselitem title=&#8221;Tony Irving: \u201dAlla borde utmana sig sj\u00e4lva med en s\u00e5dan h\u00e4r resa\u201d&#8221; button_url_new_window=&#8221;1&#8243; image=&#8221;https:\/\/kampanj.expressen.se\/apollo\/wp-content\/uploads\/2023\/09\/apollo-aktivsemester-2.jpg&#8221; _builder_version=&#8221;4.22.1&#8243; _dynamic_attributes=&#8221;link_option_url&#8221; _module_preset=&#8221;default&#8221; link_option_url=&#8221;@ET-DC@eyJkeW5hbWljIjp0cnVlLCJjb250ZW50IjoicG9zdF9saW5rX3VybF9wYWdlIiwic2V0dGluZ3MiOnsicG9zdF9pZCI6IjM0MDIifX0=@&#8221; global_colors_info=&#8221;{}&#8221;]Allt fler v\u00e4ljer att kombinera lata dagar p\u00e5 stranden med tr\u00e4ning och aktiviteter p\u00e5 semestern.[\/dica_divi_carouselitem][dica_divi_carouselitem title=&#8221;\u00d6verraskande sidor av popul\u00e4rt vinterresm\u00e5l&#8221; button_url_new_window=&#8221;1&#8243; image=&#8221;https:\/\/kampanj.expressen.se\/apollo\/wp-content\/uploads\/2023\/09\/erik-ny-1.jpg&#8221; _builder_version=&#8221;4.22.1&#8243; _dynamic_attributes=&#8221;link_option_url&#8221; _module_preset=&#8221;default&#8221; link_option_url=&#8221;@ET-DC@eyJkeW5hbWljIjp0cnVlLCJjb250ZW50IjoicG9zdF9saW5rX3VybF9wYWdlIiwic2V0dGluZ3MiOnsicG9zdF9pZCI6IjMzMzAifX0=@&#8221; global_colors_info=&#8221;{}&#8221;]Artisten och programledaren Erik Segerstedt \u00e4r tillbaka med en ny omg\u00e5ng av reseprogrammet \u201dGo. Live a little!\u201d.[\/dica_divi_carouselitem][dica_divi_carouselitem title=&#8221;Claudia Galli Concha: \u201dDet var den perfekta familjesemestern\u201d&#8221; button_url_new_window=&#8221;1&#8243; image=&#8221;https:\/\/kampanj.expressen.se\/apollo\/wp-content\/uploads\/2023\/08\/claudia-1&#215;1-1.jpg&#8221; _builder_version=&#8221;4.22.1&#8243; _dynamic_attributes=&#8221;link_option_url&#8221; _module_preset=&#8221;default&#8221; link_option_url=&#8221;@ET-DC@eyJkeW5hbWljIjp0cnVlLCJjb250ZW50IjoicG9zdF9saW5rX3VybF9wYWdlIiwic2V0dGluZ3MiOnsicG9zdF9pZCI6IjMyMTIifX0=@&#8221; global_colors_info=&#8221;{}&#8221;]Snorkling, padel och supersnabba race i vattenrutschkanan.[\/dica_divi_carouselitem][\/dica_divi_carousel][\/et_pb_column][\/et_pb_row][et_pb_row disabled_on=&#8221;on|on|off&#8221; admin_label=&#8221;STICKY&#8221; _builder_version=&#8221;4.22.1&#8243; _module_preset=&#8221;default&#8221; positioning=&#8221;fixed&#8221; position_origin_f=&#8221;top_right&#8221; vertical_offset=&#8221;90px&#8221; horizontal_offset=&#8221;8px&#8221; width=&#8221;350px&#8221; custom_margin=&#8221;0px||0px||false|false&#8221; custom_padding=&#8221;0px||0px||false|false&#8221; locked=&#8221;off&#8221; global_colors_info=&#8221;{}&#8221;][et_pb_column type=&#8221;4_4&#8243; _builder_version=&#8221;4.19.2&#8243; _module_preset=&#8221;default&#8221; global_colors_info=&#8221;{}&#8221;][et_pb_code disabled_on=&#8221;on|on|off&#8221; admin_label=&#8221;STICKY VIDEO&#8221; _builder_version=&#8221;4.22.1&#8243; _module_preset=&#8221;default&#8221; position_origin_a=&#8221;top_right&#8221; position_origin_f=&#8221;top_right&#8221; vertical_offset=&#8221;80px&#8221; horizontal_offset=&#8221;8px&#8221; width=&#8221;300px&#8221; module_alignment=&#8221;right&#8221; motion_trigger_start=&#8221;top&#8221; global_colors_info=&#8221;{}&#8221;]<\/p>\n<div style=\"position:relative;padding-bottom:56.25%;padding-top:0;height:0;overflow:hidden;\"><iframe src=\"https:\/\/player.vimeo.com\/video\/859328809?h=f4e0547785&#038;badge=0&#038;autopause=0&#038;player_id=0&#038;app_id=58479&#038;autoplay=1&#038;muted=1\" frameborder=\"0\" allow=\"autoplay; fullscreen; picture-in-picture\" allowfullscreen style=\"position:absolute;top:0;left:0;width:100%;height:100%;\" title=\"ANNONS: Apollo - Go. Live a little.\"><\/iframe><\/div>\n<p><script src=\"https:\/\/player.vimeo.com\/api\/player.js\"><\/script>[\/et_pb_code][\/et_pb_column][\/et_pb_row][\/et_pb_section][et_pb_section fb_built=&#8221;1&#8243; admin_label=&#8221;BLOCK SISTA&#8221; _builder_version=&#8221;4.22.1&#8243; _module_preset=&#8221;default&#8221; background_color=&#8221;#0876b5&#8243; z_index=&#8221;9999&#8243; custom_padding=&#8221;40px||20px||false|false&#8221; collapsed=&#8221;on&#8221; global_colors_info=&#8221;{}&#8221;][et_pb_row disabled_on=&#8221;on|on|off&#8221; admin_label=&#8221;STICKY&#8221; _builder_version=&#8221;4.22.1&#8243; _module_preset=&#8221;default&#8221; positioning=&#8221;fixed&#8221; position_origin_f=&#8221;top_right&#8221; vertical_offset=&#8221;90px&#8221; horizontal_offset=&#8221;8px&#8221; z_index=&#8221;99&#8243; width=&#8221;350px&#8221; custom_margin=&#8221;0px||0px||false|false&#8221; custom_padding=&#8221;0px||0px||false|false&#8221; locked=&#8221;off&#8221; global_colors_info=&#8221;{}&#8221;][et_pb_column type=&#8221;4_4&#8243; _builder_version=&#8221;4.19.2&#8243; _module_preset=&#8221;default&#8221; global_colors_info=&#8221;{}&#8221;][et_pb_code disabled_on=&#8221;on|on|off&#8221; admin_label=&#8221;STICKY VIDEO&#8221; _builder_version=&#8221;4.22.1&#8243; _module_preset=&#8221;default&#8221; position_origin_a=&#8221;top_right&#8221; position_origin_f=&#8221;top_right&#8221; vertical_offset=&#8221;80px&#8221; horizontal_offset=&#8221;8px&#8221; width=&#8221;300px&#8221; module_alignment=&#8221;right&#8221; motion_trigger_start=&#8221;top&#8221; global_colors_info=&#8221;{}&#8221;]<\/p>\n<div style=\"position:relative;padding-bottom:56.25%;padding-top:0;height:0;overflow:hidden;\"><iframe src=\"https:\/\/player.vimeo.com\/video\/862292835?h=5a8ca248b8&#038;badge=0&#038;autopause=0&#038;player_id=0&#038;app_id=58479&#038;autoplay=1&#038;muted=1\" frameborder=\"0\" allow=\"autoplay; fullscreen; picture-in-picture\" allowfullscreen style=\"position:absolute;top:0;left:0;width:100%;height:100%;\" title=\"ANNONS: Apollo - Go. Live a little.\"><\/iframe><\/div>\n<p><script src=\"https:\/\/player.vimeo.com\/api\/player.js\"><\/script>[\/et_pb_code][\/et_pb_column][\/et_pb_row][et_pb_row custom_padding_last_edited=&#8221;off|desktop&#8221; _builder_version=&#8221;4.22.1&#8243; _module_preset=&#8221;default&#8221; background_enable_color=&#8221;off&#8221; width_tablet=&#8221;&#8221; width_phone=&#8221;90%&#8221; width_last_edited=&#8221;on|phone&#8221; max_width_tablet=&#8221;&#8221; max_width_phone=&#8221;&#8221; max_width_last_edited=&#8221;on|tablet&#8221; module_alignment=&#8221;center&#8221; custom_padding=&#8221;0px||0px||true|true&#8221; custom_padding_tablet=&#8221;|60px||60px|true|true&#8221; custom_padding_phone=&#8221;|0px||0px|true|true&#8221; global_colors_info=&#8221;{}&#8221;][et_pb_column type=&#8221;4_4&#8243; _builder_version=&#8221;4.16&#8243; _module_preset=&#8221;default&#8221; global_colors_info=&#8221;{}&#8221;][et_pb_text _builder_version=&#8221;4.22.1&#8243; _module_preset=&#8221;default&#8221; text_font=&#8221;Arial|||on|||||&#8221; text_text_color=&#8221;#FFFFFF&#8221; text_font_size=&#8221;18px&#8221; text_orientation=&#8221;center&#8221; global_colors_info=&#8221;{}&#8221;]<\/p>\n<p>Tidigare artiklar och avsnitt<\/p>\n<p>[\/et_pb_text][\/et_pb_column][\/et_pb_row][\/et_pb_section][et_pb_section fb_built=&#8221;1&#8243; disabled_on=&#8221;off|off|off&#8221; admin_label=&#8221;Avsnittmeny&#8221; _builder_version=&#8221;4.22.1&#8243; _module_preset=&#8221;default&#8221; z_index=&#8221;8888&#8243; custom_margin=&#8221;0px||0px||false|false&#8221; custom_padding=&#8221;0px||0px||false|false&#8221; global_module=&#8221;2988&#8243; locked=&#8221;off&#8221; global_colors_info=&#8221;{}&#8221;][et_pb_row module_class=&#8221;bildmenycontainer&#8221; _builder_version=&#8221;4.19.3&#8243; _module_preset=&#8221;default&#8221; width=&#8221;100%&#8221; max_width=&#8221;100%&#8221; height_tablet=&#8221;200px&#8221; height_last_edited=&#8221;off|tablet&#8221; custom_margin=&#8221;0px||0px||false|false&#8221; custom_padding=&#8221;0px||0px||false|false&#8221; global_colors_info=&#8221;{}&#8221;][et_pb_column type=&#8221;4_4&#8243; module_class=&#8221;bildmeny&#8221; _builder_version=&#8221;4.18.0&#8243; _module_preset=&#8221;default&#8221; custom_css_main_element=&#8221;width: 100%!important;&#8221; global_colors_info=&#8221;{}&#8221;][et_pb_text module_class=&#8221;bildmeny&#8221; _builder_version=&#8221;4.19.3&#8243; _dynamic_attributes=&#8221;link_option_url&#8221; _module_preset=&#8221;default&#8221; text_font=&#8221;Siri Expressen||||||||&#8221; text_text_color=&#8221;#FFFFFF&#8221; text_font_size=&#8221;45px&#8221; background_image=&#8221;https:\/\/kampanj.expressen.se\/apollo\/wp-content\/uploads\/2022\/12\/erik-2.jpg&#8221; link_option_url=&#8221;@ET-DC@eyJkeW5hbWljIjp0cnVlLCJjb250ZW50IjoicG9zdF9saW5rX3VybF9wYWdlIiwic2V0dGluZ3MiOnsicG9zdF9pZCI6IjI0MzkifX0=@&#8221; text_font_size_tablet=&#8221;30px&#8221; text_font_size_phone=&#8221;30px&#8221; text_font_size_last_edited=&#8221;on|tablet&#8221; global_colors_info=&#8221;{}&#8221;]<\/p>\n<h1>Avsnitt 1<\/h1>\n<p>[\/et_pb_text][et_pb_text module_class=&#8221;bildmeny&#8221; _builder_version=&#8221;4.19.3&#8243; _dynamic_attributes=&#8221;link_option_url&#8221; _module_preset=&#8221;default&#8221; text_font=&#8221;Siri Expressen||||||||&#8221; text_text_color=&#8221;#FFFFFF&#8221; text_font_size=&#8221;45px&#8221; background_image=&#8221;https:\/\/kampanj.expressen.se\/apollo\/wp-content\/uploads\/2022\/12\/klara_thumb.jpg&#8221; link_option_url=&#8221;@ET-DC@eyJkeW5hbWljIjp0cnVlLCJjb250ZW50IjoicG9zdF9saW5rX3VybF9wYWdlIiwic2V0dGluZ3MiOnsicG9zdF9pZCI6IjI0NDEifX0=@&#8221; text_font_size_tablet=&#8221;30px&#8221; text_font_size_phone=&#8221;30px&#8221; text_font_size_last_edited=&#8221;on|tablet&#8221; global_colors_info=&#8221;{}&#8221;]<\/p>\n<h1>Avsnitt 2<\/h1>\n<p>[\/et_pb_text][et_pb_text module_class=&#8221;bildmeny&#8221; _builder_version=&#8221;4.19.4&#8243; _module_preset=&#8221;default&#8221; text_font=&#8221;Siri Expressen||||||||&#8221; text_text_color=&#8221;#FFFFFF&#8221; text_font_size=&#8221;45px&#8221; background_enable_color=&#8221;off&#8221; background_image=&#8221;https:\/\/kampanj.expressen.se\/apollo\/wp-content\/uploads\/2022\/12\/chris_thumb.jpg&#8221; background_blend=&#8221;saturation&#8221; link_option_url=&#8221;https:\/\/kampanj.expressen.se\/apollo\/profilernas-ovantade-vanskap-bakom-kulisserna\/&#8221; text_font_size_tablet=&#8221;30px&#8221; text_font_size_phone=&#8221;30px&#8221; text_font_size_last_edited=&#8221;on|tablet&#8221; global_colors_info=&#8221;{}&#8221;]<\/p>\n<h1>Avsnitt 3<\/h1>\n<p>[\/et_pb_text][et_pb_text module_class=&#8221;bildmeny&#8221; _builder_version=&#8221;4.19.4&#8243; _dynamic_attributes=&#8221;link_option_url&#8221; _module_preset=&#8221;default&#8221; text_font=&#8221;Siri Expressen||||||||&#8221; text_text_color=&#8221;#FFFFFF&#8221; text_font_size=&#8221;45px&#8221; background_image=&#8221;https:\/\/kampanj.expressen.se\/apollo\/wp-content\/uploads\/2022\/12\/michel-thumb.jpg&#8221; link_option_url=&#8221;@ET-DC@eyJkeW5hbWljIjp0cnVlLCJjb250ZW50IjoicG9zdF9saW5rX3VybF9wYWdlIiwic2V0dGluZ3MiOnsicG9zdF9pZCI6IjkzIn19@&#8221; text_font_size_tablet=&#8221;30px&#8221; text_font_size_phone=&#8221;30px&#8221; text_font_size_last_edited=&#8221;on|tablet&#8221; global_colors_info=&#8221;{}&#8221;]<\/p>\n<h1>Avsnitt 4<\/h1>\n<p>[\/et_pb_text][et_pb_text module_class=&#8221;bildmeny&#8221; _builder_version=&#8221;4.19.4&#8243; _dynamic_attributes=&#8221;link_option_url&#8221; _module_preset=&#8221;default&#8221; text_font=&#8221;Siri Expressen||||||||&#8221; text_text_color=&#8221;#FFFFFF&#8221; text_font_size=&#8221;45px&#8221; background_image=&#8221;https:\/\/kampanj.expressen.se\/apollo\/wp-content\/uploads\/2022\/12\/lisbeth_thumb.jpg&#8221; link_option_url=&#8221;@ET-DC@eyJkeW5hbWljIjp0cnVlLCJjb250ZW50IjoicG9zdF9saW5rX3VybF9wYWdlIiwic2V0dGluZ3MiOnsicG9zdF9pZCI6IjI1MTAifX0=@&#8221; text_font_size_tablet=&#8221;30px&#8221; text_font_size_phone=&#8221;30px&#8221; text_font_size_last_edited=&#8221;on|tablet&#8221; global_colors_info=&#8221;{}&#8221;]<\/p>\n<h1>Avsnitt 5<\/h1>\n<p>[\/et_pb_text][\/et_pb_column][\/et_pb_row][et_pb_row module_class=&#8221;bildmenycontainer&#8221; _builder_version=&#8221;4.19.3&#8243; _module_preset=&#8221;default&#8221; width=&#8221;100%&#8221; max_width=&#8221;100%&#8221; height_tablet=&#8221;200px&#8221; height_last_edited=&#8221;off|tablet&#8221; custom_margin=&#8221;0px||0px||false|false&#8221; custom_padding=&#8221;0px||0px||false|false&#8221; global_colors_info=&#8221;{}&#8221;][et_pb_column type=&#8221;4_4&#8243; module_class=&#8221;bildmeny&#8221; _builder_version=&#8221;4.18.0&#8243; _module_preset=&#8221;default&#8221; custom_css_main_element=&#8221;width: 100%!important;&#8221; global_colors_info=&#8221;{}&#8221;][et_pb_text module_class=&#8221;bildmeny&#8221; _builder_version=&#8221;4.19.3&#8243; _dynamic_attributes=&#8221;link_option_url&#8221; _module_preset=&#8221;default&#8221; text_font=&#8221;Siri Expressen||||||||&#8221; text_text_color=&#8221;#FFFFFF&#8221; text_font_size=&#8221;45px&#8221; background_image=&#8221;https:\/\/kampanj.expressen.se\/apollo\/wp-content\/uploads\/2022\/12\/kombo-7.jpg&#8221; link_option_url=&#8221;@ET-DC@eyJkeW5hbWljIjp0cnVlLCJjb250ZW50IjoicG9zdF9saW5rX3VybF9wYWdlIiwic2V0dGluZ3MiOnsicG9zdF9pZCI6IjI2ODEifX0=@&#8221; text_font_size_tablet=&#8221;30px&#8221; text_font_size_phone=&#8221;30px&#8221; text_font_size_last_edited=&#8221;on|tablet&#8221; global_colors_info=&#8221;{}&#8221;]<\/p>\n<h1>Komboresor<\/h1>\n<p>[\/et_pb_text][et_pb_text module_class=&#8221;bildmeny&#8221; _builder_version=&#8221;4.19.3&#8243; _dynamic_attributes=&#8221;link_option_url&#8221; _module_preset=&#8221;default&#8221; text_font=&#8221;Siri Expressen||||||||&#8221; text_text_color=&#8221;#FFFFFF&#8221; text_font_size=&#8221;45px&#8221; background_image=&#8221;https:\/\/kampanj.expressen.se\/apollo\/wp-content\/uploads\/2022\/12\/parga-tablet.jpg&#8221; link_option_url=&#8221;@ET-DC@eyJkeW5hbWljIjp0cnVlLCJjb250ZW50IjoicG9zdF9saW5rX3VybF9wYWdlIiwic2V0dGluZ3MiOnsicG9zdF9pZCI6IjI2MTcifX0=@&#8221; text_font_size_tablet=&#8221;30px&#8221; text_font_size_phone=&#8221;30px&#8221; text_font_size_last_edited=&#8221;on|tablet&#8221; global_colors_info=&#8221;{}&#8221;]<\/p>\n<h1>Parga<\/h1>\n<p>[\/et_pb_text][et_pb_text module_class=&#8221;bildmeny&#8221; _builder_version=&#8221;4.19.4&#8243; _module_preset=&#8221;default&#8221; text_font=&#8221;Siri Expressen||||||||&#8221; text_text_color=&#8221;#FFFFFF&#8221; text_font_size=&#8221;45px&#8221; background_enable_color=&#8221;off&#8221; background_image=&#8221;https:\/\/kampanj.expressen.se\/apollo\/wp-content\/uploads\/2022\/12\/1_SIVOTA_0673-kopiera-scaled.jpg&#8221; background_blend=&#8221;saturation&#8221; link_option_url=&#8221;https:\/\/kampanj.expressen.se\/apollo\/sa-fixar-du-formen-pa-semestern\/&#8221; text_font_size_tablet=&#8221;30px&#8221; text_font_size_phone=&#8221;30px&#8221; text_font_size_last_edited=&#8221;on|tablet&#8221; global_colors_info=&#8221;{}&#8221;]<\/p>\n<h1>Sivota<\/h1>\n<p>[\/et_pb_text][et_pb_text module_class=&#8221;bildmeny&#8221; _builder_version=&#8221;4.19.4&#8243; _dynamic_attributes=&#8221;link_option_url&#8221; _module_preset=&#8221;default&#8221; text_font=&#8221;Siri Expressen||||||||&#8221; text_text_color=&#8221;#FFFFFF&#8221; text_font_size=&#8221;45px&#8221; background_image=&#8221;https:\/\/kampanj.expressen.se\/apollo\/wp-content\/uploads\/2022\/12\/algarve-1.jpg&#8221; link_option_url=&#8221;@ET-DC@eyJkeW5hbWljIjp0cnVlLCJjb250ZW50IjoicG9zdF9saW5rX3VybF9wYWdlIiwic2V0dGluZ3MiOnsicG9zdF9pZCI6IjI3NjUifX0=@&#8221; text_font_size_tablet=&#8221;30px&#8221; text_font_size_phone=&#8221;30px&#8221; text_font_size_last_edited=&#8221;on|tablet&#8221; global_colors_info=&#8221;{}&#8221;]<\/p>\n<h1>Algarve<\/h1>\n<p>[\/et_pb_text][et_pb_text module_class=&#8221;bildmeny&#8221; _builder_version=&#8221;4.19.4&#8243; _dynamic_attributes=&#8221;link_option_url&#8221; _module_preset=&#8221;default&#8221; text_font=&#8221;Siri Expressen||||||||&#8221; text_text_color=&#8221;#FFFFFF&#8221; text_font_size=&#8221;45px&#8221; background_image=&#8221;https:\/\/kampanj.expressen.se\/apollo\/wp-content\/uploads\/2022\/12\/makarska-8.jpg&#8221; link_option_url=&#8221;@ET-DC@eyJkeW5hbWljIjp0cnVlLCJjb250ZW50IjoicG9zdF9saW5rX3VybF9wYWdlIiwic2V0dGluZ3MiOnsicG9zdF9pZCI6IjI2MTkifX0=@&#8221; text_font_size_tablet=&#8221;30px&#8221; text_font_size_phone=&#8221;30px&#8221; text_font_size_last_edited=&#8221;on|tablet&#8221; global_colors_info=&#8221;{}&#8221;]<\/p>\n<h1>Makarska<\/h1>\n<p>[\/et_pb_text][\/et_pb_column][\/et_pb_row][\/et_pb_section]<\/p>\n","protected":false},"excerpt":{"rendered":"<p>Tony Irving: \u201dAlla borde utmana sig sj\u00e4lva med en s\u00e5dan h\u00e4r resa\u201dAllt fler v\u00e4ljer att kombinera lata dagar p\u00e5 stranden med tr\u00e4ning och aktiviteter p\u00e5 semestern. Oavsett om du gillar att tr\u00e4na ledarledda pass, spela padel, simma eller dansa finns det gott om h\u00e4rliga resm\u00e5l och sporthotell att utforska i vinter. \u2013 Alla borde utmana [&hellip;]<\/p>\n","protected":false},"author":1,"featured_media":3422,"parent":0,"menu_order":0,"comment_status":"closed","ping_status":"closed","template":"","meta":{"_et_pb_use_builder":"on","_et_pb_old_content":"","_et_gb_content_width":"","footnotes":""},"class_list":["post-3402","page","type-page","status-publish","has-post-thumbnail","hentry"],"_links":{"self":[{"href":"https:\/\/kampanj.expressen.se\/apollo\/wp-json\/wp\/v2\/pages\/3402","targetHints":{"allow":["GET"]}}],"collection":[{"href":"https:\/\/kampanj.expressen.se\/apollo\/wp-json\/wp\/v2\/pages"}],"about":[{"href":"https:\/\/kampanj.expressen.se\/apollo\/wp-json\/wp\/v2\/types\/page"}],"author":[{"embeddable":true,"href":"https:\/\/kampanj.expressen.se\/apollo\/wp-json\/wp\/v2\/users\/1"}],"replies":[{"embeddable":true,"href":"https:\/\/kampanj.expressen.se\/apollo\/wp-json\/wp\/v2\/comments?post=3402"}],"version-history":[{"count":46,"href":"https:\/\/kampanj.expressen.se\/apollo\/wp-json\/wp\/v2\/pages\/3402\/revisions"}],"predecessor-version":[{"id":3502,"href":"https:\/\/kampanj.expressen.se\/apollo\/wp-json\/wp\/v2\/pages\/3402\/revisions\/3502"}],"wp:featuredmedia":[{"embeddable":true,"href":"https:\/\/kampanj.expressen.se\/apollo\/wp-json\/wp\/v2\/media\/3422"}],"wp:attachment":[{"href":"https:\/\/kampanj.expressen.se\/apollo\/wp-json\/wp\/v2\/media?parent=3402"}],"curies":[{"name":"wp","href":"https:\/\/api.w.org\/{rel}","templated":true}]}}